{"id":10808,"date":"2015-05-04T14:11:15","date_gmt":"2015-05-04T19:11:15","guid":{"rendered":"http:\/\/nofm-radio.com\/?p=10808"},"modified":"2015-05-04T14:11:15","modified_gmt":"2015-05-04T19:11:15","slug":"este-starwarsday-les-pasamos-el-documental-the-people-vs-george-lucas","status":"publish","type":"archivo","link":"https:\/\/nofm-radio.com\/?archivo=este-starwarsday-les-pasamos-el-documental-the-people-vs-george-lucas","title":{"rendered":"#MayThe4thBeWithYou: este #StarWarsDay les pasamos el documental The People vs. George Lucas"},"content":{"rendered":"<p>Hoy, a 227 d\u00edas del estreno de <strong><em>Episode VII: The Force Awakens<\/em>,<\/strong> celebramos el #<strong>StarWarsDay<\/strong> como los &#8220;fans&#8221; que logramos ser. Y logramos ser &#8220;fans&#8221; de esta franquicia por mero gusto y no por que nos sepamos lo nombres de todos los planetas del universo creado por <strong>George Lucas<\/strong> o los nombres de todas las razas, personajes, maestros <strong>jedi\/sith<\/strong> o alg\u00fan lenguaje extraterrestre que claramente est\u00e1ra fuera de nuestro alcance intelectual. No, nada de eso, simplemente somos unos mortales que disfrutamos ampliamente de los disparos l\u00e1ser y los <strong>sables de luz<\/strong>, las batallas intergal\u00e1ticas y los droides, la <strong>Estrella de la Muerte<\/strong> y los <strong>Tie Fighters<\/strong>.<br \/>\nNosotros los &#8220;fans&#8221; podemos disfrutar de las peque\u00f1as cosas de <em><strong>La Guerra de las Galaxias<\/strong><\/em> sin tener que sufir las decisiones de su creador (dejando en claro que los episodios I y II son terribles). Decisiones que modificaron las pel\u00edculas originales (espisodios IV, V y VI) en una o muchas cosas, detalles que podr\u00edan ser insignificantes, peque\u00f1as cosas que para Lucas fue importante cambiar, \u00bfpor qu\u00e9? pues por qu\u00e9 el lo quizo as\u00ed. Y resulta un tanto injusto recriminarle al creador de una de las sagas de ciencia ficci\u00f3n m\u00e1s importante del cine que haya cambiado esas peque\u00f1eces.<br \/>\nPor el otro lado se encuentran los religiosos, esas personas que respiran, comen, beben, duermen, visten, calzan, sue\u00f1an, coleccionan, orinan y viven <strong>Star Wars<\/strong>. Individuos que se quejan de todas las &#8220;malas&#8221; decisiones que ha tomado George en cuanto a los &#8220;peque\u00f1os&#8221; cambios que sufri\u00f3 la trilog\u00eda original. Por ejemplo, al final de <em><strong>El Regreso del Jedi<\/strong><\/em> en la pel\u00edcula original, justo en la \u00faltima escena aparec\u00edan <strong>Yoda<\/strong>, <strong>Sebastian Shaw<\/strong> (Anakin Skywalker) y <strong>Alec Guiness<\/strong> (<strong>Obi-Wan Kenobi<\/strong>) pero en la versi\u00f3n DVD aprece <strong><span class=\"fn\">Hayden Christensen<\/span><\/strong> como Anakin Skywalker (qui\u00e9n hizo este papel durante episodios II y III). Este cambio en especial hizo enfurecer a los &#8220;religiosos&#8221;, tanto que el director <strong>Alexandre Phillipe <\/strong>hizo el documental <em><strong>The People vs. George Lucas<\/strong><\/em> (El pueblo contra George Lucas), que maneja de manera muy inteligente un an\u00e1lisis sobre las versiones originales y remasterizadas de la saga.<br \/>\nPhillipe se declara como un verdadero fan\u00e1tico de <em>Star Wars<\/em> desde la cuna y logra establecer un punto medio entre cr\u00edticas y reconocimientos en su largometraje, que les compartimos a continuaci\u00f3n. Y ustedes \u00bfson fans o religiosos?<br \/>\n<iframe loading=\"lazy\" src=\"https:\/\/player.vimeo.com\/video\/37247363\" width=\"640\" height=\"361\" frameborder=\"0\" webkitallowfullscreen mozallowfullscreen allowfullscreen><\/iframe><\/p>\n<p><a href=\"https:\/\/vimeo.com\/37247363\">El pueblo contra  George Lucas<\/a> from <a href=\"https:\/\/vimeo.com\/filmoteca\">Videoteca Ric<\/a> on <a href=\"https:\/\/vimeo.com\">Vimeo<\/a>.<\/p>\n","protected":false},"template":"","meta":{"_id_youtube":"","_id_vimeo":"","_podcasts_duration":"","_podcasts_url":"","_podcasts_show":"","_prog_horario_dias":"","_prog_hora":"","_prog_duration":""},"class_list":["post-10808","archivo","type-archivo","status-publish","hentry"],"_links":{"self":[{"href":"https:\/\/nofm-radio.com\/index.php?rest_route=\/wp\/v2\/archivo\/10808","targetHints":{"allow":["GET"]}}],"collection":[{"href":"https:\/\/nofm-radio.com\/index.php?rest_route=\/wp\/v2\/archivo"}],"about":[{"href":"https:\/\/nofm-radio.com\/index.php?rest_route=\/wp\/v2\/types\/archivo"}],"wp:attachment":[{"href":"https:\/\/nofm-radio.com\/index.php?rest_route=%2Fwp%2Fv2%2Fmedia&parent=10808"}],"curies":[{"name":"wp","href":"https:\/\/api.w.org\/{rel}","templated":true}]}}