{"id":11194,"date":"2015-05-15T02:00:28","date_gmt":"2015-05-15T07:00:28","guid":{"rendered":"http:\/\/nofm-radio.com\/?p=11194"},"modified":"2015-05-15T02:00:28","modified_gmt":"2015-05-15T07:00:28","slug":"en-julio-festival-neutral-en-el-df","status":"publish","type":"archivo","link":"https:\/\/nofm-radio.com\/?archivo=en-julio-festival-neutral-en-el-df","title":{"rendered":"En julio, Festival Neutral en el DF"},"content":{"rendered":"<p>Se sigue engrosando el cartel de festivales que se realizan en la<strong> Ciudad de M\u00e9xico<\/strong>. Y si pensaba que julio lo ten\u00eda desocupado, pues nos toca platicarle que no es as\u00ed. Pues el sello <strong>Quemasucabeza<\/strong> anunci\u00f3 que el <strong>Festival Neutral<\/strong> se llevar\u00e1 a cabo simultaneamente en <strong>Chile<\/strong> y <strong>M\u00e9xico<\/strong>.<br \/>\n&nbsp;<br \/>\nLa cita es el 2, 3 y 4 de julio en el <strong>Foro Indie Rocks<\/strong> y<strong> SALA<\/strong>. Y se presentan grandes representantes del <strong>ROCK<\/strong> latinoamericano como: <span class=\"ecxs1\" style=\"line-height: 21.2999992370605px;\"><strong>Vaya Futuro, Prehist\u00f6ricos, <span class=\"ecxs1\" style=\"line-height: 21.3px;\">Ases Falsos, Pedropiedra, Protistas,<\/span> <span class=\"ecxs1\" style=\"line-height: 21.3px;\"> Gepe, Coiffeur <\/span><\/strong><span class=\"ecxs1\" style=\"line-height: 21.2999992370605px;\">y<\/span><strong><span class=\"ecxs1\" style=\"line-height: 21.3px;\">Fakuta<\/span><\/strong><b style=\"line-height: 21.2999992370605px;\"><span class=\"ecxs1\" style=\"line-height: 21.2999992370605px;\"><b style=\"line-height: 21.2999992370605px;\">. <\/b><\/span><\/b><\/span><br \/>\n&nbsp;<br \/>\n<a class=\"no-eff img-link lightbox\" href=\"http:\/\/nofm-radio.com\/wp-content\/uploads\/2015\/05\/NEUTRAL1.jpg\"><img loading=\"lazy\" decoding=\"async\" class=\"alignnone size-full wp-image-11195\" src=\"http:\/\/nofm-radio.com\/wp-content\/uploads\/2015\/05\/NEUTRAL1.jpg\" alt=\"NEUTRAL1\" width=\"936\" height=\"1389\" \/><\/a><br \/>\n&nbsp;<br \/>\nLos boletos salen a la venta muy pronto. Est\u00e9n atentos. Les pasamos, no se puede perder esta reuni\u00f3n de voces y sonidos. Nos emociona mucho. Ah\u00ed nos vemos.<br \/>\n&nbsp;<\/p>\n<p class=\"ecxp5\" style=\"line-height: 21.2999992370605px;\"><span class=\"ecxs1\" style=\"line-height: 21.2999992370605px;\"><b style=\"line-height: 21.2999992370605px;\">2 de julio<\/b><\/span><\/p>\n<p class=\"ecxp5\" style=\"line-height: 21.2999992370605px;\"><span class=\"ecxs1\" style=\"line-height: 21.2999992370605px;\">Lugar:<b style=\"line-height: 21.2999992370605px;\"> Foro Indie Rocks (Zacatecas 39, Col. Roma)<\/b><\/span><\/p>\n<p class=\"ecxp5\" style=\"line-height: 21.2999992370605px;\"><span class=\"ecxs1\" style=\"line-height: 21.2999992370605px;\">En vivo<b style=\"line-height: 21.2999992370605px;\">: Vaya Futuro + Prehist\u00f6ricos + Dj\u2019s<\/b><\/span><\/p>\n<p class=\"ecxp5\" style=\"line-height: 21.2999992370605px;\"><span class=\"ecxs1\" style=\"line-height: 21.2999992370605px;\"><b style=\"line-height: 21.2999992370605px;\">3 de julio<\/b><\/span><\/p>\n<p class=\"ecxp5\" style=\"line-height: 21.2999992370605px;\"><span class=\"ecxs1\" style=\"line-height: 21.2999992370605px;\">Lugar<b style=\"line-height: 21.2999992370605px;\">: SALA (Puebla 186, Col. Roma)<\/b><\/span><\/p>\n<p class=\"ecxp5\" style=\"line-height: 21.2999992370605px;\"><span class=\"ecxs1\" style=\"line-height: 21.2999992370605px;\">En vivo<b style=\"line-height: 21.2999992370605px;\">: Ases Falsos + Pedropiedra + Protistas<\/b><\/span><\/p>\n<p class=\"ecxp5\" style=\"line-height: 21.2999992370605px;\"><span class=\"ecxs1\" style=\"line-height: 21.2999992370605px;\"><b style=\"line-height: 21.2999992370605px;\">4 de julio<\/b><\/span><\/p>\n<p class=\"ecxp5\" style=\"line-height: 21.2999992370605px;\"><span class=\"ecxs1\" style=\"line-height: 21.2999992370605px;\">Lugar<b style=\"line-height: 21.2999992370605px;\">: SALA (Puebla 186, Col. Roma)<\/b><\/span><\/p>\n<p class=\"ecxp5\" style=\"line-height: 21.2999992370605px;\"><span class=\"ecxs1\" style=\"line-height: 21.2999992370605px;\">En vivo<b style=\"line-height: 21.2999992370605px;\">: Gepe + Coiffeur + Fakuta<\/b><\/span><\/p>\n<p>&nbsp;<br \/>\n&nbsp;<br \/>\n&nbsp;<\/p>\n","protected":false},"template":"","meta":{"_id_youtube":"","_id_vimeo":"","_podcasts_duration":"","_podcasts_url":"","_podcasts_show":"","_prog_horario_dias":"","_prog_hora":"","_prog_duration":""},"class_list":["post-11194","archivo","type-archivo","status-publish","hentry"],"_links":{"self":[{"href":"https:\/\/nofm-radio.com\/index.php?rest_route=\/wp\/v2\/archivo\/11194","targetHints":{"allow":["GET"]}}],"collection":[{"href":"https:\/\/nofm-radio.com\/index.php?rest_route=\/wp\/v2\/archivo"}],"about":[{"href":"https:\/\/nofm-radio.com\/index.php?rest_route=\/wp\/v2\/types\/archivo"}],"wp:attachment":[{"href":"https:\/\/nofm-radio.com\/index.php?rest_route=%2Fwp%2Fv2%2Fmedia&parent=11194"}],"curies":[{"name":"wp","href":"https:\/\/api.w.org\/{rel}","templated":true}]}}