{"id":11439,"date":"2015-05-25T11:00:16","date_gmt":"2015-05-25T16:00:16","guid":{"rendered":"http:\/\/nofm-radio.com\/?p=11439"},"modified":"2015-05-25T11:00:16","modified_gmt":"2015-05-25T16:00:16","slug":"novotarovotar-la-incidencia-de-las-instituciones-mas-alla-del-voto","status":"publish","type":"archivo","link":"https:\/\/nofm-radio.com\/?archivo=novotarovotar-la-incidencia-de-las-instituciones-mas-alla-del-voto","title":{"rendered":"#NoVotarOVotar. La incidencia de las instituciones m\u00e1s all\u00e1 del voto"},"content":{"rendered":"<p><em>El 7 de junio se acerca peligrosamente. Para algunos es la fecha en que el sistema pol\u00edtico recibir\u00e1 nuestra merecida indiferencia, para otros es de nuevo la oportunidad de ejercer un derecho que no podemos darnos el lujo de perder. No Votar o Votar, cada ciudadano tiene una postura, o debiera tenerla. Frente a la gesta electoral y todos sus vicios, NoFM mantiene una postura cr\u00edtica y asume su responsabilidad como medio de comunicaci\u00f3n para mostrar parte del sentir de la sociedad que se cuestiona el funcionamiento de nuestro sistema partidista. Por ello, del 20 de abril al 5 de junio, publicaremos una columna diaria con la postura de distintos ciudadanos. No Votar O Votar, lo invitamos a participar en este debate.<\/em><\/p>\n<p style=\"text-align: center;\"><strong>La incidencia en las instituciones pol\u00edticas m\u00e1s all\u00e1 del voto<\/strong><\/p>\n<p>Por <strong>Armando Pliego<\/strong><br \/>\n<a href=\"https:\/\/twitter.com\/dobbyloca\">@dobbyloca<\/a><br \/>\nPrimero, ofrezco una disculpa a la gente que colabora en <strong>NoFM<\/strong> por inicialmente haber rechazado la invitaci\u00f3n a escribir sobre el tema. Creo que es necesario compartir distintas visiones para ayudar a construir alternativas m\u00e1s completas por las que la gente pueda optar en estos momentos coyunturales, donde no podemos vislumbrar el alcance de nuestras decisiones. Por ello hoy me sumo a este esfuerzo y les comparto mi opini\u00f3n y experiencia personal respecto de las elecciones.<br \/>\nQuiero iniciar admitiendo que yo voy a anular mi <strong>voto<\/strong>. Ir\u00e9 a la <strong>casilla<\/strong>, tachar\u00e9 toda la <strong>planilla<\/strong>, pondr\u00e9 una carta peque\u00f1a con mis opiniones sobre las <strong>elecciones<\/strong> entre la hoja, la doblar\u00e9 y la meter\u00e9 a la urna, con la esperanza que al desdoblarla los 4 funcionarios de casilla la lean y la compartan con los presentes. Quiz\u00e1s uno le tome una fotograf\u00eda y la suba a redes, o quiz\u00e1s la comparta con su familia, o quiz\u00e1s s\u00f3lo la tire a la basura.<br \/>\n\u00bfPor qu\u00e9 anular\u00e9 mi voto? Por las condiciones particulares de mi <strong>distrito<\/strong>. Vivo al sur-poniente de la ciudad de <strong>Puebla<\/strong>, en el distrito electoral federal 11. Aqu\u00ed se concentra una gran cantidad de pobres, que desde hace d\u00e9cadas han sido explotados por el <strong>PRI<\/strong> y por <strong>Antorcha Campesina<\/strong>. Tal como en casi todo el pa\u00eds (salvo donde gobierna el <strong>PRD<\/strong>), los pobres siempre se los pelean el PRI y el PAN, y el distrito, que hist\u00f3ricamente hab\u00eda sido un distrito priista, dej\u00f3 de serlo con la llegada de Fox a la presidencia. Desde la <strong>LVIII legislatura<\/strong> el PAN ha ganado este distrito durante los \u00faltimos 15 a\u00f1os, s\u00f3lo con la excepci\u00f3n de Natale, del PVEM, en la LXI legislatura.<br \/>\nS\u00e9 que lo m\u00e1s probable es que el PAN vuelva a ganar, ahora con <strong>Ang\u00e9lica Ram\u00edrez<\/strong>, operadora de Moreno Valle, el g\u00f3ber poblano, y dif\u00edcilmente con mi voto podr\u00e9 hacer algo para cambiarlo. Por otra parte, no hay muchas alternativas en cuanto a preparaci\u00f3n. La candidata del <strong>PRI-PVEM<\/strong> es una joven de 25 a\u00f1os que a inicios de la universidad a\u00fan \u201ceEzkribiiA AzHii*! (fact) y, hasta hace algunos d\u00edas, el de <strong>Nueva Alianza<\/strong> era un ex-futbolista del Puebla FC, que fue sustituido por otro cuadro no muy distinto. Tampoco hay candidatxs independientes por qui\u00e9n votar, cuando menos para apoyar a lxs pocxs que lograron registro. Votar por un \u201cmenos peor\u201d es imposible, porque tal no existe. No a\u00fan.<br \/>\nSin embargo las campa\u00f1as no me han sido indiferentes; al contrario. Mi tarea ha sido platicar con mis conocidos del distrito para decirles qui\u00e9nes est\u00e1n postul\u00e1ndose, pues mucha gente ni siquiera sabe qui\u00e9nes son sus <strong>candidatxs<\/strong>. Por otra parte, me he dedicado a trabajar en el tema de movilidad: promoci\u00f3n de <strong>pol\u00edticas p\u00fablicas<\/strong> e infraestructura para peatones y ciclistas, y he llevado esta agenda -trabajada principalmente en la Ciudad de M\u00e9xico por instituciones internacionales como el ITDP y distintas <strong>ONG\u2019s<\/strong> y colectivos interesados en el tema- no s\u00f3lo a quienes contienden en mi distrito (a la fecha he hablado con dos candidatas al respecto), sino a m\u00e1s distritos, incluso fuera de mi municipio.<br \/>\nLa tarea de constituir una verdadera <strong>democracia<\/strong> no s\u00f3lo trasciende las elecciones, sino que trasciende a los <strong>partidos<\/strong>. En la medida en que como <strong>sociedad civil<\/strong> podamos organizarnos, definir agendas, buscar actores dentro y fuera de nuestras demarcaciones geogr\u00e1ficas que puedan ayudar, e impulsar estos esfuerzos de manera constante y no s\u00f3lo en momentos coyunturales, podremos tambi\u00e9n sentar las bases para que, sin importar qui\u00e9nes lleguen, su campo de acci\u00f3n se ver\u00e1 circunscrito a nuestras exigencias. Sin embargo, no es suficiente, y por eso tambi\u00e9n debemos considerar la posibilidad de ejercer no s\u00f3lo el <strong>derecho a votar<\/strong>, sino a ser votadxs. En este sentido pienso en los ejemplos de <strong>Pedro Kumamot<\/strong>o en Guadalajara, o de <strong>Beto Merlo<\/strong> en Puebla, j\u00f3venes valientes que decidieron ir por la v\u00eda independiente, y con todas las condiciones en contra, lograron su registro y ahora su nombre estar\u00e1 impreso en la boleta, con el permiso de miles de ciudadanos. Ning\u00fan partido puede decir lo mismo de sus candidatxs.<br \/>\nClaro que no todas las personas tienen la posibilidad de participar de esta manera actualmente. Si tenemos la capacidad de reunirnos con nuestrxs candidatxs, que actualmente se comportan como <strong>rockstars<\/strong>; si tenemos la capacidad de armar plataformas ciudadanas para lograr 6 mil firmas ciudadanas para solicitar un registro como candidatx ante el <strong>INE<\/strong>, es porque tenemos ciertos privilegios. La invitaci\u00f3n es a reconocerlos y aprovecharlos para ser el contrapeso que las<strong> instituciones<\/strong> no tienen, y para suplir las deficiencias que los \u00f3rganos aut\u00f3nomos sufren, tales como el INE, el IFAI, la SCJN, etc., por la propia partidizaci\u00f3n tras la elecci\u00f3n de sus cabezas.<br \/>\n\u00bfVotar o no votar? Depende de cada persona. Cada qui\u00e9n sabe cu\u00e1les son los factores que juegan en sus distritos, sus <strong>delegaciones<\/strong>, sus <strong>municipios<\/strong> y sus <strong>estados<\/strong>. Yo no puedo imponer mi opini\u00f3n sin conocer las particularidades de cada caso. El fin no es el voto, sino liberar a nuestras instituciones, actualmente secuestradas por los partidos, y el voto ser\u00e1 una de las muchas herramientas que habremos de usar en la tarea de rescatarlas.<br \/>\n_____<br \/>\nArmando Pliego Ishikawa (Puebla, Puebla, 1992). Estudiante de Comunicaci\u00f3n y Ciencias Pol\u00edticas y Administraci\u00f3n P\u00fablica. Entusiasta del desarrollo y movilidad urbana. Colaborador en el Consejo Ciclista Poblano CADENA y en la Liga Peatonal.<\/p>\n","protected":false},"template":"","meta":{"_id_youtube":"","_id_vimeo":"","_podcasts_duration":"","_podcasts_url":"","_podcasts_show":"","_prog_horario_dias":"","_prog_hora":"","_prog_duration":""},"class_list":["post-11439","archivo","type-archivo","status-publish","hentry"],"_links":{"self":[{"href":"https:\/\/nofm-radio.com\/index.php?rest_route=\/wp\/v2\/archivo\/11439","targetHints":{"allow":["GET"]}}],"collection":[{"href":"https:\/\/nofm-radio.com\/index.php?rest_route=\/wp\/v2\/archivo"}],"about":[{"href":"https:\/\/nofm-radio.com\/index.php?rest_route=\/wp\/v2\/types\/archivo"}],"wp:attachment":[{"href":"https:\/\/nofm-radio.com\/index.php?rest_route=%2Fwp%2Fv2%2Fmedia&parent=11439"}],"curies":[{"name":"wp","href":"https:\/\/api.w.org\/{rel}","templated":true}]}}