{"id":11843,"date":"2015-06-11T01:55:33","date_gmt":"2015-06-11T06:55:33","guid":{"rendered":"http:\/\/nofm-radio.com\/?p=11843"},"modified":"2015-06-11T01:55:33","modified_gmt":"2015-06-11T06:55:33","slug":"a-que-suena-el-festival-neutral-parte-2","status":"publish","type":"archivo","link":"https:\/\/nofm-radio.com\/?archivo=a-que-suena-el-festival-neutral-parte-2","title":{"rendered":"\u00bfA qu\u00e9 suena el Festival Neutral? Parte 2"},"content":{"rendered":"<p>El 2, 3 y 4 de julio, en <strong>SALA<\/strong> y <strong>Foro Indie Rocks<\/strong>, el sello <strong>QuemaSuCabeza<\/strong> trae a <strong>M\u00e9xico<\/strong> el <strong>Festival Neutral<\/strong>. Se espera que esos 3 d\u00edas la ciudad tome un matiz sudamericano imponente. Pero, \u00bfa qu\u00e9 suenan las bandas que tocar\u00e1n ese fin de semana? Desc\u00fabralo con <strong>NoFM<\/strong>.<br \/>\n<strong>Pedropiedra<\/strong><br \/>\nEste artista chileno tiene una base de fans amplia y entregada en este pa\u00eds. Su m\u00fasica se ha destacado por sus letras ocurrentes y su facilidad para invitar al baile. Lo cierto es que, ya sea en la televisi\u00f3n o en el escenario, este m\u00fasico siempre entrega calidad.<br \/>\n<iframe loading=\"lazy\" title=\"Pedropiedra - Para Ti (video oficial)\" width=\"640\" height=\"360\" src=\"https:\/\/www.youtube.com\/embed\/JE0jz9oRkZY?feature=oembed\" frameborder=\"0\" allow=\"accelerometer; autoplay; clipboard-write; encrypted-media; gyroscope; picture-in-picture; web-share\" referrerpolicy=\"strict-origin-when-cross-origin\" allowfullscreen><\/iframe><br \/>\n<strong>Ases Falsos<\/strong><br \/>\nEsta banda ha causado sensaci\u00f3n los \u00faltimos a\u00f1os y es uno de los principales productos de exportaci\u00f3n del cono sur. Regresan a <strong>M\u00e9xico<\/strong> tras una exitosa presentaci\u00f3n en el <strong>Vive Latino<\/strong>. Un proyecto maduro y ambicioso que no ha dejado de sorprender.<br \/>\n<iframe loading=\"lazy\" title=\"Ases Falsos - Cae la cortina (video oficial)\" width=\"640\" height=\"360\" src=\"https:\/\/www.youtube.com\/embed\/-5V2b7UPUls?feature=oembed\" frameborder=\"0\" allow=\"accelerometer; autoplay; clipboard-write; encrypted-media; gyroscope; picture-in-picture; web-share\" referrerpolicy=\"strict-origin-when-cross-origin\" allowfullscreen><\/iframe><br \/>\n<strong>Protistas<\/strong><br \/>\nSu m\u00e1s reciente disco los ha colocadco entre los preferidos del p\u00fablico latinoamericano. Melodiosos y con desplantes pesados que nos recuerdan a la mejor tradici\u00f3n del <strong>Indie<\/strong>. Ya han visitado la ciudad y nos dejaron queriendo m\u00e1s.<br \/>\n<iframe loading=\"lazy\" title=\"Protistas - En mis genes (video oficial)\" width=\"640\" height=\"360\" src=\"https:\/\/www.youtube.com\/embed\/M82JfqVMsG4?feature=oembed\" frameborder=\"0\" allow=\"accelerometer; autoplay; clipboard-write; encrypted-media; gyroscope; picture-in-picture; web-share\" referrerpolicy=\"strict-origin-when-cross-origin\" allowfullscreen><\/iframe><br \/>\n<strong>Vaya Futuro<\/strong><br \/>\nEl \u00fanico reprensentante nacional. La banda se ha presentado rapidamente como una de las voces m\u00e1s importantes de <strong>M\u00e9xico<\/strong>. Ya los hemos celebrado mucho en <strong>NoFM<\/strong>, y no pesa hacerlo un poco m\u00e1s.<br \/>\n<iframe loading=\"lazy\" title=\"Vaya Futuro - Resguardo\" width=\"640\" height=\"360\" src=\"https:\/\/www.youtube.com\/embed\/cGogUJ9rf14?feature=oembed\" frameborder=\"0\" allow=\"accelerometer; autoplay; clipboard-write; encrypted-media; gyroscope; picture-in-picture; web-share\" referrerpolicy=\"strict-origin-when-cross-origin\" allowfullscreen><\/iframe><br \/>\nNo se quede fuera. Ser\u00e1 todo un evento.<br \/>\n<a href=\"http:\/\/nofm-radio.com\/wp-content\/uploads\/2015\/06\/NEUTRAL1.jpg\" class=\"no-eff img-link lightbox\" ><img loading=\"lazy\" decoding=\"async\" src=\"http:\/\/nofm-radio.com\/wp-content\/uploads\/2015\/06\/NEUTRAL1.jpg\" alt=\"NEUTRAL1\" width=\"936\" height=\"1389\" class=\"alignnone size-full wp-image-11844\" \/><\/a><\/p>\n","protected":false},"template":"","meta":{"_id_youtube":"","_id_vimeo":"","_podcasts_duration":"","_podcasts_url":"","_podcasts_show":"","_prog_horario_dias":"","_prog_hora":"","_prog_duration":""},"class_list":["post-11843","archivo","type-archivo","status-publish","hentry"],"_links":{"self":[{"href":"https:\/\/nofm-radio.com\/index.php?rest_route=\/wp\/v2\/archivo\/11843","targetHints":{"allow":["GET"]}}],"collection":[{"href":"https:\/\/nofm-radio.com\/index.php?rest_route=\/wp\/v2\/archivo"}],"about":[{"href":"https:\/\/nofm-radio.com\/index.php?rest_route=\/wp\/v2\/types\/archivo"}],"wp:attachment":[{"href":"https:\/\/nofm-radio.com\/index.php?rest_route=%2Fwp%2Fv2%2Fmedia&parent=11843"}],"curies":[{"name":"wp","href":"https:\/\/api.w.org\/{rel}","templated":true}]}}