{"id":12327,"date":"2015-07-02T13:41:21","date_gmt":"2015-07-02T18:41:21","guid":{"rendered":"http:\/\/nofm-radio.com\/?p=12327"},"modified":"2015-07-02T13:41:21","modified_gmt":"2015-07-02T18:41:21","slug":"gepe-de-artista-indie-a-artista-pop-comercial-entrevista-previa-al-neutral","status":"publish","type":"archivo","link":"https:\/\/nofm-radio.com\/?archivo=gepe-de-artista-indie-a-artista-pop-comercial-entrevista-previa-al-neutral","title":{"rendered":"Gepe: de artista indie a artista pop comercial. Entrevista previa al Neutral"},"content":{"rendered":"<p>Por <strong>Natalia Szendro<\/strong><br \/>\n<a href=\"https:\/\/twitter.com\/szerenata\">@szerenata<\/a><br \/>\nHace cuatro a\u00f1os, como parte de un esfuerzo com\u00fan para darle difusi\u00f3n a la estaci\u00f3n de la <strong>Universidad Aut\u00f3noma de Nuevo Le\u00f3n<\/strong>, pude conocer a <strong>Gepe<\/strong>. En ese entonces, acababa de salir al mercado su producci\u00f3n &#8220;<strong>Audiovisi\u00f3<\/strong>n&#8221; y <strong>Monterrey<\/strong> fue parte de la gira de promoci\u00f3n que tanto <strong>Gepe<\/strong>, como <strong>Pedropiedra<\/strong> y <strong>Fernando Milagros<\/strong> realizaron en el 2011. En ese entonces, no lo entrevist\u00e9, pero guard\u00e9 las ganas de hacerlo.<br \/>\nCon motivo del pr\u00f3ximo <strong>Festival Neutral M\u00e9xico<\/strong>, que se realizar\u00e1 del 2 al 4 de julio en la <strong>Ciudad de M\u00e9xico<\/strong>, a algunos medios de comunicaci\u00f3n se nos dio la oportunidad de entrevistar a algunos de los involucrados en los actos de este festival. As\u00ed que me di a la tarea de hacer un poco de investigaci\u00f3n sobre su m\u00fasica y de paso, tratar de encontrar alg\u00fan tema que fuera lo suficientemente interesante para tener una pl\u00e1tica amena con mi entrevistado.<br \/>\n<a href=\"http:\/\/nofm-radio.com\/wp-content\/uploads\/2015\/07\/gepe2.jpg\" class=\"no-eff img-link lightbox\" ><img loading=\"lazy\" decoding=\"async\" src=\"http:\/\/nofm-radio.com\/wp-content\/uploads\/2015\/07\/gepe2.jpg\" alt=\"gepe2\" width=\"600\" height=\"400\" class=\"alignnone size-full wp-image-12335\" \/><\/a><br \/>\nAcud\u00ed puntual a la cita que fue programada el d\u00eda anterior. Previo a la entrevista con \u00e9l, <strong>Fakuta<\/strong> fue mi primera v\u00edctima y entre risas y amigos en com\u00fan, la entrevista sali\u00f3 triunfante. Poco tiempo despu\u00e9s lleg\u00f3 <strong>Gepe<\/strong> para una pl\u00e1tica que tuvo de todo, hasta un momento de epifan\u00eda.<br \/>\nCasi nunca tengo expectativas sobre c\u00f3mo saldr\u00e1n este tipo de experiencias, porque entiendo que como gente com\u00fan y corriente que son, a veces est\u00e1n de mal humor, tienen estr\u00e9s y no han de tener ganas de ser cuestionados por extra\u00f1os sobre frivolidades o profundidades. \u00bfQui\u00e9n tiene ganas de estar interactuando sobre frases hechas y preguntas de caj\u00f3n? Sinceramente yo no, pero habr\u00edamos entonces de comprender que en el momento en el que un artista o banda vendi\u00f3 su alma al diablo para convertirse en figura p\u00fablica, tambi\u00e9n se comprometi\u00f3 a escuchar las tonter\u00edas que nosotros como medios de comunicaci\u00f3n alcanzamos a formular por puro gusto, por inter\u00e9s, y la mayor de las veces s\u00f3lo por chamba. A pesar de que eso no sea muy interesante para nuestro entrevistado.<br \/>\n<a href=\"http:\/\/nofm-radio.com\/wp-content\/uploads\/2015\/07\/gepe3.jpg\" class=\"no-eff img-link lightbox\" ><img loading=\"lazy\" decoding=\"async\" src=\"http:\/\/nofm-radio.com\/wp-content\/uploads\/2015\/07\/gepe3.jpg\" alt=\"gepe3\" width=\"5184\" height=\"3456\" class=\"alignnone size-full wp-image-12336\" \/><\/a><br \/>\nDecid\u00ed iniciar la ronda de preguntas y respuestas, aclarando que s\u00f3lo hasta el final ser\u00eda el momento en que me detendr\u00eda a platicar sobre su nuevo proyecto discogr\u00e1fico, &#8220;<strong>Estilo Libre<\/strong>&#8220;. \u00c9l asinti\u00f3 en seco.<br \/>\n&#8211; \u00bfEres m\u00fasico de carrera o cu\u00e1l es tu profesi\u00f3n?<br \/>\nSoy m\u00fasico.<br \/>\n&#8211; \u00bfEstudiaste algo aparte?<br \/>\nDise\u00f1o.<br \/>\n&#8211; \u00bfDise\u00f1o gr\u00e1fico?, pregunt\u00e9.<br \/>\nEn Chile la carrera se llama dise\u00f1o integral.<br \/>\n&#8211; \u00bfCu\u00e1ndo te diste cuenta que quer\u00edas ser m\u00fasico?<br \/>\nDesde siempre.<br \/>\nPar\u00e9 en autom\u00e1tico y me percat\u00e9 que la entrevista que estaba programada para durar entre 30 y 40 minutos, ser\u00eda mucho m\u00e1s corta que eso. Probablemente sean mis tablas como periodista, que son casi nulas, puesto que a pesar de mi experiencia, no estudi\u00e9 para ello. Me preocup\u00e9 por dos segundos, e inmediatamente pude continuar con mi labor de receptor de monos\u00edlabos.<br \/>\nPara romper un poco el hielo, utilic\u00e9 el viejo truco de la asociaci\u00f3n de palabras. A lo mejor de esa manera podr\u00eda utilizar sus respuestas cortas a mi favor.<br \/>\n&#8211; <strong>Michelle Bachelet<\/strong>, dije. Tras una serie de gru\u00f1idos porque no entend\u00eda la din\u00e1mica o la raz\u00f3n de mi pregunta, pudo contestar: Incongruencia.<br \/>\n&#8211; <strong>Hungr\u00eda<\/strong>: Pa\u00eds que no conozco pero que me encanta escribir sobre \u00e9l.<br \/>\n&#8211; <strong>Estilo Libre<\/strong>: Vida.<br \/>\n&#8211; <strong>Pedropiedra<\/strong>: Mi hermano, maestro.<br \/>\n&#8211; <strong>M\u00e9xico<\/strong>: No s\u00e9 c\u00f3mo explicarlo, no podr\u00eda decir que es mi segunda casa. Pero me encanta la gente aqu\u00ed, su empat\u00eda y su amabilidad.<br \/>\n&#8211; <strong>Beto Cuevas<\/strong>: Maestro.<br \/>\n&#8211; <strong>Quemasucabeza<\/strong>: Familia.<br \/>\n&#8211; <strong>Pisco sour<\/strong>: No me gusta.<br \/>\n&#8211; <strong>Audiovisi\u00f3n<\/strong>: El disco m\u00e1s dif\u00edcil que he hecho.<br \/>\n&#8211; <strong>Jorge Gonz\u00e1lez<\/strong>: \u00cddolo y maestro.<br \/>\n&#8211; <strong>Educaci\u00f3n<\/strong>: Para todos.<br \/>\n&#8211; <strong>Rock<\/strong>: Me encanta.<br \/>\n&#8211; <strong>Christian Heyne<\/strong>: Mentor.<br \/>\n&#8211; <strong>M\u00fasica andina<\/strong>: Base fundamental de mi m\u00fasica.<br \/>\nHasta el momento, parec\u00eda que hab\u00eda aprovechado mi incapacidad por no sacarle m\u00e1s jugo a sus palabras y todo parec\u00eda ponerse mejor. Ya sonre\u00eda un poco y hab\u00eda menos tensi\u00f3n de mi parte.<br \/>\n\u00bfCu\u00e1l es tu instrumento favorito? Bater\u00eda, contest\u00f3.<br \/>\n\u00bfAlg\u00fan proyecto mexicano que crees que necesite m\u00e1s apoyo o difusi\u00f3n? Ninguno, no creo en el apoyo, tajante respondi\u00f3.<br \/>\n\u00bfPregunt\u00e9 algo que no deb\u00eda? Incluso pude notar que el tema en s\u00ed mismo le molestaba. Le tuve que cuestionar por qu\u00e9 no cre\u00eda en dicho apoyo y contest\u00f3 que cre\u00eda que todo m\u00fasico o artista debe de aprender a rascarse con sus propias u\u00f1as y salir adelante. Respetable postura, y aunque s\u00e9 que mi trabajo era conocer su manera de pensar sobre ciertos temas, me permit\u00ed disentir con \u00e9l. \u00c9l re\u00eda.<br \/>\nQuiz\u00e1s el tema del que ten\u00eda m\u00e1s ganas de preguntarle fue la <strong>Ley del 20% de m\u00fasica chilena en las radiodifusoras<\/strong>. Es obvio, una ley como \u00e9sta beneficia directamente a artistas como <strong>Gepe<\/strong>, y al momento en que respondi\u00f3 con toda claridad que esta nueva legislaci\u00f3n lo beneficia directamente, decid\u00ed abusar del tiempo con mi entrevistado para hacerlo vacilar. En ese instante pretend\u00ed situarlo en un escenario hipot\u00e9tico. \u201c\u00bfEst\u00e1s consciente de que esta ley no necesariamente garantiza que tu m\u00fasica la vayan a programar m\u00e1s en las estaciones chilenas? Es m\u00e1s, es posible que se sigan programando todo el tiempo a <strong>Los Bunkers<\/strong> y con ello cumplir\u00edan con su porcentaje de m\u00fasica nacional\u201d, sonri\u00f3 e inmediatamente despu\u00e9s tuvo un gui\u00f1o que me comunicaba que \u00e9l sab\u00eda de lo que hablaba y que a pesar del escenario que yo pudiera plantearle, desde hace un par de a\u00f1os <strong>Gepe<\/strong> no vive la misma realidad que los colegas que tambi\u00e9n tocar\u00e1n en pr\u00f3ximas fechas en el <strong>Festival Neutral M\u00e9xico<\/strong>. Mi interlocutor sab\u00eda que ya hab\u00eda cruzado el umbral entre haber sido en alg\u00fan momento un artista <strong>indie pop<\/strong>, a lo que es hoy: un artista <strong>pop<\/strong> comercial.<br \/>\n<a href=\"http:\/\/nofm-radio.com\/wp-content\/uploads\/2015\/07\/gepe4.jpg\" class=\"no-eff img-link lightbox\" ><img loading=\"lazy\" decoding=\"async\" src=\"http:\/\/nofm-radio.com\/wp-content\/uploads\/2015\/07\/gepe4.jpg\" alt=\"gepe4\" width=\"716\" height=\"1024\" class=\"alignnone size-full wp-image-12337\" \/><\/a><br \/>\nDespu\u00e9s de algunos momentos inc\u00f3modos y mis risas nerviosas, le di oportunidad de platicar un poco sobre su \u00faltimo material discogr\u00e1fico \u201c<strong>Estilo Libre<\/strong>&#8220;. \u201c<strong>TKM<\/strong>\u201d es su m\u00e1s reciente sencillo y hace un par de d\u00edas se estren\u00f3 tambi\u00e9n el video de dicha canci\u00f3n, misma que <strong>Gepe<\/strong> calific\u00f3 como lo m\u00e1s <strong>pop<\/strong> que ha hecho hasta el momento. A pesar de ello, comenta, sus dos sencillos anteriores: \u201c<strong>Hambre<\/strong>\u201d y \u201c<strong>Marinero Capit\u00e1n<\/strong>\u201d, muestran la dicotom\u00eda de estilos que utiliza y su versatilidad como m\u00fasico. Tambi\u00e9n coment\u00f3 que el disco ya est\u00e1 listo desde hace varias semanas, pero que la <strong>Copa Am\u00e9rica<\/strong> ha acaparado cualquier espacio importante en <strong>Chile<\/strong> y tuvieron que re agendar la salida del disco que est\u00e1 proyectado para lanzarse comercialmente el pr\u00f3ximo 10 de agosto.<br \/>\n<iframe loading=\"lazy\" title=\"Gepe - TKM (video oficial)\" width=\"640\" height=\"360\" src=\"https:\/\/www.youtube.com\/embed\/ZwBIZbnHPt8?feature=oembed\" frameborder=\"0\" allow=\"accelerometer; autoplay; clipboard-write; encrypted-media; gyroscope; picture-in-picture; web-share\" referrerpolicy=\"strict-origin-when-cross-origin\" allowfullscreen><\/iframe><br \/>\nEfectivamente, la entrevista que tendr\u00eda una duraci\u00f3n de 30 minutos, se redujo a 10 minutos. No lo culpo, como lo dije anteriormente, debe de ser fastidioso contestar las preguntas de extra\u00f1os que creemos que por tener una entrevista \u00fanica debemos de comportarnos como listillos y as\u00ed sacar la nota. En mi caso as\u00ed fue y al final me queda claro que el <strong>Gepe<\/strong> que conoc\u00ed en un evento de promoci\u00f3n gratuito para la <strong>UANL<\/strong> no es el mismo que es ahora.<br \/>\nEn un mundo tan competido y tan diverso musicalmente hablando, es dif\u00edcil poder cruzar esa l\u00ednea entre ser un artista independiente y despu\u00e9s presentarte en un evento como el festival de <strong>Vi\u00f1a del Mar<\/strong>. No todo mundo lo ha conseguido sin comprometer su estilo. Y quiz\u00e1s no es el hombre m\u00e1s famoso del Cono Sur, pero definitivamente ha logrado algo que no todos podr\u00edan decir que consiguieron: visibilidad para \u00e9l y para el grupo de m\u00fasicos que alternan escenario con \u00e9l en <strong>Chile<\/strong> y el resto de <strong>Latinoam\u00e9rica<\/strong>.<br \/>\n\u00bfPuede un m\u00fasico vivir de la m\u00fasica?<br \/>\nS\u00ed, contest\u00f3.<br \/>\n\u00bfPuede mantener a una familia?<br \/>\nYo creo que s\u00ed, yo lo hago.<br \/>\n<a href=\"http:\/\/nofm-radio.com\/wp-content\/uploads\/2015\/07\/gepe1.jpg\" class=\"no-eff img-link lightbox\" ><img loading=\"lazy\" decoding=\"async\" src=\"http:\/\/nofm-radio.com\/wp-content\/uploads\/2015\/07\/gepe1.jpg\" alt=\"gepe1\" width=\"769\" height=\"769\" class=\"alignnone size-full wp-image-12333\" \/><\/a><br \/>\n<em>Gepe forma parte de la iniciativa del Festival Neutral M\u00e9xico para traer artistas chilenos a nuestro pa\u00eds a trav\u00e9s del sello Quemasucabeza. Se estar\u00e1 presentando con un DJ Set en el Foro Indie Rocks hoy 2 de julio despu\u00e9s de las actuaciones en vivo de Prehist\u00f6ricos y Vaya Futuro. Y con su show completo el pr\u00f3ximo s\u00e1bado 4 de julio con Coiffeur y Fakuta en el SALA.<\/em><br \/>\n<a href=\"http:\/\/nofm-radio.com\/wp-content\/uploads\/2015\/07\/NEUTRAL1.jpg\" class=\"no-eff img-link lightbox\" ><img loading=\"lazy\" decoding=\"async\" src=\"http:\/\/nofm-radio.com\/wp-content\/uploads\/2015\/07\/NEUTRAL1.jpg\" alt=\"NEUTRAL1\" width=\"936\" height=\"1389\" class=\"alignnone size-full wp-image-12334\" \/><\/a><\/p>\n","protected":false},"template":"","meta":{"_id_youtube":"","_id_vimeo":"","_podcasts_duration":"","_podcasts_url":"","_podcasts_show":"","_prog_horario_dias":"","_prog_hora":"","_prog_duration":""},"class_list":["post-12327","archivo","type-archivo","status-publish","hentry"],"_links":{"self":[{"href":"https:\/\/nofm-radio.com\/index.php?rest_route=\/wp\/v2\/archivo\/12327","targetHints":{"allow":["GET"]}}],"collection":[{"href":"https:\/\/nofm-radio.com\/index.php?rest_route=\/wp\/v2\/archivo"}],"about":[{"href":"https:\/\/nofm-radio.com\/index.php?rest_route=\/wp\/v2\/types\/archivo"}],"wp:attachment":[{"href":"https:\/\/nofm-radio.com\/index.php?rest_route=%2Fwp%2Fv2%2Fmedia&parent=12327"}],"curies":[{"name":"wp","href":"https:\/\/api.w.org\/{rel}","templated":true}]}}