{"id":13061,"date":"2015-08-14T12:50:01","date_gmt":"2015-08-14T17:50:01","guid":{"rendered":"http:\/\/nofm-radio.com\/?p=13061"},"modified":"2015-08-14T12:50:01","modified_gmt":"2015-08-14T17:50:01","slug":"diasdeperros-pizza-del-perro-negro-presenta-a-radio-moscow-en-mexico","status":"publish","type":"archivo","link":"https:\/\/nofm-radio.com\/?archivo=diasdeperros-pizza-del-perro-negro-presenta-a-radio-moscow-en-mexico","title":{"rendered":"#D\u00edasDePerros. Pizza Del Perro Negro presenta a Radio Moscow en M\u00e9xico"},"content":{"rendered":"<p>Para los que no lo sepan, <strong>Radio Moscow<\/strong> es un tr\u00edo estadounidense de rock psicod\u00e9lico originario de <strong>Story City, Iowa<\/strong>. Formado en 2003 por el vocalista y multi-instrumentista <strong>Parker Griggs<\/strong>, la banda desde 2013 cuenta con el bajista <strong>Anthony Meier<\/strong> y el baterista <strong>Pablo Marrone<\/strong>. Pero esos s\u00f3lo son los datos que menos importan, lo realmente destacable de esta banda es su sonido, el cu\u00e1l es muy similar a bandas de rock psicod\u00e9lico de los 60 como <strong>Cream<\/strong>, <strong>The Jimi Hendrix Experience<\/strong> y <strong>Blue Cheer<\/strong>, que no son poca cosa.<br \/>\n<em><strong>Brain Cycles<\/strong><\/em>, su segundo LP es el m\u00e1s claro ejemplo de lo que estoy hablando: bater\u00edas r\u00e1pidas, bajos omnipresentes y un chingo de wah-wah en la guitarra. Psicod\u00e9lia dura, para nada las voladeces de <strong>Tame Impala<\/strong>, <strong>Temples<\/strong> o incluso <strong>Jefferson Airplane<\/strong>. Radio Moscow recurre a lo m\u00e1s b\u00e1sico del blues y lo ejecuta de una manera descomunal. Actualmente la banda se encuentra presentando su m\u00e1s reiente material <em><strong>Magical Dirt <\/strong><\/em>que lanzaron el a\u00f1o pasado. A continuaci\u00f3n una probadita:<br \/>\n<iframe loading=\"lazy\" src=\"https:\/\/www.youtube.com\/embed\/gBGhw1fdOCA\" width=\"420\" height=\"315\" frameborder=\"0\" allowfullscreen=\"allowfullscreen\"><\/iframe><br \/>\nEl pr\u00f3ximo 5 de septiembre el <strong>power trio<\/strong> norteamericano se presentar\u00e1 al lado de nuestros ya queridos <strong>The Risin&#8217; Sun\u00a0<\/strong>y\u00a0<strong>Cardiel<\/strong>, este magno evento se llevar\u00e1 a cabo en <strong>Caradura<\/strong> en el marco del aniversario de <strong>Pizza del Perro Nergro<\/strong> a partir de las 9:00 pm, y es completamente <strong>gratis<\/strong>. \u00bf\u00a1Qu\u00e9 m\u00e1s quieren!?<br \/>\nPara m\u00e1s informaci\u00f3n \u00a0sobre el evento, pueden comunicarse a\u00a0<span class=\"fsl\"><span class=\"text_exposed_show\">52118035 y <a href=\"https:\/\/twitter.com\/caraduramx\">@caraduramx<\/a><\/span><\/span><br \/>\n<a class=\"no-eff img-link lightbox\" href=\"http:\/\/nofm-radio.com\/wp-content\/uploads\/2015\/08\/11866475_973460786008321_2213421170685810046_n.png\"><img loading=\"lazy\" decoding=\"async\" class=\"aligncenter size-full wp-image-13062\" src=\"http:\/\/nofm-radio.com\/wp-content\/uploads\/2015\/08\/11866475_973460786008321_2213421170685810046_n.png\" alt=\"11866475_973460786008321_2213421170685810046_n\" width=\"640\" height=\"960\" \/><\/a><br \/>\n&nbsp;<br \/>\n&nbsp;<\/p>\n","protected":false},"template":"","meta":{"_id_youtube":"","_id_vimeo":"","_podcasts_duration":"","_podcasts_url":"","_podcasts_show":"","_prog_horario_dias":"","_prog_hora":"","_prog_duration":""},"class_list":["post-13061","archivo","type-archivo","status-publish","hentry"],"_links":{"self":[{"href":"https:\/\/nofm-radio.com\/index.php?rest_route=\/wp\/v2\/archivo\/13061","targetHints":{"allow":["GET"]}}],"collection":[{"href":"https:\/\/nofm-radio.com\/index.php?rest_route=\/wp\/v2\/archivo"}],"about":[{"href":"https:\/\/nofm-radio.com\/index.php?rest_route=\/wp\/v2\/types\/archivo"}],"wp:attachment":[{"href":"https:\/\/nofm-radio.com\/index.php?rest_route=%2Fwp%2Fv2%2Fmedia&parent=13061"}],"curies":[{"name":"wp","href":"https:\/\/api.w.org\/{rel}","templated":true}]}}