{"id":13081,"date":"2015-08-18T10:00:51","date_gmt":"2015-08-18T15:00:51","guid":{"rendered":"http:\/\/nofm-radio.com\/?p=13081"},"modified":"2015-08-18T10:00:51","modified_gmt":"2015-08-18T15:00:51","slug":"tlatelolco1a500-maqueta-de-los-recuerdos-de-una-ciudad","status":"publish","type":"archivo","link":"https:\/\/nofm-radio.com\/?archivo=tlatelolco1a500-maqueta-de-los-recuerdos-de-una-ciudad","title":{"rendered":"#Tlatelolco1a500: maqueta de los recuerdos de una ciudad"},"content":{"rendered":"<p>Cuando pensamos en una <strong>maqueta<\/strong> casi siempre vienen a nuestra mente horas de tortura escolar, padres desesperados intentando recrear lo m\u00e1s fielmente una realidad en miniatura para que sus criaturas merezcan de menos un diez en la tarea. Rara vez nos detenemos a pensar que una maqueta no es siempre sin\u00f3nimo de tarea, y que m\u00e1s bien puede contribuir, al igual que los mapas y tantas otras cosas, a la<strong> memoria<\/strong> de un sitio.<br \/>\nCon esta idea en mente, los amigos de <strong><a href=\"http:\/\/centraldemaquetas.com\/\" target=\"_blank\" rel=\"noopener noreferrer\">Central de Maquetas<\/a><\/strong> han decidido rescatar los recuerdos de una de las zonas que m\u00e1s historias tiene que contar en esta ciudad: Tlatelolco. El proyecto <strong>Tlatelolco 1 a 500<\/strong> busca integrar narrativas y perspectivas de vecinos y dem\u00e1s personas que han pasado alg\u00fan tiempo en esa emblem\u00e1tica<strong> zona habitacional<\/strong>. El objetivo final del proyecto es crear comunidad y <strong>fortalecer el tejido social<\/strong> a trav\u00e9s de las experiencias, relatos, cartas, fotograf\u00edas y objetos de los residentes de la zona.<br \/>\nCentral de Maquetas ha abierto una convocatoria para que cualquier persona que pueda y desee colaborar con el proyecto. Pueden enviar su contribuci\u00f3n al correo tlatelolco1a500@centraldemaquetas.com<br \/>\nLa maqueta ser\u00e1 presentada en la tercera edici\u00f3n del <strong><a href=\"http:\/\/www.abiertodediseno.mx\/\" target=\"_blank\" rel=\"noopener noreferrer\">Abierto Mexicano de Dise\u00f1o<\/a><\/strong>, el pr\u00f3ximo octubre.<br \/>\n<a class=\"no-eff img-link lightbox\" href=\"http:\/\/nofm-radio.com\/wp-content\/uploads\/2015\/08\/unnamed-21.jpg\"><img loading=\"lazy\" decoding=\"async\" class=\"aligncenter wp-image-13100\" src=\"http:\/\/nofm-radio.com\/wp-content\/uploads\/2015\/08\/unnamed-21.jpg\" alt=\"unnamed (2)\" width=\"650\" height=\"1005\" \/><\/a><\/p>\n","protected":false},"template":"","meta":{"_id_youtube":"","_id_vimeo":"","_podcasts_duration":"","_podcasts_url":"","_podcasts_show":"","_prog_horario_dias":"","_prog_hora":"","_prog_duration":""},"class_list":["post-13081","archivo","type-archivo","status-publish","hentry"],"_links":{"self":[{"href":"https:\/\/nofm-radio.com\/index.php?rest_route=\/wp\/v2\/archivo\/13081","targetHints":{"allow":["GET"]}}],"collection":[{"href":"https:\/\/nofm-radio.com\/index.php?rest_route=\/wp\/v2\/archivo"}],"about":[{"href":"https:\/\/nofm-radio.com\/index.php?rest_route=\/wp\/v2\/types\/archivo"}],"wp:attachment":[{"href":"https:\/\/nofm-radio.com\/index.php?rest_route=%2Fwp%2Fv2%2Fmedia&parent=13081"}],"curies":[{"name":"wp","href":"https:\/\/api.w.org\/{rel}","templated":true}]}}