{"id":13103,"date":"2015-08-18T10:00:31","date_gmt":"2015-08-18T15:00:31","guid":{"rendered":"http:\/\/nofm-radio.com\/?p=13103"},"modified":"2015-08-18T10:00:31","modified_gmt":"2015-08-18T15:00:31","slug":"noshopultepec-sichapultepec","status":"publish","type":"archivo","link":"https:\/\/nofm-radio.com\/?archivo=noshopultepec-sichapultepec","title":{"rendered":"#NoShopultepec &#124; #S\u00edChapultepec"},"content":{"rendered":"<p><em>El d\u00eda de hoy, martes 18 de agosto, se anunciar\u00e1 oficialmente el proyecto\u00a0Zona de Desarrollo Econ\u00f3mico y Social Chapultepec, que ha despertado la justa cr\u00edtica de la sociedad civil. A continuaci\u00f3n reproducimos el comunicado que m\u00e1s de cien\u00a0arquitectos, urbanistas, vecinos, acad\u00e9micos, analistas, artistas, activistas y ciudadanos han firmado para rechazar \u201cla simulaci\u00f3n de un parque elevado (segundo piso) en avenida Chapultepec. Si desea sumarse, pueden ponerse en contacto con\u00a0<\/em><a href=\"salvador.medina.ramirez@gmail.com\">Salvador Medina<\/a>\u00a0y\u00a0<a href=\"%20lzamgo@gmail.com \" target=\"_blank\" rel=\"noopener noreferrer\">Luis Zambrano<\/a>.<br \/>\n<em>Para conocer m\u00e1s sobre este proyecto, pueden consultar los art\u00edculos publicados en <a href=\"http:\/\/www.arquine.com\/una-propuesta-honesta-para-el-corredor-cultural-chapultepec\/#.Vcq6x4H5DpE.twitter\" target=\"_blank\" rel=\"noopener noreferrer\">Arquine<\/a> y en <a href=\"http:\/\/horizontal.mx\/la-zode-chapultepec-operacion-inmobiliaria-espacio-publico-o-centro-comercial-privado\/\" target=\"_blank\" rel=\"noopener noreferrer\">Horizontal<\/a>.<\/em><br \/>\nTambi\u00e9n pueden firmar la <strong>petici\u00f3n<\/strong> <a href=\"https:\/\/secure.avaaz.org\/es\/petition\/Miguel_Angel_Mancera_Alto_a_Shopultepec\/?fyeLzbb&amp;pv=4\">Miguel \u00c1ngel Mancera: Alto a Shopultepec<\/a><br \/>\n&nbsp;<\/p>\n<p style=\"text-align: center;\"><strong>#NoShopultepec | #S\u00edChapultepec<\/strong><\/p>\n<p>Somos un grupo de ciudadanas y ciudadanos preocupados por lo que ocurre en la Ciudad de M\u00e9xico y rechazamos la simulaci\u00f3n de un parque elevado (segundo piso) en <strong>avenida Chapultepec<\/strong>, en la delegaci\u00f3n <strong>Cuauht\u00e9moc<\/strong>, que transforma la <strong>v\u00eda p\u00fablica<\/strong> en un <strong>centro comercial<\/strong>.<br \/>\nEl martes 18 de agosto, el gobierno de <strong>Miguel \u00c1ngel Mancera<\/strong> anunciar\u00e1 oficialmente el proyecto del <strong>Corredor Cultural Chapultepec<\/strong> o <strong>Zona de Desarrollo Econ\u00f3mico y Social (ZODES) Chapultepec<\/strong>. De construirse, este proyecto tendr\u00e1 repercusiones mayores, pues su infraestructura modificar\u00eda la vida de las millones de personas que se establecen en esta zona por razones de trabajo, paseo y vivienda. Se trata de una decisi\u00f3n que nos afecta a todos y no a unos cuantos, pues lo que se pretende es modificar el espacio urbano de esta y futuras generaciones de la Ciudad de M\u00e9xico.<br \/>\nUna decisi\u00f3n de esta magnitud exige un proceso de participaci\u00f3n amplio \u2014en tiempo y en actores\u2014 que permita, ante todo, que el mayor n\u00famero de ciudadanas y ciudadanos sean parte del proceso de decisi\u00f3n sobre el uso que se le da al <strong>espacio p\u00fablico<\/strong> en la ciudad a corto, mediano y largo plazos; sobre todo en un espacio tan amplio, c\u00e9ntrico y simb\u00f3lico como la avenida Chapultepec, que es un bien p\u00fablico para todos los habitantes del <strong>D.F<\/strong>. Ante una decisi\u00f3n ya tomada, este amplio proceso de consulta ha brillado por su ausencia.<br \/>\nSin justificaci\u00f3n p\u00fablica de por medio, el gobierno de Miguel \u00c1ngel Mancera public\u00f3 el 19 de mayo de 2014 la \u201cDeclaratoria de necesidad\u201d de una <em>\u201cconcesi\u00f3n para usar, aprovechar, explotar, con la carga de administrar, dise\u00f1ar, acondicionar, construir, conservar y mantener una calle completa con vocaci\u00f3n cultural que incluya espacio p\u00fablico, equipamiento, vialidad, estacionamientos e infraestructura subterr\u00e1nea y superficial, y otros servicios complementarios, tales como: publicidad, m\u00f3dulos de informaci\u00f3n, servicios sanitarios, entre otros, en la avenida Chapultepec\u201d.<\/em><br \/>\nDerivado de esta <strong>declaratoria<\/strong>, la obra se reparti\u00f3 y se asign\u00f3 sin concurso p\u00fablico alguno a una empresa financiera (<strong>Invex<\/strong>), a un administrador de centros comerciales (<strong>Grupo Acosta Verde<\/strong>), a una constructora (<strong>Garza Ponce<\/strong>) y a un proyecto arquitect\u00f3nico (liderado por <strong>Fernando Romero Enterprise<\/strong> y <strong>Juan Pablo Maza<\/strong>). La prioridad del proyecto: un <strong>centro comercial<\/strong> sobre la v\u00eda p\u00fablica.<br \/>\nAs\u00ed pretenden que el anuncio del 18 de agosto represente una decisi\u00f3n ya tomada y expresa de esta manera la cerraz\u00f3n que en t\u00e9rminos de <strong>obra p\u00fablica<\/strong> se ha vuelto com\u00fan en nuestra ciudad: <strong>\u201cva porque va\u201d.<\/strong> La carencia de un proceso transparente y el proyecto presentados son inaceptables. Esto no es \u201cdecidir juntos\u201d. Esto es privatizar la ciudad para beneficio de unos pocos. Esto es contrario a las mejores pr\u00e1cticas de gobiernos locales transparentes y participativos que, justamente en sus decisiones sobre lo p\u00fablico, ponen a prueba su vocaci\u00f3n democr\u00e1tica. Precisamente lo contrario de lo ocurrido en <strong>Chapultepec<\/strong>.<br \/>\nLa \u201cnecesidad\u201d de construir un centro comercial y un parque elevado en la avenida Chapultepec no es evidente ni de urgente resoluci\u00f3n y las consecuencias no s\u00f3lo tendr\u00edan costos enormes para la <strong>ciudad<\/strong> y sus habitantes, sino que ser\u00edan irreversibles.<br \/>\nLa <strong>privatizaci\u00f3n<\/strong> de una v\u00eda p\u00fablica para otorgar terrenos baratos a inversionistas privados es inaceptable. En particular cuando se les entregar\u00e1n terrenos a un costo irrisorio en una zona de alto valor comercial y residencial. No podemos seguir privilegiando lo privado sobre lo p\u00fablico.<br \/>\nLa construcci\u00f3n de segundos pisos sobre v\u00edas p\u00fablicas existentes resulta de forma recurrente en beneficios para unos pocos a costa de la calidad de vida de millones. Los <strong>segundos pisos<\/strong> no mejoran el <strong>tr\u00e1nsito peatonal<\/strong>, no disminuyen el uso del autom\u00f3vil, no priorizan el transporte no motorizado ni el <strong>transporte p\u00fablico<\/strong>.<br \/>\nResulta contradictorio que se presente como una obra que unir\u00e1 a las colonias <strong>Roma<\/strong> y <strong>Ju\u00e1rez<\/strong> cuando, en realidad, las separar\u00e1 con concreto y con la obligaci\u00f3n a quienes por ah\u00ed pasen de cruzar un centro comercial.<br \/>\n<strong>Sim\u00f3n Levy<\/strong>, el responsable del proyecto por parte del <strong>GDF<\/strong>, ha justificado la obra aduciendo que la avenida est\u00e1 descuidada y que se encuentra ocupada por indigentes. Sin duda, avenida Chapultepec lleva abandonada muchos a\u00f1os, limitada al tr\u00e1nsito de veh\u00edculos y el paso apresurado de peatones; pero la necesidad de recuperarla no implica un <strong>proyecto comercial<\/strong> excluyente, cuando bien podr\u00eda empezarse por mejorar la calidad de los espacios que ya existen en beneficio de sus usuarios actuales. As\u00ed, las acciones del gobierno no se dirigen a mejorar la vida de los habitantes de la ciudad, por el contrario: el resultado divide, excluye y estigmatiza.<br \/>\nSi al gobierno de Miguel \u00c1ngel Mancera le importa la equidad, la <strong>sustentabilidad<\/strong>, el bienestar econ\u00f3mico de la poblaci\u00f3n y la inclusi\u00f3n, debe demostrarlo en la pr\u00e1ctica y no s\u00f3lo en la ret\u00f3rica con la que se decoran maquetas o con la que se difunden im\u00e1genes arquitect\u00f3nicas. Por ello reiteramos: la intervenci\u00f3n del <strong>espacio p\u00fablico<\/strong> en avenida Chapultepec y en el resto de la ciudad debe dirigirse a mejorar el espacio peatonal, promover transporte no motorizado, y ampliar y mejorar el transporte p\u00fablico; en pocas palabras: a garantizar el derecho a la ciudad.<br \/>\nPor todo lo anterior, exigimos:<\/p>\n<ol>\n<li><strong>La derogaci\u00f3n de la Declaratoria de Necesidad del 19 de mayo de 2014 y la cancelaci\u00f3n de todos los actos que derivaron de este decreto y, por tanto, del proyecto de Corredor Cultural Chapultepec o ZODES Chapultepec.<\/strong><\/li>\n<li><strong>Abrir un nuevo proceso para reimaginar el corredor considerando los intereses de los habitantes de la ciudad y las necesidades de quienes no usan el auto, y no que los intereses comerciales de unos cuantos est\u00e9n por delante. <\/strong><strong>Es decir, construir una ciudad para todas y todos.<\/strong><\/li>\n<\/ol>\n<p>&nbsp;<br \/>\n<strong>Por eso decimos: #NoShopultepec, <\/strong><strong>#S\u00edChapultepec<\/strong><br \/>\n<strong>Firmantes:<\/strong><br \/>\nAdrian Moreau<br \/>\nAdriana Mac\u00edas<br \/>\nAdriana Ramos Olivares<br \/>\nAlain Derbez<br \/>\nAlan Patterson<br \/>\nAlberto Kalach<br \/>\nAlberto Serd\u00e1n<br \/>\nAlejandra Contreras<br \/>\nAlejandra Navarro<br \/>\nAlejandro Hern\u00e1ndez G\u00e1lvez<br \/>\nAlfredo Narv\u00e1ez<br \/>\nAna Elena Mallet<br \/>\nAna Mata<br \/>\nAndrea Griborio<br \/>\nAndr\u00e9s Lajous<br \/>\n\u00c1ngeles Navarro<br \/>\nAntonio Mart\u00ednez<br \/>\nArchibaldo Hope S\u00e1nchez Mejorada<br \/>\nAreli Carre\u00f3n<br \/>\nAurora Diez-Canedo<br \/>\nBianca Yoko Centeno Lara<br \/>\nBibiana Garmendia F\u00e9lix<br \/>\nBicitekas, A.C.<br \/>\nCarlos Brito<br \/>\nCarlos Buchan<br \/>\nChristian Said Nader Cata\u00f1o<br \/>\nClaudia Campero Arena<br \/>\nClaudia Rodr\u00edguez Borja<br \/>\nColectivo Corto Circuito<br \/>\nCristina Ayala<br \/>\nCristina Barros<br \/>\nDana Corres<br \/>\nDaniel Gersherson<br \/>\nDaniel Ren\u00e9 D\u00edaz Aguilar<br \/>\nDaniel Ulacia<br \/>\nDavid Dom\u00ednguez<br \/>\nDelf\u00edn Monta\u00f1ana<br \/>\nDenise Dresser<br \/>\nDinorah Garza<br \/>\nDulce Col\u00edn<br \/>\nEduardo Cadaval<br \/>\nEdurne Goded<br \/>\nEl\u00edas Cattan<br \/>\nElisa God\u00ednez<br \/>\nEmilia Perujo<br \/>\nFernando C\u00f3rdova Tapia<br \/>\nFrancisco Alan\u00eds (Sopitas)<br \/>\nFrancisco Reynoso<br \/>\nGabriela Hern\u00e1ndez Castillo<br \/>\nGabriela Manjarrez<br \/>\nGabriela Olivera Ch\u00e1vez<br \/>\nGerardo Esquivel<br \/>\nGina Cebey<br \/>\nGonzalo Ibarra<br \/>\nGraciela Novelo<br \/>\nI\u00f1aki Herranz<br \/>\n\u00cd\u00f1igo Prieto<br \/>\nIsrael Mora Lara<br \/>\nJes\u00fas Robles Maloof<br \/>\nJetro Centeno<br \/>\nJimena Veloz<br \/>\nJoaqu\u00edn Diez-Canedo<br \/>\nJos\u00e9 Ignacio Lanzagorta Garc\u00eda<br \/>\nJos\u00e9 Luis P\u00e9rez Maldonado<br \/>\nJos\u00e9 Mar\u00eda Bilbao Rodr\u00edguez<br \/>\nJos\u00e9 Merino<br \/>\nJulene Iriarte Iturbide<br \/>\nLaura Pardo<br \/>\nLili\u00e1n L\u00f3pez Camberos<br \/>\nLillian Mart\u00ednez Villaz\u00f3n Robledo<br \/>\nLuis Zambrano<br \/>\nLuz Alejandra Pirron Casillas<br \/>\nLynn Fainchtein<br \/>\nMaite Azuela<br \/>\nMar\u00eda Amparo Casar<br \/>\nMar\u00eda del Mar Estrada Rebull<br \/>\nMar\u00eda Elena Reyes Canseco<br \/>\nMar\u00eda Ram\u00edrez Flores<br \/>\nMariano Del Cueto<br \/>\nMario Arriagada<br \/>\nMarisa Mazari<br \/>\nMauricio Ignacio Gonz\u00e1lez Liz\u00e1rraga<br \/>\nMilena Ang<br \/>\nMiquel Adri\u00e0<br \/>\nM\u00f3nica Mart\u00ednez<br \/>\nM\u00f3nica Pallares-Trujillo<br \/>\nM\u00f3nica Regina S\u00e1nchez Becerril<br \/>\nM\u00f3nica Tapia<br \/>\nNicol\u00e1s Cabral<br \/>\nNuria Ben\u00edtez<br \/>\nOmar Yesahel Salvador<br \/>\nOn\u00e9simo Flores<br \/>\nOsvaldo S\u00e1nchez<br \/>\nPaola Thompson Rubio<br \/>\nPaula Sof\u00eda V\u00e1squez<br \/>\nPaulina Carrillo Grange<br \/>\nPaulina L\u00f3pez Guti\u00e9rrez<br \/>\nPedro Camarena B.<br \/>\nPedro Ce\u00f1al Murga<br \/>\nRa\u00fal David V\u00e1zquez (Rulo)<br \/>\nRodrigo Bustillo<br \/>\nRodrigo D\u00edaz<br \/>\nRodrigo L\u00f3pez Aldana<br \/>\nRodrigo Porr\u00faa<br \/>\nRuth P\u00e9rez L\u00f3pez<br \/>\nSalvador Camarena<br \/>\nSalvador Medina<br \/>\nSergio Aguayo<br \/>\nSergio Silva-Casta\u00f1eda<br \/>\nSergio Zepeda de Alba<br \/>\nSusana Bianconi<br \/>\nTania Mar\u00eda Carrillo Grange<br \/>\nTeresa Dey<br \/>\nUlises Mart\u00ednez Aja<br \/>\nVecinos de Veracruz 3 Condesa<br \/>\nVer\u00f3nica Crossa<br \/>\nVer\u00f3nica Lara<br \/>\nV\u00edctor Alc\u00e9rreca Molina<br \/>\nXalli Z\u00fa\u00f1iga<br \/>\nXimena Guti\u00e9rrez<br \/>\nXimena Ramos<br \/>\n&nbsp;<\/p>\n","protected":false},"template":"","meta":{"_id_youtube":"","_id_vimeo":"","_podcasts_duration":"","_podcasts_url":"","_podcasts_show":"","_prog_horario_dias":"","_prog_hora":"","_prog_duration":""},"class_list":["post-13103","archivo","type-archivo","status-publish","hentry"],"_links":{"self":[{"href":"https:\/\/nofm-radio.com\/index.php?rest_route=\/wp\/v2\/archivo\/13103","targetHints":{"allow":["GET"]}}],"collection":[{"href":"https:\/\/nofm-radio.com\/index.php?rest_route=\/wp\/v2\/archivo"}],"about":[{"href":"https:\/\/nofm-radio.com\/index.php?rest_route=\/wp\/v2\/types\/archivo"}],"wp:attachment":[{"href":"https:\/\/nofm-radio.com\/index.php?rest_route=%2Fwp%2Fv2%2Fmedia&parent=13103"}],"curies":[{"name":"wp","href":"https:\/\/api.w.org\/{rel}","templated":true}]}}