{"id":13149,"date":"2015-08-20T10:00:15","date_gmt":"2015-08-20T15:00:15","guid":{"rendered":"http:\/\/nofm-radio.com\/?p=13149"},"modified":"2015-08-20T10:00:15","modified_gmt":"2015-08-20T15:00:15","slug":"necropop-aqui-encontrara-como-inscribirse-a-los-talleres-del-v-encuentro-telecapita","status":"publish","type":"archivo","link":"https:\/\/nofm-radio.com\/?archivo=necropop-aqui-encontrara-como-inscribirse-a-los-talleres-del-v-encuentro-telecapita","title":{"rendered":"#Necropop. Aqu\u00ed encontrar\u00e1 c\u00f3mo inscribirse a los talleres del V Encuentro Telec\u00e1pita"},"content":{"rendered":"<p>Ya es un lugar com\u00fan hablar de la manera en que hemos asimilado la violencia y la<strong> muerte<\/strong> como parte de nuestra cotidianidad. Este discurso, si bien es pertinente y necesario, suele caer en clich\u00e9s sobre las causas m\u00e1s inmediatas de los fen\u00f3menos, y no reflexionar sobre las causas sist\u00e9micas y las consecuencias a largo plazo para la <strong>sociedad<\/strong>.<br \/>\nEl V Encuentro Telec\u00e1pita, <strong>Necropop<\/strong>, abordar\u00e1 el tema de la muerte como <strong>sistema de producci\u00f3n<\/strong>, y la manera en que la est\u00e9tica y la cultura han recreado las diferentes aristas del tema. \u00a0El encuentro se realizar\u00e1 del 28 al 30 de agosto en el <strong>Centro de Cultura Digital<\/strong>. Como parte de las actividades, se realizar\u00e1n talleres y cl\u00ednicas con especialistas de diversas \u00e1reas. Las inscripciones cierran el pr\u00f3ximo 21 de agosto, por lo que les traemos toda la informaci\u00f3n para que puedan inscribirse cuanto antes.<br \/>\n<strong>\u201cNecro-Acci\u00f3n: Muerte, pol\u00edtica y performance art\u201d<\/strong><br \/>\nLaboratorio de creaci\u00f3n art\u00edstica donde se revisar\u00e1n acciones de performances en relaci\u00f3n al\u00a0 cuerpo, la sangre y el cad\u00e1ver.<br \/>\nImparte: Paola Yee<br \/>\nHorarios: viernes 28 de agosto, 10:00 \u2013 14:00 hrs; s\u00e1bado 29, 10:00 \u2013 12:00 hrs, y domingo 30,\u00a0 10:00 \u2013 14:00 hrs. (10 horas)<br \/>\nCuota de recuperaci\u00f3n:\u00a0<strong>$420<\/strong>\u00a0| Cupo limitado | Cierre de inscripciones: 21 de agosto<br \/>\n<strong>\u201cNecroteatro y secuelas de exterminio\u201d<\/strong><br \/>\n<em>Pr\u00e1cticas reflexivas como estrategias de sobrevivencia y resistencia socioart\u00edstica, a partir de la exposici\u00f3n de procesos teatrales en contextos de exterminio, genocidio y guerra, y frente a la figura cambiante del holocausto.\u00a0 \u00a0<\/em><br \/>\nImparte: \u00c1ngel Hern\u00e1ndez \u00a0| Horario: viernes 28 de agosto, 10:00 \u2013 14:00 hrs. (4 horas)<br \/>\nCuota de recuperaci\u00f3n:<strong>\u00a0$250<\/strong>\u00a0| Cupo limitado | Cierre de inscripciones: 21 de agosto<br \/>\n<strong>\u201cDrom\u00f3manos: historias de violencia\u201d<\/strong><br \/>\nImparte: Alejandra S\u00e1nchez Inzunza y Jos\u00e9 Luis Pardo | Horario: viernes 28 de agosto, 10:00 \u2013 14:00 hrs; s\u00e1bado 29, 10:00 \u2013 12:00 hrs. (6 horas)<\/p>\n<p style=\"color: #555555;\"><em>Taller de cr\u00f3nica de violencia y periodismo narrativo a partir de la experiencia en Am\u00e9rica Latina del colectivo de periodistas Drom\u00f3manos, ganadores del Premio Ortega y Gasset de Periodismo\u00a02014 que otorga el diario\u00a0<\/em>El Pa\u00eds<em>\u00a0y autores del libro\u00a0<\/em>Narcoam\u00e9rica<em>\u00a0(Tusquets, 2014).<\/em><\/p>\n<p style=\"color: #555555;\">Cuota de recuperaci\u00f3n:\u00a0<strong>$380\u00a0<\/strong>| Cupo limitado | Cierre de inscripciones: 21 de agosto<\/p>\n<p style=\"color: #555555;\">Todos los talleres se realizar\u00e1n en la <a href=\"http:\/\/www.casarefugio.org\/index.html\" target=\"_blank\" rel=\"noopener noreferrer\">Casa Refugio Citlalt\u00e9petl<\/a>\u00a0y pueden inscribirse en\u00a0\u00a0formaci\u00f3n.telecapita@gmail.com<\/p>\n<p style=\"color: #555555;\">Pueden consultar la programaci\u00f3n completa de Necropop en el sitio <a href=\"http:\/\/www.telecapita.org\/\" target=\"_blank\" rel=\"noopener noreferrer\">telecapita.org<\/a><\/p>\n","protected":false},"template":"","meta":{"_id_youtube":"","_id_vimeo":"","_podcasts_duration":"","_podcasts_url":"","_podcasts_show":"","_prog_horario_dias":"","_prog_hora":"","_prog_duration":""},"class_list":["post-13149","archivo","type-archivo","status-publish","hentry"],"_links":{"self":[{"href":"https:\/\/nofm-radio.com\/index.php?rest_route=\/wp\/v2\/archivo\/13149","targetHints":{"allow":["GET"]}}],"collection":[{"href":"https:\/\/nofm-radio.com\/index.php?rest_route=\/wp\/v2\/archivo"}],"about":[{"href":"https:\/\/nofm-radio.com\/index.php?rest_route=\/wp\/v2\/types\/archivo"}],"wp:attachment":[{"href":"https:\/\/nofm-radio.com\/index.php?rest_route=%2Fwp%2Fv2%2Fmedia&parent=13149"}],"curies":[{"name":"wp","href":"https:\/\/api.w.org\/{rel}","templated":true}]}}