{"id":13626,"date":"2015-09-18T13:57:13","date_gmt":"2015-09-18T18:57:13","guid":{"rendered":"http:\/\/nofm-radio.com\/?p=13626"},"modified":"2015-09-18T13:57:13","modified_gmt":"2015-09-18T18:57:13","slug":"balconpresidencial-enrique-pena-nieto-o-infrestructochor-yeah-yeah","status":"publish","type":"archivo","link":"https:\/\/nofm-radio.com\/?archivo=balconpresidencial-enrique-pena-nieto-o-infrestructochor-yeah-yeah","title":{"rendered":"#Balc\u00f3nPresidencial. Enrique Pe\u00f1a Nieto o Infrestructochor, yeah yeah"},"content":{"rendered":"<p>Amo de las redes sociales, del meme, el <strong>hashtag<\/strong> y el mame, <strong>Enrique Pe\u00f1a Nieto<\/strong> se propuso desde el inicio de su carrera pol\u00edtica ser una imagen. Lleg\u00f3 al poder con una campa\u00f1a basada en su galanura y el cuento de hadas que protagoniz\u00f3 con una actriz de telenovelas. La <strong>campa\u00f1a<\/strong> fue construida como teleserie, y financiada desde las m\u00e1s oscuras esferas, tan oscuras que no sabemos a ciencia cierta cu\u00e1nto dinero se gast\u00f3 para construir un presidente.<br \/>\nCon poca experiencia pol\u00edtica, es el presidente m\u00e1s joven y el que lleg\u00f3 a la grande sin haber tenido antes un cargo federal. Su partido lo hizo saltarse a varios en la fila para construir un monumento de novedad y frescura que muy pronto se desti\u00f1i\u00f3. Con antecedentes como\u00a0el ataque de <strong>Atenco<\/strong> durante su gobierno en el <strong>Estado de M\u00e9xico<\/strong>, la campa\u00f1a que empez\u00f3 a construirse desde 2006 se desmoron\u00f3 cuando el candidato tuvo que actuar, hablar y reaccionar ante las preguntas de los periodistas sobre temas b\u00e1sicos como sus libros favoritos y la muerte de su primera esposa, y ante los cuestionamientos de los estudiantes de la <strong>Ibero<\/strong> respecto de la represi\u00f3n durante su <strong>gobernatura<\/strong>, que lo llev\u00f3 a esconderse en un ba\u00f1o.<br \/>\nCon los gritos de fraude como coro en su toma de posesi\u00f3n, el bonito velo acab\u00f3 el 1 de diciembre de 2012 con la masiva represi\u00f3n a la protesta social. Esa pr\u00e1ctica se extiende en lo que va de su mandato, durante el cual la <strong>violencia<\/strong> ha ido creciendo. El desplome de la econom\u00eda, la aprobaci\u00f3n de 13 reformas constitucionales perversas, la represi\u00f3n, la violencia, el desempleo, y un largo etc\u00e9tera, son elementos que se han aderezado con chistes voluntarios e involuntarios de un presidente que se parece cada vez m\u00e1s a Johnny Bravo.<br \/>\nHagamos un breve repaso de esas cosas que nos dan mucha risa, lo que nos permite seguir viviendo en este sexenio que cada vez est\u00e1 m\u00e1s de la mierda: <strong>#YaS\u00e9QueNoAplauden<\/strong>, la erecci\u00f3n del estado de <strong>Hidalgo<\/strong>, <strong>#NoEraAlbur<\/strong>, #NoSoyLaSe\u00f1oraDeLaCasa, la ca\u00edda de la banda presidencial y del pastel, Boca del R\u00edo capital de Veracruz, Okinawa ciudad de Chihuahua, y la inolvidable<strong> infrestructochor<\/strong>.<br \/>\nLes dejamos el \u00e9xito del sexenio, que s\u00f3lo puede competir con la canci\u00f3n que su bella esposa inspir\u00f3 despu\u00e9s de sus aclaraciones sobre la Casa Blanca.<br \/>\n<iframe loading=\"lazy\" src=\"https:\/\/www.youtube.com\/embed\/RpCTu2ymqiM\" width=\"560\" height=\"315\" frameborder=\"0\" allowfullscreen=\"allowfullscreen\"><\/iframe><br \/>\n<iframe loading=\"lazy\" width=\"420\" height=\"315\" src=\"https:\/\/www.youtube.com\/embed\/V2WNq6OwUFk\" frameborder=\"0\" allowfullscreen><\/iframe><\/p>\n","protected":false},"template":"","meta":{"_id_youtube":"","_id_vimeo":"","_podcasts_duration":"","_podcasts_url":"","_podcasts_show":"","_prog_horario_dias":"","_prog_hora":"","_prog_duration":""},"class_list":["post-13626","archivo","type-archivo","status-publish","hentry"],"_links":{"self":[{"href":"https:\/\/nofm-radio.com\/index.php?rest_route=\/wp\/v2\/archivo\/13626","targetHints":{"allow":["GET"]}}],"collection":[{"href":"https:\/\/nofm-radio.com\/index.php?rest_route=\/wp\/v2\/archivo"}],"about":[{"href":"https:\/\/nofm-radio.com\/index.php?rest_route=\/wp\/v2\/types\/archivo"}],"wp:attachment":[{"href":"https:\/\/nofm-radio.com\/index.php?rest_route=%2Fwp%2Fv2%2Fmedia&parent=13626"}],"curies":[{"name":"wp","href":"https:\/\/api.w.org\/{rel}","templated":true}]}}