{"id":15487,"date":"2016-01-22T14:20:36","date_gmt":"2016-01-22T20:20:36","guid":{"rendered":"http:\/\/nofm-radio.com\/?p=15487"},"modified":"2016-01-22T14:20:36","modified_gmt":"2016-01-22T20:20:36","slug":"nofmex-5a-noche-de-minuetes-la-virgen-de-la-pila","status":"publish","type":"archivo","link":"https:\/\/nofm-radio.com\/?archivo=nofmex-5a-noche-de-minuetes-la-virgen-de-la-pila","title":{"rendered":"#NoFMex. 5a Noche de Minuetes. La Virgen de la Pila"},"content":{"rendered":"<p>Por <strong>Emilia Perujo<\/strong><br \/>\n<a href=\"https:\/\/twitter.com\/emilia_perujo\" target=\"_blank\" rel=\"noopener noreferrer\">@emilia_perujo<\/a><br \/>\n<strong>\u00d3scar Muci\u00f1o<\/strong><br \/>\n<a href=\"https:\/\/twitter.com\/opmucino\" target=\"_blank\" rel=\"noopener noreferrer\">@opmucino<\/a><br \/>\nIm\u00e1genes de <strong>Felipe Bracho<\/strong><br \/>\n<a href=\"https:\/\/twitter.com\/brachosaurus\" target=\"_blank\" rel=\"noopener noreferrer\">@brachosaurus<\/a><br \/>\nLa <strong>Virgen de la Pila<\/strong> de la ciudad de <strong>Cocula<\/strong> representa una de las advocaciones de la virgen Mar\u00eda, la de la <strong>Inmaculada Concepci\u00f3n<\/strong>. Este es el Tercer Dogma dela Iglesia Cat\u00f3lica y sostiene que la concepci\u00f3n de Mar\u00eda, quien engendrar\u00eda al hijo de dios, tambi\u00e9n fue libre de \u201cpecado\u201d, por eso aquello de \u201csanta Mar\u00eda, sin pecado concebida\u201d.<br \/>\n<strong>Gema Roc\u00edo de la Cruz<\/strong> ha escrito que es posible que la palabra <strong>mariachi<\/strong> provenga de un verso de la canci\u00f3n \u201cMar\u00eda del R\u00edo\u201d, tambi\u00e9n dedicada a la Virgen de la Pila, y que era ejecutado con tambores e instrumentos de vientos por los indios cocas que habitaban la regi\u00f3n.<br \/>\nLa segunda pieza que se toc\u00f3 en la <strong>5a Noche de Minuetes<\/strong> es un vals de tradici\u00f3n coculense dedicado a esta virgen.<br \/>\n<iframe loading=\"lazy\" width=\"560\" height=\"315\" src=\"https:\/\/www.youtube.com\/embed\/FvbyTN8CDdY\" frameborder=\"0\" allowfullscreen><\/iframe><br \/>\n<strong>La Virgen de la pila<\/strong><br \/>\nMinuete tradicional coculense<br \/>\nForma musical: Vals<br \/>\nInterpreta: <strong>Mariachi Tradicional Siete Pueblos<\/strong><br \/>\nMar\u00eda de Jes\u00fas Gonz\u00e1lez G\u00f3mez \u2013 Viol\u00edn<br \/>\nCarlos Adri\u00e1n Coronado Cuevas \u2013 Viol\u00edn<br \/>\nLiliana Berenice Gonz\u00e1lez Barbosa \u2013 Vihuela<br \/>\nMar\u00eda de Jes\u00fas G\u00f3mez \u2013 Guitarr\u00f3n<\/p>\n","protected":false},"template":"","meta":{"_id_youtube":"","_id_vimeo":"","_podcasts_duration":"","_podcasts_url":"","_podcasts_show":"","_prog_horario_dias":"","_prog_hora":"","_prog_duration":""},"class_list":["post-15487","archivo","type-archivo","status-publish","hentry"],"_links":{"self":[{"href":"https:\/\/nofm-radio.com\/index.php?rest_route=\/wp\/v2\/archivo\/15487","targetHints":{"allow":["GET"]}}],"collection":[{"href":"https:\/\/nofm-radio.com\/index.php?rest_route=\/wp\/v2\/archivo"}],"about":[{"href":"https:\/\/nofm-radio.com\/index.php?rest_route=\/wp\/v2\/types\/archivo"}],"wp:attachment":[{"href":"https:\/\/nofm-radio.com\/index.php?rest_route=%2Fwp%2Fv2%2Fmedia&parent=15487"}],"curies":[{"name":"wp","href":"https:\/\/api.w.org\/{rel}","templated":true}]}}