{"id":15561,"date":"2016-01-29T02:29:44","date_gmt":"2016-01-29T08:29:44","guid":{"rendered":"http:\/\/nofm-radio.com\/?p=15561"},"modified":"2016-01-29T02:29:44","modified_gmt":"2016-01-29T08:29:44","slug":"nofmex-5a-noche-de-minuetes-senor-de-esquipulitas","status":"publish","type":"archivo","link":"https:\/\/nofm-radio.com\/?archivo=nofmex-5a-noche-de-minuetes-senor-de-esquipulitas","title":{"rendered":"#NoFMex. 5a Noche de Minuetes. Se\u00f1or de Esquipulitas"},"content":{"rendered":"<p>Por <strong>Emilia Perujo<\/strong><br \/>\n<a href=\"https:\/\/twitter.com\/emilia_perujo\" target=\"_blank\" rel=\"noopener noreferrer\">@emilia_perujo<\/a><br \/>\n<strong>\u00d3scar Muci\u00f1o<\/strong><br \/>\n<a href=\"https:\/\/twitter.com\/opmucino\" target=\"_blank\" rel=\"noopener noreferrer\">@opmucino<\/a><br \/>\nIm\u00e1genes de <strong>Felipe Bracho<\/strong><br \/>\n<a href=\"https:\/\/twitter.com\/brachosaurus\" target=\"_blank\" rel=\"noopener noreferrer\">@brachosaurus<\/a><br \/>\n<strong>Cristo de Esquipulas<\/strong><br \/>\nEn la iglesia de<strong> San Pedro<\/strong>, de la ciudad de <strong>Cocula<\/strong>, se encuentra el <strong>Cristo de la Expiraci\u00f3n<\/strong>, tambi\u00e9n conocido como el <strong>Se\u00f1or de Esquipulitas<\/strong>. Recibe este nombre porque dentro lleva una reliquia del Cristo de Esquipulas de <strong>Guatemala<\/strong>, aunque a\u00fan no se ha llegado a una certeza sobre si la reliquia dentro del cristo es una pedazo del original o una reproducci\u00f3n tallada.<br \/>\nEl Cristo de Esquipulas de Guatemala goza de la misma veneraci\u00f3n que la <strong>Virgen de Guadalupe<\/strong>, y cada 15 de enero se lleva a cabo su fiesta, a la que llegan acudir m\u00e1s de un mill\u00f3n de fieles. Al igual que ella es una representaci\u00f3n \u201cmorena\u201d, se le conoce como el <strong>Cristo Negro de Esquipulas<\/strong>, porque no es el \u00fanico, existe un Cristo ubicado en <strong>Cuzco, Per\u00fa<\/strong>, conocido como \u201cEl Se\u00f1or de los Temblores\u201d que tambi\u00e9n es negro. Es m\u00e1s, en una visita un puesto de \u201cni\u00f1os dioses\u201d varios de tez morena estar\u00e1n entre los modelos.<br \/>\nLa imagen de Esquipulas fue encargada por <strong>Crist\u00f3bal de Morales<\/strong>, Provisor del Obispado de Guatelamala, al escultor <strong>Quirio Cata\u00f1o<\/strong> a finales de 1594, quien por su trabajo recibi\u00f3 una cantidad de \u201ccien tostones de cuatro reales de plata cada uno\u201d. La figura lleg\u00f3 al poblado de Esquipulas el 9 de marzo de 1595. En esta fecha tambi\u00e9n acude una gran cantidad peregrinos a la Bas\u00edlica.<br \/>\nUna de las causas de la importancia del Cristo de Esquipulas en Am\u00e9rica se debe, en palabras del antrop\u00f3logo <strong>Carlos Navarrete<\/strong>, a que se encuentra en punto de confluencia de las fronteras de Guatemala, Honduras y El Salvador. El culto est\u00e1 extendidoal sur de M\u00e9xico, Nicaragua, Costa Rica, Ecuador, inclusive en el sur de los Estados Unidos existen reproducciones que son visitadas por una buena cantidad de sus fieles.<br \/>\n<strong>Se\u00f1or de Esquipulitas<\/strong><br \/>\n<iframe loading=\"lazy\" src=\"https:\/\/www.youtube.com\/embed\/iYhttp3zmcQ\" width=\"420\" height=\"315\" frameborder=\"0\" allowfullscreen=\"allowfullscreen\"><\/iframe><br \/>\nSe\u00f1or de Esquipulitas: Op. 25 No. 11<br \/>\n<strong>Francisco Javier Salcedo Zepeda<\/strong>, agosto de 2012<br \/>\nForma musical: chotis<br \/>\nInterpreta: <strong>Mariachi Tradicional Cocul\u00e1n<\/strong><br \/>\nUriel Israel Fletes Ib\u00e1\u00f1ez- viol\u00edn<br \/>\nJos\u00e9 Miguel Quintero Maldonado-vihuela<br \/>\nJes\u00fas Enrique Coronado Cuevas-guitarr\u00f3n<br \/>\nSobre el minuete:<br \/>\nEl Se\u00f1or de Esquipulitas es un Cristo o pedazo de madera (no se sabe exactamente) incrustado en la imagen del Se\u00f1or de la Expiraci\u00f3n del templo de San Pedro. No se tienen datos precisos de c\u00f3mo el Se\u00f1or de Esquipulitas lleg\u00f3 a estar dentro de otro Cristo. Como dato curioso, el compositor no tiene el dato visual de la imagen y explica que esta composici\u00f3n es como un <strong>acto de fe<\/strong>: creer sin ver. Con su ritmo de chotis induce a la alegr\u00eda y al baile. Dan ganas de bailar aunque los minuetes de por ac\u00e1 no se bailen.<br \/>\nFuentes texto:<br \/>\nEntrevista a Carlos Navarrete: <a href=\"http:\/\/lahora.gt\/la-historia-detras-del-cristo-negro-de-esquipulas\/\" target=\"_blank\" rel=\"noopener noreferrer\">http:\/\/lahora.gt\/la-historia-detras-del-cristo-negro-de-esquipulas\/<\/a><br \/>\n<a href=\"http:\/\/cristonegro.esquipulas.com.gt\/datos_cristo.htm\" target=\"_blank\" rel=\"noopener noreferrer\">http:\/\/cristonegro.esquipulas.com.gt\/datos_cristo.htm<\/a><\/p>\n","protected":false},"template":"","meta":{"_id_youtube":"","_id_vimeo":"","_podcasts_duration":"","_podcasts_url":"","_podcasts_show":"","_prog_horario_dias":"","_prog_hora":"","_prog_duration":""},"class_list":["post-15561","archivo","type-archivo","status-publish","hentry"],"_links":{"self":[{"href":"https:\/\/nofm-radio.com\/index.php?rest_route=\/wp\/v2\/archivo\/15561","targetHints":{"allow":["GET"]}}],"collection":[{"href":"https:\/\/nofm-radio.com\/index.php?rest_route=\/wp\/v2\/archivo"}],"about":[{"href":"https:\/\/nofm-radio.com\/index.php?rest_route=\/wp\/v2\/types\/archivo"}],"wp:attachment":[{"href":"https:\/\/nofm-radio.com\/index.php?rest_route=%2Fwp%2Fv2%2Fmedia&parent=15561"}],"curies":[{"name":"wp","href":"https:\/\/api.w.org\/{rel}","templated":true}]}}