{"id":15596,"date":"2016-02-02T14:29:06","date_gmt":"2016-02-02T20:29:06","guid":{"rendered":"http:\/\/nofm-radio.com\/?p=15596"},"modified":"2016-02-02T14:29:06","modified_gmt":"2016-02-02T20:29:06","slug":"corona-y-carnaval-de-bahidora-presentan-sotomayor-en-yovoyatocar","status":"publish","type":"archivo","link":"https:\/\/nofm-radio.com\/?archivo=corona-y-carnaval-de-bahidora-presentan-sotomayor-en-yovoyatocar","title":{"rendered":"Corona y Carnaval de Bahidor\u00e1 presentan: Sotomayor en #YoVoyATocar"},"content":{"rendered":"<p>Gracias a <strong>Corona<\/strong> y el <strong>Carnaval de Bahidor\u00e1<\/strong> <strong>#TerraInc\u00f3gnita<\/strong>, el viernes 29 de enero tuvimos una <strong>sesi\u00f3n en vivo<\/strong> con una de nuestras bandas favoritas, y sabemos que de ustedes tambi\u00e9n. Se llev\u00f3 a cabo el <strong>#YoVoyATocar<\/strong> con <strong>Sotomayor<\/strong> desde los estudios de <strong>Madcap Recordings<\/strong>.<br \/>\nComo era de esperarse fue fabuloso. Pudimos escuchar casi completo su disco <em><strong>Salvaje<\/strong><\/em> y una entrevista divertid\u00edsima a cargo de <strong>Claudio Mart\u00ednez<\/strong>.<br \/>\nLa verdad es que no esper\u00e1bamos que su set en vivo estuviera tan bueno. Verdaderamente sorprendente el sonido que ha desarrollado la banda. Ya no podemos esperar para escucharlos en el <strong>Carnaval de Bahidor\u00e1<\/strong> el 20 y 21 de febrero en <strong>Las Estacas<\/strong>.<br \/>\nEscuche el <strong>#YoVoyATocar<\/strong> con <strong>Sotomayor<\/strong> completo en el siguente track que se transmiti\u00f3 en directo por su estaci\u00f3n de confianza NoFM. Y est\u00e9n pendientes pues la sesi\u00f3n en video est\u00e1 a punto de salir <strong>#porNoFM<\/strong>.<br \/>\n<strong>#Bahidor\u00e1XCorona<\/strong>.<br \/>\n<strong>#YoVoyATocar con Sotomayor<\/strong><br \/>\n[audio:http:\/\/nofm-radio.com\/podcast\/SOTOMAYORpodcast.mp3]<\/p>\n","protected":false},"template":"","meta":{"_id_youtube":"","_id_vimeo":"","_podcasts_duration":"","_podcasts_url":"","_podcasts_show":"","_prog_horario_dias":"","_prog_hora":"","_prog_duration":""},"class_list":["post-15596","archivo","type-archivo","status-publish","hentry"],"_links":{"self":[{"href":"https:\/\/nofm-radio.com\/index.php?rest_route=\/wp\/v2\/archivo\/15596","targetHints":{"allow":["GET"]}}],"collection":[{"href":"https:\/\/nofm-radio.com\/index.php?rest_route=\/wp\/v2\/archivo"}],"about":[{"href":"https:\/\/nofm-radio.com\/index.php?rest_route=\/wp\/v2\/types\/archivo"}],"wp:attachment":[{"href":"https:\/\/nofm-radio.com\/index.php?rest_route=%2Fwp%2Fv2%2Fmedia&parent=15596"}],"curies":[{"name":"wp","href":"https:\/\/api.w.org\/{rel}","templated":true}]}}