{"id":15809,"date":"2016-02-17T14:38:54","date_gmt":"2016-02-17T20:38:54","guid":{"rendered":"http:\/\/nofm-radio.com\/?p=15809"},"modified":"2016-02-17T14:38:54","modified_gmt":"2016-02-17T20:38:54","slug":"8-opiniones-sobre-lo-decepcionante-que-ha-sido-papaenmexico","status":"publish","type":"archivo","link":"https:\/\/nofm-radio.com\/?archivo=8-opiniones-sobre-lo-decepcionante-que-ha-sido-papaenmexico","title":{"rendered":"8 opiniones sobre lo decepcionante que ha sido #PapaEnM\u00e9xico"},"content":{"rendered":"<p>Dicen por ah\u00ed que en <strong>El Vaticano<\/strong> hay preocupaci\u00f3n porque la visita de <strong>Francisco<\/strong> a M\u00e9xico no ha tenido el arrastre que se esperaba. Podemos especular muchas razones para que piensen eso: desde las extremas medidas de seguridad que ha rodeado cada uno de sus actos, hasta el hartazgo general de la poblaci\u00f3n de una ciudad ca\u00f3tica que se enloqueci\u00f3 a\u00fan m\u00e1s por los cierres viales para abrirle paso a Francisco. Los cierto es que, le pese a quien le pese, la <strong>visita del Papa<\/strong> a nuestro pa\u00eds no ha pasado inadvertida, todos tienen qu\u00e9 opinar sobre el actuar del pont\u00edfice en tierras mexicanas.<br \/>\nEn las \u00faltimas horas que permanecer\u00e1 en nuestro pa\u00eds, las opiniones se han volcado hacia la decepci\u00f3n sobre las declaraciones de Francisco, la mayor\u00eda de los cr\u00edticos esperaba, al menos, un mensaje un poco m\u00e1s espec\u00edfico de ese cura que todo mundo dice que ha revolucionado la Iglesia. Ac\u00e1 les dejamos 8 opiniones sobre la decepci\u00f3n, algunas justifican o explican la actitud del Papa, otros s\u00f3lo reclaman algo que \u00a0incluso el sacerdote m\u00e1s revolucionario tendr\u00eda reparos en hacer.<br \/>\n\u00c9chenles una le\u00edda y, mientra lo hacen, piensen siempre que la<strong> iglesia cat\u00f3lica<\/strong> avanza por siglos y, tal vez, Francisco ya gast\u00f3 sus pasos en el siglo XXI.<br \/>\n<strong>1. &#8220;#PapaFrancisco, la visita decepcionante&#8221;, de Jenaro Villamil<\/strong><br \/>\n<em>Como bien dice el propio Bergoglio, \u201ccon el diablo no se dialoga porque acabas perdiendo\u201d. Hasta ahora el pont\u00edfice cat\u00f3lico opt\u00f3 por dialogar y negociar con los \u2018diablos\u2019 mexicanos y s\u00f3lo confortar con generalidades y bendiciones a los m\u00e1s humildes&#8230;<\/em> Lee la nota completa en <strong><a href=\"http:\/\/www.proceso.com.mx\/430304\/papafrancisco-la-visita-decepcionante\" target=\"_blank\" rel=\"noopener noreferrer\">Proceso<\/a><\/strong><br \/>\n<strong>2. &#8220;Selfie mata serm\u00f3n&#8221;, de Rocha<\/strong><br \/>\nen <strong>La Jornada<\/strong><br \/>\n<a class=\"no-eff img-link lightbox\" href=\"http:\/\/nofm-radio.com\/wp-content\/uploads\/2016\/02\/rocha.jpg\"><img loading=\"lazy\" decoding=\"async\" class=\"alignnone size-full wp-image-15810\" src=\"http:\/\/nofm-radio.com\/wp-content\/uploads\/2016\/02\/rocha.jpg\" alt=\"Selfie mata serm\u00f3n\" width=\"356\" height=\"500\" \/><\/a><br \/>\n<strong>3. &#8220;El secuestro de Francisco&#8221;, de Raymundo Riva Palacio<\/strong><br \/>\n<em>El Papa est\u00e1 secuestrado y no se ha dado cuenta. La seguridad ha desanimado a muchos. Para poder ir a una misa, tuvieron que llegar 12 horas antes del inicio programado para ubicarse en sus lugares. En Ecatepec, por ejemplo, le gente estuvo todo ese tiempo sin poder comer ni tomar agua, porque la seguridad les impidi\u00f3 introducir alimentos y bebidas. El Estado Mayor Presidencial, bajo un dise\u00f1o autorizado en la m\u00e1s alta oficina p\u00fablica de este pa\u00eds, lo quiere inocular. Hay temor de un ataque terrorista en su contra sobre territorio mexicano \u2013no hay ninguna amenaza de ello, pero siempre se establecen protocolos de seguridad bajo esas presunciones\u2013, pero no parecer\u00eda por el comportamiento militar con la gente de que eso fuera la principal preocupaci\u00f3n pol\u00edtica. El presidente Enrique Pe\u00f1a Nieto decidi\u00f3 un marcaje personal al Papa y despach\u00f3, a cada uno de los estados que visitar\u00e1, a un secretario de Estado o a su personal m\u00e1s cercano en Los Pinos. \u00bfQu\u00e9 es lo que no quiere el presidente que el Papa vea? O, \u00bfa qui\u00e9n no quieren que vea?<\/em>&#8230; Lee la nota completa en <a href=\"http:\/\/www.elfinanciero.com.mx\/opinion\/el-secuestro-de-francisco.html\" target=\"_blank\" rel=\"noopener noreferrer\"><strong>El Financiero<\/strong><\/a><br \/>\n<strong>4. &#8220;Las mentiras del Papa&#8221;, de Sanjuana Mart\u00ednez<\/strong><br \/>\n<em><span style=\"font-weight: inherit; color: #000000;\">El Papa es de una tozudez y una soberbia espantosa. Se presenta como una oveja que da buenos titulares, pero no act\u00faa, no cumple. El a\u00f1o pasado anunci\u00f3 con bombos y platillos que iba a crear tribunales para juzgar a obispos que hubieran participado en encubrimiento, obviamente ninguno de ellos ha pasado por esos tribunales. Todo es una pantalla, una mentira.<\/span><\/em><br \/>\n<em><span style=\"font-weight: inherit; color: #000000;\">Decepcionado de la visita del Papa a M\u00e9xico, dice que su experiencia en el Vaticano ha sido la peor de su vida. Estar all\u00ed y ver las maquinaciones pol\u00edticas, las protecciones y los intereses de cada uno. Ahora entiendo c\u00f3mo premia a los monstruos cardenales protectores d\u00e1ndoles puestos en comisiones pontificias. Lo que yo vi es un verdadero nido de v\u00edboras<\/span><\/em><span style=\"font-weight: inherit; color: #000000;\">&#8230; Lee la nota completa en el <a href=\"http:\/\/websanjuanamartinez.com.mx\/las-mentiras-del-papa\/#sthash.vKduw7RS.OPFuxMvo.dpuf\" target=\"_blank\" rel=\"noopener noreferrer\"><strong>blog de Sanjuana Mart\u00ednez<\/strong><\/a><\/span><br \/>\n<strong>5. &#8220;Bienvenido a M\u00e9xico&#8221;, de Rap\u00e9<\/strong><br \/>\n<a class=\"no-eff img-link lightbox\" href=\"http:\/\/nofm-radio.com\/wp-content\/uploads\/2016\/02\/papa-bienvenido.jpg\"><img loading=\"lazy\" decoding=\"async\" class=\"alignnone size-full wp-image-15811\" src=\"http:\/\/nofm-radio.com\/wp-content\/uploads\/2016\/02\/papa-bienvenido.jpg\" alt=\"papa-bienvenido\" width=\"732\" height=\"361\" \/><\/a><br \/>\n<strong>6. &#8220;Francisco, el seductor&#8221;, de Genaro Lozano<\/strong><br \/>\n<em><span style=\"color: #000000;\">Francisco es un seductor. Despu\u00e9s del robotizado Ratzinger se agradece su performance de cercan\u00eda a la gente. El mensaje cat\u00f3lico de no violencia y la misma fe que le da a millones se agradece en un pa\u00eds que necesita valores \u00e9ticos y morales. La esperanza que le da a millones es bienvenida en un M\u00e9xico que ve todos los d\u00edas c\u00f3mo se acumulan muertes violentas en los medios. Este papa es simp\u00e1tico, tiene don de gentes, sabe apropiarse del momento y es histri\u00f3nico. Sin embargo, a m\u00ed no me seduce. No le creo. Ojal\u00e1 sus fieles le demandaran m\u00e1s al papa y a su iglesia.<\/span><\/em><span style=\"color: #000000;\">.. Lee la nota completa en <strong><a href=\"http:\/\/www.reforma.com\/aplicacioneslibre\/editoriales\/editorial.aspx?id=82179&amp;md5=5e64915fa9c8bfd9bdc1f818733e12b6&amp;ta=0dfdbac11765226904c16cb9ad1b2efe&amp;lcmd5=aa3d1a20a89fe764946dc158c4e5f94a#ixzz40SX0QGAl\" target=\"_blank\" rel=\"noopener noreferrer\">Reforma<\/a><\/strong><\/span><br \/>\n<strong>7. &#8220;Francisco en casa del diablo&#8221;, de Luis Pablo Beauregard<\/strong><br \/>\n<em><span style=\"color: #444444;\">Este mi\u00e9rcoles se sabr\u00e1 si Morelia quedar\u00e1 grabado como el lugar donde el Pont\u00edfice habl\u00f3 del negro cap\u00edtulo que el fundador de la Legi\u00f3n escribi\u00f3 en la historia de la Iglesia en M\u00e9xico. Quienes han esperado estas palabras desde que el humo blanco sali\u00f3 por \u00faltima vez de las chimeneas del Vaticano, en marzo de 2013, lo ven poco probable. \u201cEl discurso de Francisco es muy abierto, pero no est\u00e1 tocando lo que deber\u00eda, tiene enormes l\u00edmites\u201d<\/span><\/em><span style=\"color: #444444;\">&#8230; Lee la nota completa en <a href=\"http:\/\/internacional.elpais.com\/internacional\/2016\/02\/16\/mexico\/1455605380_612699.html?id_externo_rsoc=TW_AM_CM\" target=\"_blank\" rel=\"noopener noreferrer\"><strong>El Pa\u00eds<\/strong><\/a><\/span><br \/>\n<strong>8. &#8220;No han querido que las v\u00edctimas tengan acceso al Papa&#8221;, entrevista a Alejandro Solalinde<\/strong><br \/>\nhttps:\/\/soundcloud.com\/cnnee\/solalinde-ojal<\/p>\n","protected":false},"template":"","meta":{"_id_youtube":"","_id_vimeo":"","_podcasts_duration":"","_podcasts_url":"","_podcasts_show":"","_prog_horario_dias":"","_prog_hora":"","_prog_duration":""},"class_list":["post-15809","archivo","type-archivo","status-publish","hentry"],"_links":{"self":[{"href":"https:\/\/nofm-radio.com\/index.php?rest_route=\/wp\/v2\/archivo\/15809","targetHints":{"allow":["GET"]}}],"collection":[{"href":"https:\/\/nofm-radio.com\/index.php?rest_route=\/wp\/v2\/archivo"}],"about":[{"href":"https:\/\/nofm-radio.com\/index.php?rest_route=\/wp\/v2\/types\/archivo"}],"wp:attachment":[{"href":"https:\/\/nofm-radio.com\/index.php?rest_route=%2Fwp%2Fv2%2Fmedia&parent=15809"}],"curies":[{"name":"wp","href":"https:\/\/api.w.org\/{rel}","templated":true}]}}