{"id":16273,"date":"2016-03-09T15:10:11","date_gmt":"2016-03-09T21:10:11","guid":{"rendered":"http:\/\/nofm-radio.com\/?p=16273"},"modified":"2016-03-09T15:10:11","modified_gmt":"2016-03-09T21:10:11","slug":"reminiscencia-cronica-de-una-tarde-con-alastor-y-quimico-jr","status":"publish","type":"archivo","link":"https:\/\/nofm-radio.com\/?archivo=reminiscencia-cronica-de-una-tarde-con-alastor-y-quimico-jr","title":{"rendered":"Reminiscencia. Cr\u00f3nica de una tarde con \u00c1lastor y Qu\u00edmico Jr"},"content":{"rendered":"<p><!--StartFragment-->Por <strong>Aldo Rosales<\/strong><br \/>\n<a href=\"https:\/\/twitter.com\/AldoRosalesV\" target=\"_blank\" rel=\"noopener noreferrer\">@AldoRosalesV<\/a><!--EndFragment--><br \/>\nFotos <strong>Alberto Trejo<\/strong><br \/>\n<a href=\"https:\/\/twitter.com\/AlbertoTrejoM\" target=\"_blank\" rel=\"noopener noreferrer\">@AlbertoTrejoM<\/a><\/p>\n<p style=\"text-align: right;\"><em>Para Don Pedro T\u00e9llez, El Qu\u00edmico, gran maestro, gran luchador; gran ser humano.<\/em><\/p>\n<p>&nbsp;<br \/>\nLas cosas cambian. La gente cambia, tambi\u00e9n las palabras; nada permanece. Los lugares no son la excepci\u00f3n. Ten\u00eda m\u00e1s de cuatro a\u00f1os de no volver al pueblo de <strong>Nicol\u00e1s Romero<\/strong>, en el <strong>Estado de M\u00e9xico<\/strong>, de donde soy originario, y lo encontr\u00e9 cambiado. <strong>Alberto Trejo<\/strong>, un sobrino m\u00edo y yo viajamos desde <strong>Lomas Verdes<\/strong> para encontrarnos con el <strong>Qu\u00edmico Jr.<\/strong>, nieto de mi primer maestro de lucha libre, <strong>don Pedro T\u00e9llez<\/strong>. En el camino, mientras viaj\u00e1bamos por la autopista, Alberto me preguntaba cosas sobre \u00e9l: c\u00f3mo se llama, en qu\u00e9 circunstancias lo conoc\u00ed, si a\u00fan lucha y d\u00f3nde lo hace. No s\u00e9, le dije, hace mucho que no lo veo; ocho a\u00f1os, record\u00e9 de pronto, ocho a\u00f1os sin verlo.<br \/>\nLlegamos al centro del pueblo, ahora siempre activo, siempre en ebullici\u00f3n: el silencio de estas calles es algo que las nuevas generaciones, los nuevos habitantes, ya nunca conocer\u00e1n. Estacionamos el carro a un lado de la plaza municipal y caminamos hacia el lugar que, por medio de mensajes en Facebook, <strong>Qu\u00edmico Jr<\/strong>. me dibuj\u00f3. <strong>Guillermo Prieto<\/strong> #9, a s\u00f3lo unos pasos de donde viv\u00eda. Siempre se vuelve: la vida parece ser un eterno retorno a los lugares donde crecimos, como si nos hubi\u00e9ramos dejado algo olvidado en el tiempo. Lo veo y al instante lo reconozco, \u00e9l a m\u00ed tambi\u00e9n. Qu\u00e9 milagro, me comenta; qu\u00e9 milagro, respondo, y en un r\u00e1pido vistazo mido mi edad a trav\u00e9s de \u00e9l: se ve casi igual a como lo recordaba, aunque algo en \u00e9l me parece distinto, no s\u00e9 si se deba a que tiene un poco menos de cabello, como yo, o que se nota m\u00e1s fuerte que antes. Yo tambi\u00e9n debo haber cambiado as\u00ed, pienso, de una forma que nos dej\u00f3 a medio camino entre el futuro y los a\u00f1os en que entrenamos juntos. \u00bfNo te acuerdas de \u00e9l?, me pregunta, y <strong>\u00c1lastor<\/strong> (en unos minutos sabr\u00e9 que con ese nombre lucha) me extiende la mano. No me acuerdo, confieso, y <strong>Qu\u00edmico Jr<\/strong>. remata diciendo que entren\u00e1bamos juntos. A lo mejor ya no estabas cuando \u00e9l lleg\u00f3, o \u00e9l ya se hab\u00eda ido, aventura. No es raro que se confunda: por el gimnasio de <strong>Don Pedro<\/strong> circulaban, siempre, nuevos alumnos. Los que se quedaban, los que nunca volv\u00edan, los que un d\u00eda simplemente dejaban el nombre flotando en el aire y ya nunca regresaban a reclamarlo. Los que nos fuimos del pueblo y no tuvimos tiempo ni de regresar a decir gracias.<br \/>\nEl primer inconveniente del d\u00eda: el gimnasio donde har\u00edamos la sesi\u00f3n de fotos y la entrevista est\u00e1 cerrado. Pues vamos a buscar otro, comenta Alberto, y el segundo problema del d\u00eda sale a relucir: <strong>\u00c1lastor<\/strong> tiene que estar a las cuatro en punto en un evento llamado <strong><em>Lucharama<\/em><\/strong>, y ya son las 12:40. \u00bfNo lo conoces?, me pregunta, mientras <strong>Qu\u00edmico Jr.<\/strong> sopesa mentalmente las opciones. No, nunca hab\u00eda escuchado el nombre. Ah, pues es <strong>lucha libre<\/strong>, m\u00fasica <strong><em>surf<\/em><\/strong>, convivencia con luchadores; est\u00e1 interesante, remata.<br \/>\n<a class=\"no-eff img-link lightbox\" href=\"http:\/\/nofm-radio.com\/wp-content\/uploads\/2016\/03\/lucha-1.jpg\"><img loading=\"lazy\" decoding=\"async\" class=\"size-full wp-image-16277 aligncenter\" src=\"http:\/\/nofm-radio.com\/wp-content\/uploads\/2016\/03\/lucha-1.jpg\" alt=\"lucha 1\" width=\"965\" height=\"643\" \/><\/a><br \/>\n&nbsp;<br \/>\nLas fotos: uno no se pasea por ah\u00ed con m\u00e1scara, no la saca a relucir a la menor provocaci\u00f3n, no la muestra si no es necesario: las palabras de <strong>Don Pedro<\/strong>. Podr\u00edamos ir a un deportivo, o algunas canchas o lo que sea, sugiere <strong>Alberto<\/strong>, ya despu\u00e9s la entrevista la podemos hacer en otro lado. Claro, suena bien. Ya s\u00e9, sugiere el amigo de <strong>\u00c1lastor<\/strong>, de quien no pregunt\u00e9 el nombre, podemos ir al gimnasio de box que est\u00e1 all\u00e1 abajo, por la <strong>Cruz Roja<\/strong>. Mi sobrino y Alberto son los \u00fanicos en el grupo que no reconocen la ubicaci\u00f3n: conocer el pueblo nos hace c\u00f3mplices de algo que no sabemos si es la vida o el recuerdo. Caminamos hacia all\u00e1 en tres grupos: <strong>\u00c1lastor<\/strong> y su amigo; Alberto, mi sobrino y yo y, a bordo de su motocicleta, <strong>Qu\u00edmico Jr<\/strong>.<br \/>\nTercer problema del d\u00eda: este gimnasio tambi\u00e9n est\u00e1 cerrado. Se nos acaban las opciones, se nos acaba el tiempo. Puede ser ah\u00ed, en ese edificio, observa <strong>Alberto<\/strong>, y giramos al mismo la cara hasta el <strong>auditorio Jorge Jim\u00e9nez Cant\u00fa<\/strong>. S\u00ed, es buena opci\u00f3n, si no queda de otra, acordamos. Curioso: mi primera funci\u00f3n de <strong>lucha libre<\/strong> la presenci\u00e9 all\u00ed, hace m\u00e1s de catorce a\u00f1os, cuando el deporte ni siquiera me interesaba. El lugar estaba casi vac\u00edo, y mucha gente acudi\u00f3, m\u00e1s que nada, porque ese d\u00eda lucharon <strong>Atlantis<\/strong> y <strong>Brazo de Plata<\/strong>. Nadie, o casi nadie, y eso lo recuerdo con precisi\u00f3n, reconoci\u00f3 a los minis, quienes dieron muestra de profesionalismo y madurez luch\u00edstica: entregarse al cien, dejar todo en el ring, aunque s\u00f3lo haya una persona en las gradas.<br \/>\nCaminamos s\u00f3lo un par de minutos y ya estamos en el lugar. <strong>\u00c1lastor<\/strong> consulta sistem\u00e1ticamente su reloj. Podemos hacer aqu\u00ed las tomas, dice <strong>Alberto<\/strong>, y para no tener m\u00e1s inconvenientes preguntamos al guardia del lugar si no hay problema. No lo hay, y comenzamos. \u00bfTraes m\u00e1scara?, pregunto a <strong>\u00c1lastor<\/strong> cuando veo a <strong>Qu\u00edmico Jr.<\/strong> sacar de su mochila la tapa que perteneci\u00f3 a su abuelo: rosa, con una Q en la frente y un matraz a la altura de la sien derecha. Yo lucho sin m\u00e1scara, responde y comienza a hacer un poco de estiramiento, al que se une <strong>Qu\u00edmico Jr<\/strong>. El cuerpo es un animal que tenemos encadenado al esp\u00edritu, un animal que nos acompa\u00f1a por la vida; el de ellos comienza a despertar. Quien lucha, quien prepara su cuerpo para la pelea, alimenta a ese ser de otra forma, distinta a la de los dem\u00e1s.<br \/>\nSostengo en las manos la m\u00e1scara de mi maestro: nunca hab\u00eda tenido la oportunidad de hacerlo. Sonr\u00edo al recordar cuando a\u00fan so\u00f1aba con tener la m\u00eda. Terminan de estirar y <strong>Qu\u00edmico Junior<\/strong> se coloca la tapa; <strong>Alberto<\/strong> comienza la sesi\u00f3n de fotos. Muchas de las poses de<strong> Qu\u00edmico J<\/strong>r. me recuerdan a mi maestro: el lazo que los une va m\u00e1s all\u00e1 del sangu\u00edneo. A petici\u00f3n de <strong>Alberto<\/strong>, <strong>\u00c1lastor<\/strong> y <strong>Qu\u00edmico Jr.<\/strong> se unen en toma de r\u00e9feri. Ahora que lo veo, tantos a\u00f1os despu\u00e9s, pienso que tambi\u00e9n es un abrazo, una muestra de cari\u00f1o, de respeto. Terminan las fotos y ambos luchadores se relajan, cambian sus posturas; parecen ser otros. Me acerco a ellos y enciendo un cigarro: si mi maestro estuviera vivo, pienso, me pedir\u00eda que me retirara. Mi sobrino prepara la grabadora de voz y nos acercamos.<br \/>\nOye, \u00c1lastor, la pregunta obligada, \u00bfpor qu\u00e9 lucha? Digo, ahorita vimos qu\u00e9 problema para encontrar un gimnasio, pero pasamos por un par de canchas de futbol y m\u00e1s para all\u00e1 (le se\u00f1alo la periferia del pueblo) hay como cinco m\u00e1s, pero pocos gimnasios, y menos de lucha. F\u00edjate que<strong> Sagrado<\/strong> nos comentaba que a \u00e9l le interesa que crezca la lucha, que se difunda, y creo que a eso estamos llegando pero, \u00bfpor qu\u00e9 lucha y no futbol?<br \/>\n<a class=\"no-eff img-link lightbox\" href=\"http:\/\/nofm-radio.com\/wp-content\/uploads\/2016\/03\/lucha-4.jpg\"><img loading=\"lazy\" decoding=\"async\" class=\"alignnone size-full wp-image-16279\" src=\"http:\/\/nofm-radio.com\/wp-content\/uploads\/2016\/03\/lucha-4.jpg\" alt=\"lucha 4\" width=\"965\" height=\"643\" \/><\/a><br \/>\n<strong>\u00c1lastor<\/strong> se pone de nuevo la playera y se frota los antebrazos. Pues para no ser del mont\u00f3n, responde sin dudar, hay que ser diferentes, hacer algo que no todos hagan. Mira, para muchos es un deporte, para otros una ruta de escape, una forma de trabajo, pero ante todo es un deporte completo, fuerte, que te exige a muchos niveles: f\u00edsico, mental, espiritual. Se trata de disciplina en cuerpo, mente, alma: todo lo que entregas arriba de un ring, pero tambi\u00e9n abajo. \u00bfFutbol, me dices? Ah\u00ed ya lo que m\u00e1s importa son los intereses monetarios, comerciales. Ya no hay, pong\u00e1moslo as\u00ed, una verdadera actitud deportiva. Se perdi\u00f3 la magia que conlleva todo deporte, cosa que no pasa en la<strong> lucha libre<\/strong>. <strong>Qu\u00edmico Jr.<\/strong> asiente, argumenta que \u00e9sos tambi\u00e9n son sus motivos, aparte, claro, de la innegable presencia de la lucha libre en su vida: nieto de un luchador. F\u00edjate, abunda, yo era bien peleonero en la escuela, hasta que un d\u00eda mi abuelo me dijo \u201cte voy a llevar a entrenar conmigo, as\u00ed se te va a quitar\u201d, y dicho y hecho: se me quit\u00f3.<br \/>\nLos camiones pasan, ruidosos, por la avenida. Los empleados del auditorio hacen las pruebas de sonido y callamos. <strong>\u00c1lastor<\/strong> aprovecha la pausa en la conversaci\u00f3n para revisar la hora, parece m\u00e1s calmado de ver que apenas es 1:45. \u00bfY t\u00fa tambi\u00e9n empezaste as\u00ed en la lucha, para canalizar la energ\u00eda? No, sonr\u00ede, yo empec\u00e9 sin saber siquiera. F\u00edjate, cuando ten\u00eda 13, 14 a\u00f1os, me sal\u00ed un tiempo de la secundaria y me puse a buscar trabajo; encontr\u00e9 uno como chal\u00e1n de alba\u00f1il con <strong>Tom\u00e1s Res\u00e9ndiz<\/strong>, un se\u00f1or que conoc\u00ed, y \u00e9l, cuando acab\u00e1bamos de trabajar nos pon\u00eda a \u201cjugar\u00a0 tiraditas\u201d, como \u00e9l dec\u00eda, y yo ni en cuenta que me estaba ense\u00f1ando algo, no mucho, de <strong>lucha ol\u00edmpica<\/strong>. Ah, \u00bf\u00e9l fue luchador ol\u00edmpico?, interrumpo. No, bueno, s\u00ed entrenaba ol\u00edmpica, pero como amateur. (Qu\u00e9 historia, pienso, parece producto de un guionista; tiene un encanto inherente). Y ya de ah\u00ed pues me entr\u00f3 la cosquilla de la <strong>lucha libre<\/strong>, y encontr\u00e9 a Don Pedro, mi maestro.<br \/>\nSu maestro. El m\u00edo. El de <strong>Qu\u00edmico Jr.<\/strong> El de cu\u00e1ntos, pienso; dej\u00f3 m\u00e1s de lo que pudo imaginarse. Apenas en noviembre del a\u00f1o pasado falleci\u00f3: como para no creerse. Dif\u00edcil entender, o asimilar, que ese hombre tan fuerte para su edad, con sus antebrazos nervudos, requemados (un hombre de madera, pienso de pronto) se haya ido. Un hombre que llevaba a cuestas la paciencia, el dolor y el conocimiento de la lucha, conocimiento que nos daba a sus alumnos ya destilado, limpio, claro; un conocimiento potable.<br \/>\n<strong>Qu\u00edmico<\/strong>, en tu caso, al ser portador del nombre de tu abuelo, un nombre doble, por cierto, porque llevas su apellido y el personaje que trabaj\u00f3 desde ceros, tienes, creo, una responsabilidad important\u00edsima. \u00bfEsto te pesa? Piensa, se lleva las manos a la espalda y tuerce el gesto. Antes s\u00ed me pesaba, responde, cuando sent\u00eda que a\u00fan no era buen luchador, porque era el nombre de mi abuelo el que estaba en juego. Ahorita ya no. Y de esos tiempos que te hablo fue cuando llegu\u00e9 a pensar que nunca iba a ser un buen luchador, y hasta dej\u00e9 de luchar un tiempo, luego de mi debut en 2007. Pero luego pens\u00e9 \u201c\u00bfpor qu\u00e9 los de la tele pueden y yo no? Ellos no son m\u00e1s que yo, claro que puedo, c\u00f3mo no\u201d, y pues a seguirle.<br \/>\nY t\u00fa, <strong>\u00c1lastor<\/strong>, \u00bfno tienes familia en la lucha? No que yo sepa, bromea, y re\u00edmos. Pues s\u00ed es un poco m\u00e1s dif\u00edcil, porque yo desde abajo, de ceros. Pero mira, coincido en muchas de las cosas que dice aqu\u00ed mi compa\u00f1ero <strong>El Qu\u00edmico<\/strong>, y aparte te digo algo: uno demuestra qui\u00e9n es, qu\u00e9 tan luchador es uno, arriba del ring, no abajo ni en el apellido o el nombre heredado. Cu\u00e1ntos compa\u00f1eros luchadores no hemos visto, en serio (y su mirada se hace torva, mientras Qu\u00edmico Jr. asiente) ya sea en arenas chicas o incluso en el <strong>CMLL<\/strong>, que s\u00f3lo est\u00e1n all\u00ed por ser hijos de alguien, parientes de alguien. Y se sabe, es una realidad, triste, s\u00ed, pero realidad. Y uno en las arenas chicas (las mal nombradas arenas chicas, recula) trabaja por labrar un nombre, desde abajo. Se tocan puertas, se piden oportunidades; te fogueas. Llevo ocho a\u00f1os luchando, y ahorita se me est\u00e1n abriendo muchas puertas. Es dif\u00edcil entonces, corroboro. Claro que lo es, el nombre lo dice: <strong>es lucha<\/strong>. Luchar contra las adversidades, luchar contra los compa\u00f1eros, luchar contra los promotores; luchar contra uno mismo. Y \u00e9sa es mi lucha: llevar lejos el nombre de <strong>\u00c1lastor<\/strong>.<br \/>\nLa vida es una lucha, le creo. Aunque como en casi toda batalla, en \u00e9sta tambi\u00e9n hay remansos de paz. El sonido del agua de la fuente nos relaja, nos lleva. Por un momento todo parece guardar silencio. \u00bfHan pasado ya tantos a\u00f1os?, pienso. La maleta de <strong>\u00c1lastor<\/strong>, hasta ahora lo veo, lo espera, como un perro met\u00e1lico, a su lado. Segundos, minutos, cuartos de hora: horas; el tiempo no deja de luchar contigo, con todos.\u00a0 De la maleta de <strong>Qu\u00edmico<\/strong> asoma su m\u00e1scara, un tanto alejada del dise\u00f1o rosa de su abuelo. El tiempo, otra vez el tiempo. <strong>\u00c1lastor<\/strong> revisa el tel\u00e9fono, otra vez.<br \/>\nNo se vive de la lucha, dicen algunos, pero entonces les pregunto, a ellos, ellos que tienen otro trabajo, otros ingresos, si se vive para la lucha. Pues en mi caso s\u00ed, aventaja <strong>Qu\u00edmico Jr.<\/strong>, alg\u00fan tiempo s\u00ed lo vi como negocio, pero ahora ya no. Ahora es mi hobbie, mi deporte; mi estilo de vida. Y yo, interviene <strong>\u00c1lastor<\/strong> (lucharon alg\u00fan tiempo como pareja, me comentaron antes de llegar aqu\u00ed, y se nota su coordinaci\u00f3n, s\u00f3lo que ahora luchan con la palabra), por ejemplo, no vivo de la lucha, pero s\u00ed vivo para ella. Se puede vivir de ella, pero tienes que entregar algo m\u00e1s valioso que el cuerpo y el alma: el tiempo. Ahorita no he tenido la disposici\u00f3n de moverme a entrenar a gimnasios, digamos, del <strong>CMLL<\/strong>, porque estoy enfocado a mi escuela, a mi carrera: me acabo de recibir de licenciado en educaci\u00f3n secundaria.\u00a0 Yo busco la chuleta por otra parte, pero la lucha es mi desahogo, mi vida.<br \/>\n<a class=\"no-eff img-link lightbox\" href=\"http:\/\/nofm-radio.com\/wp-content\/uploads\/2016\/03\/lucha-3.jpg\"><img loading=\"lazy\" decoding=\"async\" class=\"alignnone size-full wp-image-16280\" src=\"http:\/\/nofm-radio.com\/wp-content\/uploads\/2016\/03\/lucha-3.jpg\" alt=\"lucha 3\" width=\"965\" height=\"643\" \/><\/a><br \/>\nLas dos de la tarde. El tiempo hace su lucha sin que nos demos cuenta, nos mete a su estilo, nos enreda y a veces ni cuenta nos damos. Nos amarra, sin lastimarnos, aunque tampoco nos deja ir. <strong><em>Lucharama<\/em><\/strong>, recuerdo el nombre del evento que se acerca. Y bueno, les pregunto, si <strong>Qu\u00edmico Jr.<\/strong> y <strong>\u00c1lastor<\/strong> no llegan a esos lugares que me mencionan, <strong>CMLL<\/strong>, <strong>AAA<\/strong>, \u00bfqu\u00e9 pasa con ellos? Ah, pues mira, comienza <strong>\u00c1lastor<\/strong>, yo he compartido cartelera, y ring, con estrellas de esas empresas que mencionas, as\u00ed como con leyendas de la \u00e9poca del <strong>Toreo de cuatro caminos<\/strong>, y es una gran satisfacci\u00f3n, en lo personal, que una vez en el vestidor te den un consejo, o te reconozcan. Llegar a esos lugares puede ser importante en cuanto a proyecci\u00f3n, s\u00ed, pero no tanto en lo relacionado a la calidad. La meta, claro, es estelarizar un combate en esas arenas, pero es un camino largo, duro. Ahora ya cualquiera se nombra luchador. Se autonombra, corrige <strong>Qu\u00edmico<\/strong>. Eso, se autonombra, prosigue su compa\u00f1ero, y eso te perjudica a muchos niveles: econ\u00f3mico, de renombre, de espacios. Es gente que sube a ofrecer un mal trabajo, un pobre espect\u00e1culo, pero a veces la gente, o los mismos promotores, saben reconocer, y eso me tranquiliza un poco.<br \/>\nEso es cierto, abunda <strong>Qu\u00edmico<\/strong> luego de un silencio reflexivo, pero afortunadamente <strong>\u00c1lastor<\/strong> y yo te podemos decir, con mucho orgullo, que hemos desfilado por las filas de empresas como <strong>AULL<\/strong>, <strong>UWE<\/strong>, <strong>NWA<\/strong>. Hemos trabajado con grandes nombres de la lucha libre. Claro, no somos ciegos a esta situaci\u00f3n que mencionaba <strong>\u00c1lastor<\/strong>, y sabemos que hay muchos pseudo luchadores que ensucian la imagen que se tiene del deporte, lo que nos ha llevado, tristemente, a que muchos espectadores se alejen. Como dec\u00eda alguien una vez \u201c<strong>el peor enemigo de\u00a0 la lucha libre es el luchador<\/strong>\u201d. Pero nosotros, si algo aprendimos de mi abuelo, nuestro maestro, es a empezar desde abajo, en todos los sentidos. Tenemos una preparaci\u00f3n exhaustiva que nos respalda. Y como dec\u00eda Don Pedro, para ser algo hay que parecerlo. Se trabaja tambi\u00e9n la imagen, como dec\u00eda mi maestro <strong>El Qu\u00edmico<\/strong>.<br \/>\n<strong>Qu\u00edmico Jr.<\/strong> se rinde, por un breve momento, al recuerdo de su abuelo. La luz de la tarde es terreno id\u00f3neo para la a\u00f1oranza, para pisar el terreno de lo ya vivido, de lo que queda a nuestras espaldas. \u00a0Tambi\u00e9n, les comento, me parece que en las ense\u00f1anzas de Don Pedro, <strong>El Qu\u00edmico<\/strong>, hab\u00eda algo m\u00e1s, un aprendizaje subyacente, un mensaje oculto, digamos, a nivel espiritual, personal, \u00bfo me equivoco? No, no, claro que lo hab\u00eda, se apresura a afirmar <strong>\u00c1lastor<\/strong>, la lucha me ha cambiado como persona. Algo que me dec\u00eda mucho el maestro era \u201cchaparrito, mental\u00edcese, va a ver que le sale, claro que se puede\u201d y mira, aqu\u00ed estamos.\u00a0 Superaci\u00f3n personal, eso es la lucha tambi\u00e9n. <strong>Quien vence a los dem\u00e1s es vencedor, pero quien se vence es invencible<\/strong>. La lucha no pone: quita, remata <strong>Qu\u00edmico Jr<\/strong>, a m\u00ed me quit\u00f3 miedos, me quit\u00f3 las ganas de pelear en la calle. \u00c9sa es la herencia de mi abuelo, su lucha. Soy mejor persona, mejor deportista, gracias a \u00e9l, a la lucha.<br \/>\n<a class=\"no-eff img-link lightbox\" href=\"http:\/\/nofm-radio.com\/wp-content\/uploads\/2016\/03\/lucha-2.jpg\"><img loading=\"lazy\" decoding=\"async\" class=\"alignnone size-full wp-image-16276\" src=\"http:\/\/nofm-radio.com\/wp-content\/uploads\/2016\/03\/lucha-2.jpg\" alt=\"lucha 2\" width=\"965\" height=\"643\" \/><\/a><br \/>\nMi sobrino apaga la grabadora de voz y ellos se relajan. Hablan con m\u00e1s soltura, conversan, bromean: como si se hubieran bajado de un ring. Veo en ellos aquello que <strong>Sagrado<\/strong> mencionaba: la dualidad del luchador, que es dos personas a la vez, una tan fuerte, tan verdadera, como la otra. \u00bfY todav\u00eda queda nervio?, le pregunto a <strong>\u00c1lastor<\/strong>, quien est\u00e1 a minutos de partir a luchar. S\u00ed pues c\u00f3mo no, me dice, si ya no hay nervio ya para qu\u00e9 lo haces. Aparte el nervio te cuida, hace que lleves a cabo, con precisi\u00f3n, tus movimientos. O sea que hasta ahorita no ha habido lesiones, le pregunto. Pues las normales, contesta, pero en eso no quiero ni pensar, digo, s\u00ed me cuido, pero no pienso en eso. Ah, \u00bfte acuerdas de la vez en <strong>Chiapas<\/strong>?, interrumpe <strong>Qu\u00edmico Jr.<\/strong>, quien vuelve a ser \u201cCachorro\u201d, como lo llamaba de cari\u00f1o Don Pedro, y r\u00ede. \u00bfQu\u00e9 te pas\u00f3?, le pregunto, y se toca el hombro derecho. Pues que me fractur\u00e9 la clav\u00edcula porque el cuate \u00e9se se quit\u00f3 cuando me avent\u00e9 un tope. Te digo, el peor enemigo a veces es el luchador mismo.<br \/>\n\u00bfA ti no te lo han hecho?, le pregunto a <strong>\u00c1lastor<\/strong>. Pues as\u00ed de grave, no. Pero s\u00ed hay, no te creas. Hay unos que les gusta pasarse de listos, pero yo soy 4&#215;4. Si me dicen vamos a puro ras de lona, pues a puro ras de lona. Si me dicen una extrema, pues nos la aventamos extrema, c\u00f3mo no. M\u00edrale la frente, grita Cachorro desde su moto, en tono bromista, y <strong>\u00c1lastor<\/strong> se pasa el \u00edndice por las heridas, como si leyera en braille su historia como luchador.<br \/>\n<strong>\u00c1lastor<\/strong> se despide de mano de cada uno de nosotros y corre, junto con su amigo, al arroyo vial. En un par de horas estar\u00e1 empe\u00f1ando el cuerpo en el ring, arriesg\u00e1ndolo para satisfacer al p\u00fablico que, como \u00e9l mismo dijo, \u201cpaga por ver un buen show y se merece respeto\u201d. Como quien hace una ofrenda a los dioses.<br \/>\nNos despedimos de <strong>Qu\u00edmico Jr.<\/strong>, de Cachorro, de Jos\u00e9 Luis (todos el mismo, todos diferentes) y echamos a andar rumbo al estacionamiento. Volteo por \u00faltima vez antes de que el auditorio desaparezca del todo. Las cosas cambian, siempre. All\u00ed, lo digo otra vez, hace m\u00e1s de 14 a\u00f1os vi mi primera funci\u00f3n de <strong>lucha libre<\/strong>, y all\u00ed, hasta hace un par de minutos, habl\u00e1bamos de las cosas que nos interesan, del hombre que nos ense\u00f1\u00f3 tanto (un hombre como \u00e1rbol, macizo, vetusto, bajo el que nos cobijamos a tratar de aprender, entre otras cosas, qu\u00e9 es la vida) y que ahora ya no est\u00e1, pero que tambi\u00e9n est\u00e1. Un hombre al que llam\u00e1bamos por distintos nombres. Un luchador completo.<br \/>\nY entiendo, un poco m\u00e1s que hace una hora, que las cosas cambian.<\/p>\n","protected":false},"template":"","meta":{"_id_youtube":"","_id_vimeo":"","_podcasts_duration":"","_podcasts_url":"","_podcasts_show":"","_prog_horario_dias":"","_prog_hora":"","_prog_duration":""},"class_list":["post-16273","archivo","type-archivo","status-publish","hentry"],"_links":{"self":[{"href":"https:\/\/nofm-radio.com\/index.php?rest_route=\/wp\/v2\/archivo\/16273","targetHints":{"allow":["GET"]}}],"collection":[{"href":"https:\/\/nofm-radio.com\/index.php?rest_route=\/wp\/v2\/archivo"}],"about":[{"href":"https:\/\/nofm-radio.com\/index.php?rest_route=\/wp\/v2\/types\/archivo"}],"wp:attachment":[{"href":"https:\/\/nofm-radio.com\/index.php?rest_route=%2Fwp%2Fv2%2Fmedia&parent=16273"}],"curies":[{"name":"wp","href":"https:\/\/api.w.org\/{rel}","templated":true}]}}