{"id":16323,"date":"2016-03-11T10:00:32","date_gmt":"2016-03-11T16:00:32","guid":{"rendered":"http:\/\/nofm-radio.com\/?p=16323"},"modified":"2016-03-11T10:00:32","modified_gmt":"2016-03-11T16:00:32","slug":"nofmex-5a-noche-de-minuetes-el-senor-de-la-ascencion","status":"publish","type":"archivo","link":"https:\/\/nofm-radio.com\/?archivo=nofmex-5a-noche-de-minuetes-el-senor-de-la-ascencion","title":{"rendered":"#NoFMex: 5a Noche de Minuetes. El se\u00f1or de la Ascensi\u00f3n"},"content":{"rendered":"<p>Por <strong>Emilia Perujo<\/strong><br \/>\n<a href=\"https:\/\/twitter.com\/emilia_perujo\" target=\"_blank\" rel=\"noopener noreferrer\">@emilia_perujo<\/a><br \/>\n<strong>\u00d3scar Muci\u00f1o<\/strong><br \/>\n<a href=\"https:\/\/twitter.com\/opmucino\" target=\"_blank\" rel=\"noopener noreferrer\">@opmucino<\/a><br \/>\nIm\u00e1genes de <strong>Felipe Bracho<\/strong><br \/>\n<a href=\"https:\/\/twitter.com\/brachosaurus\" target=\"_blank\" rel=\"noopener noreferrer\">@brachosaurus<\/a><br \/>\nUno de los debates en torno a la <strong>ascensi\u00f3n de Cristo<\/strong> es si lo hizo en su forma corp\u00f3rea o s\u00f3lo fue en esp\u00edritu, esta solemnidad se lleva a cabo cuarenta d\u00edas despu\u00e9s del <strong>domingo de resurrecci\u00f3n<\/strong>. De ser cierta la primera afirmaci\u00f3n del debate, quiere decir que Jes\u00fas anduvo cuarenta d\u00edas m\u00e1s en \u201cel reino de los vivos\u201d antes de elevarse \u201cliteralmente\u201d.<br \/>\nDe ser cierta las segunda, estuvo ocupando durante ese tiempo el recurso de las apariciones. Lo que parece que est\u00e1 claro es que subi\u00f3 al cielo para ocupar un lugar a la derecha de su Padre.<br \/>\nCuriosamente, la palabra ascender tambi\u00e9n la usamos para designar las promociones laborales o los pasos en el escalaf\u00f3n de las empresas. Conforme se va ascendiendo es posible que uno llegue a tener \u201cgente a su cargo\u201d, \u201cse hace jefe\u201d.<br \/>\nNo falta quien dice que para dar \u00f3rdenes o ser el responsable de una oficina, empresa o cualquier proyecto se debe tener \u201c<strong>don de mando<\/strong>\u201d, una de esas virtudes ambiguas y poco claras. Un proverbio viejo dec\u00eda que \u201cEl l\u00e1tigo luce mejor en la mano propia\u201d.<br \/>\nSin embargo, Jes\u00fas como otras figuras espirituales como <strong>Gautama<\/strong> no representan el papel de jefe, sino de maestro, lo que cambia completamente las percepciones sobre las cualidades necesarias para ejercer esa funci\u00f3n. Con esto no quiero decir que un jefe es un maestro o que debiera serlo, no tengo don de mando ni soy maestro. Eso s\u00ed, es m\u00e1s f\u00e1cil hallar maestros que se comportan como jefes.<br \/>\n<strong>El Se\u00f1or de la Ascensi\u00f3n<\/strong><br \/>\n<iframe loading=\"lazy\" src=\"https:\/\/www.youtube.com\/embed\/0_lrlWdTCVM\" width=\"560\" height=\"315\" frameborder=\"0\" allowfullscreen=\"allowfullscreen\"><\/iframe><br \/>\n<strong>El Se\u00f1or de la Ascensi\u00f3n: Op. 14 No. 20<\/strong><br \/>\n<strong>Francisco Javier Salcedo Zepeda<\/strong>, agosto de 2011<br \/>\nForma musical: son<br \/>\nInterpreta: <strong>Mariachi Tradicional Ixtlauakuikani<\/strong><br \/>\nJudith Georgina Ixtl\u00e1huac Montelongo \u2013 Viol\u00edn<br \/>\nF\u00e1tima Guadalupe Rosales Barbosa \u2013 Viol\u00edn<br \/>\nMartha Elizabeth Miranda Gaspar \u2013 Vihuela<br \/>\nFrancisco Javier Salcedo Zepeda &#8211; Guitarr\u00f3n<br \/>\n<strong>Sobre la pieza<\/strong>:<br \/>\nEl Se\u00f1or de la Ascensi\u00f3n es el Cristo del barrio de Francisco Javier Salcedo; pr\u00e1cticamente toda su vida ha estado a su lado. Seg\u00fan las fuentes hist\u00f3ricas, sigue en antig\u00fcedad al Se\u00f1or del Consuelo. El <strong>barrio de la Ascensi\u00f3n<\/strong> es el barrio m\u00e1s populoso de Cocula, en el que se hacen, gracias a los vecinos, grandes fiestas en honor a su patrono.<br \/>\n\u201cNo es de extra\u00f1ar el gran cari\u00f1o que le tengo a esta imagen que, de tan solo evocarla, me trae muchos recuerdos. Para el Se\u00f1or de la Ascensi\u00f3n yo quise componer algo especial. A diferencia del Se\u00f1or de la Expiraci\u00f3n que se puede clasificar como sonecito, esta composici\u00f3n en particular es m\u00e1s compleja y se acerca m\u00e1s al estilo de un son jalisciense por lo marcado de sus m\u00e1nicos y cambio de ritmo\u201d, comenta el compositor.<\/p>\n","protected":false},"template":"","meta":{"_id_youtube":"","_id_vimeo":"","_podcasts_duration":"","_podcasts_url":"","_podcasts_show":"","_prog_horario_dias":"","_prog_hora":"","_prog_duration":""},"class_list":["post-16323","archivo","type-archivo","status-publish","hentry"],"_links":{"self":[{"href":"https:\/\/nofm-radio.com\/index.php?rest_route=\/wp\/v2\/archivo\/16323","targetHints":{"allow":["GET"]}}],"collection":[{"href":"https:\/\/nofm-radio.com\/index.php?rest_route=\/wp\/v2\/archivo"}],"about":[{"href":"https:\/\/nofm-radio.com\/index.php?rest_route=\/wp\/v2\/types\/archivo"}],"wp:attachment":[{"href":"https:\/\/nofm-radio.com\/index.php?rest_route=%2Fwp%2Fv2%2Fmedia&parent=16323"}],"curies":[{"name":"wp","href":"https:\/\/api.w.org\/{rel}","templated":true}]}}