{"id":16564,"date":"2016-03-16T19:24:31","date_gmt":"2016-03-17T01:24:31","guid":{"rendered":"http:\/\/nofm-radio.com\/?p=16564"},"modified":"2016-03-16T19:24:31","modified_gmt":"2016-03-17T01:24:31","slug":"yoacuso-la-nata-del-progreso","status":"publish","type":"archivo","link":"https:\/\/nofm-radio.com\/?archivo=yoacuso-la-nata-del-progreso","title":{"rendered":"#YoAcuso. La nata del progreso"},"content":{"rendered":"<p>Por <strong>Diego Mej\u00eda<\/strong><br \/>\n<a href=\"https:\/\/twitter.com\/diegmej\" target=\"_blank\" rel=\"noopener noreferrer\">@diegmej<\/a><br \/>\nNo, el problema no son los autos que se venden y las obras para que habiten esos coches. Ni que \u00e9sta sea una ciudad que sec\u00f3 un lago, entub\u00f3 sus r\u00edos, que depred\u00f3 sus especies end\u00e9micas, una ciudad que, como todos como participantes de la tragedia, tala sus \u00e1rboles y envenena su aire.<br \/>\nTampoco lo son las manifestaciones, la corrupci\u00f3n de los centro de verificaci\u00f3n ambiental, o de los agente de tr\u00e1nsito que aceptan o promueven el soborno.<br \/>\nLo cierto es que nuestra visi\u00f3n est\u00e1 nublada por la idea del consumo como garante del progreso y con esa premisa ca\u00edmos en la idea del \u201ctodos debemos\u201d, ese falso privilegio del <strong>capitalismo voraz<\/strong>: te vendo la idea del producto como acto de libertad, te obligo a comprar. Y en esta nata de progreso hemos perdido direcci\u00f3n para resolver la asfixia.<br \/>\n<a href=\"http:\/\/nofm-radio.com\/wp-content\/uploads\/2016\/03\/CONTINGENCIA1.jpg\" class=\"no-eff img-link lightbox\" ><img loading=\"lazy\" decoding=\"async\" src=\"http:\/\/nofm-radio.com\/wp-content\/uploads\/2016\/03\/CONTINGENCIA1.jpg\" alt=\"CONTINGENCIA1\" width=\"640\" height=\"433\" class=\"alignnone size-full wp-image-16566\" \/><\/a><br \/>\nEl problema es la suma de todos los s\u00edntomas anteriores y su autoinmunidad, pues la contaminaci\u00f3n no est\u00e1 en el aire, est\u00e1 en las <strong>instituciones<\/strong>, en las <strong>empresas privadas<\/strong>, en sus <strong>servidores p\u00fablicos<\/strong> y en sus ciudadanos. La alerta no son los niveles de ozono o part\u00edculas suspendidas, tampoco por el agua con caca que llega a las tuber\u00edas de Iztapalapa, sino los procesos corruptos, y las medidas chimuelas que se toman: para este mi\u00e9rcoles no hubieron multas ni corralones para los autos con placas en terminaciones 3 y 4. La medida, primera mano disuasoria y que significaba una acci\u00f3n peque\u00f1a, tenue, pero medida al fin, se empa\u00f1\u00f3 por la est\u00fapida decisi\u00f3n de morder con una boca despojada de dientes. Si una administraci\u00f3n no est\u00e1 dispuesta a tomar medidas fuertes, por pol\u00e9micas que sean, no merece ocupar el cargo, no merece administrar. El problema es la debilidad institucional, diametralmente opuesta a la rapi\u00f1a electorera.<br \/>\nEl gobierno de la <strong>ciudad de M\u00e9xico<\/strong> se vende de vanguardia pero retrocede en la pr\u00e1ctica, se dice de izquierdas pero cobra con la diestra, o con m\u00faltiples tent\u00e1culos con los que destroza lo conseguidos por gobiernos anteriores que, ser\u00eda mezquino negarlo, tendieron la cama para que la ciudad saliera de una larga oscuridad y se presentara remozada en el concierto mundial de las grandes urbes, potentes y din\u00e1micas del mundo; lugar que nunca debi\u00f3 abandonar.<br \/>\nPero el se\u00f1or <strong>Mancera<\/strong>, con mano artr\u00edtica, ha derruido mucho de lo conseguido, catorce a\u00f1os sin contingencia terminaron por una baja presi\u00f3n, o por los rayos del sol, o por su falta de contundencia, como sea, como se le quiera ver.<br \/>\nEs <strong>grave la crisis del aire<\/strong>, pero m\u00e1s la poluci\u00f3n que generan la corrupci\u00f3n y la impunidad, par de f\u00e1bricas con sendas chimeneas que nos sueltan su nata y nos enferman los pulmones.<br \/>\n<a href=\"http:\/\/nofm-radio.com\/wp-content\/uploads\/2016\/03\/CONTINGENCIA2.jpg\" class=\"no-eff img-link lightbox\" ><img loading=\"lazy\" decoding=\"async\" src=\"http:\/\/nofm-radio.com\/wp-content\/uploads\/2016\/03\/CONTINGENCIA2.jpg\" alt=\"CONTINGENCIA2\" width=\"2000\" height=\"1441\" class=\"alignnone size-full wp-image-16567\" \/><\/a><\/p>\n","protected":false},"template":"","meta":{"_id_youtube":"","_id_vimeo":"","_podcasts_duration":"","_podcasts_url":"","_podcasts_show":"","_prog_horario_dias":"","_prog_hora":"","_prog_duration":""},"class_list":["post-16564","archivo","type-archivo","status-publish","hentry"],"_links":{"self":[{"href":"https:\/\/nofm-radio.com\/index.php?rest_route=\/wp\/v2\/archivo\/16564","targetHints":{"allow":["GET"]}}],"collection":[{"href":"https:\/\/nofm-radio.com\/index.php?rest_route=\/wp\/v2\/archivo"}],"about":[{"href":"https:\/\/nofm-radio.com\/index.php?rest_route=\/wp\/v2\/types\/archivo"}],"wp:attachment":[{"href":"https:\/\/nofm-radio.com\/index.php?rest_route=%2Fwp%2Fv2%2Fmedia&parent=16564"}],"curies":[{"name":"wp","href":"https:\/\/api.w.org\/{rel}","templated":true}]}}