{"id":16811,"date":"2016-04-01T10:00:09","date_gmt":"2016-04-01T16:00:09","guid":{"rendered":"http:\/\/nofm-radio.com\/?p=16811"},"modified":"2016-04-01T10:00:09","modified_gmt":"2016-04-01T16:00:09","slug":"brenda","status":"publish","type":"archivo","link":"https:\/\/nofm-radio.com\/?archivo=brenda","title":{"rendered":"Brenda"},"content":{"rendered":"<p>Por <strong>\u00d3scar Muci\u00f1o<\/strong><br \/>\n<a href=\"https:\/\/twitter.com\/opmucino\" target=\"_blank\" rel=\"noopener noreferrer\">@opmucino<\/a><br \/>\nBrenda viv\u00eda en un departamento al que fui una vez pero que despu\u00e9s nunca record\u00e9 en qu\u00e9 calles estaba. Para mis 11 a\u00f1os la <strong>colonia Fuentes de Arag\u00f3n<\/strong> era un enorme laberinto. En esa colonia, como ella, viv\u00edan muchos de mis compa\u00f1eros de la Primaria.<br \/>\nLa conoc\u00eda desde <strong>tercer grado<\/strong>, cuando nos daba clases la maestra Elvira, una mujer joven y bajita que siempre llevaba un fleco de laca con bastante volumen. De <strong>Brenda<\/strong> me gustaba que era lista y ordenada con sus cuadernos, que no escrib\u00eda con plumas de colores, que ten\u00eda una sonrisa amplia que pronunciaba sus cachetes, me agradaba su presencia, la sensaci\u00f3n que me provocaba el quedarnos viendo y sonre\u00edrnos.<br \/>\nEn quinto, cuando la maestra se llamaba Norma, escuch\u00e9 que Brenda confesaba que yo tambi\u00e9n le gustaba. No se me ocurri\u00f3 nada que hacer, s\u00f3lo me sent\u00ed contento y nervioso. Y si escuch\u00e9 que yo le gustaba fue porque <strong>Andr\u00e9s<\/strong> me lo dijo, t\u00fa le gustas me dijo.<br \/>\nA Andr\u00e9s lo conoc\u00eda desde mi primer d\u00eda en la escuela, cuando entr\u00e9 al sal\u00f3n del <strong>k\u00ednder<\/strong> y lo vi sonriendo, me sent\u00e9 a su lado y me dijo su nombre. Fue mi primer amigo de la escuela y gracias a \u00e9l nunca com\u00ed solo en el recreo. Una vez corriendo por el patio alguien abri\u00f3 de repente una ventana y \u00e9l se estrell\u00f3 y se le cayeron varios dientes. Despu\u00e9s del golpe lo vi levantarse con la boca escurriendo mucha sangre, r\u00e1pido una maestra se lo llev\u00f3.<br \/>\nPor eso cuando me dijo que yo le gustaba a Brenda le cre\u00ed, pero \u00e9l no crey\u00f3 que le hubiera cre\u00eddo y me hizo esconderme para que escuchara mientras \u00e9l le preguntaba a ella si yo le gustaba Y ella dijo, s\u00ed, s\u00ed me gusta. Y fue entonces cuando me sent\u00ed contento y nervioso, pero lo que deb\u00eda hacer no lo hice, que era pararme frente a ella y decirle Brenda t\u00fa me gustas mucho y s\u00e9 que yo te gusto porque te escuch\u00e9 decirlo.<br \/>\nNunca fui un ni\u00f1o de acci\u00f3n y para cuando conoc\u00ed la casa de Brenda ya era <strong>sexto grado<\/strong>, \u00edbamos con la maestra Maru quien nos llevaba a unas canchas fuera de la escuela y una vez nos invit\u00f3 a su casa por el metro <strong>Canal del Norte<\/strong>. Fui a casa de Brenda en uno de sus cumplea\u00f1os, seguro cumpl\u00eda 12 y eran las \u00faltimas veces que la ve\u00eda, porque pasar\u00edamos a Secundaria y ya no ser\u00edamos m\u00e1s compa\u00f1eros. Recuerdo que en esa fiesta la escuch\u00e9 decir que le gustaba Andr\u00e9s; pero yo no fui a decirle a \u00e9l lo que hab\u00eda escuchado. Me qued\u00e9 callado, sinti\u00e9ndome apenado.<br \/>\n<iframe loading=\"lazy\" src=\"https:\/\/www.youtube.com\/embed\/r-TkjEdB1kE\" width=\"420\" height=\"315\" frameborder=\"0\" allowfullscreen=\"allowfullscreen\"><\/iframe><\/p>\n","protected":false},"template":"","meta":{"_id_youtube":"","_id_vimeo":"","_podcasts_duration":"","_podcasts_url":"","_podcasts_show":"","_prog_horario_dias":"","_prog_hora":"","_prog_duration":""},"class_list":["post-16811","archivo","type-archivo","status-publish","hentry"],"_links":{"self":[{"href":"https:\/\/nofm-radio.com\/index.php?rest_route=\/wp\/v2\/archivo\/16811","targetHints":{"allow":["GET"]}}],"collection":[{"href":"https:\/\/nofm-radio.com\/index.php?rest_route=\/wp\/v2\/archivo"}],"about":[{"href":"https:\/\/nofm-radio.com\/index.php?rest_route=\/wp\/v2\/types\/archivo"}],"wp:attachment":[{"href":"https:\/\/nofm-radio.com\/index.php?rest_route=%2Fwp%2Fv2%2Fmedia&parent=16811"}],"curies":[{"name":"wp","href":"https:\/\/api.w.org\/{rel}","templated":true}]}}