{"id":16814,"date":"2016-04-01T10:00:08","date_gmt":"2016-04-01T16:00:08","guid":{"rendered":"http:\/\/nofm-radio.com\/?p=16814"},"modified":"2016-04-01T10:00:08","modified_gmt":"2016-04-01T16:00:08","slug":"nofmex-5a-noche-de-minuetes-el-senor-del-perdon","status":"publish","type":"archivo","link":"https:\/\/nofm-radio.com\/?archivo=nofmex-5a-noche-de-minuetes-el-senor-del-perdon","title":{"rendered":"#NoFMex. 5a Noche de Minuetes: El Se\u00f1or del Perd\u00f3n"},"content":{"rendered":"<p>Por <strong>Emilia Perujo<\/strong><br \/>\n<a href=\"https:\/\/twitter.com\/emilia_perujo\" target=\"_blank\" rel=\"noopener noreferrer\">@emilia_perujo<\/a><br \/>\n<strong>\u00d3scar Muci\u00f1o<\/strong><br \/>\n<a href=\"https:\/\/twitter.com\/opmucino\" target=\"_blank\" rel=\"noopener noreferrer\">@opmucino<\/a><br \/>\nIm\u00e1genes de <strong>Felipe Bracho<\/strong><br \/>\n<a href=\"https:\/\/twitter.com\/brachosaurus\" target=\"_blank\" rel=\"noopener noreferrer\">@brachosaurus<\/a><br \/>\n<strong>Perdonar<\/strong> difiere mucho de pedir <strong>perd\u00f3n<\/strong>. Perdonar nos coloca en la posici\u00f3n del ofendido, del que ha sido receptor de una falta, que ha sido insultado o vejado en su persona. Hay un h\u00e1lito de superioridad moral en el que perdona, porque en su perd\u00f3n hay una porci\u00f3n, aunque sea muy peque\u00f1a, que es benevolente y capaz de aceptar el <strong>error ajeno<\/strong> y olvidar que ese error lo afect\u00f3. Es sencillo aceptar que el otro se equivoca.<br \/>\nPedir perd\u00f3n nos coloca en el lado opuesto, es un acto que busca <strong>enmendar<\/strong> alguna de nuestras acciones que consideramos incorrectas, que afectaron a otro o que el otro considera incorrectas. Pero para que nuestra voluntad d\u00e9 ese paso, debemos convencernos que nuestro actuar fue incorrecto, que obramos mal y nuestro proceder caus\u00f3 un da\u00f1o en alguien m\u00e1s. Y aun teniendo el pleno convencimiento de que actuamos mal, implica un acto especial de la voluntad, enfrentarte al enojo del otro, ponerte en examen ante su <strong>capacidad de perdonar<\/strong>.<br \/>\nHay un par de sentencias sobre el perd\u00f3n, una dice que un perd\u00f3n no se pide sino que se ofrece. La otra: perdona nuestros errores como nosotros perdonamos a los que nos ofenden. Con facilidad, con reticencia o nunca.<br \/>\n<iframe loading=\"lazy\" src=\"https:\/\/www.youtube.com\/embed\/A5TH5aWOnbU\" width=\"560\" height=\"315\" frameborder=\"0\" allowfullscreen=\"allowfullscreen\"><\/iframe><br \/>\n<strong>El Se\u00f1or del Perd\u00f3n: Op. 1 No. 1<\/strong><br \/>\n<strong>Francisco Javier Salcedo Zepeda<\/strong>, mayo de 2008<br \/>\nForma musical: vals<br \/>\nInterpreta: <strong>Mariachi Tradicional Ixtlauakuikani<\/strong><br \/>\nJudith Georgina Ixtl\u00e1huac Montelongo \u2013 Viol\u00edn<br \/>\nF\u00e1tima Guadalupe Rosales Barbosa \u2013 Viol\u00edn<br \/>\nMartha Elizabeth Miranda Gaspar \u2013 Vihuela<br \/>\nFrancisco Javier Salcedo Zepeda \u2013 Guitarr\u00f3n<br \/>\n<strong>Sobre el minuete:<\/strong><br \/>\nEste es el primer Minuete que compuso Francisco Javier Salcedo. Tiene un dato curioso, lo compuso en 2006 llam\u00e1ndolo <strong>La Virgen de la Pila<\/strong>. En 2008 le cambi\u00f3 el nombre al darse cuenta que ya exist\u00eda uno llamado as\u00ed:<br \/>\n\u00abLo primero que me pregunt\u00e9 fue: \u00bfQu\u00e9 tema no existe? En 2006 hubo en la<strong> Catedral Metropolitana de Guadalajara<\/strong> una exposici\u00f3n de Cristos de pasta de ca\u00f1a del siglo XVI en la cual el Se\u00f1or del Perd\u00f3n estuvo presente, encontr\u00e9 sin propon\u00e9rmelo la raz\u00f3n perfecta. Toda mi vida lo hab\u00eda visto arriba del altar mayor de la parroquia. La imagen de San Miguel lo tuvo siempre en segundo plano y pasaba desapercibido para la mayor\u00eda de las personas sin conocer el gran valor hist\u00f3rico de la imagen. Esta composici\u00f3n fue prototipo y la c\u00e9lula generadora de todas las dem\u00e1s.<br \/>\nEn M\u00e9xico, casi por regla general, el ritmo de vals no tiene la velocidad y brillantez de los grandes <strong>valses de Strauss<\/strong>. Tomo como ejemplo al vals <em><strong>Sobre las olas<\/strong><\/em> de <strong>Juventino Rosas<\/strong>, el cual lo toma de forma elegante y serena. Por tener m\u00e1s influencia de la m\u00fasica mexicana, he tomado este ritmo como referencia en mis composiciones, unas en gran formato de 64 compases (El\u00edas Nandino, Rafael M\u00e9ndez Moreno, Enrique Silva\u2026) o con frases m\u00e1s peque\u00f1as de diecis\u00e9is u ocho compases por tema.\u00bb<\/p>\n","protected":false},"template":"","meta":{"_id_youtube":"","_id_vimeo":"","_podcasts_duration":"","_podcasts_url":"","_podcasts_show":"","_prog_horario_dias":"","_prog_hora":"","_prog_duration":""},"class_list":["post-16814","archivo","type-archivo","status-publish","hentry"],"_links":{"self":[{"href":"https:\/\/nofm-radio.com\/index.php?rest_route=\/wp\/v2\/archivo\/16814","targetHints":{"allow":["GET"]}}],"collection":[{"href":"https:\/\/nofm-radio.com\/index.php?rest_route=\/wp\/v2\/archivo"}],"about":[{"href":"https:\/\/nofm-radio.com\/index.php?rest_route=\/wp\/v2\/types\/archivo"}],"wp:attachment":[{"href":"https:\/\/nofm-radio.com\/index.php?rest_route=%2Fwp%2Fv2%2Fmedia&parent=16814"}],"curies":[{"name":"wp","href":"https:\/\/api.w.org\/{rel}","templated":true}]}}