{"id":16973,"date":"2016-04-12T13:57:38","date_gmt":"2016-04-12T18:57:38","guid":{"rendered":"http:\/\/nofm-radio.com\/?p=16973"},"modified":"2016-04-12T13:57:38","modified_gmt":"2016-04-12T18:57:38","slug":"alertaxochicuautla-8-puntos-para-entender-el-despojo-a-la-poblacion","status":"publish","type":"archivo","link":"https:\/\/nofm-radio.com\/?archivo=alertaxochicuautla-8-puntos-para-entender-el-despojo-a-la-poblacion","title":{"rendered":"#AlertaXochicuautla: 8 puntos para entender el despojo a la poblaci\u00f3n"},"content":{"rendered":"<p>Desde el d\u00eda de ayer, elementos polic\u00edacos sitiaron la comunidad de <strong>Xochicuautla<\/strong> en el municipio de <strong>Lerma<\/strong> en el Estado de M\u00e9xico para hacer esto:<br \/>\n<iframe loading=\"lazy\" src=\"https:\/\/www.youtube.com\/embed\/xAbb61JyVCg\" width=\"420\" height=\"315\" frameborder=\"0\" allowfullscreen=\"allowfullscreen\"><\/iframe><br \/>\nEl desalojo del que fueron v\u00edctimas los habitantes de la localidad se debe a la construcci\u00f3n de la <strong>autopista Toluca- Naucalpan<\/strong>. Esta obra p\u00fablica est\u00e1 a cargo de la constructora <strong>Treya<\/strong>, filial de grupo <strong>HIGA<\/strong>, del se\u00f1or <strong>Juan Armando Hinojosa<\/strong>. Tras a\u00f1os de lucha en contra de esta obra que atenta contra el patrimonio del pueblo otom\u00ed, ayer la fuerza p\u00fablica derrumb\u00f3 casas y atac\u00f3 a pobladores sin ning\u00fan aviso ni orden judicial.<br \/>\nAunque la violencia del ataque se increment\u00f3 desde ayer, el pueblo otom\u00ed lleva a\u00f1os tratando de resistir y detener esta obra que agrede derechos fundamentales. Para tener un poco m\u00e1s claros los motivos para no permitir esta obra y solidarizarnos con Xochicuautla, les dejamos 8 puntos para entender por qu\u00e9 de verdad tenemos que estar alerta.<br \/>\n1. <strong>La obra: del despojo disfrazado de progreso<\/strong><br \/>\nEn 2007, en plena gobernatura de Enrique Pe\u00f1a Nieto, el Estado de M\u00e9xico aprob\u00f3 la construcci\u00f3n de la autopista Toluca-Naucalpan. El trazo de la obra atraviesa el <strong>Gran bosque otom\u00ed-mexica<\/strong>, y da\u00f1a tierras comunales de<strong> San Francisco Xochicuautla, San Lorenzo Huitzizilapan, Santa Mar\u00eda Atarasquillo y Ayotuxco<\/strong>. Los habitantes de estas poblaciones, que no tienen m\u00e1s de seis mil habitantes, se enteraron de la aprobaci\u00f3n de la obra cuando descubrieron materiales de construcci\u00f3n dentro de sus tierras. No hubo ni aviso, ni mucho menos una consulta para la invasi\u00f3n y el despojo.<br \/>\n<a class=\"no-eff img-link lightbox\" href=\"http:\/\/nofm-radio.com\/wp-content\/uploads\/2016\/04\/Alerta2.jpg\"><img loading=\"lazy\" decoding=\"async\" class=\"alignnone size-full wp-image-16974\" src=\"http:\/\/nofm-radio.com\/wp-content\/uploads\/2016\/04\/Alerta2.jpg\" alt=\"Alerta2\" width=\"1100\" height=\"575\" \/><\/a><br \/>\n2. <strong>Permisos con manita de puerco<\/strong><br \/>\nDespu\u00e9s de que los habitantes de la comunidades se opusieran a la construcci\u00f3n de la autopista, el <strong>gobierno del Estado de M\u00e9xico<\/strong> realiz\u00f3 en 2008 un <strong>registro de comuneros<\/strong> para llegar a un acuerdo sobre la compra de las tierras. Dicho registro inscribi\u00f3 a una minor\u00eda, y s\u00f3lo a ellos les dio el derecho a voto en las asambleas. Cabe destacar que esas asambleas siempre tuvieron presencia polic\u00edaca y las decisiones ah\u00ed tomadas se dieron bajo presi\u00f3n. El gobierno del estado sostiene que lleg\u00f3 a un acuerdo con los comuneros registrados, aunque desconoce que desde 1951, por <strong>Decreto presidencial<\/strong>, la comunidad tiene <strong>derechos patrimoniales<\/strong> sobre la tierra, y puede decidir por <strong>usos y costumbres<\/strong> el destino de ella. Las asambleas de los comuneros no registrados decidieron no aprobar el trazo de la autopista, decisi\u00f3n que es legal.<br \/>\n<a class=\"no-eff img-link lightbox\" href=\"http:\/\/nofm-radio.com\/wp-content\/uploads\/2016\/04\/Alerta7.jpeg\"><img loading=\"lazy\" decoding=\"async\" class=\"alignnone size-full wp-image-16978\" src=\"http:\/\/nofm-radio.com\/wp-content\/uploads\/2016\/04\/Alerta7.jpeg\" alt=\"Alerta7\" width=\"927\" height=\"529\" \/><\/a><br \/>\n3. <strong>\u00bfPor qu\u00e9 no a la autopista?<\/strong><br \/>\nSi los derechos patrimoniales de los comuneros no bastara, hay un c\u00famulo de razones por las que la autopista no debe realizarse como fue trazada. En primer lugar, est\u00e1n los derechos de los pueblos originarios: el Gran bosque otom\u00ed-mexica alberga una <strong>ruta sagrada<\/strong> donde se realizan ceremonias como la del Fuego Nuevo, por lo que la obra destruir\u00eda el car\u00e1cter simb\u00f3lico del lugar. Por otro lado, la autopista causar\u00eda la <strong>devastaci\u00f3n de 960 mil hect\u00e1reas del bosque<\/strong> que es una importante fuente de ox\u00edgeno y agua de la zona metropolitana. Adem\u00e1s, el bosque es una zona protegida por tratados nacionales e internacionales, ya que habitan especies de flora y fauna en peligro de extinci\u00f3n<br \/>\n<a class=\"no-eff img-link lightbox\" href=\"http:\/\/nofm-radio.com\/wp-content\/uploads\/2016\/04\/Alerta8.jpg\"><img loading=\"lazy\" decoding=\"async\" class=\"alignnone size-full wp-image-16979\" src=\"http:\/\/nofm-radio.com\/wp-content\/uploads\/2016\/04\/Alerta8.jpg\" alt=\"Alerta8\" width=\"600\" height=\"400\" \/><\/a><br \/>\n4. <strong>El agua, siempre el agua<\/strong><br \/>\nMenci\u00f3n aparte merece el da\u00f1o a los<strong> mantos acu\u00edferos<\/strong> que ser\u00e1n causados por la obra. Xochicuautla posee manantiales que abastecen de agua no s\u00f3lo a distintas comunidades de <strong>Lerma<\/strong>, sino tambi\u00e9n a uno de los pozos que alimenta al sistema <strong>Cutzamala<\/strong>. Si la construcci\u00f3n de la autopista se concreta, la producci\u00f3n de agua de la localidad disminuir\u00e1 en 2 millones de litros al a\u00f1o. Para tener claras las proporciones del asunto, cada habitante de la Ciudad de M\u00e9xico, en promedio, consume casi 115 mil litros de agua anualmente, aun con la escasez de los \u00faltimos a\u00f1os.<br \/>\n<a class=\"no-eff img-link lightbox\" href=\"http:\/\/nofm-radio.com\/wp-content\/uploads\/2016\/04\/Alerta9.jpg\"><img loading=\"lazy\" decoding=\"async\" class=\"alignnone size-full wp-image-16980\" src=\"http:\/\/nofm-radio.com\/wp-content\/uploads\/2016\/04\/Alerta9.jpg\" alt=\"Alerta9\" width=\"960\" height=\"540\" \/><\/a><br \/>\n5. <strong>Si ya hay camino, pues que haya casitas HIGA<\/strong><br \/>\nSi bien la construcci\u00f3n de la autopista Toluca-Naucalpan es lo que m\u00e1s se menciona, \u00e9sta es solamente el inicio de un plan inmobiliario para unir<strong> Interlomas<\/strong> y la zona del <strong>aeropuerto de Toluca<\/strong>. El plan se aprob\u00f3 desde el sexenio de Pe\u00f1a Nieto, e inclu\u00eda explotaciones mineras y la construcci\u00f3n de basureros abiertos; sin embargo, ya en el sexenio de <strong>Eruviel \u00c1vila<\/strong> se aprob\u00f3 tambi\u00e9n la construcci\u00f3n de complejos habitacionales y comerciales en lo que se ha convertido en una de las zonas m\u00e1s exclusivas del poniente de la zona metropolitana. La obra est\u00e1, por supuesto, a cargo de la constructora preferida del gobierno mexiquense: grupo HIGA.<br \/>\nNo sobra recordar que el se\u00f1or <strong>Juan Armando Hinojosa Cant\u00fa<\/strong> ha &#8220;ganado licitaciones&#8221; por m\u00e1s de 54 mil millones de pesos, y le acaban de encontrar un guardadito de 100 millones de d\u00f3lares en para\u00edsos fiscales, a nombre de su madre y su suegra, las dos octogenarias al igual que <strong>Mar\u00eda Isabel Hern\u00e1ndez Garc\u00eda<\/strong>,\u00a0quien da su testimonio aqu\u00ed:<br \/>\n<iframe loading=\"lazy\" src=\"https:\/\/www.youtube.com\/embed\/z4RD7qwHzAw\" width=\"420\" height=\"315\" frameborder=\"0\" allowfullscreen=\"allowfullscreen\"><\/iframe><br \/>\n7. <strong>Amparos, denuncias y quejas en la ilegalidad<\/strong><br \/>\nDesde el inicio de las obras, los habitantes han interpuesto una serie de <strong>denuncias<\/strong> contra el despojo que no han sido debidamente atendidas. Adem\u00e1s de impedir con manifestaciones pac\u00edficas la entrada de maquinaria pesada a la zona. Por este motivo, han sido detenidas al menos 22 personas, quienes obtuvieron su libertad pues no se les fincaron cargos.<br \/>\nEn 2015, <strong>Enrique Pe\u00f1a Nieto<\/strong> autoriz\u00f3 la<strong> expropiaci\u00f3n<\/strong> de los terrenos para continuar con la obra que ya lleva m\u00e1s de siete a\u00f1os de retraso. Los comuneros se opusieron al decreto, y buscaron un amparo. Actualmente, hay <strong>dos juicios de amparo<\/strong> indefinidos. El 14 de marzo de este a\u00f1o, un<strong> juez federal<\/strong> orden\u00f3 frenar las obras hasta que se resolvieran esos juicios. Sin embargo, la polic\u00eda estatal hizo caso omiso de esta orden judicial el d\u00eda de ayer y hoy mismo al intentar derrumbar una <strong>capilla<\/strong> de Xochicuautla.<br \/>\nPor otro lado, las comunidades tambi\u00e9n han recurrido a la <strong>CNDH<\/strong> en distintas ocasiones. La instituci\u00f3n s\u00f3lo ha respondido que analizar\u00e1 la legalidad de los hechos, y ha emitido medidas cautelares para evitar el da\u00f1o a la poblaci\u00f3n. No obstante, los pobladores acusan omisiones por parte de la comisi\u00f3n, la cual no ha actuado con la debida diligencia. El d\u00eda de ayer, los representantes de la CNDH llegaron 4 horas despu\u00e9s del operativo de las fuerzas estatales, y una vez que el derrumbe de propiedades hab\u00eda terminado. Representantes de la<strong> ONU<\/strong> est\u00e1n hoy martes en Xochicuautla para evitar que el desalojo contin\u00fae.<br \/>\n<a class=\"no-eff img-link lightbox\" href=\"http:\/\/nofm-radio.com\/wp-content\/uploads\/2016\/04\/Alerta4.jpg\"><img loading=\"lazy\" decoding=\"async\" class=\"alignnone size-full wp-image-16975\" src=\"http:\/\/nofm-radio.com\/wp-content\/uploads\/2016\/04\/Alerta4.jpg\" alt=\"Alerta4\" width=\"600\" height=\"800\" \/><\/a><br \/>\n8. La <strong>#LeyEruviel<\/strong> <strong>en &#8220;leg\u00edtima defensa&#8221;<\/strong><br \/>\nCon la aprobaci\u00f3n de la llamada <strong>Ley Atenco<\/strong> o Ley Eruviel, las fuerzas estatales est\u00e1n actuando en contra de la poblaci\u00f3n civil, argumentando la defensa propia o de terceros. Justo ahora, organizaciones acusan que la polic\u00eda est\u00e1 causando incendios en el bosque y culpando a los pobladores para poder hacer uso de la fuerza.<br \/>\nDesde su aprobaci\u00f3n hace un par de semanas, ONG&#8217;s se\u00f1alaron que la Ley Eruviel estaba hecha a medida para impedir las manifestaciones por obras como el nuevo Aeropuerto y la autopista en cuesti\u00f3n.<br \/>\nEn apoyo a las comunidades, se est\u00e1 convocando a realizar una valla humana en el bosque para continuar con la protesta pac\u00edfica. Para saber de qu\u00e9 manera apoyar a Xochicuautla, sigan la cuenta<strong> <a href=\"https:\/\/twitter.com\/Frentedpueblos\" target=\"_blank\" rel=\"noopener noreferrer\">@Frentedepueblos<\/a> <\/strong>para enterarse de las actividades que se realizar\u00e1n.<br \/>\n<a class=\"no-eff img-link lightbox\" href=\"http:\/\/nofm-radio.com\/wp-content\/uploads\/2016\/04\/Alerta10.png\"><img loading=\"lazy\" decoding=\"async\" class=\"alignnone size-full wp-image-16981\" src=\"http:\/\/nofm-radio.com\/wp-content\/uploads\/2016\/04\/Alerta10.png\" alt=\"Alerta10\" width=\"759\" height=\"643\" \/><\/a><\/p>\n","protected":false},"template":"","meta":{"_id_youtube":"","_id_vimeo":"","_podcasts_duration":"","_podcasts_url":"","_podcasts_show":"","_prog_horario_dias":"","_prog_hora":"","_prog_duration":""},"class_list":["post-16973","archivo","type-archivo","status-publish","hentry"],"_links":{"self":[{"href":"https:\/\/nofm-radio.com\/index.php?rest_route=\/wp\/v2\/archivo\/16973","targetHints":{"allow":["GET"]}}],"collection":[{"href":"https:\/\/nofm-radio.com\/index.php?rest_route=\/wp\/v2\/archivo"}],"about":[{"href":"https:\/\/nofm-radio.com\/index.php?rest_route=\/wp\/v2\/types\/archivo"}],"wp:attachment":[{"href":"https:\/\/nofm-radio.com\/index.php?rest_route=%2Fwp%2Fv2%2Fmedia&parent=16973"}],"curies":[{"name":"wp","href":"https:\/\/api.w.org\/{rel}","templated":true}]}}