{"id":17220,"date":"2016-04-21T10:00:25","date_gmt":"2016-04-21T15:00:25","guid":{"rendered":"http:\/\/nofm-radio.com\/?p=17220"},"modified":"2016-04-21T10:00:25","modified_gmt":"2016-04-21T15:00:25","slug":"soundandvision-de-la-calle","status":"publish","type":"archivo","link":"https:\/\/nofm-radio.com\/?archivo=soundandvision-de-la-calle","title":{"rendered":"#SoundAndVision. De la Calle. Un residuo del hogar"},"content":{"rendered":"<p>Por <strong>Aldo Rosales<\/strong><br \/>\n<a href=\"https:\/\/twitter.com\/AldoRosalesV\" target=\"_blank\" rel=\"noopener noreferrer\">@AldoRosalesV<\/a><\/p>\n<p style=\"text-align: right;\"><em>Desnuda eres como una calle<\/em><br \/>\nFrancisco Hern\u00e1ndez<\/p>\n<p style=\"text-align: right;\"><em>\u00bfAnda por la calle? Tome, para que se suba a la banqueta.<\/em><br \/>\nDe la calle.<\/p>\n<p><strong><em>De la calle<\/em><\/strong>, dirigida por <strong>Gerardo Tort<\/strong>, es un filme que aborda el tema de los ni\u00f1os de la calle, principalmente, en un primer plano, aunque queda claro que es la calle, en realidad, la protagonista de la historia. En ella parece estar presente una analog\u00eda:<strong> la calle<\/strong> como una segunda, o tercera madre, que cr\u00eda como puede a sus hijos putativos, forzados. La calle como hogar, como escuela, como lugar de trabajo y de otras actividades m\u00e1s \u00edntimas: como ba\u00f1o, como lecho matrimonial, como sitio de esparcimiento. Tambi\u00e9n la calle como la <strong>eterna b\u00fasqueda<\/strong>, como la banda sinf\u00edn que nunca logra conectarnos con el horizonte. La calle como residuo del hogar, como lo que se queda afuera, lo que no es afortunado.<br \/>\nLa pel\u00edcula, protagonizada por <strong>Luis Fernando Pe\u00f1a<\/strong> y <strong>Maya Zapata<\/strong>, es de las que m\u00e1s tengo presentes y que poseen un significado mayor para m\u00ed, no s\u00f3lo porque se desarrolla en el<strong> D.F.<\/strong>, (ciudad inacabable, eterna, obsesionante) sino porque ataca a una de las cuestiones que m\u00e1s me han preocupado desde siempre: la <strong>vida<\/strong> como b\u00fasqueda, como aventura de final inesperado. Adem\u00e1s, y esto lo recuerdo vivamente, me la recomend\u00f3 una amiga de la preparatoria, de quien siempre estuve enamorado en secreto. Una pel\u00edcula cargada de emociones, por partida doble. Pel\u00edcula que, adem\u00e1s, como la calle misma, conecta a otras cosas, otras emociones, otros recuerdos; a otras pel\u00edculas. Por ejemplo, <em><strong>La Strada<\/strong><\/em> de <strong>Federico Fellini<\/strong>, muestra a la calle como escenario \u2014en el espectro amplio de la palabra\u2014 de muchas cosas; tambi\u00e9n aqu\u00ed, como en el filme de Tort, la calle se roba la pantalla y acompa\u00f1a, u opaca, a los actores. Dentro de la misma filmograf\u00eda de Fellini, la calle es un elemento indispensable, que a veces usa como analog\u00eda visual de la libertad, del desahogo, de la catarsis: <em><strong>Noches de Cabiria, Los in\u00fatiles, La dolce vita<\/strong><\/em> y <em><strong>8\u00bd<\/strong> <\/em>son prueba de ello.<br \/>\n<iframe loading=\"lazy\" src=\"https:\/\/www.youtube.com\/embed\/Fyxcal7Vye4\" width=\"420\" height=\"315\" frameborder=\"0\" allowfullscreen=\"allowfullscreen\"><\/iframe><br \/>\nLa lista de incursiones de la calle en las artes es larga, y sustanciosa. A veces como protagonista, otras como musa, posando desnuda, sencilla, casi org\u00e1nica, como en las pinturas de <strong>Edward Hopper<\/strong>. Y otras veces canta, con su voz de grillos, de llanto, de sirenas, y es preciso amarrarse a la cama para no correr a ella por la madrugada.<br \/>\n<strong>MI CALLE<\/strong><br \/>\nMe asomo sobre la barda \u2014vivo en un segundo nivel\u2014 y miro la calle. S\u00e9 que lo que voy a decir ser\u00eda distinto si viviera en el primer nivel, porque entonces la perspectiva cambiar\u00eda; desde aqu\u00ed arriba se domina mejor el panorama; no me parece raro que a Dios se le dibuje siempre en las alturas, desde donde casi todo se ve. \u00bfQu\u00e9 dir\u00e9 de esta calle? Que es fea, que carece de pavimento, que est\u00e1 hecha de cascajo y restos de otras calles; a la manera del monstruo de <strong>Frankenstein<\/strong>, de Shelley, esta vereda para autos est\u00e1 hecha con restos, en un in\u00fatil esfuerzo por resanar los baches. Pero sirve esta calle, con todo y lo fea que es: es la tregua entre los vecinos de enfrente y nosotros, un silencio en el discurso de tabiques y cemento que es esta colonia mal planeada.<br \/>\nNo lo hab\u00eda pensado, pero ahora me pregunto c\u00f3mo surgi\u00f3 esta calle, porque, seg\u00fan yo, hay dos formas para que nazca una: o se le planea o surge, pero siempre se le ama (\u00bfT\u00fa calle fue planeada? No, pero aun as\u00ed la queremos mucho. \u00bfY cu\u00e1ntas m\u00e1s? Las que el Se\u00f1or (de obras p\u00fablicas) decida. \u00c9sta tiene la pinta de ser de esas que no se planearon, sino que de repente se dej\u00f3 una l\u00ednea entre dos construcciones para que la gente llegara a sus casas, o huyera de ellas.<br \/>\n<a class=\"no-eff img-link lightbox\" href=\"http:\/\/nofm-radio.com\/wp-content\/uploads\/2016\/04\/DeLaCalle.jpg\"><img loading=\"lazy\" decoding=\"async\" class=\"size-full wp-image-17225 aligncenter\" src=\"http:\/\/nofm-radio.com\/wp-content\/uploads\/2016\/04\/DeLaCalle.jpg\" alt=\"DeLaCalle\" width=\"500\" height=\"375\" \/><\/a><a class=\"no-eff img-link lightbox\" href=\"http:\/\/nofm-radio.com\/wp-content\/uploads\/2016\/04\/Delacalle1.png\"><br \/>\n<\/a><br \/>\n<strong>BAUTIZO<\/strong><br \/>\nBien, la calle es fea, pero, \u00bfqu\u00e9 pasa con el nombre? Mi calle se llama <strong>Ampliaci\u00f3n Buenavista<\/strong>, lo cual es un chiste de cabo a rabo: una calle fea y angosta no deber\u00eda llamarse as\u00ed. Y \u00e9se es el otro tema con las calles: el nombre. Se tiene una calle, sabemos a d\u00f3nde va, o a d\u00f3nde no va, y viene el siguiente trabajo: nombrarla. Dicen que un barco sin nombre es de mala suerte, quiz\u00e1s lo mismo aplique para las calles, que son, a final de cuentas, una especie de barco inerte en el agua salada de los d\u00edas: una calle sin el latigazo del agua bautismal ser\u00eda de mala suerte. No es trabajo f\u00e1cil, aunque lo parezca: es una labor importante, porque as\u00ed ser\u00e1 (idealmente) recordada. Yo, por ejemplo, tengo muy presente el nombre de una calle cercana a la casa donde viv\u00ed durante mi infancia, y parte de la adolescencia: &#8220;<strong>Rosa Gloria Chagoy\u00e1n&#8221;<\/strong>, la protagonista de las famosas pel\u00edculas mexicanas de los 80, <em><strong>Lola la trailera<\/strong><\/em>. A los vecinos les daba un poco de verg\u00fcenza, por decir lo menos, comentar el nombre de su calle, que a\u00f1os despu\u00e9s se transform\u00f3 en la calle \u201c<strong>Agua caliente<\/strong>\u201d (aunque muchos la seguimos llamando por su nombre original, porque es original, de eso no hay duda). Habiendo tantos personajes ilustres en la historia de nuestro pa\u00eds, el presidente municipal decidi\u00f3 que ese nombre, ese preciso nombre, era el adecuado (honor a las hero\u00ednas que nos dieron patria en un tr\u00e1iler Kenwood modelo 1980). El nombre de una calle, supongo, habla de quien lo escoge (y \u00e9sa es una pregunta interesante, qui\u00e9n pone nombre a las calles). En el norte del pa\u00eds, por ejemplo, exactamente en <strong>Ciudad Obreg\u00f3n<\/strong>, la nomenclatura de las calles, al menos las avenidas principales, consta de n\u00fameros: la avenida 4, la 6, la 12. A m\u00ed me pareci\u00f3 un tanto fr\u00eda la cosa, y habla, quiz\u00e1s, de gente met\u00f3dica o sin ganas de imaginar, pero supongo que es mejor tener el domicilio en la avenida 8, por ejemplo, que en Resortes n\u00famero 12. Bien, en el norte parecen tener m\u00e1s cuidado con los nombres, pero aquello eran avenidas, no calles; despu\u00e9s de todo, a qui\u00e9n lastimaba que la calle cerca del r\u00edo, tan escondida, tan angosta \u2014ir\u00f3nicamente, no cab\u00eda un tr\u00e1iler en ella\u2014 tuviera ese nombre.<br \/>\n<a class=\"no-eff img-link lightbox\" href=\"http:\/\/nofm-radio.com\/wp-content\/uploads\/2016\/04\/DeLaCalle6.jpg\"><img loading=\"lazy\" decoding=\"async\" class=\"size-full wp-image-17231 aligncenter\" src=\"http:\/\/nofm-radio.com\/wp-content\/uploads\/2016\/04\/DeLaCalle6.jpg\" alt=\"DeLaCalle6\" width=\"639\" height=\"480\" \/><\/a><a class=\"no-eff img-link lightbox\" href=\"http:\/\/nofm-radio.com\/wp-content\/uploads\/2016\/04\/Delacalle2.jpg\"><br \/>\n<\/a><br \/>\n<strong>LA FAMILIA<\/strong><br \/>\nSi hablamos de la <strong>avenida<\/strong>, hablemos entonces de la familia completa de caminos. Comencemos con la hermana mayor, la ya nombrada avenida. En esencia es lo mismo que la calle (es un camino), s\u00f3lo que \u00e9sta es mayor, m\u00e1s ancha y larga. Es una hermana mayor, y como buena hermana mayor recibe los mayores mimos: reencarpetado constante, labial amarillo en las fronteras con la banqueta, juego completo de bisuter\u00eda (se\u00f1alamientos y sem\u00e1foros) y, lo m\u00e1s importante, una fiesta de presentaci\u00f3n en sociedad; la inauguraci\u00f3n de una avenida es, a la familia de las calles, lo que los XV a\u00f1os es a la familia mexicana: viene la gente, se arregla el lugar \u2014 tratando de esconder los defectos\u2014 y hay celebraci\u00f3n. Por supuesto, los invitados comentan por lo bajo los detalles innegables (\u00bfviste que no est\u00e1 acabada y aun as\u00ed la inauguraron? Pues hasta donde yo s\u00e9 esta avenida no es nueva, el hijo de fulana ya hab\u00eda pasado por aqu\u00ed con su carro varias veces. Si ya se le notan los baches, aunque los hayan querido disimular).<br \/>\nSi la calle es la hermana de en medio, y la avenida es la mayor, el <strong>callej\u00f3n<\/strong>, entonces, es el hermano menor. \u00c9ste, generalmente resultado de las fronteras entre dos construcciones, es m\u00e1s propio de una <strong>colonia<\/strong> o poblaci\u00f3n peque\u00f1a. Se sabe qui\u00e9n es vecino, o qui\u00e9n conoce bien la colonia, porque conoce los callejones. Generalmente s\u00f3lo cabe en ellos una persona a la vez (o m\u00e1s, pero en fila) y suelen ser, en ocasiones, motivo de disputa cuando alguien va y alguien viene. Si <strong>Edipo<\/strong> y su verdadero padre ri\u00f1eron porque nadie quer\u00eda ceder el paso, por qu\u00e9 no habr\u00edamos de hacerlo nosotros. Hay unos que se les reconoce m\u00e1s por su funci\u00f3n \u2014como el callej\u00f3n del beso, en <strong>Guanajuato<\/strong>, o los que se usan como letrina u hotel\u2014 ya que, en ocasiones, ni siquiera tienen nombre.<br \/>\n<a class=\"no-eff img-link lightbox\" href=\"http:\/\/nofm-radio.com\/wp-content\/uploads\/2016\/04\/Delacalle3.jpg\"><img loading=\"lazy\" decoding=\"async\" class=\"size-full wp-image-17228 aligncenter\" src=\"http:\/\/nofm-radio.com\/wp-content\/uploads\/2016\/04\/Delacalle3.jpg\" alt=\"Delacalle3\" width=\"400\" height=\"281\" \/><\/a><br \/>\nLa <strong>autopista<\/strong> es la madre, la figura suprema. Puede interpretarse como una calle con experiencia, entrada en carnes \u2014algunas comenzaron como calles, luego fueron avenidas y, al final, autopistas\u2014 y con una piel asf\u00e1ltica llena de estr\u00edas y manchas, producto de choques y derrapones. Son elitistas, ya que no cualquiera puede acerc\u00e1rseles, y algunas han estado casadas m\u00e1s de tres veces, con diferentes concesionarios y administraciones. Como adultas que son, sus procesos digestivos son malos a veces, y sufren bloqueos o deslaves.<br \/>\nY como en toda familia, existe tambi\u00e9n un ser raro, herm\u00e9tico, que en ocasiones nadie comprende y hasta es necesario advertir a los dem\u00e1s sobre sus caracter\u00edsticas, a\u00f1adiendo su particularidad al lado de su nombre: las <strong>cerradas<\/strong>. \u00c9stas son calles, s\u00ed, pero que no comunican a ning\u00fan lado o no conectan, mejor dicho, con ninguna otra calle (son aisladas, hura\u00f1as. Son semilla de laberinto) y que s\u00f3lo sirven de antesala a las entradas de una o varias casas. Los que habitan calles cerradas son, por lo general, personas m\u00e1s suspicaces, que sospechan en cuanto ven a alguien acercarse a su calle. Una especie de c\u00f3nclave de vecinos, una cofrad\u00eda de seres que no puede ver m\u00e1s que a sus propios miembros porque, \u00bfqu\u00e9 querr\u00eda un hombre en una calle cerrada, si las calles son para ir a otro lado, no para permanecer?<br \/>\n<a class=\"no-eff img-link lightbox\" href=\"http:\/\/nofm-radio.com\/wp-content\/uploads\/2016\/04\/DeLaCalle5.jpg\"><img loading=\"lazy\" decoding=\"async\" class=\"aligncenter wp-image-17230\" src=\"http:\/\/nofm-radio.com\/wp-content\/uploads\/2016\/04\/DeLaCalle5.jpg\" alt=\"DeLaCalle5\" width=\"600\" height=\"450\" \/><\/a><br \/>\n<strong>ADJETIVO<\/strong><br \/>\nLa calle, como sustantivo, tiene ciertas formas y fronteras que ya hemos, medianamente, observado. Sin embargo, cuando la usamos como adjetivo, sus matices se tornan un tanto m\u00e1s oscuros. En el <strong>imaginario colectivo<\/strong>, todo aquello que es de calle o de la calle tiene carga negativa. El adjetivo \u201ccallejero\u201d se usa de un modo peyorativo; es un t\u00e9rmino despectivo o, por decir lo menos, desafortunado. Mujer de la calle, comida de la calle, situaci\u00f3n de calle. En el mismo proceso de nombrar a algo, designar a algo como \u201cde la calle\u201d hay, impl\u00edcita, una antropomorfizaci\u00f3n de la calle misma: se vuelve un ente que, de pronto, es due\u00f1o de perros, de hombres, de mujeres y que, adem\u00e1s, cocina: un ama de casa alienada, una madre suprema, casi \u00fanica, que se encarga de todo aquello que no deseamos, de lo que nos estorba o nos es poco placentero. Como una hija que resulta embarazada a temprana edad o que es madre soltera y se apoya en su madre para la crianza y\/o manutenci\u00f3n del hijo \u2014otorgando, de esta manera, un t\u00edtulo de segunda madre a la que debiera ser abuela\u2014 as\u00ed nosotros nos apoyamos en la calle para que se haga cargo de lo que no queremos: la mascota que envejeci\u00f3 o est\u00e1 a punto de dar a luz, la basura que no queremos cargar hasta casa, los dem\u00e1s miembros de la sociedad que tienen menos que nosotros, los ni\u00f1os que nadie puede o quiere cuidar. Una <strong>segunda madre<\/strong> oscura, espesa, innombrable, casi omnipresente. Y eso se puede comprobar a trav\u00e9s de un dicho muy socorrido por las personas mayores: se la vive en la calle. En esa frase hay una preocupaci\u00f3n, un desd\u00e9n; calle se vuelve, para ellas, todo lo que no es la casa, y entonces forman un amasijo vago de t\u00e9rminos, que puede incluir la calle misma \u2014la v\u00eda para transitar per se\u2014 as\u00ed como la casa de alg\u00fan amigo, un espacio deportivo comunitario, etc\u00e9tera. Es decir, la calle es algo que definen a trav\u00e9s de eliminaci\u00f3n: calle es todo lo que no son estas paredes.<br \/>\n<a class=\"no-eff img-link lightbox\" href=\"http:\/\/nofm-radio.com\/wp-content\/uploads\/2016\/04\/Delacalle2.jpg\"><img loading=\"lazy\" decoding=\"async\" class=\"size-full wp-image-17227 aligncenter\" src=\"http:\/\/nofm-radio.com\/wp-content\/uploads\/2016\/04\/Delacalle2.jpg\" alt=\"Delacalle2\" width=\"320\" height=\"240\" \/><\/a><br \/>\n<strong>NADIE SABE LO QUE TIENE\u2026<\/strong><br \/>\nLa calle, tambi\u00e9n, puede ser usada como arma, como meg\u00e1fono para gritar m\u00e1s fuerte y que el sonido recorra todos los espacios posibles, llegue a donde no podr\u00eda llegar sola. Basta bloquear una calle \u2014o sus parientes, la avenida y la autopista\u2014 para que se nos preste la <strong>atenci\u00f3n<\/strong> que, de otra forma, nos era negada. Una especie de secuestro, de rapto, para que se nos d\u00e9 lo que pedimos.<br \/>\nPongamos este ejemplo: un hombre dice algo, no sabemos bien qu\u00e9 (porque es dif\u00edcil o\u00edr a alguien cuando se le puede evitar) y nadie presta atenci\u00f3n: est\u00e1, por decirlo de alg\u00fan modo, en su medio natural: las banquetas son para la gente, las calles para los autos. Pero si este hombre se coloca en medio de la calle, es decir, hay una disociaci\u00f3n, un elemento fuera de lugar, en pocas palabras,<strong> toma la calle<\/strong> \u2014que es una ausencia, un silencio, una tregua en la estampida inerte de edificios en la ciudad\u2014 ah\u00ed ponemos atenci\u00f3n. Cuando algo no es de nadie, es de todos. Entonces, ese hombre, por un momento, hizo suya la calle, la individualiz\u00f3, y por ello surge un problema. No es que a los que van en su auto les importe la calle como tal, sino los lugares a donde los va a llevar. Las calles son de esas extra\u00f1as cosas que brillan por su ausencia, o por su car\u00e1cter de ausente, de incorp\u00f3reas; tambi\u00e9n, las notamos cuando est\u00e1n mal hechas.<br \/>\n<a class=\"no-eff img-link lightbox\" href=\"http:\/\/nofm-radio.com\/wp-content\/uploads\/2016\/04\/DeLaCalle4.jpg\"><img loading=\"lazy\" decoding=\"async\" class=\"size-full wp-image-17229 aligncenter\" src=\"http:\/\/nofm-radio.com\/wp-content\/uploads\/2016\/04\/DeLaCalle4.jpg\" alt=\"DeLaCalle4\" width=\"500\" height=\"375\" \/><\/a><br \/>\n<strong>INCLINACIONES<\/strong><br \/>\nCuando ni\u00f1o, mi familia y yo viv\u00edamos en una casa que estaba en una esquina. Apenas salir de la casa, a la derecha, hab\u00eda una enorme bajada, y \u00e9sa era la referencia que d\u00e1bamos para quienes deseaban visitarnos o simplemente saber d\u00f3nde viv\u00edamos \u201cla casa que est\u00e1 junto a la bajada, frente a la primaria\u201d.<br \/>\nA\u00f1os despu\u00e9s, al hablar con una vecina, a la que ya conoc\u00edamos de vista, pero con quien nunca hab\u00edamos trabado conversaci\u00f3n, nos dimos cuenta que, quiz\u00e1s, est\u00e1bamos dando mal la indicaci\u00f3n, o se prestaba, al menos, a m\u00e1s opciones. \u201cAh, \u00bfviven en donde acaba la subida enorme, la empinada?\u201d S\u00ed, ah\u00ed viv\u00edamos. Y entonces pens\u00e9, \u00bfvivimos junto a una subida o junto a una bajada?<br \/>\nLa pregunta me sigue inquietando un poco. Hablamos de perspectivas, creo, no s\u00f3lo de una calle. Los vecinos de abajo la ve\u00edan como una subida; los de arriba, creo, la ve\u00edamos como una bajada. Nunca discutimos al respecto, claro (ni fue motivo para guerras, como los habitantes de Liliput, en <em><strong>Los viajes de Gulliver<\/strong><\/em>, que iniciaron una guerra con sus vecinos porque no lograban ponerse de acuerdo por d\u00f3nde deb\u00eda romperse un huevo) pero ahora que lo pienso, desde que la vecina aquella lo se\u00f1al\u00f3, no s\u00e9 si era bajada o subida, o era las dos. Hay, creo, una cierta androginia de las calles con inclinaci\u00f3n, porque son subidas o son bajadas, seg\u00fan se vea. Esta caracter\u00edstica camale\u00f3nica, esta ambivalencia, puede no ser suficiente para iniciar una guerra (aunque los motivos para inicia una guerra pueden ser muchos) pero s\u00ed para pensar un poco al respecto. Una calle inclinada es s\u00f3lo eso, una calle inclinada, hasta que recibe los primeros pasos; entonces sabremos si es subida o bajada.<br \/>\n(O no lo sabremos, pero tampoco es que importe mucho).<br \/>\n<a class=\"no-eff img-link lightbox\" href=\"http:\/\/nofm-radio.com\/wp-content\/uploads\/2016\/04\/DeLaCalle7.jpg\"><img loading=\"lazy\" decoding=\"async\" class=\"size-full wp-image-17232 aligncenter\" src=\"http:\/\/nofm-radio.com\/wp-content\/uploads\/2016\/04\/DeLaCalle7.jpg\" alt=\"DeLaCalle7\" width=\"350\" height=\"259\" \/><\/a><br \/>\n<strong>SI HAY ALGUIEN AQU\u00cd\u2026<\/strong><br \/>\nLa calle, si bien es camino, se encuentre o no se encuentre entre dos hileras de algo, lo que sea, siempre puede funcionar como vereda, principalmente hacia nuestro interior. Hablar de las calles es hablar, un poco, a veces, de quienes transitan por ah\u00ed; justo como hablar de la flor es hablar de la tierra de donde nace.<br \/>\nA\u00a0veces la calle se usa de forma, digamos, antinatural, y pierde su car\u00e1cter de traves\u00eda, de enlace, para cobrar el sentido, la fuerza de estancia: gente que duerme en la calle, perros que ah\u00ed duermen y, como algunos humanos, se reproducen, realizan sus deyecciones. Es terrible que nos parezca normal que la calle se haya <strong>resignificado<\/strong> hasta, por ejemplo, considerarla un lugar para que alguien habite all\u00ed; hay calles tan tristes, yo no s\u00e9. Y no importa c\u00f3mo la nombremos (rambla, street, rue, strada), la carga sigue siendo la misma.<br \/>\nY como estoy a punto de terminar, y no se me ocurre nada m\u00e1s, quisiera hacer de estas calles entre las l\u00edneas, estos vac\u00edos, un camino donde alguien m\u00e1s retome hasta donde yo me he quedado, y hacer de la calle algo m\u00e1s largo, casi infinito, y que no se quede simplemente como calle; darle el peso de camino, de vereda. Quien quiera decir algo que lo diga ahora, o calle para siempre.<\/p>\n","protected":false},"template":"","meta":{"_id_youtube":"","_id_vimeo":"","_podcasts_duration":"","_podcasts_url":"","_podcasts_show":"","_prog_horario_dias":"","_prog_hora":"","_prog_duration":""},"class_list":["post-17220","archivo","type-archivo","status-publish","hentry"],"_links":{"self":[{"href":"https:\/\/nofm-radio.com\/index.php?rest_route=\/wp\/v2\/archivo\/17220","targetHints":{"allow":["GET"]}}],"collection":[{"href":"https:\/\/nofm-radio.com\/index.php?rest_route=\/wp\/v2\/archivo"}],"about":[{"href":"https:\/\/nofm-radio.com\/index.php?rest_route=\/wp\/v2\/types\/archivo"}],"wp:attachment":[{"href":"https:\/\/nofm-radio.com\/index.php?rest_route=%2Fwp%2Fv2%2Fmedia&parent=17220"}],"curies":[{"name":"wp","href":"https:\/\/api.w.org\/{rel}","templated":true}]}}