{"id":17303,"date":"2016-04-26T13:28:38","date_gmt":"2016-04-26T18:28:38","guid":{"rendered":"http:\/\/nofm-radio.com\/?p=17303"},"modified":"2016-04-26T13:28:38","modified_gmt":"2016-04-26T18:28:38","slug":"24a-que-nos-dejo-la-marea-violeta","status":"publish","type":"archivo","link":"https:\/\/nofm-radio.com\/?archivo=24a-que-nos-dejo-la-marea-violeta","title":{"rendered":"#24A: \u00bfQu\u00e9 nos dej\u00f3 la marea violeta?"},"content":{"rendered":"<p>Por <strong>Berenice Rodr\u00edguez<\/strong><br \/>\n<a href=\"https:\/\/twitter.com\/berenice_rj\" target=\"_blank\" rel=\"noopener noreferrer\">@berenice_rj<\/a><br \/>\nFotos de <a href=\"https:\/\/twitter.com\/droncita\" target=\"_blank\" rel=\"noopener noreferrer\">@droncita<\/a>,\u00a0@_danielapatricia, @queso.de.queso, <a href=\"https:\/\/twitter.com\/MorasFurthur\" target=\"_blank\" rel=\"noopener noreferrer\">@MorasFurthur<\/a>, y <a href=\"https:\/\/www.facebook.com\/guecomumex\/photos\/pcb.1257393174278592\/1257391110945465\/?type=3&amp;theater&amp;__mref=message_bubble\" target=\"_blank\" rel=\"noopener noreferrer\">Guerrilla Comunicacional M\u00e9xico<\/a><br \/>\nQuer\u00eda abstenerme a hacer comentarios sobre lo sucedido el domingo-lunes, pero a veces se vuelve necesario sacar lo que uno lleva adentro. Al principio, cuando sali\u00f3 la <strong>convocatoria<\/strong> para salir a marchar, era una gran idea. Parec\u00eda una gran idea. Salir a levantar la voz. Tomar las calles. Volver a convertir las avenidas en r\u00edos de <strong>indignaci\u00f3n<\/strong>. Reclamar las calles nuestras bajo una premisa fundamental: <strong>Alto a las violencias machistas<\/strong>. La convocatoria nunca estuvo firmada por alg\u00fan colectivo y\/o particular, lo que fue positivo y negativo a su vez. Me explico. Si bien el no convocar a nombre de un grupo o colectivo dio la impresi\u00f3n de que podr\u00eda ser una movilizaci\u00f3n general, abierta e impactante, fue esa misma ambig\u00fcedad la que contribuy\u00f3 tambi\u00e9n a que se dieran ciertas confusiones en torno a la <strong>movilizaci\u00f3n<\/strong>. Como la cuesti\u00f3n de s\u00ed pod\u00edan o no participar hombres. Y as\u00ed fue que d\u00edas previos, desde el mi\u00e9rcoles-jueves, comenc\u00e9 a ver varios mensajes de mujeres y hombres comentando al respecto. Muchas mujeres dec\u00edan que no pod\u00edan asistir hombres, otras no dec\u00edan o dec\u00edan que s\u00ed. Se habl\u00f3 y escribi\u00f3 de todo: hombres, machos, de-construcci\u00f3n de masculinidades, de igualdad, de que no era justo, de protagonismos, etc\u00e9tera. El punto aqu\u00ed, para m\u00ed, era sobre \u00bfqui\u00e9n pod\u00eda reivindicarse el derecho a tomar semejante decisi\u00f3n? Si obvia pero no expl\u00edcitamente, la movilizaci\u00f3n era convocada por y para <strong>mujeres<\/strong>, hubo muchos huecos que no se resolvieron. Y si la idea de la convocatoria era: movilizaci\u00f3n nacional en contra de las violencias machistas, entonces, al menos como yo lo entend\u00ed, como principio no se hab\u00eda planteado la exclusi\u00f3n de hombres en la movilizaci\u00f3n. Si me hubiesen dicho que era una movilizaci\u00f3n de mujeres s\u00f3lo para mujeres, en contra de las violencias machistas, ser\u00eda entonces diferente. Me pregunto, \u00bfqu\u00e9 se est\u00e1 entendiendo por <strong>machista<\/strong>? \u00bfAcaso no existen las mujeres machistas? \u00bfAcabando a los hombres se acaba el machismo? Pensar un feminismo que se plantea que la soluci\u00f3n a la <strong>violencia de g\u00e9nero<\/strong> es acabar con los hombres, me parece algo ingenuo. Yo prefiero partir de la idea general de que no hay UN s\u00f3lo feminismo sino multiplicidades.<br \/>\n<a class=\"no-eff img-link lightbox\" href=\"http:\/\/nofm-radio.com\/wp-content\/uploads\/2016\/04\/Marcha2.jpg\"><img loading=\"lazy\" decoding=\"async\" class=\"alignnone size-full wp-image-17294\" src=\"http:\/\/nofm-radio.com\/wp-content\/uploads\/2016\/04\/Marcha2.jpg\" alt=\"Marcha2\" width=\"1024\" height=\"715\" \/><\/a><br \/>\nEn torno a las \u201cagresiones\u201d contra hombres asistentes a la movilizaci\u00f3n tengo tambi\u00e9n una opini\u00f3n. Si bien era un espacio creado por mujeres, nunca se dijo que ser\u00eda s\u00f3lo para mujeres. Pero no por eso dejar\u00edamos a los hombres protagonizar. Porque en las luchas feministas, claro que las mujeres van primero. Hubo varios \u201creporteros\u201d que s\u00ed transgredieron los l\u00edmites que las compas marcaban. No tomaron\u00a0en serio sus palabras y decisiones al no respetar sus acciones, al no darles espacio, o grabar y tomar fotos cuando ellas claramente les dec\u00edan que no. Es v\u00e1lido decir \u201ces un espacio p\u00fablico\u201d, pero est\u00e1bamos hablando de que no es no, entonces creo que, al menos por respeto o mero sentido com\u00fan, hab\u00eda que mantener cierta distancia en momentos espec\u00edficos. Muchas de las que reaccionaron de manera m\u00e1s tajante y agresiva, eran algunas de las que, por ejemplo, llevaban el torso desnudo, y muchos reporteros tomaban fotos directamente a sus cuerpos; si bien las compas descubrieron sus cuerpos para ser expuestos, tampoco el cubrimiento medi\u00e1tico deb\u00eda enfocarse s\u00f3lo a eso. O en casos m\u00e1s sencillos, las compas en topless iban en sus contingentes separatistas, y los medios se acercaban mucho a ellas. Me toc\u00f3 ver en varias ocasiones, como contingentes, en especial una de las batukadas feministas, sacaban a a hombres de la movilizaci\u00f3n. Algunas s\u00f3lo les gritaban \u201cHombres no\u201d. Otras, les dec\u00edan, \u201cCompa, no puedes estar aqu\u00ed\u201d. S\u00f3lo les ped\u00edan que respetaran los contingentes o que se limitaran a subirse a la banqueta. Cosa que creo muy v\u00e1lida. Uno sabe bien, creo, y m\u00e1s si se dedica a este medio, que hay ciertas personas y posturas con las que uno debe mantenerse al margen. Conclusi\u00f3n: siento que varios hombres la cagaron y exageraron, pero tambi\u00e9n la respuesta de las compas no fue la m\u00e1s acertada en algunos casos.<br \/>\n<a class=\"no-eff img-link lightbox\" href=\"http:\/\/nofm-radio.com\/wp-content\/uploads\/2016\/04\/Marcha4.jpg\"><img loading=\"lazy\" decoding=\"async\" class=\"alignnone size-full wp-image-17296\" src=\"http:\/\/nofm-radio.com\/wp-content\/uploads\/2016\/04\/Marcha4.jpg\" alt=\"Marcha4\" width=\"960\" height=\"540\" \/><\/a><br \/>\n<strong>\u00bfCu\u00e1l es ese OTRO mundo que queremos construir?<\/strong><br \/>\nEn cuanto a las pintas, tengo dos cuestiones a\u00fan atoradas en la cabeza. Una mara\u00f1a de sentires e ideas. Reivindico las<strong> pintas<\/strong>. Siempre se me han hecho fundamentales en el ejercicio de la <strong>protesta<\/strong> y la movilizaci\u00f3n. Estuve al pendiente de varias pintas, vi a unas compas rayar, y luego a una polic\u00eda mujer de tr\u00e1nsito comenzar a caminar hacia ellas. Me le atraves\u00e9, haciendo como que se me ca\u00eda el sombrero para que ellas pudieran seguir caminando y perderse entre la multitud. Eso me sucedi\u00f3 dos veces. Claro que tenemos derecho a rayar nuestras calles. Claro que tenemos derecho a escribir nuestra historia. Claro que podemos y no vamos a dejar de hacerlo, ni vamos a pedir permiso.<br \/>\nPero un punto importante: las pintas en el <strong>antimonumento a los 43<\/strong>. Es triste leer a un chingo de compas tachando de \u201cmierdas\u201d, de pendejas y de hip\u00f3critas a otras compas que no est\u00e1n de acuerdo en eso. Si bien la <strong>lucha feminista<\/strong> trasciende no s\u00f3lo vertical sino horizontalmente la vida, no creo en la idea de pisotear otras luchas. La lucha por los 43, lejos del car\u00e1cter autobiogr\u00e1fico de los 43, es una exigencia y lucha por respeto a la vida toda. Es un <strong>s\u00edmbolo<\/strong> de las luchas que reivindicamos, es un s\u00edmbolo de lo m\u00e1s elemental que es el derecho a la vida, a existir, al dejar de sobrevivir y comenzar a vivir. Y muchas veces se dijo: no son 43, son 43 m\u00e1s 30 mil desaparecidos y v\u00edctimas m\u00e1s. Tenemos presente que la violencia no nos toca a todos por igual. Hay condiciones socio-econ\u00f3micas y de g\u00e9nero de por medio. Pero tampoco me vengan a decir aquellas compas que reivindican la idea de <strong>#YoNoSoyAyotzinpa<\/strong>, que TODAS las personas que apoyan y apoyaron el movimiento de Ayotzinapa, ignoran la violencia de g\u00e9nero. Porque entonces est\u00e1n siendo sectarias. Casi tan sectarias como decir que su feminismo es el correcto, que su lucha pol\u00edtica es la m\u00e1s v\u00e1lida, la m\u00e1s importante. Y no creo que sea as\u00ed.<br \/>\n<a class=\"no-eff img-link lightbox\" href=\"http:\/\/nofm-radio.com\/wp-content\/uploads\/2016\/04\/Marcha7.png\"><img loading=\"lazy\" decoding=\"async\" class=\"size-full wp-image-17299 aligncenter\" src=\"http:\/\/nofm-radio.com\/wp-content\/uploads\/2016\/04\/Marcha7.png\" alt=\"Marcha7\" width=\"596\" height=\"335\" \/><\/a><br \/>\nEl antimonumento, como su nombre lo indica, representa algo m\u00e1s que s\u00f3lo la lucha de los 43. Para m\u00ed no es solamente \u201cUn pedazo de fierro puede repintarse y seguir siendo el mismo\u201d. Creo firmemente que es mucho m\u00e1s que eso. Si bien, las luchas frente al <strong>Estado<\/strong> no han sido tan radicales como nos gustar\u00eda o pensamos algunxs que deber\u00edan de ser, creo que el antimonumento es una batalla ganada. Entonces, si pensamos el contexto en el que se da, podemos ver claramente c\u00f3mo el antimonumento puede ser una expresi\u00f3n de la <strong>disputa del espacio<\/strong>, la disputa del poder, es la disputa de la memoria y de la historia. Nuestro derecho a hacer nuestras historias. Es una lucha y conquista de nosotrxs ante un pinche Estado de mierda. Es la construcci\u00f3n y materializaci\u00f3n de nuestro contra poder. Se ray\u00f3 el antimonumento pero al pasar al lado del plant\u00f3n por Ayotzi en <strong>PGR<\/strong> se cont\u00f3 en hasta 43. Algunos dir\u00e1n que es \u201cuna contradicci\u00f3n\u201d. Yo digo que no lo fue. No fue contradicci\u00f3n. Fue expresi\u00f3n de la multiplicidad de posturas. que convergieron en ese espacio. Fue demostraci\u00f3n de lo tan abierta y heterog\u00e9nea que fue la convocatoria. El \u00fanico consenso era contra las violencias machistas. El eje feminista. No hab\u00eda otro eje expl\u00edcito, por eso no es contradicci\u00f3n. Creo que estamos gastando energ\u00edas de m\u00e1s en cosas que no son la prioridad cuando tenemos en realidad un enemigo com\u00fan. Creo que no fue el momento ni el espacio para las reivindicaciones pol\u00edticas personales de unas cuantas compas, ya que la movilizaci\u00f3n ten\u00eda otro objetivo. Considerando el esfuerzo que se realiz\u00f3 un d\u00eda antes para restaurar el antimonumento, result\u00f3 una gran pedrada las pintas que se le hicieron. Y m\u00e1s si pensamos que hoy, justo hoy, 26 de abril del 2016 se cumple un a\u00f1o del antimonumento, y m\u00e1s all\u00e1 de la estructura de fierro, hoy, se cumple 1 a\u00f1o y medio de la desaparici\u00f3n de los 43 normalistas.<br \/>\n<a class=\"no-eff img-link lightbox\" href=\"http:\/\/nofm-radio.com\/wp-content\/uploads\/2016\/04\/Marcha8.jpg\"><img loading=\"lazy\" decoding=\"async\" class=\"alignnone size-full wp-image-17300\" src=\"http:\/\/nofm-radio.com\/wp-content\/uploads\/2016\/04\/Marcha8.jpg\" alt=\"Marcha8\" width=\"960\" height=\"539\" \/><\/a><br \/>\n\u00bfAcaso, tenemos derecho a valorar unas vidas sobre otras cuando ambas partes nos sabemos v\u00edctimas? \u00bfAcaso unos muertos valen m\u00e1s que otros? Las vidas no se comparan. No se trata de ver qui\u00e9n tiene o siente m\u00e1s <strong>dolor<\/strong> en el proceso. Se trata de cobijarnos y tratar de acompa\u00f1arnos en estas luchas. Como ya lo he dicho antes, la lucha por un nuevo mundo no es s\u00f3lo rom\u00e1ntica sino tambi\u00e9n es toda una mierda que implica toda nuestra vida. Creo, e insisto, que el s\u00edmbolo de los 43 va m\u00e1s all\u00e1 del car\u00e1cter autobiogr\u00e1fico. El 43 es un s\u00edmbolo, un s\u00edmbolo nuestro. En vez dividir, tratemos de sumar. S\u00ed,\u00a0las <strong>muertas de Ju\u00e1rez<\/strong> y las asesinadas a diario no han tenido el mismo repunte que los 43, no se puede negar, pero eso no es culpa de los familiares de los 43 y ni de los 43. En todo caso, de debe de cuestionar a otros actores colectivos. S\u00ed ellos se hicieron famosos, y su protagonismo invisibiliza las otras luchas, por ejemplo las de las mujeres violentadas y asesinadas a diario. S\u00ed, al igual que <strong>Yakiri<\/strong>, por ejemplo, a la cual apoyo completamente su acci\u00f3n de <strong>autodefensa<\/strong>, pero despu\u00e9s se vio envuelta en todo un proceso de candidaturas pol\u00edticas, adquiriendo protagonismo, por no decir oportunismo. Y ah\u00ed, no vi la misma cr\u00edtica. S\u00ed, lo\u00a0\u00fanico que trataron de hacer con las pintas en el antimonumento, fue ocupar los pocos espacios disponibles para la expresi\u00f3n del dolor, el hartazgo y la indignaci\u00f3n social. Estoy de acuerdo, pero siempre y cuando haya <strong>consenso<\/strong>. Era algo tan b\u00e1sico como que el monumento es pro Ayotzinapa y trataron de ocuparlo desde una postura <strong>anti-Ayotzinapa<\/strong>, postura que es super v\u00e1lida pero al no ser la postura general de la movilizaci\u00f3n de ese d\u00eda ni el objetivo, la acci\u00f3n pol\u00edtica sobre ese memorial qued\u00f3 fuera de lugar. No me imagino, y ni s\u00e9 si me gustar\u00eda ver, a las compas que reivindican su contrapostura a Ayotzinapa viendo firmemente a los ojos a las madres de los 43, que llevan su dolor, angustia y rabia, al igual que los otros muchos familiares de otras mujeres y hombres desaparecidos, dici\u00e9ndoles con voz fr\u00eda directamente a las caras: Yo no soy Ayotzinapa.<br \/>\n<a class=\"no-eff img-link lightbox\" href=\"http:\/\/nofm-radio.com\/wp-content\/uploads\/2016\/04\/Marcha9.jpg\"><img loading=\"lazy\" decoding=\"async\" class=\"alignnone size-full wp-image-17301\" src=\"http:\/\/nofm-radio.com\/wp-content\/uploads\/2016\/04\/Marcha9.jpg\" alt=\"Marcha9\" width=\"960\" height=\"539\" \/><\/a><br \/>\nHe le\u00eddo comentarios sobre la marcha del domingo, que lejos de centrarse en la gran movilizaci\u00f3n, de dedican a desvirtuar una u otra cuesti\u00f3n particular de esto, sin una argumentaci\u00f3n r\u00edgida al respecto. Por ejemplo: <a href=\"http:\/\/www.radiozapote.org\/24a-y-el-antimonumento\/\" target=\"_blank\" rel=\"noopener noreferrer\">http:\/\/www.radiozapote.org\/24a-y-el-antimonumento\/<\/a> o en el otro extremo del pinche machismo egoc\u00e9ntrico <a href=\"http:\/\/themexicantimes.mx\/la-vez-que-fui-agredido-por-feministas-extremistas\/\" target=\"_blank\" rel=\"noopener noreferrer\">http:\/\/themexicantimes.mx\/la-vez-que-fui-agredido-por-feministas-extremistas\/<\/a><br \/>\n<strong>\u00bfC\u00f3mo tratar de sumar dividiendo?<\/strong><br \/>\nEl domingo no escrib\u00ed nada ni publique fotos de la movilizaci\u00f3n. Estuve todo el tiempo al pendiente pero sin escribir. \u00bfPorqu\u00e9? Porque efectivamente fue un d\u00eda que revolucion\u00f3 nuestras vidas. Era tanto lo que sent\u00eda al estar ah\u00ed que no pod\u00eda digerirlo. Incluso me sent\u00ed rara. Ten\u00eda algo en el vientre y en la garganta que no me pod\u00eda explicar. Ten\u00eda ganas de llorar, re\u00edr y gritar. Llegando a<strong> LA victoria alada<\/strong>, por no decir EL \u00c1ngel, tuve un golpe de realidad muy cabr\u00f3n. Y fue que precisamente, estaba con la idea de que ese d\u00eda marcar\u00eda nuestras vidas, \u00bfpero de qu\u00e9 forma? Suelo ser muy pesimista, u optimista con criterio, como lo quieran ver. Por eso ayer amanec\u00ed devastada. En medio de la enfermedad que me tiene tumbada en la cama desde el domingo en la noche, no dejaba de dar vueltas en mi cabeza una idea: \u00bfqu\u00e9 seguir\u00eda? Si bien, <strong>la marcha<\/strong> ya es en s\u00ed misma un logro, una batalla, no lo es todo. S\u00ed nos marcar\u00eda, pero \u00bfc\u00f3mo lo har\u00eda? Me daba gusto pensar en la fuerza y todo lo que fuimos capaces de demostrar ayer pero \u00bfqu\u00e9 hacer para trascender y que no termine ah\u00ed? Esa es la pregunta que queda abierta. Y nos toca a cada una de las que estuvimos presentes buscar nuestros modos y ritmos.<br \/>\nUna cr\u00edtica mucho m\u00e1s personal: los <strong>omvres<\/strong> con sus <strong>masculinidades<\/strong> de-construidas que ayer fueron a marchar con faldas. Se me hace m\u00e1s radical que los vatos sigan usando jeans por gusto, a que usen faldas porque son bien \u201cpol\u00edticamente sensibles\u201d. No, gracias, yo prefiero y siento m\u00e1s de compas a quienes no deben demostrar su postura, simplemente la llevan a cabo: es tan radical la\u00a0posici\u00f3n que no refuerza los estereotipos de g\u00e9nero, y entonces, uso jeans porque creo y llevo a cabo la idea de que todo es igual porque lo resignifico en s\u00ed mismo y no reforzando <strong>estereotipos<\/strong>. Ahora, creo m\u00e1s radical un omvre que dice que usa falda porque es c\u00f3moda a uno que dice que lo hace porque est\u00e1 deconstruy\u00e9ndose. Efectivamente, hubo omvres que trataron de sutilmente protagonizar ayer, pero tambi\u00e9n hubo muchos que en realidad iban a apoyar. Y no apoyar como de \u201cpobrecitas\u201c, sino convencidos del empoderamiento de ellas y con la convicci\u00f3n de que es una necesidad erradicar el machismo. Porque s\u00ed, en las luchas feministas las mujeres van primero, las mujeres deciden, las mujeres dirigen. Ellos deben s\u00f3lo seguir y apoyar.<br \/>\n<a class=\"no-eff img-link lightbox\" href=\"http:\/\/nofm-radio.com\/wp-content\/uploads\/2016\/04\/Marcha6.jpg\"><img loading=\"lazy\" decoding=\"async\" class=\"alignnone size-full wp-image-17298\" src=\"http:\/\/nofm-radio.com\/wp-content\/uploads\/2016\/04\/Marcha6.jpg\" alt=\"Marcha6\" width=\"1000\" height=\"667\" \/><\/a><br \/>\nLas revoluciones que llevamos a cabo nos cambian a nosotrxs mismxs, cambian las ra\u00edces de nuestro entorno y acabar\u00e1n cambiando el mundo. No podemos sumar dividiendo. No podemos luchar verticalmente sin plantear al mismo tiempo una lucha horizontal. No podemos pisotear otras luchas por nuestras luchas. Se trata de tejer. Vencer el miedo con<strong> solidaridad<\/strong>. No reproducir lo que se repudia. Quedan muchas preguntas m\u00e1s que certezas respecto a lo vivido desde el domingo y lo que ha desencadenado \u00e9sta gran <strong>llamarada violeta<\/strong> que no tiene fin.<br \/>\n<strong>Como nota muy personal a todo esto.. <\/strong><br \/>\nEl s\u00e1bado, hasta ten\u00eda un poco de miedo de lo que se pudiese desencadenar el domingo. Las mujeres que se han subido a un vag\u00f3n de mujeres en el metro o un cami\u00f3n exclusivo de mujeres no me dejar\u00e1n mentir.. \u00bfQu\u00e9 s\u00e9 siente cuando se ingresa a uno de estos micro espacios de s\u00f3lo mujeres? Al menos yo, si bien no me siento acosada como en un espacio mixto, se siente otro tipo de tensi\u00f3n. Hay miradas de odio, resentimientos, envidias y mil cosas m\u00e1s. Hay (micro) machismos a\u00fan entre mujeres en espacios s\u00f3lo de mujeres. Entonces, creer que machismo es algo exclusivo de los hombres es cegarse un poco, por no decir un chingo. Ya me desvi\u00e9 de mi punto. La cuesti\u00f3n era que ten\u00eda miedo de todo lo que se pudiese producir ese d\u00eda. Un miedo a tanta fuerza, a tanta capacidad, a tanta energ\u00eda, rabia, amor y rebeld\u00eda. \u00bfTopan que cuando dos o m\u00e1s mujeres conviven juntas mucho tiempo, sus ciclos menstruales tienden a sincronizarse? Imaginen ahora, miles de mujeres juntas, miles de cuerpos en sincron\u00eda, empoderados aunque fuese por un s\u00f3lo d\u00eda, en las calles, sin miedo. Lo vivido ayer no s\u00f3lo es una experiencia pol\u00edtica s\u00faper fuerte, sino a nivel personal fue toda una revuelta sensorial.<br \/>\n<a class=\"no-eff img-link lightbox\" href=\"http:\/\/nofm-radio.com\/wp-content\/uploads\/2016\/04\/Marcha5.jpg\"><img loading=\"lazy\" decoding=\"async\" class=\"alignnone size-full wp-image-17297\" src=\"http:\/\/nofm-radio.com\/wp-content\/uploads\/2016\/04\/Marcha5.jpg\" alt=\"Marcha5\" width=\"759\" height=\"508\" \/><\/a><br \/>\nEn fin. Sigo con mil ideas y sentires en la garganta. Este tema ha resultado ser toda una pol\u00e9mica, que como siempre, termina dividiendo y restando capacidad a lo que se pudiese gestar. Que la primavera violeta no acabe. Que las revoluciones de nuestros corazones no se apaguen. Es necesario a veces pensar tambi\u00e9n con la cabeza fr\u00eda aunque tengamos el coraz\u00f3n ardiendo. Es necesario salir a veces de los \u00e1ngulos desde los que observamos la vida, para poder entender un poco a los otros. \u00c9stas son s\u00f3lo unas cuantas l\u00edneas desesperadas que tratan de dar forma al debate que se est\u00e1 dando hoy en las calles, y sobre todo, al interior de m\u00ed..<\/p>\n","protected":false},"template":"","meta":{"_id_youtube":"","_id_vimeo":"","_podcasts_duration":"","_podcasts_url":"","_podcasts_show":"","_prog_horario_dias":"","_prog_hora":"","_prog_duration":""},"class_list":["post-17303","archivo","type-archivo","status-publish","hentry"],"_links":{"self":[{"href":"https:\/\/nofm-radio.com\/index.php?rest_route=\/wp\/v2\/archivo\/17303","targetHints":{"allow":["GET"]}}],"collection":[{"href":"https:\/\/nofm-radio.com\/index.php?rest_route=\/wp\/v2\/archivo"}],"about":[{"href":"https:\/\/nofm-radio.com\/index.php?rest_route=\/wp\/v2\/types\/archivo"}],"wp:attachment":[{"href":"https:\/\/nofm-radio.com\/index.php?rest_route=%2Fwp%2Fv2%2Fmedia&parent=17303"}],"curies":[{"name":"wp","href":"https:\/\/api.w.org\/{rel}","templated":true}]}}