{"id":17384,"date":"2016-05-02T17:02:18","date_gmt":"2016-05-02T22:02:18","guid":{"rendered":"http:\/\/nofm-radio.com\/?p=17384"},"modified":"2016-05-02T17:02:18","modified_gmt":"2016-05-02T22:02:18","slug":"cuestionarionofm-xitlalitl-rodriguez-mendoza","status":"publish","type":"archivo","link":"https:\/\/nofm-radio.com\/?archivo=cuestionarionofm-xitlalitl-rodriguez-mendoza","title":{"rendered":"#CuestionarioNoFM. Xitlalitl Rodr\u00edguez Mendoza"},"content":{"rendered":"<p><em>Para comprender la coreograf\u00eda del momento, es necesario conocer a sus participantes. Por lo mismo presentamos el <strong>#CuestionarioNoFM<\/strong>, un veh\u00edculo para acercarnos de otra manera a los protagonistas que con su trabajo est\u00e1n marcando el ritmo con el cual se est\u00e1 bailando.<\/em><\/p>\n<p style=\"text-align: center;\"><strong>Xitlalitl Rodr\u00edguez Mendoza<\/strong><br \/>\n<a href=\"https:\/\/twitter.com\/misslexia\" target=\"_blank\" rel=\"noopener noreferrer\">@misslexia<\/a><\/p>\n<p>Todas sus fichas curriculares comienzan diciendo que naci\u00f3 en <strong>Guadalajara<\/strong>, <strong>Jalisco<\/strong>, en 1982. Tambi\u00e9n dicen que su nombre es <strong>Xitlalitl Rodr\u00edguez Mendoza<\/strong>, pero todos la conocemos como <strong>Sisi<\/strong>.<br \/>\nAl igual que muchos poetas de su generaci\u00f3n, estudi\u00f3 letras hisp\u00e1nicas. <strong>Sisi<\/strong> ha sido redactora, correctora de estilo, asistente de producci\u00f3n y editora en distintos medios que van de la <strong>FIL de Guadalajara<\/strong> a <strong>Vice<\/strong>.<br \/>\nHa publicado <strong><em>Polvo Lugar<\/em><\/strong>, <strong><em>Datsun<\/em><\/strong>, <strong><em>Catnip<\/em><\/strong>, <strong><em>Apache y otros poemas de veh\u00edculos autoimpulsados<\/em><\/strong>, y <strong><em>Jaws<\/em><\/strong>.<br \/>\nComo editora, como poeta y como uno de los motores detr\u00e1s del <a href=\"https:\/\/twitter.com\/search?q=%23ropasucia&amp;src=tyah\" target=\"_blank\" rel=\"noopener noreferrer\"><strong>#RopaSucia<\/strong><\/a>, una iniciativa que se ha dedicado a se\u00f1alar las coductas machistas a diferentes niveles, <strong>Sisi<\/strong> se ha convertido en una compa\u00f1era constante de las discusiones de nuestro momento y un referente inmediato para las voces j\u00f3venes.<br \/>\n<a class=\"no-eff img-link lightbox\" href=\"http:\/\/nofm-radio.com\/wp-content\/uploads\/2016\/05\/sisi1.jpg\"><img loading=\"lazy\" decoding=\"async\" class=\"alignnone size-full wp-image-17392\" src=\"http:\/\/nofm-radio.com\/wp-content\/uploads\/2016\/05\/sisi1.jpg\" alt=\"sisi1\" width=\"960\" height=\"960\" \/><\/a><br \/>\n<strong>1. \u00bfQu\u00e9 nos puedes decir de tus abuelos?<\/strong><br \/>\nMi abuela paterna, Mar\u00eda Elena Santiago Mora, es la \u00fanica de los cuatro que vive. Ella es de <strong>La Barca<\/strong>, <strong>Jalisco<\/strong>, ya en la frontera con Michoac\u00e1n. Digamos que para ella <strong>Morelia<\/strong> era su <strong>Manhattan<\/strong>. Yo creo que de ella me viene la fascinaci\u00f3n por ese estado. Quienes me conocen saben los michoacanos son importantes en mi vida. Ella prepara la mejor sopa de fideo del universo. La estoy entrevistando sobre mi abuelo, Alberto Felipe Rodr\u00edguez G\u00f3mez, de <strong>Autl\u00e1n de la Grana<\/strong>, <strong>Jalisco<\/strong>, quien muri\u00f3 hace casi treinta a\u00f1os. \u00c9l y yo llegamos a ser muy cercanos. Mi Nino Felipe era ingeniero civil y parece que \u00e9l y mi Mam\u00e1 Nena vieron cuando el ingeniero Matute Remus recorri\u00f3 el edificio de Tel\u00e9fonos doce metros hasta su ubicaci\u00f3n actual para que pudieran hacer <strong>Avenida Ju\u00e1rez<\/strong>. No s\u00e9 si estuvieron ah\u00ed o estoy inventando, ojal\u00e1 que s\u00ed hayan estado, pero bueno, el caso es que la estoy entrevistando, porque estoy escribiendo un libro sobre construcciones de mi abuelo en <strong>Guadalajara<\/strong>, m\u00e1s o menos.<br \/>\nMi abuela materna fue Elvira Baltazar Benavides, ella era del <strong>Charco Azul<\/strong> (\u00bfa poco no es el mejor nombre de lugar?), <strong>Jalisco<\/strong>. El a\u00f1o pasado fui, con mi primo Manuel y mi sobri Leo, a buscar la casa donde naci\u00f3, no la encontramos; se trata de un lugar remoto, por la <strong>Costa Sur<\/strong> de <strong>Jalisco<\/strong>. Si en 2015, en carro, nos tardamos como horas en llegar, desde <strong>Autl\u00e1n<\/strong>, no puedo imaginarme c\u00f3mo era salir de ah\u00ed a caballo, por el cerro. Ella era la mujer m\u00e1s dulce que he conocido pero tambi\u00e9n era muy firme. Hac\u00eda la mejor birria y la mejor pepena. Nos dec\u00eda a mis primas y a m\u00ed: \u201cHijas, no anden de [y mov\u00eda el dedo \u00edndice de la mano derecha de uno y otro lado]\u201d. Una contest\u00f3: \u201cAy, Nina, pero si nom\u00e1s vamos al baile, ni modo que qu\u00e9\u201d. Y mi Nina Elvira: \u201c\u00c1ndenle, pues, cabronas, entonces empiecen la paridera\u201d. Ella era una visionaria de su \u00e9poca, como tantas otras mujeres. Es creadora de frases como \u201cMat\u00f3n, matonazo, pero buena gente\u201d, \u201cChela, Melinda, Tey, \u00a1t\u00fa, cabrona!\u201d con varias posibilidades de nombres, y la estelar \u201cNo digas pendejadas\u201d.<br \/>\nMi Nino Pascual Mendoza B\u00e9jar era jefe de armas de la costa. Una vez reat\u00f3 a un capataz porque \u00e9ste, a su vez, le pegaba bien feo a los trabajadores. Ah\u00ed se gan\u00f3 mi simpat\u00eda retrospectiva aunque siempre era buena onda conmigo, lo conoc\u00ed muy poco, ya cuando estaba malito. Toda la gente lo quer\u00eda mucho en el <strong>Coyame<\/strong>, que es donde nacieron mi mam\u00e1 y mis t\u00edos. Ten\u00eda algo muy bueno y muy extra\u00f1o en un hombre de su \u00e9poca: no era enfadoso con las hijas, como muchos hombres de entonces. Ten\u00eda tres hermanas, mi t\u00eda Esther, mi t\u00eda Jes\u00fas y mi t\u00eda Eva (quien, tuvo que irse del <strong>Coyame<\/strong> porque su esposo era lud\u00f3pata y un d\u00eda la apost\u00f3 y perdi\u00f3, el idiota, y alguien le avis\u00f3 a mi t\u00eda, as\u00ed que ella tuvo que salir huyendo por el monte con su beb\u00e9). No s\u00e9 c\u00f3mo result\u00f3 en <strong>Mexicali<\/strong>. Y las tres t\u00edas se fueron a <strong>Tijuana<\/strong>, <strong>Ensenada<\/strong> y <strong>Mexicali<\/strong>, respectivamente. Cuando iban de visita les llevaban a mi mam\u00e1 y a mis t\u00edas, ropa, bikinis. Una vez, se fue toda la familia a <strong>Chamela<\/strong> y Do\u00f1a Concha, del Coyame, le dijo a mi Nino: \u201cMira, nom\u00e1s, Pascual, c\u00f3mo andan tus hijas, todas encueradas\u201d, a lo que \u00e9l respondi\u00f3: \u201cD\u00e9jalas, al cabo est\u00e1n bonitas, las cabronas\u201d. \u00c9l es el creador de frases como \u201c\u00a1Chela, coraz\u00f3n en el culo!\u201d y \u201c\u00a1Sisi, pareces mosca!\u201d<br \/>\n<strong>2. \u00bfQu\u00e9 nos puedes decir de tus padres?<\/strong><br \/>\nSon los mejores del universo. Mi pap\u00e1 se llama Alberto Felipe Rodr\u00edguez Santiago, es ingeniero agr\u00f3nomo, trabaja en <strong>Parques y Jardines del Ayuntamiento de Guadalajara<\/strong>. Mi mam\u00e1 es Bertha Mendoza Baltazar, es jubilada del <strong>IMSS<\/strong> y directora de ventas de <strong>Mary Kay<\/strong>. Estoy segura de que ambos dar\u00edan un ri\u00f1\u00f3n porque yo regresara a Guadalajara. La verdad yo tambi\u00e9n dar\u00eda un ri\u00f1\u00f3n por volver y estar m\u00e1s cerca de ellos. O un ri\u00f1\u00f3n a cambio de un tren bala, que fuera m\u00e1s r\u00e1pido ir a Guadalajara que a Ecatepec. Eso ser\u00eda un buen trato.<br \/>\n<strong>3. \u00bfQui\u00e9n tuvo o tiene la voz m\u00e1s importante de tu vida?<\/strong><br \/>\nNo s\u00e9, todos ellos y Atah. Y mis amigos. Soy muy apegada a mi familia.<br \/>\n<iframe loading=\"lazy\" src=\"https:\/\/www.youtube.com\/embed\/OXBttoYE-L0\" width=\"560\" height=\"315\" frameborder=\"0\" allowfullscreen=\"allowfullscreen\"><\/iframe><br \/>\n<strong>4. Considerando que no elegimos d\u00f3nde nacer, \u00bfd\u00f3nde s\u00ed elegiste nacer?<\/strong><br \/>\nNo s\u00e9, pero por cierto que en el <strong>DF<\/strong> no. No te creas, la verdad, escog\u00ed <strong>Chapala<\/strong>, pero todav\u00eda no se me cumple el gusto.<br \/>\n<strong>5. Para ti \u00bfqui\u00e9nes son ellos y qui\u00e9nes nosotros?<\/strong><br \/>\nPara m\u00ed ellos son los otros, es decir, los muertitos. Y nosotros somos los que todav\u00eda no la palmamos. A prop\u00f3sito de esto, acabo de leer un poema de <strong>Francis Picabia<\/strong> que dice: \u201cSoy un bell\u00edsimo monstruo\/ que comparte sus secretos con el viento.\/ Lo que m\u00e1s me gusta de los otros\/ soy yo\u201d. S\u00f3lo me pareci\u00f3 chistoso que al contestar esta pregunta saliera esto, ya ves c\u00f3mo son los surrealistas de oportunos.<br \/>\n<strong>6. \u00bfQu\u00e9 verbo define lo que haces y por qu\u00e9?<\/strong><br \/>\nPerder. Porque me encanta perder el tiempo, y luego eso me lleva a otras p\u00e9rdidas que no disfruto pero que llegan de igual forma: pierdo empleos, poemas, amigos, la consciencia, la memoria, calcetines y muchas cosas que no puedo mencionar porque todav\u00eda no me he dado cuenta de que las perd\u00ed. Ayer perd\u00ed todo mi mandado en la cajuela de un taxi, me di cuenta hasta muy tarde.<br \/>\n<strong>7. \u00bfCu\u00e1l es tu materia prima?<\/strong><br \/>\nEscribo a partir de lo que me pasa. Por eso, quiz\u00e1s, extra\u00f1o tanto ser empleada. Me gustaba odiar cada d\u00eda algo y luego sentir que la salvaci\u00f3n estaba en casa, entre mis borradores o el libro que estaba leyendo. Trabajo con las sensaciones, a veces con los sue\u00f1os, que al final tambi\u00e9n me importan por las sensaciones que me provocan. Somos v\u00edctimas de la necedad del subconsciente; ahorita ya no puedo dormir porque me la paso so\u00f1ando que voy a trabajar. En el d\u00eda no me permito tomarme una siesta, debo estar despierta a ver si en la noche caigo como piedra y dejo de recordar mis sue\u00f1os. Es como <strong>Pesadilla en la Calle del Empleo<\/strong>, donde <strong>Freddy Krueger<\/strong> son mis ex patrones, y no puedo dormirme porque si me duermo me recontratan.<br \/>\nEl ocio, el aburrimiento, los gatitos, los pollitos, los chivitos, todos los animales beb\u00e9s, el cine y la literatura de animales beb\u00e9s, y de otros temas, tambi\u00e9n son motores importantes para mi escritura.<br \/>\n<iframe loading=\"lazy\" src=\"https:\/\/www.youtube.com\/embed\/rwMqz_2HSvw\" width=\"560\" height=\"315\" frameborder=\"0\" allowfullscreen=\"allowfullscreen\"><\/iframe><br \/>\n<strong>8. Completa la frase<\/strong><br \/>\n<em><strong>Y cuando muera\u2026 ah\u00ed junto a mi cruz tan s\u00f3lo quiero<\/strong><\/em> que ya no den lata con que ahora s\u00ed se me pas\u00f3 la mano.<br \/>\n<em><strong>Y si vivo cien a\u00f1os<\/strong><\/em> que sea como mi Mam\u00e1 Petra.<br \/>\n<em><strong>All we are saying<\/strong><\/em> is give heroine a chance.<br \/>\n<em><strong>El d\u00eda que me quieras<\/strong><\/em>, comes y te vas.<br \/>\n<em><strong>Si nos dejan<\/strong><\/em> el piso orinado y guacareado, van a ver.<br \/>\n<em><strong>If I were a boy<\/strong><\/em>, but I am not.<br \/>\n<strong>9. \u00bfD\u00f3nde lavas tu #RopaSucia?<\/strong><br \/>\n\u00bfD\u00f3nde lavas la tuya?<br \/>\n<strong>10. \u00bf<strong>Jaws<\/strong> o <strong>Sharknado<\/strong>?<\/strong><br \/>\n<strong>Jaws<\/strong>.<br \/>\n<a class=\"no-eff img-link lightbox\" href=\"http:\/\/nofm-radio.com\/wp-content\/uploads\/2016\/05\/sisi2.jpg\"><img loading=\"lazy\" decoding=\"async\" class=\"alignnone size-full wp-image-17395\" src=\"http:\/\/nofm-radio.com\/wp-content\/uploads\/2016\/05\/sisi2.jpg\" alt=\"sisi2\" width=\"704\" height=\"704\" \/><\/a><\/p>\n","protected":false},"template":"","meta":{"_id_youtube":"","_id_vimeo":"","_podcasts_duration":"","_podcasts_url":"","_podcasts_show":"","_prog_horario_dias":"","_prog_hora":"","_prog_duration":""},"class_list":["post-17384","archivo","type-archivo","status-publish","hentry"],"_links":{"self":[{"href":"https:\/\/nofm-radio.com\/index.php?rest_route=\/wp\/v2\/archivo\/17384","targetHints":{"allow":["GET"]}}],"collection":[{"href":"https:\/\/nofm-radio.com\/index.php?rest_route=\/wp\/v2\/archivo"}],"about":[{"href":"https:\/\/nofm-radio.com\/index.php?rest_route=\/wp\/v2\/types\/archivo"}],"wp:attachment":[{"href":"https:\/\/nofm-radio.com\/index.php?rest_route=%2Fwp%2Fv2%2Fmedia&parent=17384"}],"curies":[{"name":"wp","href":"https:\/\/api.w.org\/{rel}","templated":true}]}}