{"id":17434,"date":"2016-05-03T16:21:04","date_gmt":"2016-05-03T21:21:04","guid":{"rendered":"http:\/\/nofm-radio.com\/?p=17434"},"modified":"2016-05-03T16:21:04","modified_gmt":"2016-05-03T21:21:04","slug":"8-datos-alarmantes-sobre-la-libertad-de-prensa-en-mexico","status":"publish","type":"archivo","link":"https:\/\/nofm-radio.com\/?archivo=8-datos-alarmantes-sobre-la-libertad-de-prensa-en-mexico","title":{"rendered":"8 datos alarmantes sobre la Libertad de Prensa en M\u00e9xico"},"content":{"rendered":"<p>El<strong> 3 de mayo<\/strong>, adem\u00e1s de celebrar a los ilustres alba\u00f1iles, tambi\u00e9n se conmemora el <strong>D\u00eda Internacional de la Libertad de Prensa<\/strong>. Un d\u00eda que debiera festejarse en cualquier pa\u00eds interesado en respetar las <strong>libertades b\u00e1sicas<\/strong>, toma de pronto un tono solemne cuando nos enteramos de la situaci\u00f3n en que los periodistas deben ejercer su labor. El contexto es particularmente oscuro en nuestro pa\u00eds, que desde hace a\u00f1os se ostenta como el lugar m\u00e1s peligroso para ejercer el <strong>periodismo<\/strong> en Occidente. El sexenio de <strong>Enrique Pe\u00f1a Nieto<\/strong> ha sido especialmente violento hacia los medios de comunicaci\u00f3n, sobre todo por la impunidad en que quedan la mayor parte de los ataques.<br \/>\nEl d\u00eda de hoy, <strong>Article 19<\/strong> y <strong>Reporteros sin Fronteras<\/strong> publicaron sus respectivos informes sobre la libertad de prensa. El primero se concentra en el primer trimestre del a\u00f1o en nuestro pa\u00eds, mientras el segundo plantea un panorama mundial. Aqu\u00ed les dejamos ochos datos alarmantes, pero fundamentales para entender la situaci\u00f3n de los periodistas, y defender la libertad para ejercer su profesi\u00f3n.<br \/>\n1. <strong>149 y cayendo<\/strong><br \/>\nSeg\u00fan Reporteros sin Fronteras, M\u00e9xico se encuentra en el lugar <strong>149<\/strong>, de 180, en el \u00edndice de libertad de prensa. El reporte eval\u00faa la <strong>pluralidad e independencia de los medios<\/strong>, as\u00ed como la calidad del marco legal para garantizar la <strong>seguridad de los periodistas<\/strong>. Este a\u00f1o, nuestro pa\u00eds cae un lugar en la clasificaci\u00f3n por tres razones principales: la concentraci\u00f3n de los medios en el dupolio televisivo, la corrupci\u00f3n y la impunidad, y la colusi\u00f3n de las autoridades con el crimen organizado.<br \/>\n<a class=\"no-eff img-link lightbox\" href=\"http:\/\/nofm-radio.com\/wp-content\/uploads\/2016\/05\/LibertadPrensa1.png\"><img loading=\"lazy\" decoding=\"async\" class=\"alignnone size-full wp-image-17437\" src=\"http:\/\/nofm-radio.com\/wp-content\/uploads\/2016\/05\/LibertadPrensa1.png\" alt=\"LibertadPrensa1\" width=\"1197\" height=\"557\" \/><\/a><br \/>\n2. <strong>Los agresores<\/strong><br \/>\nLa evaluaci\u00f3n de Reporteros sin Fronteras tiene todo el sentido del mundo si observamos que, seg\u00fan Article 19, de las <strong>69 agresiones<\/strong> registradas en los \u00faltimos tres meses, 33 fueron ejercidas por <strong>funcionarios p\u00fablicos<\/strong>. De esos 33 funcionarios, al menos 12 corresponden al<strong> ej\u00e9rcito<\/strong> o fuerzas de seguridad federales. Ninguna de las denuncias ha sido debidamente procesada, lo que reafirma la impunidad en los casos.<br \/>\n<script id=\"infogram_0_d1e81545-0a3f-4706-8b25-90393e05735b\" title=\"\" src=\"\/\/e.infogr.am\/js\/embed.js?qWy\"><\/script><\/p>\n<div style=\"padding: 8px 0; font-family: Arial!important; font-size: 13px!important; line-height: 15px!important; text-align: center; border-top: 1px solid #dadada; margin: 0 30px;\">\n<a style=\"color: #989898!important; text-decoration: none!important;\" href=\"https:\/\/infogr.am\" target=\"_blank\" rel=\"noopener noreferrer\">Create your own infographics<\/a><\/div>\n<p>3. <strong>Las zonas m\u00e1s rojas<\/strong><br \/>\nSi bien todo nuestro pa\u00eds es un gran foco rojo en cuanto a la seguridad de los periodistas, tres estados concentran el mayor n\u00famero de agresiones. <strong>Veracruz<\/strong> encabeza la lista con 17, <strong>Guerrero<\/strong> con 11, y la <strong>Ciudad de M\u00e9xico<\/strong> con 9. Estos tres estados han tenido tambi\u00e9n un incremento en la violencia y la impunidad, pero tambi\u00e9n en la infiltraci\u00f3n del crimen organizado y una vigilancia extrema por parte de las autoridades que m\u00e1s que garantizar la seguridad de los ciudadanos, promueve la censura en los medios de comunicaci\u00f3n.<br \/>\n<a class=\"no-eff img-link lightbox\" href=\"http:\/\/nofm-radio.com\/wp-content\/uploads\/2016\/05\/LibertadPrensa3.gif\"><img loading=\"lazy\" decoding=\"async\" class=\"alignnone size-full wp-image-17439\" src=\"http:\/\/nofm-radio.com\/wp-content\/uploads\/2016\/05\/LibertadPrensa3.gif\" alt=\"LibertadPrensa3\" width=\"480\" height=\"480\" \/><\/a><br \/>\n4. <strong>Agresiones m\u00e1s comunes, y cada vez m\u00e1s normalizadas<\/strong><br \/>\nLas agresiones m\u00e1s comunes contra los periodistas mexicanos son las <strong>agresiones f\u00edsicas y materiales<\/strong>, las amenazas, la <strong>privaci\u00f3n de la libertad<\/strong>, la intimidaci\u00f3n, los <strong>homicidios<\/strong> y los ataques a medios de comunicaci\u00f3n. Quiz\u00e1 lo m\u00e1s riesgoso de estos datos es que las agresiones se han normalizado, ya no s\u00f3lo hay una inmediata <strong>criminalizaci\u00f3n<\/strong> de los periodistas atacados, sino la nula investigaci\u00f3n de los delitos cometidos contra ellos.<br \/>\n<a class=\"no-eff img-link lightbox\" href=\"http:\/\/nofm-radio.com\/wp-content\/uploads\/2016\/05\/LibertadPrensa2.jpg\"><img loading=\"lazy\" decoding=\"async\" class=\"alignnone size-full wp-image-17438\" src=\"http:\/\/nofm-radio.com\/wp-content\/uploads\/2016\/05\/LibertadPrensa2.jpg\" alt=\"LibertadPrensa2\" width=\"1209\" height=\"637\" \/><\/a><br \/>\n5. <strong>Internet bajo ataque<\/strong><br \/>\nUna de las se\u00f1ales de alarma m\u00e1s importantes para nosotros es el incremento de los ataques a <strong>medios digitales<\/strong>. 27 agresiones fueron registradas s\u00f3lo en los \u00faltimos tres meses. Este contexto se agrava si tomamos en cuenta que la <strong>Suprema Corte de Justicia<\/strong> sigue sin resolver el amparo contra el <strong>almacenamiento de datos<\/strong> incluido en la <strong>Ley de Telecomunicaciones<\/strong>. Este detalle puede poner en mayor riesgo la integridad y la libertad de los periodistas, pues permitir\u00eda a las autoridades acceder a todos geolocalizaci\u00f3n y duraci\u00f3n de las llamadas en tiempo real, entre otras cosas.<br \/>\n<a class=\"no-eff img-link lightbox\" href=\"http:\/\/nofm-radio.com\/wp-content\/uploads\/2016\/05\/LibertadPrensa8.jpg\"><img loading=\"lazy\" decoding=\"async\" class=\"size-full wp-image-17447 aligncenter\" src=\"http:\/\/nofm-radio.com\/wp-content\/uploads\/2016\/05\/LibertadPrensa8.jpg\" alt=\"LibertadPrensa8\" width=\"600\" height=\"405\" \/><\/a><br \/>\n6. <strong>Violencia de g\u00e9nero (aqu\u00ed tambi\u00e9n)<\/strong><br \/>\nLa persecuci\u00f3n a las <strong>mujeres periodistas<\/strong> no s\u00f3lo va en aumento, y lo m\u00e1s alarmante es la focalizaci\u00f3n en las amenazas y\/o ataques sexuales hacia las comunicadoras. Article 19 reporta que en 2016, 7 de las 19 agresiones a mujeres periodistas tienen un perfil de g\u00e9nero. Hostigamiento, <strong>amenazas<\/strong> a la vida y a la integridad sexual,<strong> acoso<\/strong> y hostigamiento f\u00edsico, adem\u00e1s de un caso en que una comunicadora fue obligada a quitarse la ropa durante la cobertura. Cabe destacar que, puesto que la mayor\u00eda de estas agresiones suceden en <strong>redes sociales<\/strong>, la autoridad no las investiga pues el da\u00f1o no se consum\u00f3. Los ataques en redes incluyen las amenazas de dar a conocer \u00e1mbitos de la vida privada de las reporteras, a la vida de sus familiares, amigos y a ellas mismas.<br \/>\n<a class=\"no-eff img-link lightbox\" href=\"http:\/\/nofm-radio.com\/wp-content\/uploads\/2016\/05\/LibertadPrensa9.jpg\"><img loading=\"lazy\" decoding=\"async\" class=\"alignnone size-full wp-image-17448\" src=\"http:\/\/nofm-radio.com\/wp-content\/uploads\/2016\/05\/LibertadPrensa9.jpg\" alt=\"LibertadPrensa9\" width=\"1000\" height=\"516\" \/><\/a><br \/>\n7.<strong> Una fiscal\u00eda de chocolate<\/strong><br \/>\nPese a que la <strong>Fiscal\u00eda Especial para la Atenci\u00f3n de los Delitos contra la Libertad de Expresi\u00f3n<\/strong> est\u00e1 en funciones desde 2013, existen distintas trabas para que realice su labor. Esto se debe, principalmente, a que la <strong>PGR<\/strong> obliga a que sean las fiscal\u00edas locales quienes remitan los casos a la <strong>FEADLE<\/strong>. As\u00ed, las procuradur\u00edas locales deben comprobar el v\u00ednculo del delito con la labor period\u00edstica, con lo que volvemos al c\u00edrculo de la criminalizaci\u00f3n y la impunidad.<br \/>\n<a class=\"no-eff img-link lightbox\" href=\"http:\/\/nofm-radio.com\/wp-content\/uploads\/2016\/05\/LIbertadPrensa6.jpg\"><img loading=\"lazy\" decoding=\"async\" class=\"alignnone size-full wp-image-17444\" src=\"http:\/\/nofm-radio.com\/wp-content\/uploads\/2016\/05\/LIbertadPrensa6.jpg\" alt=\"LIbertadPrensa6\" width=\"1218\" height=\"670\" \/><\/a><br \/>\n8. <strong>Los casos<\/strong><br \/>\nCuatro homicidios: <strong>Marco Hern\u00e1ndez Bautista, Anabel Flores, Mois\u00e9s Dagdug Lutzow y Francisco Pacheco<\/strong>, son la muestra m\u00e1s grave de la m\u00e1s grave situaci\u00f3n en que se halla la<strong> libertad de prensa<\/strong> en M\u00e9xico. Las agresiones, la falta de un marco legal que asegure no s\u00f3lo la integridad f\u00edsica de los reporteros sino la libre competencia empresarial, la nula acci\u00f3n gubernamental, son ataques a la libertad de expresi\u00f3n y al derecho a la informaci\u00f3n, que son pilares de la democracia, por lo que su violaci\u00f3n conduce a violentar otros derechos de los ciudadanos.<br \/>\n<a class=\"no-eff img-link lightbox\" href=\"http:\/\/nofm-radio.com\/wp-content\/uploads\/2016\/05\/LibertadPrensa5.jpg\"><img loading=\"lazy\" decoding=\"async\" class=\"alignnone size-full wp-image-17441\" src=\"http:\/\/nofm-radio.com\/wp-content\/uploads\/2016\/05\/LibertadPrensa5.jpg\" alt=\"LibertadPrensa5\" width=\"935\" height=\"526\" \/><\/a><br \/>\nAs\u00ed es, en este<strong> D\u00eda Internacional de la Libertad de Prensa<\/strong> defendamos nuestro derecho a preguntar, a saber y expresarnos. Pero sobre todo defendamos nuestro derecho a no tener que censurarnos por miedo.<br \/>\nPueden consultar el informe Sin prensa no hay democracia, de Article 19, <a href=\"http:\/\/articulo19.org\/sin-prensa-no-hay-democracia\/\" target=\"_blank\" rel=\"noopener noreferrer\">aqu\u00ed<\/a>. Y el de Reporteros sin fronteras <a href=\"https:\/\/rsf.org\/en\/news\/2016-world-press-freedom-index-leaders-paranoid-about-journalists\" target=\"_blank\" rel=\"noopener noreferrer\">aqu\u00ed<\/a>.<\/p>\n","protected":false},"template":"","meta":{"_id_youtube":"","_id_vimeo":"","_podcasts_duration":"","_podcasts_url":"","_podcasts_show":"","_prog_horario_dias":"","_prog_hora":"","_prog_duration":""},"class_list":["post-17434","archivo","type-archivo","status-publish","hentry"],"_links":{"self":[{"href":"https:\/\/nofm-radio.com\/index.php?rest_route=\/wp\/v2\/archivo\/17434","targetHints":{"allow":["GET"]}}],"collection":[{"href":"https:\/\/nofm-radio.com\/index.php?rest_route=\/wp\/v2\/archivo"}],"about":[{"href":"https:\/\/nofm-radio.com\/index.php?rest_route=\/wp\/v2\/types\/archivo"}],"wp:attachment":[{"href":"https:\/\/nofm-radio.com\/index.php?rest_route=%2Fwp%2Fv2%2Fmedia&parent=17434"}],"curies":[{"name":"wp","href":"https:\/\/api.w.org\/{rel}","templated":true}]}}