{"id":17459,"date":"2016-05-04T12:50:16","date_gmt":"2016-05-04T17:50:16","guid":{"rendered":"http:\/\/nofm-radio.com\/?p=17459"},"modified":"2016-05-04T12:50:16","modified_gmt":"2016-05-04T17:50:16","slug":"atenco-8-testimonios-a-10-anos-de-la-represion","status":"publish","type":"archivo","link":"https:\/\/nofm-radio.com\/?archivo=atenco-8-testimonios-a-10-anos-de-la-represion","title":{"rendered":"#Atenco: 8 testimonios a 10 a\u00f1os de la represi\u00f3n"},"content":{"rendered":"<p><strong>Diez a\u00f1os<\/strong> m\u00e1s y nunca ha sido m\u00e1s adecuado eso de &#8220;La lucha sigue&#8221;. <strong>San Salvador Atenco<\/strong> conmemora hoy la intervenci\u00f3n de las fuerzas polic\u00edacas que cometieron graves abusos y violaciones a los derechos b\u00e1sicos de los pobladores que a\u00fan pelean en contra del despojo.<br \/>\nUna d\u00e9cada despu\u00e9s, la represi\u00f3n sigue impune, s\u00f3lo basta mirar qui\u00e9n ocupa la silla presidencial ahora. No olvidemos tambi\u00e9n el papel de los medios de comunicaci\u00f3n masivos, quienes en ese entonces fueron c\u00f3mplices de las acciones gubernamentales al dar a conocer versiones parciales de los hechos.<br \/>\nPara no contribuir al olvido y seguir en la exigencia de justicia, les dejamos 8 <strong>videos, documentales y testimonios<\/strong> de los pobladores de <strong>Atenco<\/strong>. Y sobre todo, tengamos presente la continua amenaza de los ciudadanos en un estado que persigue, que aprueba la<strong> Ley Eruviel<\/strong>, que violenta mujeres, que vive en la impunidad.<br \/>\nNos vemos hoy a las 4 en el <strong>\u00c1ngel de la Independencia<\/strong> para acompa\u00f1ar a la marcha que viene de Atenco en su camino al <strong>Z\u00f3calo.<\/strong><br \/>\n* <strong>Cr\u00f3nica de un pueblo rebelde<\/strong><br \/>\n<iframe loading=\"lazy\" src=\"https:\/\/www.youtube.com\/embed\/TUi9iybjNtY\" width=\"420\" height=\"315\" frameborder=\"0\" allowfullscreen=\"allowfullscreen\"><\/iframe><br \/>\n&nbsp;<br \/>\n* <strong>Romper el cerco<\/strong><br \/>\n<iframe loading=\"lazy\" src=\"https:\/\/www.youtube.com\/embed\/n-roW0LovqE\" width=\"420\" height=\"315\" frameborder=\"0\" allowfullscreen=\"allowfullscreen\"><\/iframe><br \/>\n* <strong>Un Crimen de Estado<\/strong><br \/>\n<iframe loading=\"lazy\" src=\"https:\/\/www.youtube.com\/embed\/88fzEaVTLqg\" width=\"560\" height=\"315\" frameborder=\"0\" allowfullscreen=\"allowfullscreen\"><\/iframe><br \/>\n* <strong>Violencia en Atenco<br \/>\n<\/strong><br \/>\n<iframe loading=\"lazy\" src=\"https:\/\/www.youtube.com\/embed\/kxBWE-90tX4\" width=\"420\" height=\"315\" frameborder=\"0\" allowfullscreen=\"allowfullscreen\"><\/iframe><br \/>\n* <strong>Testimonios de torturas sexuales<\/strong><br \/>\n<iframe loading=\"lazy\" src=\"https:\/\/www.youtube.com\/embed\/sb_DX4HJ90o\" width=\"560\" height=\"315\" frameborder=\"0\" allowfullscreen=\"allowfullscreen\"><\/iframe><br \/>\nPueden leer m\u00e1s testimonios de tortura sexual recopilados por el <strong>Comit\u00e9 Cerezo<\/strong> <a href=\"http:\/\/www.comitecerezo.org\/spip.php?article242\" target=\"_blank\" rel=\"noopener noreferrer\">aqu\u00ed<\/a>.<br \/>\n&nbsp;<br \/>\n* <strong>Recuerdo Atenco (Programa especial Todos somos 132)<\/strong><br \/>\n<iframe loading=\"lazy\" src=\"https:\/\/www.youtube.com\/embed\/hZXsQmWLFpM\" width=\"560\" height=\"315\" frameborder=\"0\" allowfullscreen=\"allowfullscreen\"><\/iframe><br \/>\n* <strong>Am\u00e9rica del Valle en Atenco y el movimiento popular mexicano (Casa Lamm)<br \/>\n<\/strong><br \/>\n<iframe loading=\"lazy\" src=\"https:\/\/www.youtube.com\/embed\/nA8WY1A96S0\" width=\"420\" height=\"315\" frameborder=\"0\" allowfullscreen=\"allowfullscreen\"><\/iframe><br \/>\n<iframe loading=\"lazy\" src=\"https:\/\/www.youtube.com\/embed\/WIdJOAjSML8\" width=\"420\" height=\"315\" frameborder=\"0\" allowfullscreen=\"allowfullscreen\"><\/iframe><br \/>\n* <strong>#Atenco10x10<\/strong><br \/>\nEn la v\u00edspera del d\u00e9cimo aniversario, el colectivo <strong>M\u00e1s de 131<\/strong> convoc\u00f3 al proyecto #Atenco10x10, que naci\u00f3 as\u00ed:<br \/>\n<em>\u00bfC\u00f3mo acercarse con respeto? \u00bfDe qu\u00e9 hablar que no se haya dicho?<br \/>\n<strong>C\u00e9sar del Valle<\/strong>, joven atenquense que resisti\u00f3 la c\u00e1rcel en 2006, dio algunas pistas: contar la historia directamente en el d\u00eda a d\u00eda, en el acontecer de quienes vivieron la represi\u00f3n y de todo el lugar. As\u00ed naci\u00f3 #Atenco10X10, una aproximaci\u00f3n de diez personas y colectivos a distintos puntos de vista de Atenco, y surgieron as\u00ed varias ideas: la ni\u00f1ez y el 2006; adherentes a <strong>la Otra Campa\u00f1a<\/strong> y medios independientes que enfrentaron la represi\u00f3n; las y los exiliados, las y los campesinos, la b\u00fasqueda de justicia de las mujeres que sufrieron tortura sexual y que mantienen su demanda ante la <strong>Corte Interamericana de Derechos Humanos<\/strong>, otros pueblos como <strong>Xochicuautla<\/strong>, quienes viven situaciones similares en el Estado de M\u00e9xico.<\/em><br \/>\nEsperamos pronto contar con los videos de los testimonios, mientras pueden leer m\u00e1s sobre el proyecto <a href=\"http:\/\/masde131.com\/2016\/05\/editorial-mas-de-10-recuerdos-para-atenco\/\" target=\"_blank\" rel=\"noopener noreferrer\">aqu\u00ed<\/a>.<br \/>\n<strong>* La herida se mantiene abierta<\/strong><br \/>\n<iframe loading=\"lazy\" width=\"560\" height=\"315\" src=\"https:\/\/www.youtube.com\/embed\/FAJ3ha_YQxw\" frameborder=\"0\" allowfullscreen><\/iframe><\/p>\n","protected":false},"template":"","meta":{"_id_youtube":"","_id_vimeo":"","_podcasts_duration":"","_podcasts_url":"","_podcasts_show":"","_prog_horario_dias":"","_prog_hora":"","_prog_duration":""},"class_list":["post-17459","archivo","type-archivo","status-publish","hentry"],"_links":{"self":[{"href":"https:\/\/nofm-radio.com\/index.php?rest_route=\/wp\/v2\/archivo\/17459","targetHints":{"allow":["GET"]}}],"collection":[{"href":"https:\/\/nofm-radio.com\/index.php?rest_route=\/wp\/v2\/archivo"}],"about":[{"href":"https:\/\/nofm-radio.com\/index.php?rest_route=\/wp\/v2\/types\/archivo"}],"wp:attachment":[{"href":"https:\/\/nofm-radio.com\/index.php?rest_route=%2Fwp%2Fv2%2Fmedia&parent=17459"}],"curies":[{"name":"wp","href":"https:\/\/api.w.org\/{rel}","templated":true}]}}