{"id":17522,"date":"2016-05-09T13:09:43","date_gmt":"2016-05-09T18:09:43","guid":{"rendered":"http:\/\/nofm-radio.com\/?p=17522"},"modified":"2016-05-09T13:09:43","modified_gmt":"2016-05-09T18:09:43","slug":"cuestionarionofm-juan-palomino","status":"publish","type":"archivo","link":"https:\/\/nofm-radio.com\/?archivo=cuestionarionofm-juan-palomino","title":{"rendered":"#CuestionarioNoFM. Juan Palomino"},"content":{"rendered":"<p><em>Para comprender la coreograf\u00eda del momento, es necesario conocer a sus participantes. Por lo mismo presentamos el <strong>#CuestionarioNoFM<\/strong>, un veh\u00edculo para acercarnos de otra manera a los protagonistas que con su trabajo est\u00e1n marcando el ritmo con el cual se est\u00e1 bailando.<\/em><\/p>\n<p style=\"text-align: center;\"><strong>Juan Palomino<\/strong><br \/>\n<strong> <a href=\"https:\/\/twitter.com\/Jucepeme\" target=\"_blank\" rel=\"noopener noreferrer\">@Jucepeme<\/a><\/strong><\/p>\n<p>Hasta donde es sabido, <strong>Juan Palomino\u00a0<\/strong>naci\u00f3 <strong>Juan Carlos Palomino<\/strong> en la <strong>Ciudad de M\u00e9xico<\/strong> en <strong>1984<\/strong>.<br \/>\nA pesar de tratar de ser gente seria al perseguir una carrera en <strong>Filosof\u00eda<\/strong>, que le otorg\u00f3 el dign\u00edsimo t\u00edtulo de <strong>Ex Prefil\u00f3sofo<\/strong>, se ha dedicado a la gr\u00e1fica, muy en particular a la ilustraci\u00f3n, en la que no tiene formaci\u00f3n acad\u00e9mica, ni falta que le hace. En este terreno su trabajo se posiciona como uno de los m\u00e1s reconocidos de su generaci\u00f3n en el mundo.<br \/>\nSu ya extenso cat\u00e1logo ha sido premiado numerosas veces, recientemente con el importante <strong>Premio Internacional de Ilustraci\u00f3n de la Feria de Bolonia &#8211; Fundaci\u00f3n SM<\/strong> por\u00a0<em><strong>Monos, Mensajeros del Viento<\/strong><\/em><strong>,<\/strong>\u00a0de Ana Paula Ojeda.<br \/>\nA base a puro talento, <strong>Palomino<\/strong> se nos antoja como uno de los artistas m\u00e1s finos y originales que conocemos, y si tuvi\u00e9ramos que elegir quien pudiera ilustrar la vida que hemos llevado y que iremos descubriendo, no pensar\u00edamos en nadie m\u00e1s.<br \/>\n<a class=\"no-eff img-link lightbox\" href=\"http:\/\/nofm-radio.com\/wp-content\/uploads\/2016\/05\/PALOMINO-PERFIL.png\"><img loading=\"lazy\" decoding=\"async\" class=\"alignnone size-full wp-image-17531\" src=\"http:\/\/nofm-radio.com\/wp-content\/uploads\/2016\/05\/PALOMINO-PERFIL.png\" alt=\"PALOMINO PERFIL\" width=\"800\" height=\"600\" \/><\/a><br \/>\n<strong>1. \u00bfQu\u00e9 nos puedes decir de tus abuelos?<\/strong><br \/>\nCasi no los conoc\u00ed. S\u00e9 que eran pobres. Mis abuelos maternos eran hu\u00e9rfanos, provincianos emigrados a la ciudad en la locura de la <strong>Revoluci\u00f3n<\/strong>. Tuvieron catorce hijos que como pudieron llevaron a la escuela en los tiempos en los que eso hac\u00eda una gran diferencia. Dos murieron en peleas de barrio, y una cuando era beb\u00e9.<br \/>\nS\u00e9 que mi <strong>abuela<\/strong> cocinaba muy bien, y que le avent\u00f3 un d\u00eda los frijoles en la cara a mi abuelo despu\u00e9s de que el se quejara porque no estaban a su temperatura ideal. De \u00e9l, que era sastre y que cuando se empedaba le daba por hacerse el chistoso., cosa que no heredaron sus hijos. Tambi\u00e9n que su taller, despu\u00e9s de su muerte, era mi lugar favorito de la <strong>infancia<\/strong> porque hab\u00eda un mont\u00f3n de cosas incomprensibles y emocionantes.<br \/>\nA mis abuelos paternos no los conoc\u00ed. Del abuelo s\u00e9 que trabajaba con <strong>actores<\/strong> y <strong>cirqueros<\/strong>, y que ten\u00eda tambi\u00e9n un mont\u00f3n de cosas raras que hab\u00eda ido juntando en su trabajo, cachorros de le\u00f3n, sables del ej\u00e9rcito, anillos masones. Pero s\u00f3lo es una leyenda para m\u00ed.<br \/>\n<strong>2. \u00bfQu\u00e9 nos puedes decir de tus padres? <\/strong><br \/>\nSon unos loquillos. Decidieron parirme en unas circunstancias at\u00edpicas, digamos. Nunca vivieron juntos, y podr\u00edan ser mis abuelos. Creo que por eso pienso mucho en la <strong>muerte<\/strong> desde ni\u00f1o. Siempre la sent\u00ed cerca. Contaba cu\u00e1ntos a\u00f1os tendr\u00eda yo cuando ellos estuvieran en edad de morir.<br \/>\nAmbos son <strong>arquitectos<\/strong>, as\u00ed que siempre hubo l\u00e1pices y papel en mi casa.<br \/>\nMi padre me suger\u00eda con firmeza que dibujara las cosas del color que son, y me ense\u00f1aba a representar la <strong>perspectiva<\/strong>. Para m\u00ed era magia que un dibujo de pronto pareciera tridimensional.<br \/>\nMi madre me cuidaba, viv\u00eda y vivo con ella. Es un refugio y tambi\u00e9n un espejo medio macabro. Le toc\u00f3 lo dif\u00edcil, porque mi padre era lo que yo quer\u00eda creer de \u00e9l.<br \/>\nHered\u00e9 de su edad, de su relaci\u00f3n, y de su profesi\u00f3n un sentido muy r\u00edgido de las cosas, y una total perplejidad ante las relaciones de los humanos, pero no solo los sufr\u00ed, jaja, son buenos padres. Me llevaban al<strong> Instituto de Geolog\u00eda de la UNAM<\/strong> a conocer <strong>paleont\u00f3logos<\/strong> en su desesperaci\u00f3n por darle cauce a mi pasi\u00f3n infantil por los <strong>dinosaurios<\/strong>.<br \/>\nA pesar de que la brecha que nos separa nos hizo extra\u00f1os e incomprensibles siempre he hablado mucho con ellos. De eso y de otras cosas me siento afortunado.<br \/>\n<strong>3. \u00bfQui\u00e9n tuvo o tiene la voz m\u00e1s importante de tu vida?<\/strong><br \/>\nMuy<strong> freudianamente<\/strong>, podr\u00eda decir que primero mi madre, y ahora mi novia, jajaja.<br \/>\n<br \/>\n<strong>4. Considerando que no elegimos d\u00f3nde nacer, \u00bfd\u00f3nde s\u00ed elegiste nacer?<\/strong><br \/>\nH\u00edjole. Cada vez me cuesta m\u00e1s trabajo pensar que tomamos decisiones realmente.\u00a0Podr\u00eda decir que he elegido alejarme de la <strong>locura cristiana<\/strong> en la que nac\u00ed, pero eso es lo que me digo. Al final todo sigue casi igual, jaja. Y qui\u00e9n sabe si eso es una decisi\u00f3n, o m\u00e1s bien por ah\u00ed se fue encaminando la vida.<br \/>\n<strong>5. Para ti \u00bfqui\u00e9nes son ellos y qui\u00e9nes nosotros?<\/strong><br \/>\nEllos son los que elegimos ver como ajenos. Es arbitrario, siempre somos nosotros. El ellos es una <strong>proyecci\u00f3n<\/strong> de lo que no queremos reconocer. Es en todo caso una necesidad que nos hace sentir mejor.<br \/>\n<strong>6. \u00bfQu\u00e9 verbo define lo que haces y por qu\u00e9?<\/strong><br \/>\nQuiz\u00e1s <strong>buscar<\/strong>. Al menos mi trabajo, cuando lo puedo hacer bien, es siempre una b\u00fasqueda; de uno mismo, de un medio de expresi\u00f3n, de una forma de comprensi\u00f3n.<br \/>\n<strong>7. \u00bfCu\u00e1l es tu materia prima?<\/strong><br \/>\nLa <strong>incertidumbre<\/strong>, el conflicto, la muerte. Los temas de todo el mundo pues.<br \/>\n<iframe loading=\"lazy\" src=\"https:\/\/player.vimeo.com\/video\/47463755\" width=\"640\" height=\"360\" frameborder=\"0\" allowfullscreen=\"allowfullscreen\"><\/iframe><br \/>\n<strong>8. Completa la frase<\/strong><br \/>\n<em><strong>Y cuando muera\u2026 ah\u00ed junto a mi cruz tan s\u00f3lo quiero<\/strong><\/em>\u2026 algo vivo, delicado y vivo.<br \/>\n<em><strong>Y si vivo cien a\u00f1os<\/strong><\/em>\u2026 ojal\u00e1 me sirva el cuerpo todav\u00eda.<br \/>\n<em><strong>All we are saying<\/strong><\/em>\u2026 nos lo deber\u00edamos guardar, muchas veces.<br \/>\n<em><strong>El d\u00eda que me quieras<\/strong><\/em>\u2026 voy a fumar m\u00e1s.<br \/>\n<em><strong>Si nos dejan<\/strong><\/em>\u2026 en una de esas nos aburrimos.<br \/>\n<em><strong>Si yo fuera mujer<\/strong><\/em>\u2026 me la pasar\u00eda mejor, igual.<br \/>\n<strong>9. \u00bfLa ilustraci\u00f3n es un tipo de traducci\u00f3n?<\/strong><br \/>\nDir\u00eda que s\u00ed, y que no. O que s\u00ed, si la <strong>traducci\u00f3n<\/strong> se entiende como creaci\u00f3n y di\u00e1logo.<br \/>\n<strong>10. \u00bfEn qu\u00e9 t\u00e9cnica ves tu autorretrato?<\/strong><br \/>\nMuy al estilo de <strong>Munch<\/strong>, yo creo.<br \/>\n<a class=\"no-eff img-link lightbox\" href=\"http:\/\/nofm-radio.com\/wp-content\/uploads\/2016\/05\/palomino2.jpg\"><img loading=\"lazy\" decoding=\"async\" class=\"alignnone size-full wp-image-17532\" src=\"http:\/\/nofm-radio.com\/wp-content\/uploads\/2016\/05\/palomino2.jpg\" alt=\"palomino2\" width=\"617\" height=\"347\" \/><\/a><\/p>\n","protected":false},"template":"","meta":{"_id_youtube":"","_id_vimeo":"","_podcasts_duration":"","_podcasts_url":"","_podcasts_show":"","_prog_horario_dias":"","_prog_hora":"","_prog_duration":""},"class_list":["post-17522","archivo","type-archivo","status-publish","hentry"],"_links":{"self":[{"href":"https:\/\/nofm-radio.com\/index.php?rest_route=\/wp\/v2\/archivo\/17522","targetHints":{"allow":["GET"]}}],"collection":[{"href":"https:\/\/nofm-radio.com\/index.php?rest_route=\/wp\/v2\/archivo"}],"about":[{"href":"https:\/\/nofm-radio.com\/index.php?rest_route=\/wp\/v2\/types\/archivo"}],"wp:attachment":[{"href":"https:\/\/nofm-radio.com\/index.php?rest_route=%2Fwp%2Fv2%2Fmedia&parent=17522"}],"curies":[{"name":"wp","href":"https:\/\/api.w.org\/{rel}","templated":true}]}}