{"id":17578,"date":"2016-05-11T18:13:18","date_gmt":"2016-05-11T23:13:18","guid":{"rendered":"http:\/\/nofm-radio.com\/?p=17578"},"modified":"2016-05-11T18:13:18","modified_gmt":"2016-05-11T23:13:18","slug":"a-4-anos-que-es-yosoy132-para-ti","status":"publish","type":"archivo","link":"https:\/\/nofm-radio.com\/?archivo=a-4-anos-que-es-yosoy132-para-ti","title":{"rendered":"A 4 a\u00f1os, \u00bfqu\u00e9 es #YoSoy132 para ti?"},"content":{"rendered":"<p>A cuatro a\u00f1os del nacimiento del <strong>#YoSoy132<\/strong> se hace necesaria una revisi\u00f3n. Con la distancia cr\u00edtica que s\u00f3lo da el tiempo, quisimos preguntarles a varias personas que estuvieron involucradas, de distintas formas, en el que es, hasta ahora, el \u00faltimo movimiento estudiantil nacional. La idea de esta revisi\u00f3n no es hacer una valoraci\u00f3n pol\u00edtica o social, sino partir de la pregunta \u201cA cuatro a\u00f1os, \u00bfqu\u00e9 es #<strong>YoSoy132<\/strong> para ti?\u201d retomar experiencias personales, que nos permiten vislumbrar qu\u00e9 fue, qu\u00e9 dej\u00f3 y qu\u00e9 persiste de ese movimiento inclusivo, y, por lo mismo, muy divergente.<br \/>\nAgradecemos profundamente a los participantes, y si alguien quiere agregar algo m\u00e1s en <strong>NoFM<\/strong> las puertas est\u00e1n abiertas.<br \/>\n<a class=\"no-eff img-link lightbox\" href=\"http:\/\/nofm-radio.com\/wp-content\/uploads\/2016\/05\/132.jpg\"><img loading=\"lazy\" decoding=\"async\" class=\"size-full wp-image-17582 aligncenter\" src=\"http:\/\/nofm-radio.com\/wp-content\/uploads\/2016\/05\/132.jpg\" alt=\"132\" width=\"600\" height=\"400\" \/><\/a><br \/>\n<strong>Karla Amozurrutia<\/strong><br \/>\nPara mi el <strong>#YoSoy132<\/strong> marc\u00f3 un momento de rechazo generalizado a todas las formas partidistas de la pol\u00edtica, una expresi\u00f3n juvenil de oposici\u00f3n al partidismo corrupto y falto de ox\u00edgeno; aquella manifestaci\u00f3n en contra de los poderes f\u00e1cticos que nadie hab\u00eda puesto en el escenario de la cr\u00edtica p\u00fablica innov\u00f3 con una consigna potente: <strong>La Democratizaci\u00f3n de los Medios<\/strong>, mejor y m\u00e1s informaci\u00f3n para todxs. Una nueva forma de organizaci\u00f3n horizontal que pretend\u00eda una red nacional con miras a desencadenar procesos, que por desgracia no pudo concluirse. La convivencia y discusiones entre escuelas p\u00fablicas y privadas fue ic\u00f3nico para los que ten\u00edamos procesos movilizadores anteriores en la <strong>UNAM<\/strong> y que nunca hubi\u00e9ramos pensado en algo como aquello, fue una experiencia esperanzadora: a todxs nos chingan igual.<br \/>\nEn fin, el <strong>132<\/strong> intervino en las formas de la pol\u00edtica de izquierda social y confront\u00f3 al sistema partidista con formas l\u00fadicas y creativas, por ejemplo el uso de las redes sociales. Como veterana en el activismo puedo decir que dej\u00f3 en m\u00ed un aprendizaje de c\u00f3mo los j\u00f3venes perciben la pol\u00edtica, las exigencias y las demandas a trav\u00e9s de sus medios, de sus mecanismos, de sus instrumentos; falt\u00f3 la estructura organizativa, la regulaci\u00f3n de las propuestas y la continuidad de la protesta; pero eso es el tal\u00f3n de Aquiles de todos los movimientos de izquierda social -exceptuando al <strong>EZLN<\/strong>&#8211; as\u00ed que la memoria hist\u00f3rica es importante para reivindicar y generar nuevas formas, as\u00ed surgi\u00f3 el <strong>132<\/strong>, a veces no se necesita de pensarle mucho, a veces la espontaneidad trae mejores resultados&#8230;<br \/>\n<a class=\"no-eff img-link lightbox\" href=\"http:\/\/nofm-radio.com\/wp-content\/uploads\/2016\/05\/Soy132-1.jpg\"><img loading=\"lazy\" decoding=\"async\" class=\"size-full wp-image-17585 aligncenter\" src=\"http:\/\/nofm-radio.com\/wp-content\/uploads\/2016\/05\/Soy132-1.jpg\" alt=\"Soy132 1\" width=\"650\" height=\"488\" \/><\/a><br \/>\n<strong>Er\u00e9ndira Derbez<\/strong><br \/>\nEl <strong>11 de mayo del 2012<\/strong> estaba a punto de entrar a una clase del otro lado del Atl\u00e1ntico. En mi celular vi en <strong>twitter<\/strong> que algo estaba pasando en la <strong>Ibero<\/strong>, mi futura escuela. Mi mam\u00e1 me mand\u00f3 mensajes cont\u00e1ndome con emoci\u00f3n sobre lo que escuchaba en la radio, primero en el noticiero de <strong>Aristegui<\/strong> -pensar ahora en su ausencia&#8230;- y luego en <strong>Ibero 909<\/strong>.<br \/>\nSal\u00ed de noche y llegu\u00e9 a casa en bici. Desde la computadora vi fotos y videos de lo que hab\u00eda sucedido horas antes en la universidad. Me llen\u00e9 de orgullo, de emoci\u00f3n, un par de l\u00e1grimas cayeron y comenc\u00e9 a escuchar -y eso que casi no me gusta <strong>Dylan<\/strong>&#8211; <strong>The Times They Are A Changin\u2019<\/strong>.<br \/>\n&#8220;La <strong>Ibero<\/strong> no te quiere,\u201d fue la consigna que corri\u00f3 a <strong>Pe\u00f1a<\/strong>, fue un grito indignado, de memoria -el recuerdo de <strong>Atenco<\/strong> y los <strong>feminicidios en Edomex<\/strong> recorr\u00edan los pasillos de la universidad-. Ese d\u00eda no fue un &#8220;\u00e9xito de Pe\u00f1a pese al intento orquestado de boicot\u201d; el tel\u00f3n del teatro se fue cayendo porque m\u00e1s de <strong>131 estudiantes<\/strong> denunciaron la mentira, hicieron de <strong>youtube<\/strong> su trinchera.<br \/>\nPara mi el 132 fue una gran ilusi\u00f3n, nos agarr\u00f3 muy verdes\u2026 ingenuas, inocentes, ignorantes. \u00bfAlg\u00fan arrepentimiento? Ninguno. Fue un momento clave donde el descontento nos uni\u00f3 en las calles, nos hizo darnos cuenta que lo que nos hab\u00edan dicho que \u00e9ramos, \u201cnosotros los j\u00f3venes,\u201d no era cierto. Tampoco lo eran esas diferencias, tan normalizadas, entre \u201clos fresas\u201d y los que \u201cno lo son&#8221;. Hab\u00eda algo m\u00e1s profundo, una complicidad que sigue latente. Est\u00e1 ah\u00ed pese a que el pesimismo -supuestamente- \u201cracional\u201d, \u201dintelectual&#8221;, o \u201cmilitante&#8221;, nos lo niegue. Pero no podemos no concedernos el recordar con orgullo ese momento de alegr\u00eda, en el que se derribaron estatuas.<br \/>\n<a class=\"no-eff img-link lightbox\" href=\"http:\/\/nofm-radio.com\/wp-content\/uploads\/2016\/05\/Soy132-2.jpg\"><img loading=\"lazy\" decoding=\"async\" class=\"size-full wp-image-17586 aligncenter\" src=\"http:\/\/nofm-radio.com\/wp-content\/uploads\/2016\/05\/Soy132-2.jpg\" alt=\"Soy132 2\" width=\"592\" height=\"448\" \/><\/a><br \/>\n<strong>J. Aldabi Olvera<\/strong><br \/>\nA cuatro a\u00f1os <strong>#Yosoy132<\/strong> fue la escuela involuntaria para quienes enfrentar\u00edamos una guerra que ya exist\u00eda pero que cobrar\u00eda dimensiones catastr\u00f3ficas con el regreso del <strong>autoritarismo pri\u00edsta<\/strong>. Fue tambi\u00e9n un lugar de aprendizaje, un espacio para cometer errores (muchos), pero tambi\u00e9n el lugar en el que nos encontramos con quienes quieren hacer de \u00e9ste un pa\u00eds dinstinto. No hay espacio, marcha, discusi\u00f3n, propuesta, donde no vea la inspiraci\u00f3n de <strong>#Yosoy132<\/strong>.<br \/>\n<a class=\"no-eff img-link lightbox\" href=\"http:\/\/nofm-radio.com\/wp-content\/uploads\/2016\/05\/Soy132-3.jpg\"><img loading=\"lazy\" decoding=\"async\" class=\"size-full wp-image-17587 aligncenter\" src=\"http:\/\/nofm-radio.com\/wp-content\/uploads\/2016\/05\/Soy132-3.jpg\" alt=\"Soy132 3\" width=\"624\" height=\"351\" \/><\/a><br \/>\n<strong>Diego Vidal-Cruzprieto<\/strong><br \/>\nFue un vistazo a lo que pudimos haber sido, pero nos lo impidi\u00f3 nuestra soberbia. Derrumbamos nuestro miedo, salimos a las calles y nos recordamos que funcionar como un pa\u00eds va mucho m\u00e1s all\u00e1 de un estado.<br \/>\nEsto nos inspir\u00f3 euforia, eventualmente se transform\u00f3 en confianza y termin\u00f3 en soberbia; no vimos al enemigo que ten\u00edamos enfrente, nos decantamos m\u00e1s por abstracciones po\u00e9ticas que por acciones concretas.<br \/>\nSin embargo, <strong>#YoSoy132<\/strong> sigue siendo porque permance en nosotros, basta ver c\u00f3mo se reanim\u00f3 con <strong>Ayotzinapa<\/strong>. Nos muestra algo muy valioso, algo que muchas personas han tratado de ocultarnos dado que les da miedo: nos muestra que tenemos mucho potencial.<br \/>\nAhora s\u00f3lo resta forjar la estructura.<br \/>\n<a class=\"no-eff img-link lightbox\" href=\"http:\/\/nofm-radio.com\/wp-content\/uploads\/2016\/05\/soy132-4.jpg\"><img loading=\"lazy\" decoding=\"async\" class=\"size-full wp-image-17588 aligncenter\" src=\"http:\/\/nofm-radio.com\/wp-content\/uploads\/2016\/05\/soy132-4.jpg\" alt=\"soy132 4\" width=\"500\" height=\"333\" \/><\/a><br \/>\n<strong>Eduardo Velasco<\/strong><br \/>\nEl <strong>132<\/strong> no es, porque al definirlo as\u00ed lo matas, lo encierras en una idea totalizante y lo m\u00e1s lindo de esa idea son las m\u00faltiples derivaciones, las formas de experimentarlo, las preguntas y platicas que desata.<br \/>\nMejor pens\u00e9moslo en t\u00e9rminos abiertos que sea puedan compartir.<br \/>\nPor ejemplo, <strong>132<\/strong> somos quienes construimos los espacios que nos permitir\u00e1n ser libres y felices.<br \/>\nQuienes sentimos esos momentos como un compromiso a transformar cualquiera que sea nuestro entorno a otro mejor, menos injusto.<br \/>\nSomos la experiencia de quienes con mirada inocente vemos la esperanza trozada mil veces por las mentiras y tragedias. Y juntes nos curamos, nos damos fuerzas para seguir creyendo.<br \/>\nLas implicaciones se traducen en trabajo, m\u00e1s interno que externo. Nos cuestionamos hasta que punto reproducimos aquello en lo que estamos en contra y a partir de ah\u00ed decidimos si estamos dispuestos a cambiar.<br \/>\nPodr\u00e1n parecer peque\u00f1as transformaciones pero con el tiempo y colectivamente son algo enorme.<br \/>\nAhora viajamos con otros ojos y nunca solos, redescubriendo nuestro hogar.<br \/>\nSomos mientras no nos perdamos en los laberintos del recuerdo y la nostalgia, seguiremos siendo mientras haya memoria del poder que tenemos, fuera de los partidos pol\u00edticos y el gobierno, para incidir en las discusiones m\u00e1s importantes del pa\u00eds.<br \/>\nEs importante entenderlo como inicio, s\u00f3lo una parte de un proceso m\u00e1s grande y extenso conectado con el mundo del cual no sabemos los resultados que traer\u00e1.<br \/>\nHoy es estar listxs para lo que viene\u2026<br \/>\n<a class=\"no-eff img-link lightbox\" href=\"http:\/\/nofm-radio.com\/wp-content\/uploads\/2016\/05\/Soy132-5.jpg\"><img loading=\"lazy\" decoding=\"async\" class=\"size-full wp-image-17589 aligncenter\" src=\"http:\/\/nofm-radio.com\/wp-content\/uploads\/2016\/05\/Soy132-5.jpg\" alt=\"Soy132 5\" width=\"640\" height=\"464\" \/><\/a><br \/>\n<strong>Alfredo Lecona<\/strong><br \/>\n<strong>#YoSoy132<\/strong> es un c\u00f3digo que convoc\u00f3 a la solidaridad frente a la desacreditaci\u00f3n y el ataque a la protesta. En \u00e9l est\u00e1n inscritos una serie de principios y aspiraciones de una generaci\u00f3n que resiste el autoritarismo del Estado.<br \/>\n<strong>#YoSoy132<\/strong> es tambi\u00e9n la invitaci\u00f3n permanente a dialogar a pesar de nuestras diferencias para construir desde donde otros est\u00e1n destruyendo.<br \/>\n<a class=\"no-eff img-link lightbox\" href=\"http:\/\/nofm-radio.com\/wp-content\/uploads\/2016\/05\/Soy132-6.jpg\"><img loading=\"lazy\" decoding=\"async\" class=\"size-full wp-image-17590 aligncenter\" src=\"http:\/\/nofm-radio.com\/wp-content\/uploads\/2016\/05\/Soy132-6.jpg\" alt=\"Soy132 6\" width=\"800\" height=\"450\" \/><\/a><br \/>\n<strong>Dante A. Saucedo<\/strong><br \/>\nA cuatro a\u00f1os de distancia, el movimiento <strong>#YoSoy132<\/strong> permanece como un momento clave de nuestra <strong>democracia<\/strong>: ese longevo mecanismo de neutralizaci\u00f3n y de organizaci\u00f3n de la impotencia. Sus resultados tangibles son pocos: un par de reformas legislativas diluidas, puestos en las oficinas de asesor\u00eda pol\u00edtica de la <strong>c\u00e1mara de Senadores<\/strong>, un programa de televisi\u00f3n en horario estelar, domingo por la noche. Es ah\u00ed donde es posible observar el perfecto funcionamiento del aparato democr\u00e1tico: neutralizar para incorporar, incorporar para gobernar.<br \/>\nA\u00fan hoy, es com\u00fan escuchar que a partir de <strong>2012<\/strong>, una generaci\u00f3n de j\u00f3venes despertaron y, por fin, se politizaron. Quiz\u00e1 esto sea verdad, si el sue\u00f1o dogm\u00e1tico era el de la <strong>democracia liberal<\/strong> y sus instituciones; si politizarse significa, simplemente, aprender a organizarse, a escuchar y colaborar sin atender a la <strong>agenda del Estado<\/strong>.<br \/>\nEs verdad: a partir del 2012, m\u00e1s de unx descubri\u00f3 que no hay nada de pol\u00edtico en el gobierno democr\u00e1tico. Que, para cambiar la forma en que nos relacionamos con nosotros mismos, con los otros y con nuestros espacios, hace falta bajar la mirada para encontrarse con todxs aquellos que, desde mucho antes de <strong>2012<\/strong>, saben que el <strong>Estado democr\u00e1tico<\/strong> \u2014sus instituciones y los partidos que las disputan\u2014 no dejar\u00e1 nunca de gobernar, de hostigar, despojar y asesinar. Y que, quiz\u00e1, politizarse no signifique nada m\u00e1s que organizarse para sobrevivir a la democracia.<br \/>\n<a class=\"no-eff img-link lightbox\" href=\"http:\/\/nofm-radio.com\/wp-content\/uploads\/2016\/05\/Soy132-7.jpg\"><img loading=\"lazy\" decoding=\"async\" class=\"size-full wp-image-17591 aligncenter\" src=\"http:\/\/nofm-radio.com\/wp-content\/uploads\/2016\/05\/Soy132-7.jpg\" alt=\"Soy132 7\" width=\"745\" height=\"423\" \/><\/a><br \/>\n<strong>Fernando Rugard<\/strong><br \/>\nPara mi <strong>#YoSoy132<\/strong> es y fue un estallido de indignaci\u00f3n, rabia, alegr\u00eda y esperanza al mismo tiempo, el cual estuvo oculto por muchos a\u00f1os entre la juventud y en general en la sociedad mexicana. Fue la oportunidad de hacer visible lo invisible, de indignarse ante la indiferencia, de decir basta a las injusticias que se cometen a diario en <strong>M\u00e9xico<\/strong>. Todo desde nuevas trincheras que no se supeditaban a las anquilosadas estructuras partidistas, sino a la misma gente que se expres\u00f3 en las redes sociales e inund\u00f3 las calles.<br \/>\nSi bien <strong>EPN<\/strong> represent\u00f3 todo aquello que quer\u00edamos evitar, sin duda <strong>#YoSoy132<\/strong> fue la demostraci\u00f3n de que muchas cosas han cambiado y la sociedad misma ser\u00e1, no s\u00f3lo testigo, sino part\u00edcipe de la transformaci\u00f3n de este pa\u00eds.<br \/>\nLo cierto es que la historia no se puede interpretar de manera lineal, por lo que su relevancia y legado se ver\u00e1n con el transcurrir de los a\u00f1os&#8230;<br \/>\n<a class=\"no-eff img-link lightbox\" href=\"http:\/\/nofm-radio.com\/wp-content\/uploads\/2016\/05\/Soy132-8.jpg\"><img loading=\"lazy\" decoding=\"async\" class=\"size-full wp-image-17592 aligncenter\" src=\"http:\/\/nofm-radio.com\/wp-content\/uploads\/2016\/05\/Soy132-8.jpg\" alt=\"Soy132 8\" width=\"624\" height=\"351\" \/><\/a><br \/>\n<strong>Alejandra O. Medrano<\/strong><br \/>\nEs muchas amigas y amigos. Es muchos lazos. Es saber que no estoy sola. Es saber que la resistencia tambi\u00e9n viene en forma de amistad.<br \/>\n<a class=\"no-eff img-link lightbox\" href=\"http:\/\/nofm-radio.com\/wp-content\/uploads\/2016\/05\/Soy132-9.jpg\"><img loading=\"lazy\" decoding=\"async\" class=\"size-full wp-image-17593 aligncenter\" src=\"http:\/\/nofm-radio.com\/wp-content\/uploads\/2016\/05\/Soy132-9.jpg\" alt=\"Soy132 9\" width=\"200\" height=\"306\" \/><\/a><br \/>\n<strong>Diego Mej\u00eda<\/strong><br \/>\nDesde mi punto de vista, el movimiento <strong>#YoSoy132<\/strong> tuvo un problema de origen: reducir al n\u00famero porque las palabras son insuficientes. Es decir, la cifra como aglutinante en un pa\u00eds en el cada vez m\u00e1s se pierden los sustantivos.<br \/>\nSi bien, el movimiento represent\u00f3 una vigorosa politizaci\u00f3n de una generaci\u00f3n a la que tildaron de tibia, ego\u00edsta y ensimismada, es cierto que su limitaci\u00f3n fue pensar un movimiento preponderantemente universitario en un pa\u00eds en el que 8 de cada 10 j\u00f3venes en edad de estudiar la universidad no lo hace. Adem\u00e1s de focalizar su agenda contra un candidato y la &#8220;democratizaci\u00f3n&#8221; de los medios (sigo sin saber qu\u00e9 significa eso), en lugar de ser m\u00e1s ingenuos, m\u00e1s radicales, fueron ajenas las ideas de reformulaci\u00f3n del <strong>Pacto<\/strong> o la refundaci\u00f3n de la <strong>Rep\u00fablica<\/strong> (s\u00ed, as\u00ed de absurdo, as\u00ed de profundo). Quiz\u00e1, y visto con al tiempo, hab\u00eda m\u00e1s an\u00e1lisis y buenas maneras. Pero, pese a todo, fue un revulsivo nacional&#8230; lo lamentable es que reprodujo el sino del mexicano: <strong>el ya merito<\/strong>.<br \/>\n<a class=\"no-eff img-link lightbox\" href=\"http:\/\/nofm-radio.com\/wp-content\/uploads\/2016\/05\/Soy132-16.jpg\"><img loading=\"lazy\" decoding=\"async\" class=\"size-full wp-image-17600 aligncenter\" src=\"http:\/\/nofm-radio.com\/wp-content\/uploads\/2016\/05\/Soy132-16.jpg\" alt=\"Soy132 16\" width=\"500\" height=\"333\" \/><\/a><br \/>\n<strong>Carlos Brito<\/strong><br \/>\nEl periodo de movilizaci\u00f3n signific\u00f3 para muchxs de quienes participamos en \u00e9l un momento de aprendizaje, de formaci\u00f3n, de crecimiento y de adquisici\u00f3n de habilidades comunicativas, pol\u00edticas, organizativas, de articulaci\u00f3n; de entender lo que es la resistencia, la diversidad de las luchas y el valor de mantener los principios. Se trat\u00f3 de un punto nodal en la vida de muchos j\u00f3venes, cuyas circunstancias les obligaron a aprender a escuchar, a debatir, a tolerar la cr\u00edtica, a construirla; a entender que la lucha se da donde hace falta, no donde es f\u00e1cil; a vivir no s\u00f3lo bajo las condiciones de identidad de fuero individual sino tambi\u00e9n con la complejidad de la identidad colectiva.<br \/>\nAl contrario de lo que muchos quisieran, esta generaci\u00f3n no se fue a su casa cuando \u201cfallaron en su objetivo de que <strong>EPN<\/strong> no ganara la elecci\u00f3n\u201d. Quienes pensaron que esa era la meta central, en efecto, fracasaron. Quienes se dieron a horizontes de lucha, sabiendo que la coyuntura electoral era importante pero no fatal, han seguido distintos caminos m\u00e1s all\u00e1, sobre todo cuando las denuncias que se hicieron desde <strong>2012<\/strong> s\u00f3lo se han ido confirmando.<br \/>\nYa no se tiene la etiqueta <strong>#YoSoy132<\/strong>, y quiz\u00e1 por eso no es f\u00e1cil observarlo si se tiene pereza, pero much\u00edsimas personas que participaron en <strong>2012<\/strong> hoy siguen generando iniciativas de cambio: por los <strong>derechos humanos<\/strong>, por el <strong>transporte p\u00fablico<\/strong>, por la <strong>salud p\u00fablica<\/strong>, por los d<strong>erechos sexuales y reproductivos<\/strong>, por los <strong>derechos pol\u00edticos<\/strong>, por los <strong>derechos de los trabajadores<\/strong>, por la <strong>privacidad<\/strong>, por la <strong>libertad de expresi\u00f3n<\/strong>, por los <strong>derechos de migrantes<\/strong>, por la <strong>paz y la desmilitarizaci\u00f3n<\/strong>; en proyectos de <strong>memoria hist\u00f3rica<\/strong>, en temas de <strong>educaci\u00f3n<\/strong>, de agua, <strong>medioambientales<\/strong>; trabajando con v\u00edctimas, creando medios de comunicaci\u00f3n alternativos, abriendo espacios de debate, participando pol\u00edticamente dentro o fuera de las instituciones, generando alternativas de organizaci\u00f3n y proyectando para s\u00ed victorias a corto, mediano y largo plazo, a pesar de las derrotas coyunturales. Hay en todas esas personas hay un profundo sentido de responsabilidad.<br \/>\n<a class=\"no-eff img-link lightbox\" href=\"http:\/\/nofm-radio.com\/wp-content\/uploads\/2016\/05\/Soy132-14.jpg\"><img loading=\"lazy\" decoding=\"async\" class=\"size-full wp-image-17598 aligncenter\" src=\"http:\/\/nofm-radio.com\/wp-content\/uploads\/2016\/05\/Soy132-14.jpg\" alt=\"Soy132 14\" width=\"745\" height=\"496\" \/><\/a><br \/>\n<strong>Omar SG<\/strong><br \/>\nEl <strong>132<\/strong> es Vida, Hermandad, Solidaridad, Amor, Valent\u00eda, son momentos de <strong>Dignidad Humana<\/strong> Emotic\u00f3n smile Emotic\u00f3n smile Emotic\u00f3n smile.<br \/>\n<a class=\"no-eff img-link lightbox\" href=\"http:\/\/nofm-radio.com\/wp-content\/uploads\/2016\/05\/Soy132-18.jpg\"><img loading=\"lazy\" decoding=\"async\" class=\"size-full wp-image-17603 aligncenter\" src=\"http:\/\/nofm-radio.com\/wp-content\/uploads\/2016\/05\/Soy132-18.jpg\" alt=\"Soy132 18\" width=\"800\" height=\"470\" \/><\/a><br \/>\n<strong>Ana Bunker<\/strong><br \/>\nA 4 a\u00f1os del movimiento <strong>#YoSoy132<\/strong> representa el poder de convocatoria para todos los sectores de la sociedad a nivel nacional e internacional. Los acuerdos fundamentales logrados en las asambleas. La uni\u00f3n y la fuerza, todxs unidxs por las mismas exigencias haciendo eco en un s\u00f3lo grito que todav\u00eda retumba en mis o\u00eddos: <strong>#FueraPe\u00f1a<\/strong>!<br \/>\n<a class=\"no-eff img-link lightbox\" href=\"http:\/\/nofm-radio.com\/wp-content\/uploads\/2016\/05\/Soy132-13.jpg\"><img loading=\"lazy\" decoding=\"async\" class=\"size-full wp-image-17597 aligncenter\" src=\"http:\/\/nofm-radio.com\/wp-content\/uploads\/2016\/05\/Soy132-13.jpg\" alt=\"Soy132 13\" width=\"480\" height=\"360\" \/><\/a><br \/>\n<strong>Armando P. Ishikawa<\/strong><br \/>\nPara m\u00ed fue un punto de inflexi\u00f3n. Identifico al <strong>132<\/strong> como un momento en el que muchos j\u00f3venes enfrentamos la pregunta de cu\u00e1l es nuestro papel en la sociedad, y en el caso de muchos la respuesta fue la participaci\u00f3n de lo p\u00fablico y el compromiso con nuestra comunidad. En ese sentido fue tambi\u00e9n un momento y espacio donde construimos una identidad &#8220;<strong>yo soy<\/strong>&#8220;.<br \/>\nSoy el 132 estudiante que tambi\u00e9n se indigna por Atenco. El 132 que tambi\u00e9n denuncia la participaci\u00f3n ama\u00f1ada de los medios de comunicaci\u00f3n en la selecciones. El 132 que tambi\u00e9n encuentra valor en lo que el otro, el que es distinto a m\u00ed tiene que decir.<br \/>\n<a class=\"no-eff img-link lightbox\" href=\"http:\/\/nofm-radio.com\/wp-content\/uploads\/2016\/05\/Soy132-17.jpg\"><img loading=\"lazy\" decoding=\"async\" class=\"size-full wp-image-17601 aligncenter\" src=\"http:\/\/nofm-radio.com\/wp-content\/uploads\/2016\/05\/Soy132-17.jpg\" alt=\"Soy132 17\" width=\"500\" height=\"333\" \/><\/a><br \/>\n<strong>Sandino Bucio<\/strong><br \/>\nHa pasado ya mucho pero sigo viendo ese n\u00famero en todos lados; en la hora de los relojes, en los tickets, en los n\u00fameros de la calle, en el kilometraje de las carreteras, en las placas, en los libros, en los c\u00f3digos de barras etc. Cuando lo veo por un instante me remite a una serie de im\u00e1genes de aquella <strong>primavera del 2012<\/strong>, de las primeras asambleas, marchas, conciertos, m\u00edtines, brigadeos y discusiones con compa\u00f1eros.<br \/>\nCreo que ese n\u00famero marc\u00f3 a una generaci\u00f3n, es una frecuencia, un c\u00f3digo de enlace, pues si algo dej\u00f3 ese movimiento es una gran cantidad de grupos, p\u00e1ginas y medios de comunicaci\u00f3n que siguen funcionando hoy en d\u00eda en todo el pa\u00eds y siguen siendo espacios de difusi\u00f3n, reflexi\u00f3n y de organizaci\u00f3n entre los j\u00f3venes.<br \/>\nTres d\u00edgitos que ya tienen su lugar en la historia de <strong>M\u00e9xico<\/strong>, en los recuerdos de muchos de nosotros y que a\u00fan funcionan como veh\u00edculo para conectar ideas en el aire, el urdimbre num\u00e9rico donde se teji\u00f3 una gran red de resistencia y rebeld\u00eda.<br \/>\n<a class=\"no-eff img-link lightbox\" href=\"http:\/\/nofm-radio.com\/wp-content\/uploads\/2016\/05\/Soy132-20.jpg\"><img loading=\"lazy\" decoding=\"async\" class=\"size-full wp-image-17605 aligncenter\" src=\"http:\/\/nofm-radio.com\/wp-content\/uploads\/2016\/05\/Soy132-20.jpg\" alt=\"Soy132 20\" width=\"1024\" height=\"682\" \/><\/a><br \/>\n<strong>Andy Mountains<\/strong><br \/>\n<strong>#YoSoy132<\/strong> fue mi primer contacto real con la movilizaci\u00f3n pol\u00edtica en la <strong>ciudad de M\u00e9xico<\/strong>. Aprend\u00ed que si en la movilizaci\u00f3n no te gustan las consignas y las canciones, entonces hay que hacer nuevas canciones. Y las hicimos.<br \/>\n<iframe loading=\"lazy\" src=\"https:\/\/www.youtube.com\/embed\/EZfTMyXhgWw\" width=\"560\" height=\"315\" frameborder=\"0\" allowfullscreen=\"allowfullscreen\"><\/iframe><br \/>\nPara mi <strong>132<\/strong> fue una oportunidad que se nos dio a los hu\u00e9rfanos de lucha para construirnos un lugar en la ciudad. Inventarla otra vez.. Descubr\u00ed c\u00f3mo el terror y el miedo puede conectar polos opuestos de la lucha. Y como la revoluci\u00f3n, a veces, es quitarse la tanga.<br \/>\nMi participaci\u00f3n en las <strong>Asambleas de #YoSoy132<\/strong> con los <strong>m\u00fasicos independientes<\/strong> me oblig\u00f3 preguntarme qu\u00e9 es lo que iba a estar haciendo con mis d\u00edas para seguir sinti\u00e9ndome conectado con este esp\u00edritu de revoluci\u00f3n y fuerza creativa. Y pues, me pongo faldas, deshago mis bandas neoliberales, me desnudo con mis amigos, destierro al veneno de mi casa, hago m\u00e1quinas de canciones y nunca me deja de doler. Nunca me va a dejar de doler. Ese es el costo de la inocencia de <strong>#Yosoy132<\/strong>. Y justo donde radica su fuerza.<br \/>\n<iframe loading=\"lazy\" src=\"https:\/\/www.youtube.com\/embed\/Qf_8eaRAjMU\" width=\"560\" height=\"315\" frameborder=\"0\" allowfullscreen=\"allowfullscreen\"><\/iframe><br \/>\n<strong>Ivan Zepeda D\u00e1valos<\/strong><br \/>\nEl <strong>#Yosoy132<\/strong> representa, dependiendo del horizonte pol\u00edtico en el que cada quien se sit\u00fae, por un lado, el inicio de la posibilidad de la acci\u00f3n pol\u00edtica de masas para un sector <strong>clasemediero<\/strong> con tintes intelectualoides que sent\u00eda la necesidad de cuestionar su progresiva p\u00e9rdida de privilegios en un pa\u00eds donde ya no bastaba ser <em>g\u00fcerito<\/em> para conseguir chamba y tener voz dentro de la vida pol\u00edtica del pa\u00eds (construyendo una ret\u00f3rica de autoconsumo que supuestamente traer\u00eda <strong>renovaci\u00f3n<\/strong>, <strong>pluralidad<\/strong>, <strong>multiplicidad<\/strong> y <strong>creatividad<\/strong> dentro de la pr\u00e1ctica pol\u00edtica), mientras que para otro sector, previamente organizado y movilizado, el <strong>#Yosoy132<\/strong> sent\u00f3 las bases para una apertura medi\u00e1tica y sensibilizaci\u00f3n de la opini\u00f3n p\u00fablica que influy\u00f3 muy positivamente en el movimiento que posteriormente se consolidar\u00eda en torno a la desaparici\u00f3n de los <strong>normalistas de Ayotzinapa<\/strong>: vinculado org\u00e1nicamente a sectores populares organizados y situado dentro de una cr\u00edtica frontal a las diferencias de clase y a la violencia estatal.<br \/>\n<a class=\"no-eff img-link lightbox\" href=\"http:\/\/nofm-radio.com\/wp-content\/uploads\/2016\/05\/yosoy132-D.jpg\"><img loading=\"lazy\" decoding=\"async\" class=\"alignnone size-full wp-image-17620\" src=\"http:\/\/nofm-radio.com\/wp-content\/uploads\/2016\/05\/yosoy132-D.jpg\" alt=\"yosoy132 D\" width=\"650\" height=\"433\" \/><\/a><br \/>\n<strong>Leticia Floresmeyer<\/strong><br \/>\nEl <strong>#YoSoy132<\/strong> fue un despertar para m\u00ed. Pude estar en las asambleas y conocer a gente de diferentes universidades y movimientos. Todos anhel\u00e1bamos cambios en los sectores m\u00e1s profundos y a veces superficiales del pa\u00eds. Nos conocimos y entendimos que represent\u00e1bamos un poco de la enorme diversidad de <strong>M\u00e9xico<\/strong> y todos resent\u00edamos el gobierno corrupto, las mentiras de los medios y sobretodo el <strong>impedimento a la educaci\u00f3n<\/strong>.<br \/>\n<a class=\"no-eff img-link lightbox\" href=\"http:\/\/nofm-radio.com\/wp-content\/uploads\/2016\/05\/yosoy132-e.jpg\"><img loading=\"lazy\" decoding=\"async\" class=\"alignnone size-full wp-image-17621\" src=\"http:\/\/nofm-radio.com\/wp-content\/uploads\/2016\/05\/yosoy132-e.jpg\" alt=\"yosoy132 e\" width=\"1280\" height=\"853\" \/><\/a><br \/>\n<strong>Cuaut\u00e9moc Camilo<\/strong><br \/>\nEl contagio dur\u00f3 del <strong>11 de mayo al 1 de diciembre de 2012<\/strong>, teniendo como cl\u00edmax el <strong>debate presidencial<\/strong> del <strong>20 de junio<\/strong>. Desde entonces, los s\u00edntomas de euforia y empat\u00eda, as\u00ed como la promesa de uni\u00f3n para alzar la voz han retrocedido. Es probable que cuatro a\u00f1os despu\u00e9s del movimiento (el equivalente a la duraci\u00f3n de una licenciatura) ya no queden muchos estudiantes del <strong>#132<\/strong> matriculados en las universidades, o cuando menos, no en la <strong>Ibero<\/strong>. Cualquiera que sea caso, una generaci\u00f3n entera y m\u00e1s de medio periodo presidencial nos separan de la <strong>Epidemia #132<\/strong> que por poco contagia a todos los mexicanos.<br \/>\nY digo \u201cpor poco\u201d porque el <strong>#132<\/strong> no ten\u00eda consciencia de s\u00ed mismo. Y si la ten\u00eda, era tan fr\u00e1gil como la formaci\u00f3n pol\u00edtica de los universitarios y los pol\u00edticos, es decir, demasiado <strong>centralista<\/strong>, demasiado <strong>medi\u00e1tica<\/strong>, sin sustento te\u00f3rico o con mediaciones sumamente b\u00e1sicas, plagada de un culto directivo no abiertamente reconocido. No me refiero entonces al contagio de ese esquema de operaci\u00f3n sino al otro contagio, al na\u00eff, al visceral y rom\u00e1ntico que nos hizo so\u00f1ar con una revoluci\u00f3n por las buenas y quiz\u00e1s algo m\u00e1s&#8230;<br \/>\nEra mi \u00faltimo a\u00f1o de universidad, me titulaba en <strong>filosof\u00eda<\/strong> y trabajaba haciendo traducciones, correcciones y revisi\u00f3n de textos\u2026 sab\u00eda lo que se ven\u00eda y la idea de un gobierno al que no le importan las humanidades me inquietaba. Pese a ello recuerdo mi sorpresa cuando me enter\u00e9 de lo ocurrido en la <strong>Ibero<\/strong>. La verdad, me dio risa. El nerviosismo del poder frente a un grupo de estudiantes que, en la escala de revuelo, la protesta y el caos no ocupan los primeros lugares me inspir\u00f3 desconfianza. C\u00f3mo iba a gobernar \u2013si llegara a ganar\u2013 una persona a la que s\u00f3lo le interesa \u201c<em>si all\u00e1 afuera hay salidas para salir<\/em>\u201d. Hoy pienso que en ese gesto se resume la estrategia de <strong>gobierno pe\u00f1ista<\/strong>, con notable diferencia de poder y autoritarismo para golpear a quien obstruya las salidas.<br \/>\nCuento esto porque a pesar de ir a un par de asambleas y marchas, de ver el debate, de seguir la huella al movimiento en redes, no me considero un <strong>#132<\/strong>. Adem\u00e1s no tengo muy claro qu\u00e9 signifique serlo o no, o qui\u00e9n dice que se pertenece. Pero lo que s\u00ed entiendo y quiero compartir aqu\u00ed es lo que el movimiento mostr\u00f3 en su inercia.<br \/>\n1. <strong>#YoSoy132<\/strong> son las universidades. Las universidades m\u00e1s importantes con presencia nacional se unieron, pesaba m\u00e1s ser universitario que el escudo de la escuela, de manera que el contacto con las universidades estatales y algunas otras privadas estaba garantizado. La influencia pol\u00edtica de esto es desmesurada, como desmesurados son las ansias de poder y el apoyo de los estudiantes entre s\u00ed.<br \/>\n2. Simpat\u00eda social. Por extensi\u00f3n, un estudiante no es s\u00f3lo una persona de 18 a 25 a\u00f1os matriculada en una licenciatura, sino hijxs, hermanxs, amigxs, profesionistas con influencia en sus medios m\u00e1s \u00edntimos y en sus lugares de trabajo. <strong>#132<\/strong> no pod\u00eda darse la espalda a s\u00ed mismo sin rechazar a los n\u00facleos m\u00e1s cercanos de interacci\u00f3n. Era una cuesti\u00f3n de empat\u00eda y de apoyo relativamente generalizada y generacional. Si las instituciones equivalieran a piezas de ajedrez, la <strong>Universidad<\/strong> ser\u00eda la reina. Los movimientos cercanos a las universidades son poderosos porque son capaces de paralizar el pa\u00eds y frente a esto la p\u00e9rdida de los intereses privados es siempre mayor al capricho de tener al gobernante m\u00e1s propicio.<br \/>\n3. Protagonismo. Los estudiantes son adultos, pero est\u00e1n revestidos de un manto de juventud. Por ello son capaces de ponerse de acuerdo para tomar acciones sociales de amplio alcance sin ser acusados de <strong>agitadores<\/strong> experimentados. Por ello se les ve como l\u00edderes, una poblaci\u00f3n pol\u00edticamente activa a diferencia de aquella pol\u00edticamente pasiva con jefes, directivos, representantes y bienpensantes. <strong>#132<\/strong> no era una hidra y no sab\u00eda obligarse a organizar sus recursos sin prisa y sin cabezas espec\u00edficas. En nombre del consenso general se construyeron figuras p\u00fablicas que supieron aprovechar la coyuntura. Y no porque fuera la generalidad, sino porque de alg\u00fan modo se filtraba inconscientemente en las agendas. Ese es el pri\u00edsta que todo mexicano lleva dentro y del que quiz\u00e1s la figura medi\u00e1tica m\u00e1s oportunista haya sido <strong>Antonio Attolini<\/strong> que pas\u00f3 de organizador del movimiento a asesor de diputado y conductor de un programa de televisi\u00f3n de supuesto an\u00e1lisis pol\u00edtico.<br \/>\n4. Coyuntura. Eran tiempos electorales. Eran tiempos de indefinici\u00f3n partidista y ausencia del <strong>PRI<\/strong>. Era tiempo de ser escuchados y de alguna manera <strong>#132<\/strong> se escuch\u00f3. Hoy, por el contrario, la circunstancia social no deja con qu\u00e9 negociar que no sea en principio la propia vida.<br \/>\nSe ve entonces que <strong>#132<\/strong> era a la vez un impulso institucional y social, con potencia f\u00e1ctica capaz de negociaci\u00f3n e intervenci\u00f3n, en un punto hist\u00f3ricamente rar\u00edsimo en el <strong>M\u00e9xico moderno<\/strong>, con lo cual no es de extra\u00f1ar que se haya apagado justo en el instante en que el <strong>PRI<\/strong> toma el poder y la sociedad ya no est\u00e1 en condiciones de escatimar. La naturaleza estructural del movimiento no se identificaba con posiciones violentas y desde un principio se sab\u00eda que todo lo que podr\u00eda con el carisma y la palabra estar\u00eda acotado a las elecciones. Entonces se\u00f1alar tambi\u00e9n que fue un movimiento sumamente breve, de poco menos de dos meses (las elecciones fueron el <strong>1 de julio<\/strong>) y en una vor\u00e1gine de confusiones, de desbordamiento de poder que dif\u00edcilmente puede administrarse inici\u00e1ticamente.<br \/>\nUna \u00faltima palabra para que esta mirada a la distancia no culmine con un desencanto a la vez inevitable y evidente. En el curioso incidente de la <strong>Ibero<\/strong> se condensa la potencia del <strong>#132<\/strong>, hay que conservar en la memoria, y en video, la imagen del actual gobernante, vergonzosamente escondido en unos ba\u00f1os, aspirando los miasmas de un colegio cat\u00f3lico (\u00a1jesuita!) y adinerado, hay que retener su angustia y la de su equipo de seguridad cooptada por un pu\u00f1ado de estudiantes francamente moderados. El poder del <strong>#132<\/strong> proviene de poner contra la pared al poderoso, de hacerlo sentir un poco de la <strong>inseguridad<\/strong> que el pa\u00eds vive a diario. Impotente, desarmado, sin poder tocarlos, supo por 10 minutos lo que es la incapacidad de moverse. Asustado de s\u00ed y de su incompetencia, las im\u00e1genes son hoy m\u00e1s fuertes porque lo hicimos intocable.<br \/>\n<a class=\"no-eff img-link lightbox\" href=\"http:\/\/nofm-radio.com\/wp-content\/uploads\/2016\/05\/yosoy132-f.jpg\"><img loading=\"lazy\" decoding=\"async\" class=\"alignnone size-full wp-image-17624\" src=\"http:\/\/nofm-radio.com\/wp-content\/uploads\/2016\/05\/yosoy132-f.jpg\" alt=\"yosoy132 f\" width=\"960\" height=\"722\" \/><\/a><br \/>\n<strong>PincheDeste<\/strong><br \/>\nLa historia moderna, la que s\u00ed escribiremos nosotros, se divide en un antes y un despu\u00e9s del <strong>11 de mayo del 2012<\/strong>.<br \/>\nRecuerdo que en cuanto me enter\u00e9 de la inminente candidatura de <strong>EPN<\/strong> a la presidencia, dise\u00f1\u00e9, imprim\u00ed y comenc\u00e9 a repartir unas calcoman\u00edas de <strong>Pe\u00f1a Nieto<\/strong> besando a <strong>Salinas<\/strong>. En marzo del 2012 aprovechando que me hab\u00edan invitado al <strong>Vive Latino<\/strong> y la convocatoria del festival, imprim\u00ed una lona gigante con el dise\u00f1o de las calcoman\u00edas. Como pude me las ingeni\u00e9 para esconderla y burlar la seguridad para poder infiltrarla&#8230; \u00bfSaben?, no era nada f\u00e1cil protestar, y menos en contra del partido represor por excelencia y su amenaza de retomar el poder.<br \/>\n<a class=\"no-eff img-link lightbox\" href=\"http:\/\/nofm-radio.com\/wp-content\/uploads\/2016\/05\/yosoy132-i.png\"><img loading=\"lazy\" decoding=\"async\" class=\"alignnone size-full wp-image-17626\" src=\"http:\/\/nofm-radio.com\/wp-content\/uploads\/2016\/05\/yosoy132-i.png\" alt=\"yosoy132 i\" width=\"600\" height=\"615\" \/><\/a><br \/>\nEn fin, compartiendo el nerviosismo con un par de amigos y su ayuda, logr\u00e9 colgar la lona en lo alto de las gradas del <strong>Vive Latino<\/strong>. Lo importante era difundir el mensaje, y claro, celebrar la m\u00fasica y disfrutar la cerveza.<br \/>\nA lo que voy con todo esto es que despu\u00e9s del <strong>11 de mayo del 2012<\/strong> y el <strong>#YoSoy132<\/strong>, por medio de las redes y las marchas se fue sumando una tremenda cantidad de j\u00f3venes a la tarea de concientizar a la poblaci\u00f3n acerca del peligro que era el regreso del <strong>PRI<\/strong> con ayuda de <strong>Televisa<\/strong>. Despu\u00e9s de aquella visita de <strong>Pe\u00f1a<\/strong> a la <strong>Ibero<\/strong>, todo cambi\u00f3 radicalmente, d\u00e9cadas de indiferencia quedaron sepultadas, por fin los estudiantes reclamaron su derecho a gritar las cosas de frente, de frente a quien siempre se sinti\u00f3 intocable.<br \/>\nDigamos que ya no nos da miedo mandar a la verga p\u00fablicamente al presidente, o a cualquier funcionario p\u00fablico que lo merezca.<br \/>\n<a class=\"no-eff img-link lightbox\" href=\"http:\/\/nofm-radio.com\/wp-content\/uploads\/2016\/05\/yosoy132-h.jpg\"><img loading=\"lazy\" decoding=\"async\" class=\"alignnone size-full wp-image-17627\" src=\"http:\/\/nofm-radio.com\/wp-content\/uploads\/2016\/05\/yosoy132-h.jpg\" alt=\"yosoy132 h\" width=\"960\" height=\"640\" \/><\/a><br \/>\n<strong>Evangelina \u00c1vila Mu\u00f1oz<\/strong><br \/>\nFue para muchos, como lo fue para m\u00ed, un movimiento en donde reconocimos nuestra voz en otras voces. Para m\u00ed, como para muchos fue la primera vez en que nos comprometimos con un movimiento y que conocimos las <strong>asambleas<\/strong>. Y vaya que las asambleas eran especiales, sobre todo la de <strong>posgrado<\/strong>. Un bi\u00f3logo sentado a lado de un urbanista sentado a lado de un fil\u00f3sofo sentado a lado de un soci\u00f3logo y as\u00ed. Todos con un mismo objetivo y con diferentes caminos que a veces eran dif\u00edciles conciliar, pero se lograba. Eso me dej\u00f3 el <strong>#YoSoy132<\/strong>, el escuchar, entender y reconocerme en los otros a veces tan diferentes a m\u00ed. El movimiento gener\u00f3 que personas que en otras circunstancias no se hubieran encontrado e incluso entendido, salieran a la calle bajo un mismo grito. El <strong>#YoSoy132<\/strong> fue un gran hilar que teji\u00f3 una red que a\u00fan perdura y que surgir\u00e1 con otros nombres en una situaci\u00f3n donde bajo un mismo grito de protesta se encuentre un bi\u00f3logo a lado de un urbanista a lado de un soci\u00f3logo&#8230;.<br \/>\n<a class=\"no-eff img-link lightbox\" href=\"http:\/\/nofm-radio.com\/wp-content\/uploads\/2016\/05\/yosoy132-k.jpg\"><img loading=\"lazy\" decoding=\"async\" class=\"alignnone size-full wp-image-17630\" src=\"http:\/\/nofm-radio.com\/wp-content\/uploads\/2016\/05\/yosoy132-k.jpg\" alt=\"??????????????????????????????????????????????????????????????????????????????????????????????????????????????????????????????????????????????????????????????????????????????????????????????????????????????????????????????????????????????????????????????????????????????????????????????????????????????????????????????????????????????????????????????????????????????????????????????????????????????????????????????????????????????????????????????????????????????\" width=\"1280\" height=\"803\" \/><\/a><br \/>\n<strong>Emilia Sol\u00eds<\/strong><br \/>\nA cuatro a\u00f1os del movimiento <strong>132<\/strong> me llegan a la mente im\u00e1genes que anunciaban un fulgor incontenible en la urgencia de reaccionar ante el <strong>cinismo de un estado<\/strong> que nos presenta un panorama cada vez m\u00e1s grotesco y desolador, de la <strong>telenovela<\/strong> en medio de tanta impunidad y sangre derramada, de llegar a tener a un feminicida en el poder, del regreso irrevocable de un r\u00e9gimen de m\u00e1s de 70 a\u00f1os y del inevitable <strong>fracaso de una democracia<\/strong> que se agota en fallidas elecciones.<br \/>\nSin duda todo esto deton\u00f3 el grito de indignaci\u00f3n que nos uni\u00f3\/nos confront\u00f3 para hacernos presentes y llegar a interrumpir, el movimiento que nos mostr\u00f3 vivos y capaces a\u00fan cuando hab\u00edamos sido declarados como una generaci\u00f3n ap\u00e1tica, v\u00edctimas de nuestro propio ensimismamiento y muestra absoluta del individualismo.<br \/>\nPara m\u00ed lo m\u00e1s importante sucedi\u00f3 en ese instante, en la posibilidad de mostrarnos inconformes pero sobre todo de llegar a la ra\u00edz de nuestra propia enajenaci\u00f3n, en las estructuras fallidas, por primera vez voltear a ver al otro y tratar de plantear otra forma de aprender, de retomar procesos de lucha estudiantil acoplando sus modelos de organizaci\u00f3n y debate a la reflexi\u00f3n sobre nuestra actual posici\u00f3n como estudiantes, apropiarnos de <strong>nuestros espacios<\/strong>, cuestionar la propia educaci\u00f3n y por primera vez intentar hacer algo con el otro desconocido. Sin embargo como es f\u00e1cil que suceda con una generaci\u00f3n que sufre los efectos de la <strong>globalizaci\u00f3n<\/strong> y en un <strong>movimiento<\/strong> que se aturdi\u00f3 entre reflectores, regresamos al punto de partida de lo que ven\u00edamos cuestionando, el individualismo y sus consecuencias&#8230; A\u00fan as\u00ed\u200b\u200b lejos de lamentar este momento creo que algo se ha modificado y nos permite escapar de vez en cuando del protagonismo, cuando podemos encontrar en el otro una soluci\u00f3n que desaf\u00eda este esquema de productividad, cuando recordamos que en la organizaci\u00f3n colectiva es posible modificar cosas, que somos m\u00e1s capaces de lo que imagin\u00e1bamos y que desaparecer para quedarse callado ya no es la mejor opci\u00f3n.<br \/>\n<a class=\"no-eff img-link lightbox\" href=\"http:\/\/nofm-radio.com\/wp-content\/uploads\/2016\/05\/yosoy132-l.jpg\"><img loading=\"lazy\" decoding=\"async\" class=\"alignnone size-full wp-image-17647\" src=\"http:\/\/nofm-radio.com\/wp-content\/uploads\/2016\/05\/yosoy132-l.jpg\" alt=\"yosoy132 l\" width=\"850\" height=\"510\" \/><\/a><br \/>\n<strong>Berenice Rodr\u00edguez<\/strong><br \/>\nEste <strong>11 de mayo<\/strong> se cumplen <strong>4 a\u00f1os<\/strong> de aquel memorable viernes en la <strong>Ibero<\/strong>. Qu\u00e9 r\u00e1pido pasa el tiempo, \u00bfno? Me preguntan que a 4 a\u00f1os, \u00bfqu\u00e9 es <strong>#YoSoy132<\/strong> para m\u00ed? Tal vez debo de empezar diciendo que sigue siendo una pregunta dif\u00edcil de responder, porque aquello que comenzamos en 2012 a\u00fan no termina. Al menos, no para todos.<br \/>\nEl <strong>#YoSoy132<\/strong> marc\u00f3 una pauta en mi vida. Fue la primera experiencia que tuve para incursionar directamente en el hacer <strong>otra pol\u00edtica<\/strong>. Recuerdo, que aquel <strong>viernes 13 de mayo<\/strong> escuch\u00e9 en la transmisi\u00f3n del <strong>90.9<\/strong> de la fm, aquellos abucheos, protestas, y la narraci\u00f3n de los locutores explicando que <strong>Pe\u00f1a Nieto<\/strong> hab\u00eda sido resguardado en los ba\u00f1os, sent\u00ed una inmensa felicidad. Era esa sensaci\u00f3n que viene cuando sabes que algo grande est\u00e1 por suceder, no sabes c\u00f3mo ni en d\u00f3nde ni con qui\u00e9n pero lo sientes.<br \/>\nLejos de hacer un recuento por fechas de aquel 2012, cosa que creo ya muy gastada, voy a centrarme m\u00e1s en las experiencias construidas en este proceso. Para m\u00ed, aquel mayo fue la oportunidad de conocer m\u00e1s gente con la que coincid\u00eda en la manera de pensar esos otros mundos que quer\u00edamos-queremos construir, y otros con los que no coincid\u00eda tanto. Fue descubrir abiertamente toda una serie de posturas, maneras de ser y estar en el mundo pol\u00edtico, fue descubrir que no hay camino ni certezas, que las condiciones las construimos en el d\u00eda a d\u00eda. Recuerdo que la <strong>UNAM<\/strong> estaba ya de vacaciones, y a\u00fan as\u00ed logramos movilizar(nos). Recuerdo todo lo que me produjo el estar en aquella primer -\u00bfya se vale decir \u201clegendaria\u201d?- <strong>asamblea interuniversitaria<\/strong> en <strong>Las Islas de CU el 30 de mayo<\/strong>. El <strong>132<\/strong> me ayud\u00f3 a romper paradigmas -y reforzar algunos otros-. Por ejemplo, nos hizo reflexionar mucho sobre qu\u00e9 significa que la protesta, un acto expl\u00edcito-concreto, haya iniciado en una universidad privada como la <strong>Ibero<\/strong>. No nos dimos golpes de pecho al respecto, lo preferimos asumir como una nueva forma de pensar lo que a\u00fan no sab\u00edamos estaba a punto de ocurrir, y que marcar\u00eda intensos meses de trabajo y esfuerzo. Un espejo de la gran pluralidad de lo que se vivi\u00f3 en esos meses queda concentrada en el discurso de <strong>Las Islas<\/strong>, creo que refleja los \u00e1nimos con que se hac\u00edan las cosas, nuestra inocencia, la sensaci\u00f3n de poder transformar nuestros mundos, la heterogenidad de posturas e ideolog\u00edas, las ganas de comernos al mundo de un s\u00f3lo bocado, pero, \u00bfqui\u00e9n que haya sido joven no ha tenido esas ganas y aspiraciones? \u00bfEs acaso un error?<br \/>\n<iframe loading=\"lazy\" src=\"https:\/\/www.youtube.com\/embed\/E9dkSK1pgzA\" width=\"560\" height=\"315\" frameborder=\"0\" allowfullscreen=\"allowfullscreen\"><\/iframe><br \/>\n\u00bfQu\u00e9 es para m\u00ed hoy el <strong>132<\/strong>? Pues es las largas horas de asamblea, es las tardes que dedic\u00e1bamos a hacer colectivamente mantas para ir a las marchas al d\u00eda siguiente, es aquella marcha que termin\u00f3 afuera de Televisa en medio de cantos de protesta y lluvia, es las alegr\u00edas construidas y derroches en colectivo, es aquella movilizaci\u00f3n en la que iba en tacones corriendo y pegando carteles con engrudo por <strong>Polanco<\/strong>, porque hab\u00edamos tenido que cambiar el curso de la marcha porque nos hab\u00edan dicho que hab\u00eda un cerco de granaderos esper\u00e1ndonos. El <strong>132<\/strong> se vuelve este proceso en el cu\u00e1l no descubrimos solamente nuevas formas de hacer otra pol\u00edtica, de construir horizontalmente y en colectivo, sino, el <strong>132<\/strong> se vuelve toda una transformaci\u00f3n personal. Pero hasta ahora, no he dicho el otro lado de la moneda: 132 tambi\u00e9n me ense\u00f1\u00f3 que el oportunismo est\u00e1 presente en todos lados, que la traici\u00f3n siempre est\u00e1 presente, que la confianza se trabaja a diario, que la revoluci\u00f3n no s\u00f3lo se hace con buenas intenciones, que es necesario poner cuerpo, alma y cabeza por completo, que es chutarse a hacer la chamba cuando de verdad se quiere transformar algo, que a\u00fan entre la gente de \u201cizquierda\u201d est\u00e1 la izquierda oficial y los que tratan de decirte qu\u00e9 s\u00ed y qu\u00e9 no vale, qui\u00e9n puede ser y qui\u00e9n no, que a\u00fan entre los \u201cm\u00e1s revolucionarios\u201d se termina siempre reproduciendo lo que se repudia. El <strong>132<\/strong> es ese momento en que nos dimos cuenta que nosotros, nuestra generaci\u00f3n, tambi\u00e9n pod\u00eda decidir el rumbo de la historia, que la historia no est\u00e1 escrita, que hacemos camino al andar, es esa sensaci\u00f3n en la que efectivamente, aquella frase del 68 cobraba sentido: <strong>seamos realistas, pidamos lo imposible<\/strong>. Recuerdo claramente la noche del <strong>primero de julio del 2012<\/strong>, recuerdo los nervios al escuchar los resultados del conteo preliminar, recuerdo llorar de rabia y tristeza al mismo momento de recibir una llamada de mi compa dici\u00e9ndome: \u00bfqu\u00e9 vamos a hacer? \u00bfMa\u00f1ana d\u00f3nde nos vemos para ir a la marcha?. Entonces, <strong>132<\/strong> es tambi\u00e9n esa experiencia y sensaci\u00f3n de empoderamiento, y a la vez el sentimiento de derrota, mas nunca de resignaci\u00f3n. No por eso voy a negar que (aunque muchos, en particular los n\u00facleos m\u00e1s activos del movimiento) efectivamente el movimiento como tal, dej\u00f3 de ser despu\u00e9s de aquellas elecciones. <strong>132<\/strong> es los que seguimos y los que lo dejamos.<br \/>\nPero a 4 a\u00f1os, quedarnos s\u00f3lo con lo que sucedi\u00f3 en 2012 me parece algo absurdo. No todos los que comenzamos en aquel 2012 seguimos haciendo la misma chamba. Si bien, el <strong>132<\/strong> fue algo parecido a un proceso de politizaci\u00f3n de una generaci\u00f3n completa, me queda claro que no todos entendimos lo mismo por &#8220;hacer pol\u00edtica&#8221;. En lo personal, 2013 fue otro proceso muy distinto a lo vivido antes. Y creo que ese cambi\u00f3 en el contexto queda perfectamente retratado en el 1 de diciembre del 2012. Sab\u00edamos que nos enfrent\u00e1bamos a algo m\u00e1s grande, y hab\u00eda de dos: o seguir o no seguir. As\u00ed de simple. Desde la asistencia en la toma de <strong>presidencia en San L\u00e1zaro<\/strong>, se ve\u00eda el futuro del movimiento, ya no como aquella marea que se mov\u00eda como una sola -aparentemente-, sino que comenzaban otros procesos. Si bien, digo que el movimiento dej\u00f3 de ser despu\u00e9s de julio 2012, creo que lo fue s\u00f3lo para los que hab\u00edan cre\u00eddo que la apuesta era meramente coyuntural en cuanto a las elecciones. En lo personal, creo que los que seguimos, fue porque entend\u00edamos que ese era s\u00f3lo el inicio de un largo camino. Y as\u00ed fue como muchos, en 2013 seguimos haciendo cosas y construyendo caminos y derrumbando muros. Fue un a\u00f1o duro. M\u00e1s all\u00e1 de la represi\u00f3n y violencia ejercida contra nosotros en las calles, fue lo vivido a nivel personal. Vi como muchos de los que se movilizaron en 2012, se volvieron indiferentes. El <strong>132<\/strong> es tambi\u00e9n esa pl\u00e1tica que tuve con mi compa que hab\u00eda vivido todo el proceso de 2012 conmigo, en su reacci\u00f3n cuando le dije que ir\u00eda a no recuerdo cu\u00e1l marcha-asamblea: Wey, \u00bfa\u00fan sigues con tus desmadritos?. Es entonces, cuando uno entiende que no todos llegan para quedarse. Pero simult\u00e1neamente, fui encontrando amistades, redes de solidaridad y tejidos de afectos que constru\u00edamos las personas que segu\u00edamos en esto. Recuerdo que en 2013, con todo el conflicto que hubo de la <strong>CNTE<\/strong>, se volvieron a reactivar formas de organizaci\u00f3n que hab\u00edamos aprendido en el <strong>132<\/strong>. Recuerdo aquella asamblea en la que se vot\u00f3 irnos a paro en apoyo a los compas del magisterio, recuerdo ver a cientos de personas haciendo otra vez ese lenguaje de se\u00f1as aprendido meses atr\u00e1s, para tomar decisiones. En 2013 descubrimos que si no comenz\u00e1bamos a trabajar juntos, nos iban a chingar a todos. Entonces, el <strong>132<\/strong> es tambi\u00e9n ese sentimiento de miedo, de impotencia y de rabia ante la violencia ejercida contra todo aquel que se atrev\u00eda a movilizarse en las calles.<br \/>\nEn 2014, una de las luchas en la que se replicaron m\u00e1s las formas y discurso del 132 sobre democratizaci\u00f3n de medios, creo que fue ante la <strong>Ley Telecom<\/strong>. Nos reencontramos muchos en las calles en aquellas manifestaciones de abril. Recuerdo en espec\u00edfico, un d\u00eda que se convoc\u00f3 a hacer una \u201c<strong>cadena humana<\/strong>\u201d en contra de esa ley. Al final de la movilizaci\u00f3n, el grupo de compas con los que iba, propusieron ir por unas cervezas al <strong>Sal\u00f3n Corona<\/strong>, \u00bfy cu\u00e1l fue mi sorpresa? Que al llegar al lugar, nos encontramos con que la mitad de la movilizaci\u00f3n estaba ah\u00ed, todos hab\u00edan ido como compas a comer y tomar una cerveza. Eran dos pisos llenos de activistas. Hab\u00eda compas, y algunas caras no tan conocidas pero que al final, terminamos viendo que el mundo en el que nos mov\u00edamos era muy peque\u00f1o y que estaba a dem\u00e1s conformado de redes, al final todos se terminaban conociendo. Entonces, el <strong>132<\/strong> es tambi\u00e9n esa otra forma de hacer pol\u00edtica que sale del discurso oficial y gris de la seriedad, las formalidades y los compadrazgos, para convertirse en nuestras formas de hacer pol\u00edtica, en las que re\u00edrse estaba permitido, en las que nuestros horizontes estaban repletos de colores, en las que la pol\u00edtica, al ser algo personal, se volv\u00eda entonces tambi\u00e9n algo del quehacer cotidiano, constru\u00edamos pol\u00edtica entre compas. Y bueno, hablando de 2014, aunque las movilizaciones por <strong>Ayotzinapa<\/strong> comenzaron como protestas del sector estudiantil y pronto derivaron en un movimiento de la sociedad civil conjunta, es decir, recuerdo, al igual que en el momento de cl\u00edmax del <strong>132<\/strong>, principalmente estudiantes pero tambi\u00e9n amas de casa, oficinistas, obreros, ni\u00f1os, adultos grandes saliendo a las calles, creo que toda esa organizaci\u00f3n tan intensa y fuerte que hubo de asambleas, paros, protestas, toma de lugares y dem\u00e1s, no pudo haber sido posible, al menos no con esa magnitud, sin pensar en el remoto proceso de politizaci\u00f3n que tuvimos en 2012. Entonces, el <strong>132<\/strong> es tambi\u00e9n esas formas nuevas y particulares de otro tipo de organizaci\u00f3n, que m\u00e1s que aprender, terminamos aprehendiendo. En <strong>Ayotzinapa<\/strong>, tambi\u00e9n se replic\u00f3 la expresi\u00f3n art\u00edstica que fue uno de los pilares pr\u00e1cticos y recurso de la primavera del 2012. El <strong>132<\/strong>, es tambi\u00e9n esa creatividad y formas de tratar de explicarnos el mundo a partir de algo m\u00e1s que el discurso de la lucha cuadrada, cerrada y fromalista.<br \/>\nEn <strong>2015<\/strong>. Bueno, hubo demasiadas cosas. Una que me llam\u00f3 al atenci\u00f3n fue en particular ver qu\u00e9 est\u00e1bamos haciendo todos aquellos que hab\u00edamos estado en 2012. El resultado fue brutal. Hab\u00eda-hay de todo. Una coyuntura fuerte, fueron las elecciones. Hubo pr\u00e1cticas de todo tipo al respecto. Hubo gente que utiliz\u00f3 al <strong>132<\/strong> como curr\u00edculum, hubo gente que se vendi\u00f3 a s\u00ed mismos como \u201crevolucionarios\u201d sin haber nunca arriesgado, hubo gente que se dedica a se\u00f1alar a los dem\u00e1s, sin darse cuenta que de pronto se hab\u00edan convertido en lo que a\u00f1os atr\u00e1s tanto criticaban, como ser parte de un partido pol\u00edtico o candidatos, hubo gente que aprovech\u00f3 el protagonismo en beneficio personal, hubo gente que pese a todo lo vivido, segu\u00eda siendo racista, clasista, y dem\u00e1s pero que se reivindicaban de izquierda, (nos) rompimos la idea de que ser de izquierda es ser bueno.<br \/>\n\u00bfQu\u00e9 es <strong>#YoSoy132<\/strong> para m\u00ed?<br \/>\nSi bien, como ya dije, a lo largo de este proceso han habido claros y oscuros, errores y aciertos, y hasta \u201cbuenos y malos\u201d, creo que con lo que yo decido quedarme es con las <strong>redes de solidaridad<\/strong> que nacieron en este movimiento, es quedarme con las amistades que realmente valen la pena, es quedarme con las personas que si bien, ya no se reivindican <strong>132<\/strong>, lo recuerdan con una suerte de cari\u00f1o que va del amor al odio, me quedo con la chamba de los compas que desde hace 4 a\u00f1os no han dejado de construir, que han incursionado en otras causas y otras luchas, me quedo con las risas, los bailes y los mezcales compartidos, me quedo con las l\u00e1grimas y el sentimiento de rabia colectivo. El <strong>132<\/strong>, para m\u00ed, a 4 a\u00f1os, es un antes y un despu\u00e9s que nos marc\u00f3 a m\u00e1s de uno. Podr\u00eda seguir escribiendo m\u00e1s y m\u00e1s ejemplos y lugares comunes, pero prefiero decir que el <strong>#YoSoy132<\/strong> no ha terminado como proceso, lo seguimos realizando a diario, en cada peque\u00f1a lucha que hacemos. El <strong>132<\/strong> es esperanza. Eso. Un proceso de aprendizaje y transformaci\u00f3n en muchas dimensiones. Para m\u00ed el <strong>132<\/strong> hoy est\u00e1 en todos aquellos proyectos y trabajos de la gente que no se deja vencer, la que no se rinde, la gente que sigue de pie y construyendo nuestros otros mundos. Para m\u00ed, es la expresi\u00f3n de una voz colectiva, la efectividad de esa voz est\u00e1 a discusi\u00f3n pero para m\u00ed, al menos, funcion\u00f3. Caer\u00e9 en un clich\u00e9 pero el 132 fue una especie de despertar de nuestras generaciones. Es un cambio de paradigma en la manera de pensarnos y pensar el mundo.<br \/>\nHoy estoy convencida que la lucha por un nuevo mundo invade todas las esferas de la vida, las toca y las transforma. Hoy entiendo claramente que parte de nuestras luchas es el tambi\u00e9n pelear por eso, por los afectos. Esos afectos que nos invaden, que nos duelen, que nos mueven y que nos hacen vivir. Hoy, est\u00e1 m\u00e1s que nunca en disputa la cuesti\u00f3n de los afectos. Y creo que parte de reconocer esta lucha, surge a ra\u00edz de lo vivido en el <strong>132<\/strong> con descubrir otras formas de transformar el mundo. De ah\u00ed la fuerza de la pregunta de <strong>Spinoza<\/strong>: \u00bfqu\u00e9 puede un cuerpo?, \u00bfde qu\u00e9 afectos es capaz?. Creo que en la experiencia del <strong>132<\/strong>, quedaron sentados ciertos l\u00edmites y alcances de nuestras luchas, pero que con el paso del tiempo hemos aprendido a controlar. Por eso, en nuestras revoluciones del d\u00eda a d\u00eda, vamos transformando la rabia en potencia de obrar, vamos luchando con el dolor sin dejar que nos consuman los afectos tristes, vamos reivindicando nuestros dolores y sentires. Luchamos con alegr\u00eda, con esperanza, con sentido de afirmaci\u00f3n. Hoy, nuestra lucha es afirmaci\u00f3n de todo aquello en lo que creemos y sentimos. Nuestra lucha es potencia en s\u00ed misma. Y seguimos poco a poco accionando para ver todo de lo que somos capaces. Lo que podemos.<br \/>\nSi me preguntan entonces, \u00bfqu\u00e9 es <strong>#YoSoy132<\/strong> para m\u00ed?, me vienen a la cabeza las palabras de <strong>Alberto H\u00edjar<\/strong>:<br \/>\n\u201c<em>Nosotros si somos portadores del amor, de la alegr\u00eda, del desmadre, es decir, del sacar de madre a los r\u00edos del entusiasmo, del placer, del dolor cuando es necesario, somos poseedores de todo esto (\u2026) Nosotros a ritmo de cumbia, claro que bailamos y danzamos (\u2026) Como ven, es un movimiento, esto en una tendencia que crece, que se reproduce, que no tiene fin hasta que el apocalipsis nos alcance o lo detengamos<\/em>.\u201d<br \/>\nA trav\u00e9s este largo proceso, igualmente nos dimos cuenta que la lucha por un nuevo mundo no s\u00f3lo es rom\u00e1ntica sino que tambi\u00e9n es una verdadera mierda que implica toda nuestra vida. Que los poderosos juegan con nuestro miedo, nuestra integridad, nuestra salud, nuestra vida y con la vida de los que m\u00e1s queremos. Nos privan de la libertad para ejercer la violencia ante la cual estamos m\u00e1s desnudos. Pero tambi\u00e9n aprendimos a no decir nunca que lo que se hace en la calle no sirve de nada. Aprehendimos la idea y convicci\u00f3n de que la revoluci\u00f3n que llevamos a cabo nos cambia a nosotros mismos, cambia las ra\u00edces de nuestro entorno y acabar\u00e1 cambiando el mundo. Que seamos pocos cuerpos cambiando el sistema, s\u00f3lo significa que esto tardar\u00e1 un poco m\u00e1s. Gracias a todos mis compa\u00f1eros detenidos por luchar, a todas los que esperaron a que salieran de madrugada pasando fr\u00edo y sin haber dormido en noches. Gracias a todos aquellos que no dejan de construir, aquellos que no se rinden. Gracias a todos los que construyen solidaridad, cuidados y afectos sin apenas conocernos y a los que lo hacen porque ya nos conocemos de otras tantas. Gracias por estos 4 a\u00f1os de abrazos, l\u00e1grimas y risas de los que saben todo lo que est\u00e1 en juego.<br \/>\nY ah\u00ed vamos, caminando, haciendo caminos, cada qui\u00e9n desde sus modos, tiempos y lugares, con la alegre rebeld\u00eda siempre presente en los corazones.<br \/>\n<a class=\"no-eff img-link lightbox\" href=\"http:\/\/nofm-radio.com\/wp-content\/uploads\/2016\/05\/Soy132-10.jpg\"><img loading=\"lazy\" decoding=\"async\" class=\"size-full wp-image-17594 aligncenter\" src=\"http:\/\/nofm-radio.com\/wp-content\/uploads\/2016\/05\/Soy132-10.jpg\" alt=\"Soy132 10\" width=\"650\" height=\"488\" \/><\/a><\/p>\n","protected":false},"template":"","meta":{"_id_youtube":"","_id_vimeo":"","_podcasts_duration":"","_podcasts_url":"","_podcasts_show":"","_prog_horario_dias":"","_prog_hora":"","_prog_duration":""},"class_list":["post-17578","archivo","type-archivo","status-publish","hentry"],"_links":{"self":[{"href":"https:\/\/nofm-radio.com\/index.php?rest_route=\/wp\/v2\/archivo\/17578","targetHints":{"allow":["GET"]}}],"collection":[{"href":"https:\/\/nofm-radio.com\/index.php?rest_route=\/wp\/v2\/archivo"}],"about":[{"href":"https:\/\/nofm-radio.com\/index.php?rest_route=\/wp\/v2\/types\/archivo"}],"wp:attachment":[{"href":"https:\/\/nofm-radio.com\/index.php?rest_route=%2Fwp%2Fv2%2Fmedia&parent=17578"}],"curies":[{"name":"wp","href":"https:\/\/api.w.org\/{rel}","templated":true}]}}