{"id":17664,"date":"2016-05-16T14:45:27","date_gmt":"2016-05-16T19:45:27","guid":{"rendered":"http:\/\/nofm-radio.com\/?p=17664"},"modified":"2016-05-16T14:45:27","modified_gmt":"2016-05-16T19:45:27","slug":"cuestionarionofm-paulina-lasa","status":"publish","type":"archivo","link":"https:\/\/nofm-radio.com\/?archivo=cuestionarionofm-paulina-lasa","title":{"rendered":"#CuestionarioNoFM. Paulina Lasa"},"content":{"rendered":"<p><em>Para comprender la coreograf\u00eda del momento, es necesario conocer a sus participantes. Por lo mismo presentamos el <strong>#CuestionarioNoFM<\/strong>, un veh\u00edculo para acercarnos de otra manera a los protagonistas que con su trabajo est\u00e1n marcando el ritmo con el cual se est\u00e1 bailando.<\/em><\/p>\n<p style=\"text-align: center;\"><strong>Paulina Lasa<\/strong><br \/>\n<strong> <a href=\"https:\/\/twitter.com\/nima_ikki\" target=\"_blank\" rel=\"noopener noreferrer\">@nima_ikki<\/a><\/strong><\/p>\n<p><strong>Paulina Lasa<\/strong>, <strong>Pau<\/strong> para los cuates, naci\u00f3 en <strong>1980<\/strong> en lo que fue el <strong>Distrito Federal<\/strong>, ahora <strong>Ciudad de M\u00e9xico<\/strong>.<br \/>\nNo pas\u00f3 demasiado tiempo en el planeta antes de volcar todas sus fuerzas al <strong>arte<\/strong>. Por ese camino ha tocado pr\u00e1cticamente todas las disciplinas recibiendo premios, muestras y reconocimientos en diferentes ciudades del mundo.<br \/>\nDesde hace ya algunos a\u00f1os la m\u00fasica tambi\u00e9n toc\u00f3 a su puerta, y <strong>Paulina<\/strong> le dio la bienvenida. <strong>Pau y Amigos<\/strong>, <strong>Haciendo el Mal<\/strong> y <strong>Nima Ikki<\/strong> son algunos de los proyectos que la han puesto en el ojo del p\u00fablico.<br \/>\nEl trabajo de <strong>Lasa<\/strong> ha tocado de manera profunda la idea que tenemos todos de la belleza. Desde sus m\u00faltiples trincheras, la artista nos ha invitado a conocer y reconocer otras formas de ver, escuchar y entender.<br \/>\n<a class=\"no-eff img-link lightbox\" href=\"http:\/\/nofm-radio.com\/wp-content\/uploads\/2016\/05\/paulina-lasa-1.jpg\"><img loading=\"lazy\" decoding=\"async\" class=\"alignnone size-full wp-image-17673\" src=\"http:\/\/nofm-radio.com\/wp-content\/uploads\/2016\/05\/paulina-lasa-1.jpg\" alt=\"paulina lasa 1\" width=\"800\" height=\"533\" \/><\/a><br \/>\n<strong>1. \u00bfQu\u00e9 nos puedes decir de tus abuelos?<\/strong><br \/>\nMi abuela materna era de mis personas favoritas en la vida. Era una mujer muy dulce que conoc\u00eda a toda la gente de su barrio, pero a la vez dura en sus convicciones. La <strong>pol\u00edtica<\/strong> siempre fue un tema importante para ella.<br \/>\n<strong>2. \u00bfQu\u00e9 nos puedes decir de tus padres?<\/strong><br \/>\nYa no est\u00e1n juntos por suerte, se llevaban muy mal. Mi madre me ha apoyado mucho a su manera y es una mujer muy fuerte e inteligente a la que le admiro muchas cosas.<br \/>\n<iframe loading=\"lazy\" src=\"https:\/\/www.youtube.com\/embed\/yqVApOVDL84?list=PLyj24okdxZ_ZKHXvZ29yYOhLPTJ5HxNGI\" width=\"560\" height=\"315\" frameborder=\"0\" allowfullscreen=\"allowfullscreen\"><\/iframe><br \/>\n<strong>3. \u00bfQui\u00e9n tuvo o tiene la voz m\u00e1s importante de tu vida?<\/strong><br \/>\nMi <strong>madre<\/strong>, despu\u00e9s de m\u00ed, por supuesto.<br \/>\n<strong>4. Considerando que no elegimos d\u00f3nde nacer, \u00bfd\u00f3nde s\u00ed elegiste nacer?<\/strong><br \/>\nEn el mundo de las <strong>artes<\/strong>.<br \/>\n<strong>5. Para ti \u00bfqui\u00e9nes son ellos y qui\u00e9nes nosotros?<\/strong><br \/>\nEllos son la gente ego\u00edsta que no piensa en ayudar a otros, o m\u00ednimo en no pasar por encima de otros a causa de s\u00ed mismos. Nosotros somos la gente solidaria que pone atenci\u00f3n en sus acciones y las consecuencias de ellas.<br \/>\n<iframe loading=\"lazy\" src=\"https:\/\/w.soundcloud.com\/player\/?url=https%3A\/\/api.soundcloud.com\/tracks\/231135621&amp;auto_play=false&amp;hide_related=false&amp;show_comments=true&amp;show_user=true&amp;show_reposts=false&amp;visual=true\" width=\"100%\" height=\"450\" frameborder=\"no\" scrolling=\"no\"><\/iframe><br \/>\n<strong>6. \u00bfQu\u00e9 verbo define lo que haces y por qu\u00e9?<\/strong><br \/>\n<strong>Crezco<\/strong>, porque mi motor primordial siempre ha sido aprender cosas nuevas para tener una perspectiva cada vez m\u00e1s amplia.<br \/>\n<strong>7. \u00bfCu\u00e1l es tu materia prima?<\/strong><br \/>\nNo me pongo l\u00edmites, lo que me encuentre en el camino.<br \/>\n<iframe loading=\"lazy\" src=\"https:\/\/w.soundcloud.com\/player\/?url=https%3A\/\/api.soundcloud.com\/playlists\/192358445&amp;auto_play=false&amp;hide_related=false&amp;show_comments=true&amp;show_user=true&amp;show_reposts=false&amp;visual=true\" width=\"100%\" height=\"450\" frameborder=\"no\" scrolling=\"no\"><\/iframe><br \/>\n<strong>8. Completa la frase<\/strong><br \/>\n<em><strong>Y cuando muera\u2026 ah\u00ed junto a mi cruz tan s\u00f3lo quiero&#8230;<\/strong><\/em>una l\u00e1pida con sentido del humor.<br \/>\n<em><strong>Y si vivo cien a\u00f1os&#8230;\u00a0<\/strong><\/em>escribir\u00e9 libros y ser\u00e9 yogui hasta mi \u00faltimo aliento.<br \/>\n<em><strong>All we are saying&#8230;\u00a0<\/strong><\/em>is forget about material power, give spirit a chance.<br \/>\n<em><strong>El d\u00eda que me quieras&#8230;\u00a0<\/strong><\/em>te querr\u00e9.<br \/>\n<em><strong>Si nos dejan&#8230;\u00a0<\/strong><\/em>nos vamos a querer toda la vida.<br \/>\n<em><strong>If I were a boy&#8230;\u00a0<\/strong><\/em>i would still have a femenine instinct.<br \/>\n<strong>9. \u00bfHas hecho el mal o te han hecho el mal?<\/strong><br \/>\nAmbas, <strong>el mal<\/strong> se inmiscuye desde dentro y desde fuera cuando uno no est\u00e1 poniendo atenci\u00f3n.<br \/>\n<strong>10. \u00bfC\u00f3mo es la mirada que inicia la revoluci\u00f3n?<\/strong><br \/>\nLa mirada emp\u00e1tica, la mirada atenta, la mirada fuerte, la mirada con iniciativa, la mirada activa, la mirada justa, la mirada que tiene fe.<br \/>\n<a class=\"no-eff img-link lightbox\" href=\"http:\/\/nofm-radio.com\/wp-content\/uploads\/2016\/05\/paulina-lasa-2.jpg\"><img loading=\"lazy\" decoding=\"async\" class=\"alignnone size-full wp-image-17674\" src=\"http:\/\/nofm-radio.com\/wp-content\/uploads\/2016\/05\/paulina-lasa-2.jpg\" alt=\"paulina lasa 2\" width=\"632\" height=\"632\" \/><\/a><\/p>\n","protected":false},"template":"","meta":{"_id_youtube":"","_id_vimeo":"","_podcasts_duration":"","_podcasts_url":"","_podcasts_show":"","_prog_horario_dias":"","_prog_hora":"","_prog_duration":""},"class_list":["post-17664","archivo","type-archivo","status-publish","hentry"],"_links":{"self":[{"href":"https:\/\/nofm-radio.com\/index.php?rest_route=\/wp\/v2\/archivo\/17664","targetHints":{"allow":["GET"]}}],"collection":[{"href":"https:\/\/nofm-radio.com\/index.php?rest_route=\/wp\/v2\/archivo"}],"about":[{"href":"https:\/\/nofm-radio.com\/index.php?rest_route=\/wp\/v2\/types\/archivo"}],"wp:attachment":[{"href":"https:\/\/nofm-radio.com\/index.php?rest_route=%2Fwp%2Fv2%2Fmedia&parent=17664"}],"curies":[{"name":"wp","href":"https:\/\/api.w.org\/{rel}","templated":true}]}}