{"id":17936,"date":"2016-05-30T13:19:47","date_gmt":"2016-05-30T18:19:47","guid":{"rendered":"http:\/\/nofm-radio.com\/?p=17936"},"modified":"2016-05-30T13:19:47","modified_gmt":"2016-05-30T18:19:47","slug":"cuestionarionofm-alejandra-espana","status":"publish","type":"archivo","link":"https:\/\/nofm-radio.com\/?archivo=cuestionarionofm-alejandra-espana","title":{"rendered":"#CuestionarioNoFM. Alejandra Espa\u00f1a"},"content":{"rendered":"<p><em>Para comprender la coreograf\u00eda del momento, es necesario conocer a sus participantes. Por lo mismo presentamos el <strong>#CuestionarioNoFM<\/strong>, un veh\u00edculo para acercarnos de otra manera a los protagonistas que con su trabajo est\u00e1n marcando el ritmo con el cual se est\u00e1 bailando.<\/em><\/p>\n<p style=\"text-align: center;\"><strong>Alejandra Espa\u00f1a<\/strong><br \/>\n<strong><a href=\"https:\/\/www.instagram.com\/ale.espana\/\" target=\"_blank\" rel=\"noopener noreferrer\">@ale.espana<\/a><\/strong><\/p>\n<p style=\"text-align: left;\"><!--StartFragment--><span class=\"_5yl5\"><strong>Alejandra Espa\u00f1a<\/strong>, Ale ya en confianza, se estren\u00f3 en la ahora <strong>Ciudad de M\u00e9xico<\/strong> en <strong>1982<\/strong>. Se form\u00f3 en las artes pl\u00e1sticas por las que se ha paseado a su gusto, desde la <strong>escultura monumental<\/strong> y la <strong>cer\u00e1mica<\/strong>, hasta la <strong>pintura<\/strong> y la <strong>ilustraci\u00f3n<\/strong>. Y en escuelas como <strong>La Esmeralda<\/strong> y la <strong>Escuela de Artes y Oficios de Barcelona<\/strong>. <\/span><\/p>\n<p style=\"text-align: left;\"><span class=\"_5yl5\">Obsesionada con los objetos, los propios y los ajenos, todo su trabajo se mueve entre lo org\u00e1nico, las abigarradas construcciones de la mente humana, el espacio p\u00fablico y los sentimientos personales. Ha sido becaria de varias instituciones, as\u00ed como realizado residencias art\u00edsticas y exposiciones en <strong>Francia<\/strong>, <strong>Canad\u00e1<\/strong> y<strong> Barcelona<\/strong>, entre otros tantos lugares. Actualmente, desarrolla una serie de libros objeto, que son casi imposibles de reproducir, pero tambi\u00e9n ser\u00e1n muy f\u00e1ciles de atesorar. <\/span><!--EndFragment--><\/p>\n<p style=\"text-align: left;\">Con una sensibilidad \u00fanica, Ale permite el paseo de la vista, entre los tonos y las luces, en b\u00fasqueda constante de una nueva rama, un nuevo trayecto; un hambre tan presumible mantiene nuestra atenci\u00f3n despierta y el coraz\u00f3n contento siempre: <a href=\"http:\/\/www.alejandraespana.com\/\" target=\"_blank\" rel=\"noopener noreferrer\"><strong>www.alejandraespana.com<\/strong><\/a>.<\/p>\n<p><a class=\"no-eff img-link lightbox\" href=\"http:\/\/nofm-radio.com\/wp-content\/uploads\/2016\/05\/alejandra-espa\u00f1a-1.jpg\"><img loading=\"lazy\" decoding=\"async\" class=\"alignnone size-full wp-image-17943 aligncenter\" src=\"http:\/\/nofm-radio.com\/wp-content\/uploads\/2016\/05\/alejandra-espa\u00f1a-1.jpg\" alt=\"alejandra espa\u00f1a 1\" width=\"2048\" height=\"1536\" \/><\/a><br \/>\n<strong>1. \u00bfQu\u00e9 nos puedes decir de tus abuelos?<\/strong><br \/>\nA mi abuelo materno, Emilio, lo conoc\u00ed muy poco, a los 3 a\u00f1os. Recuerdo que enferm\u00f3 de c\u00e1ncer y le ofrec\u00eda ser su bast\u00f3n. Lo acept\u00f3. Un mes despu\u00e9s falleci\u00f3. A mi abuela Mar\u00eda Elena la recuerdo hablando de Diosito e intentando ense\u00f1arme el <strong>padre nuestro<\/strong>, mientras recitaba yo s\u00f3lo pod\u00eda pensar en diosito como un enorme oso panda dotado de capa que flotaba por los cielos. Qui\u00e9n dir\u00eda que a\u00f1os despu\u00e9s esa imagen se convertir\u00eda en mi primera serigraf\u00eda.<br \/>\nA mis abuelos paternos lamentablemente no los conoc\u00ed. Pero cuando pienso en ellos, trato de imaginar todo lo que tuvo que pasar para que en sus respectivas realidades se dieran las circunstancias para que nacieran. Vivieron varias guerras: la <strong>Primera Guerra Mundial<\/strong>, la <strong>Guerra Civil Espa\u00f1ola<\/strong> y tuvieron la fortaleza de huir de \u00e9sta \u00faltima cruzando los <strong>Pirineos<\/strong> a pie. Mi bisabuela Antonia con 3 de sus 7 peque\u00f1os nietos, entre ellos mi padre, los cruzar\u00edan para encontrarse a mis abuelos Francisco y Consuelo que ya hab\u00edan cruzado a <strong>Francia<\/strong>, ellos llevaban a los hijos mayores. De ah\u00ed esperar\u00edan en un campo de trabajo 2 a\u00f1os m\u00e1s antes de huir en barco rumbo a Am\u00e9rica. Mi abuelo era comunista, muy culto y due\u00f1o de la \u00fanica librer\u00eda de su pueblo <strong>Marbella<\/strong>, desde donde difund\u00eda la literatura y, seg\u00fan los relatos, prefer\u00eda hablar de poes\u00eda y pol\u00edtica antes que vender libros.<br \/>\nDe este lado del mundo, mis abuelos maternos viv\u00edan en una convulsionada regi\u00f3n del norte durante la<strong>\u00a0Revoluci\u00f3n Mexicana<\/strong>, \u00e9l de Durango, ella de Chihuahua. Cu\u00e1ntas casualidades, oportunidades, peque\u00f1os encuentros fortuitos dieron lugar para que se conocieran los abuelos de los abuelos, \u00bfqui\u00e9nes eran, qu\u00e9 pensaban, c\u00f3mo luc\u00edan? Luego todo lo que tuvo que ocurrir para que nacieran los abuelos, que sobrevivieran las adversidades de sus momentos hist\u00f3ricos y que finalmente nacieran sus hijos, que dieron origen a mis padres. Uff. Los ancestros me inquietan un poco. Pero me parecen fascinantes. Me gustar\u00eda saber m\u00e1s de ellos&#8230;<br \/>\n<strong>2. \u00bfQu\u00e9 nos puedes decir de tus padres?<\/strong><br \/>\nA mi madre la admiro profundamente. Ella se ha formado de pies a cabeza y ha construido a su alrededor un mundo lleno de amor, conocimiento y franqueza que me enriquece d\u00eda con d\u00eda. Siempre me apoya en mis empresas con el mismo entusiasmo y ah\u00ednco con los que me cuestiona. Nos llevamos muy bien. Ella naci\u00f3 en <strong>Sonora<\/strong> y de ni\u00f1a so\u00f1aba con venir a la <strong>Ciudad de M\u00e9xico<\/strong> donde las mujeres iban a la universidad. Gracias a su trabajo como <strong>investigadora en psicolog\u00eda<\/strong>, viaja mucho dando conferencias por el mundo y esto ha sido maravilloso pues hemos viajado juntas a lo largo de toda mi vida por lugares extraordinarios.<br \/>\nMi pap\u00e1 naci\u00f3 en <strong>Marbella<\/strong>, <strong>Andaluc\u00eda<\/strong>. \u00c9l enferm\u00f3 y muri\u00f3 cuando yo ten\u00eda 9 a\u00f1os. Como refugiados, mi padre, mis abuelos y mis t\u00edos, antes de llegar a <strong>M\u00e9xico<\/strong> a la edad de 17 a\u00f1os, llegaron en barco a <strong>Santo Domingo<\/strong>, <strong>Rep\u00fablica Dominicana<\/strong>, donde contrajeron malaria m\u00e1s de una vez. La memoria de esta enfermedad afect\u00f3 el cerebro de mi pap\u00e1 e hizo que muriera antes de tiempo. Se dedic\u00f3 a la publicidad, puso con mi t\u00edo uno de los primeros negocios de <strong>serigraf\u00eda<\/strong> en la <strong>Ciudad de M\u00e9xico<\/strong> y se dedic\u00f3 a la pintura, la fotograf\u00eda y al dibujo. Lo recuerdo y vinculo con la espesura de la naturaleza, quiz\u00e1 por sus paisajes. As\u00ed que su figura es m\u00e1s bien una combinaci\u00f3n de sue\u00f1os, destellos reconstruidos en mi memoria a trav\u00e9s de fotograf\u00edas, remotos recuerdos y relatos. Pero puedo aprender de lo que dej\u00f3: su <strong>poes\u00eda<\/strong>, sus <strong>libros<\/strong>, su <strong>pintura<\/strong>. Lo recuerdo meditando, sentado a la luz de ese sol de la infancia, llena de preguntas:<br \/>\n&#8211; \u00bfQu\u00e9 haces?<br \/>\n&#8211; Medito&#8230;<br \/>\n&#8211; \u00bfQu\u00e9 es eso?<br \/>\n&#8211; Poner la mente en blanco.<br \/>\n&#8211; \u00bfC\u00f3mo, ves todo blanco?<br \/>\n&#8211; Cierra los ojos, e intenta no pensar en nada.<br \/>\n&#8211; No puedo, veo todo negro.<br \/>\n<figure id=\"attachment_17983\" aria-describedby=\"caption-attachment-17983\" style=\"width: 3960px\" class=\"wp-caption alignnone\"><a class=\"no-eff img-link lightbox\" href=\"http:\/\/nofm-radio.com\/wp-content\/uploads\/2016\/05\/Pintura-Manuel_fondo-blanco.jpg\"><img loading=\"lazy\" decoding=\"async\" class=\"size-full wp-image-17983\" src=\"http:\/\/nofm-radio.com\/wp-content\/uploads\/2016\/05\/Pintura-Manuel_fondo-blanco.jpg\" alt=\"Manuel Espa\u00f1a Espa\u00f1a.  M\u00e9rida, Progreso. 11 de Febrero de 1970. Acr\u00edlico sobre masonite. \" width=\"3960\" height=\"2397\" \/><\/a><figcaption id=\"caption-attachment-17983\" class=\"wp-caption-text\">Manuel Espa\u00f1a Espa\u00f1a.<br \/>M\u00e9rida, Progreso. 11 de Febrero de 1970.<br \/>Acr\u00edlico sobre masonite.<\/figcaption><\/figure><br \/>\nMe inspiran mucho ambos. Me siento profundamente afortunada. Me quedo a veces con sed de pap\u00e1. Me hubiera gustado platicar con \u00e9l en mi forma de adolescente y ahora de adulta. Y entonces recuerdo a mi madre decir que \u00e9l constantemente dec\u00eda que para \u00e9l <strong>el presente era lo m\u00e1s importante<\/strong>.<br \/>\n<strong>3. \u00bfQui\u00e9n tuvo o tiene la voz m\u00e1s importante de tu vida?<\/strong><br \/>\nAl poco tiempo que muri\u00f3, mi pap\u00e1. Recuerdo la desbordante sensaci\u00f3n ante la conciencia de estar viva. Ciertamente es un sentimiento abrumador, pero as\u00ed como abruma he aprendido que puede ser liberador tambi\u00e9n. Supongo que esa forma de sentirme viva se torn\u00f3 en una voz. La voz de mi inconsciente en forma de sue\u00f1os y la de la conciencia de estar en el presente, construida a partir de mis experiencias, mis relaciones, ejemplos, aberraciones y reacciones ante lo que advenga. Tiene un tono existencialista. A veces llena mi cabeza con preguntas sin respuesta, como: \u00bfqu\u00e9 sentido tiene todo esto? He llegado a la conclusi\u00f3n de que ese vac\u00edo se llena de confiar en uno mismo y precisamente de procurar habitar el presente, el sentido se lo da cada uno a cada instante. En eso radica su libertad.<br \/>\n<br \/>\n<strong>4. Considerando que no elegimos d\u00f3nde nacer, \u00bfd\u00f3nde s\u00ed elegiste nacer?<\/strong><br \/>\nConsiderando que no eleg\u00ed nacer a finales del <strong>siglo XX<\/strong>, eleg\u00ed nacer en un mundo donde las posibilidades de la expresi\u00f3n de la naturaleza son m\u00e1s que asombrosas y fascinantes.<br \/>\n<strong>5. Para ti \u00bfqui\u00e9nes son ellos y qui\u00e9nes nosotros?<\/strong><br \/>\nEstoy harta de la situaci\u00f3n que vivimos actualmente a nivel mundial.<br \/>\nPienso que la gente sin escr\u00fapulos debe ser casi que de otra especie. \u00bfCon qu\u00e9 cinismo osan robar millones y matar a gusto, cuando es menester de su trabajo que eso no suceda? De verdad siento que son individuos ajenos a las personas que les preocupa lo opuesto. Me cuesta mucho concebirlo.<br \/>\n<strong>ELLOS<\/strong>: los <strong>reptilianos-pol\u00edticos-bur\u00f3cratas<\/strong> que no les interesa respetar otras formas de vida, s\u00f3lo ven por el &#8220;bienestar&#8221; de sus antropoc\u00e9ntricos cuerpos que s\u00f3lo anhelan poder. <strong>NOSOTROS<\/strong>: los que nos ocupa procurar bienes no s\u00f3lo en beneficio del tipo antropoc\u00e9ntrico, solemos usar el sentido del humor para sobrellevar las adversidades que <strong>ELLOS<\/strong> nos imponen, buscamos desarrollarnos por medio de intereses personales, anhelamos la paz mundial y procuramos el respeto de otras formas de vida a trav\u00e9s de nuestra creatividad. \u00bfTu eres uno de ellos o de nosotros?<br \/>\nO&#8230;<br \/>\nEllos son con lo que no me identifico. Nosotros somos lo que considero naturalmente cercano y emp\u00e1tico.<br \/>\n<iframe loading=\"lazy\" src=\"https:\/\/www.youtube.com\/embed\/qxEsUe3rOHU\" width=\"420\" height=\"315\" frameborder=\"0\" allowfullscreen=\"allowfullscreen\"><\/iframe><br \/>\n<strong>6. \u00bfQu\u00e9 verbo define lo que haces y por qu\u00e9?<\/strong><br \/>\nMmm&#8230; Intentar. Porque, \u00bfsi no lo intento c\u00f3mo podr\u00eda atravesar todas estas inquietudes? Intento por la necesidad de expresar, conllevar y comprender lo que sucede dentro y fuera de m\u00ed. Y por la satisfacci\u00f3n que lleva aunque impl\u00edcita vaya tambi\u00e9n la frustraci\u00f3n.<br \/>\n<strong>7. \u00bfCu\u00e1l es tu materia prima?<\/strong><br \/>\nActualmente, el presente. Procurar estar en el presente e intentar invocarlo con mis creaciones.<br \/>\n<strong>8. Completa la frase<\/strong><br \/>\n<em><strong>Y cuando muera&#8230; ah\u00ed junto a mi cruz tan s\u00f3lo quiero&#8230;<\/strong><\/em> que la quiten y crezcan muchos arboles alrededor.<br \/>\n<em><strong>Y si vivo cien a\u00f1os&#8230;<\/strong><\/em> tener la oportunidad de ir al espacio exterior.<br \/>\n<strong><em>All we are saying&#8230;<\/em><\/strong> puede repercutir&#8230;<br \/>\n<strong><em>El d\u00eda que me quieras&#8230;<\/em><\/strong> te dar\u00e9 una sorpresa.<br \/>\n<strong><em>Si nos dejan&#8230;<\/em><\/strong> crecemos.<br \/>\n<strong><em>If I were a boy&#8230;<\/em><\/strong> ser\u00eda m\u00e1s pr\u00e1ctico.<br \/>\n<br \/>\n<strong>9. \u00bfEl arte es una manifestaci\u00f3n de la fuerza de la naturaleza o de su sometimiento al ser humano?<\/strong><br \/>\nCreo que hay formas dentro de la naturaleza profundamente bellas, algunos ejemplos de mi gusto particular son los minerales, la geometr\u00eda y los patrones y colores en diversos animales, cosas o fen\u00f3menos. Pero para poder apreciar la belleza se establecen juicios de valor que mutan seg\u00fan los esquemas bajo los cuales se fundamentan. Pero m\u00e1s all\u00e1 de lo bello que podamos percibir en la naturaleza, el arte engloba las creaciones humanas enfocadas en expresar distintas visiones sensibles acerca del mundo. Es fascinante porque esto puede ser acerca de lo real o de lo imaginario. As\u00ed que si considero que el ser humano es producto de la naturaleza y se encuentra en constante b\u00fasqueda por transformarla, el <strong>arte<\/strong> ser\u00eda producto de ello.<br \/>\n<strong>10. \u00bfLa memoria es tinta o papel?<\/strong><br \/>\nEl papel tiene memoria.<br \/>\n<a class=\"no-eff img-link lightbox\" href=\"http:\/\/nofm-radio.com\/wp-content\/uploads\/2016\/05\/alejandra-espa\u00f1a-2.jpg\"><img loading=\"lazy\" decoding=\"async\" class=\"alignnone size-full wp-image-17944\" src=\"http:\/\/nofm-radio.com\/wp-content\/uploads\/2016\/05\/alejandra-espa\u00f1a-2.jpg\" alt=\"alejandra espa\u00f1a 2\" width=\"973\" height=\"1460\" \/><\/a><\/p>\n","protected":false},"template":"","meta":{"_id_youtube":"","_id_vimeo":"","_podcasts_duration":"","_podcasts_url":"","_podcasts_show":"","_prog_horario_dias":"","_prog_hora":"","_prog_duration":""},"class_list":["post-17936","archivo","type-archivo","status-publish","hentry"],"_links":{"self":[{"href":"https:\/\/nofm-radio.com\/index.php?rest_route=\/wp\/v2\/archivo\/17936","targetHints":{"allow":["GET"]}}],"collection":[{"href":"https:\/\/nofm-radio.com\/index.php?rest_route=\/wp\/v2\/archivo"}],"about":[{"href":"https:\/\/nofm-radio.com\/index.php?rest_route=\/wp\/v2\/types\/archivo"}],"wp:attachment":[{"href":"https:\/\/nofm-radio.com\/index.php?rest_route=%2Fwp%2Fv2%2Fmedia&parent=17936"}],"curies":[{"name":"wp","href":"https:\/\/api.w.org\/{rel}","templated":true}]}}