{"id":18027,"date":"2016-06-01T13:04:39","date_gmt":"2016-06-01T18:04:39","guid":{"rendered":"http:\/\/nofm-radio.com\/?p=18027"},"modified":"2016-06-01T13:04:39","modified_gmt":"2016-06-01T18:04:39","slug":"un-dia-para-los-derechos-humanos-de-personas-lgbt-en-los-pinos","status":"publish","type":"archivo","link":"https:\/\/nofm-radio.com\/?archivo=un-dia-para-los-derechos-humanos-de-personas-lgbt-en-los-pinos","title":{"rendered":"Un d\u00eda para los Derechos Humanos de personas LGBT en Los Pinos"},"content":{"rendered":"<p><em>El 17 de mayo se celebr\u00f3 en M\u00e9xico el d\u00eda <strong>#SinHomofobia<\/strong>, y dentro de este marco el poder ejecutivo anunci\u00f3 una serie de propuestas para enderezar la pol\u00edticas de g\u00e9nero que se han implementado en el pa\u00eds.\u00a0A la ceremonia fueron invitados diferentes representantes e instituciones de la comunidad LGBT.\u00a0<\/em><a href=\"http:\/\/nofm-radio.com\/2016\/05\/por-que-fue-un-error-estrategico-la-foto-con-pena\/\" target=\"_blank\" rel=\"noopener noreferrer\"><em>Y despu\u00e9s se tom\u00f3 una foto<\/em><\/a><em>.\u00a0<\/em><em>El evento despert\u00f3 una encendida pol\u00e9mica y diferentes argumentos han sido esgrimidos en la discusi\u00f3n. En esta ocasi\u00f3n, en pos de mantener el di\u00e1logo abierto, presentamos la respuesta de <strong>Gloria Careaga<\/strong>, Psic\u00f3loga Social, Coordinadora General de la Fundaci\u00f3n Arco\u00edris, profesora de la Facultad de Psicolog\u00eda y Coordinadora de Estudios en Sexualidad en el <strong>PUEG-UNAM<\/strong>. Agradecemos su confianza en este portal para difundir sus ideas.<\/em><\/p>\n<p style=\"text-align: center;\">\n<p style=\"text-align: center;\"><strong>Un d\u00eda para los Derechos Humanos de personas LGBT en Los Pinos<\/strong><\/p>\n<p>&nbsp;<br \/>\nPor <strong>Gloria Careaga<\/strong><br \/>\n<a href=\"https:\/\/twitter.com\/glcareaga\" target=\"_blank\" rel=\"noopener noreferrer\">@glcareaga<\/a><br \/>\nLos<strong> cr\u00edmenes de odio<\/strong>, la <strong>discriminaci\u00f3n<\/strong>, la <strong>criminalizaci\u00f3n<\/strong> y la patologizaci\u00f3n siguen siendo las <strong>amenazas<\/strong> a la vida, la libertad y la integridad de <strong>personas LGBT<\/strong>. La falta de registros. La ausencia de una pol\u00edtica clara. La falta de un instrumento internacional de derechos humanos espec\u00edfico. Son algunas de las razones para ir a los Pinos a hablar de nuestros<strong> derechos humanos<\/strong>.<br \/>\nEl objetivo, llevar de la agenda de la sociedad civil a la <strong>agenda de gobierno<\/strong> un posicionamiento sobre los obst\u00e1culos para el ejercicio de nuestros derechos humanos. Hablar de la<strong> homofobia<\/strong> y sus consecuencias, con todas sus letras, porque nos ha cobrado vidas, obst\u00e1culos, exclusiones, restricciones a nuestros derechos.<br \/>\n\u00bfHay alg\u00fan momento perfecto para que esto ocurra? \u00bfQu\u00e9 se\u00f1ales deb\u00edamos esperar para saber que era el momento? \u00bfHab\u00eda que hacer caso omiso al primer llamado de un<strong> presidente<\/strong> mexicano para hablar del tema? \u00bfSomos un movimiento leg\u00edtimo? \u00bfEsperamos a que la cifra de muertes suba (aunque sabemos que no se registra)?<br \/>\n<a class=\"no-eff img-link lightbox\" href=\"http:\/\/nofm-radio.com\/wp-content\/uploads\/2016\/06\/Careaga2.jpg\"><img loading=\"lazy\" decoding=\"async\" class=\"size-full wp-image-18029 aligncenter\" src=\"http:\/\/nofm-radio.com\/wp-content\/uploads\/2016\/06\/Careaga2.jpg\" alt=\"Careaga2\" width=\"696\" height=\"393\" \/><\/a><br \/>\nFuimos a <strong>los Pinos<\/strong> con el objeto de ser testigos vigilantes del primer pronunciamiento del <strong>Gobierno de M\u00e9xico<\/strong> sobre nuestros derechos. El reconocimiento del <strong>D\u00eda Nacional de Lucha contra la Homofobia<\/strong>, no hab\u00eda sido f\u00e1cil. El gobierno de Calder\u00f3n, a pesar de que su establecimiento formal hab\u00eda sido aprobado por la<strong> C\u00e1mara de Diputados<\/strong>, lo tergivers\u00f3 instalando el <strong>d\u00eda de la Tolerancia<\/strong>, cuando \u00e9sta se celebra en noviembre, y nadie hizo nada.<br \/>\nHace un a\u00f1o, finalmente se estableci\u00f3 el d\u00eda, pero pas\u00f3 pr\u00e1cticamente inadvertido. Las organizaciones sociales ya hace mucho tiempo hemos estado exigiendo acciones formales que dejen vislumbrar posibles compromisos. Avances.<br \/>\nLa <strong>demanda social<\/strong> ha ido abriendo puertas y en algunas dependencias se nos contempla para el desarrollo de proyectos o el apoyo de acciones de gobierno pero ninguna nos contempla en su plan de trabajo. No formamos parte del <strong>Plan Nacional de Desarrollo<\/strong>. No se cuenta con marcos legales espec\u00edficos de protecci\u00f3n de todos nuestros derechos. No logramos tampoco que el presidente <strong>Pe\u00f1a Nieto<\/strong> inaugurara la <strong>Conferencia Mundial de ILGA<\/strong> en el 2014, aunque apoyaron de manera m\u00ednima algunas de sus actividades.<br \/>\nProbablemente el ingreso de <strong>Alexandra Haas<\/strong> a la presidencia del <strong>CONAPRED<\/strong> esta marcando una diferencia. A iniciativa propia organiz\u00f3 conversaciones con varios grupos y sobre distintos temas y conoci\u00f3 algunas de las urgencias a nuestras demandas. Su trayectoria internacional quiz\u00e1 tambi\u00e9n dej\u00f3 ver la necesidad de una respuesta oficial y el mejor posicionamiento para el gobierno y se dio a la tarea de una conmemoraci\u00f3n formal de la fecha.<br \/>\nPrecisamente, de quienes estuvimos en las mesas de trabajo del CONAPRED salieron las voces que se dirigir\u00edan al presidente, con la agenda que cada una hab\u00eda delineado. La diversidad de voces y propuestas deja ver la ruta por donde cada uno caminamos, pero en general son confluentes.<br \/>\n<a class=\"no-eff img-link lightbox\" href=\"http:\/\/nofm-radio.com\/wp-content\/uploads\/2016\/06\/Careaga1.jpeg\"><img loading=\"lazy\" decoding=\"async\" class=\"aligncenter wp-image-18028\" src=\"http:\/\/nofm-radio.com\/wp-content\/uploads\/2016\/06\/Careaga1.jpeg\" alt=\"Careaga1\" width=\"640\" height=\"430\" \/><\/a><br \/>\nSi nuestra participaci\u00f3n en la conmemoraci\u00f3n fue <strong>moneda de cambio<\/strong>, no lo dudamos. Ha sido la constante de distintos gobiernos en todos los terrenos. No s\u00f3lo para un abanderamiento en materia de derechos humanos, sino tambi\u00e9n para acuerdos internacionales, para acuerdos comerciales, como para fines electorales. No somos ingenuos. En varios de estos juegos pol\u00edticos nos ha llevado la de perder. Hoy ganamos al menos un poco.<br \/>\nLos logros y compromisos establecidos el <strong>17 de Mayo<\/strong> reciente est\u00e1n reflejados en los cuatro puntos remarcados por el Ejecutivo, y en los se\u00f1alamientos y encargos puntuales que hizo a distintas Secretar\u00edas. Estos puntos no limitan la agenda, tampoco nuestra participaci\u00f3n y compromiso pol\u00edtico con otras causas con las que nos hemos identificado a los largo de nuestra trayectoria. Reafirmamos la necesidad de la profundizaci\u00f3n de una cultura de Derechos Humanos para el pa\u00eds que redunde en la <strong>justicia<\/strong>.<br \/>\nLa cultura y protecci\u00f3n de los derechos humanos es tarea del gobierno y no dejaremos de exigirlas. Por las vidas que la <strong>homo-transfobia<\/strong> han cobrado, por <strong>Ayotzinapa<\/strong>, por <strong>Atenco<\/strong>, por <strong>Tlatlaya<\/strong>, por los<strong> 72+<\/strong>, por la mujeres, ni\u00f1as, ni\u00f1os, j\u00f3venes <strong>violentados y desaparecidos<\/strong>. Contra la impunidad y la corrupci\u00f3n, ah\u00ed estamos!<br \/>\n__________<br \/>\n<strong>Gloria Careaga<\/strong> es Psic\u00f3loga Social, Coordinadora General de la Fundaci\u00f3n Arco\u00edris, profesora de la Facultad de Psicolog\u00eda y Coordinadora de Estudios en Sexualidad en el PUEG-UNAM.<\/p>\n","protected":false},"template":"","meta":{"_id_youtube":"","_id_vimeo":"","_podcasts_duration":"","_podcasts_url":"","_podcasts_show":"","_prog_horario_dias":"","_prog_hora":"","_prog_duration":""},"class_list":["post-18027","archivo","type-archivo","status-publish","hentry"],"_links":{"self":[{"href":"https:\/\/nofm-radio.com\/index.php?rest_route=\/wp\/v2\/archivo\/18027","targetHints":{"allow":["GET"]}}],"collection":[{"href":"https:\/\/nofm-radio.com\/index.php?rest_route=\/wp\/v2\/archivo"}],"about":[{"href":"https:\/\/nofm-radio.com\/index.php?rest_route=\/wp\/v2\/types\/archivo"}],"wp:attachment":[{"href":"https:\/\/nofm-radio.com\/index.php?rest_route=%2Fwp%2Fv2%2Fmedia&parent=18027"}],"curies":[{"name":"wp","href":"https:\/\/api.w.org\/{rel}","templated":true}]}}