{"id":18033,"date":"2016-06-01T14:52:43","date_gmt":"2016-06-01T19:52:43","guid":{"rendered":"http:\/\/nofm-radio.com\/?p=18033"},"modified":"2016-06-01T14:52:43","modified_gmt":"2016-06-01T19:52:43","slug":"el-hombre-del-brazo-de-oro-entrevista-a-jesus-alvarado-nieves","status":"publish","type":"archivo","link":"https:\/\/nofm-radio.com\/?archivo=el-hombre-del-brazo-de-oro-entrevista-a-jesus-alvarado-nieves","title":{"rendered":"El hombre del Brazo de Oro. Entrevista a Jes\u00fas Alvarado Nieves"},"content":{"rendered":"<p>Por <strong>Aldo Rosales<\/strong><br \/>\n<a href=\"https:\/\/twitter.com\/AldoRosalesV\" target=\"_blank\" rel=\"noopener noreferrer\">@AldoRosalesV<\/a><\/p>\n<p style=\"text-align: center;\"><strong>1<\/strong><\/p>\n<p><strong>Calzada de Guadalupe<\/strong> es una avenida de longitud considerable. Uno de sus extremos desemboca en la <strong>Bas\u00edlica de Guadalupe<\/strong> a donde, constantemente, se ven llegar, desde distintas latitudes, grupos de fieles. Es, adem\u00e1s, una avenida que de tan larga parece atravesar no s\u00f3lo la ciudad, sino el tiempo y las distintas capas que conforman la urbe que la contiene; recorrerla es lo m\u00e1s cercano que se tiene, a veces, a un viaje por el tiempo, con direcci\u00f3n al pasado.<br \/>\nPartida en dos por un camell\u00f3n testo de \u00e1rboles, esta avenida presenta un rostro de ma\u00f1ana y otro de noche. A la luz del d\u00eda se antoja un gesto de modernidad; por la noche, sin embargo, su rostro cambia. Grupos de <strong>indigentes<\/strong> deambulan en busca de algo que bien pudiera ser la vida o un sustituto de \u00e9sta. Uno de ellos se acerca a la entrada del <strong>deportivo Pe\u00f1oles<\/strong> y pide permiso al guardia para entrar al ba\u00f1o. \u201cYa se te ha dicho que no, no sabes respetar y siempre ensucias todo\u201d. El hombre no cede ante la petici\u00f3n del polic\u00eda, persiste en querer entrar. Al final, para evitar una confrontaci\u00f3n mayor, el oficial accede a que el hombre se lave el rostro con el agua de una cubeta que reposa al lado de la caseta de vigilancia, se talla vigorosamente el cuello y los brazos, se alisa el cabello, da las gracias y parte. \u201cYa les dijo don Jes\u00fas que no pueden estar viniendo aqu\u00ed tan seguido, pero no entienden\u201d, me comenta el guardia, \u201cs\u00f3lo hasta que \u00e9l en persona les dice que de seguir as\u00ed va a gestionar desde la <strong>delegaci\u00f3n<\/strong> que los corran, s\u00f3lo entonces, comprenden\u201d. El hombre se aleja por la avenida y luego no se le ve m\u00e1s.<br \/>\nEl reloj marca las 10:55. El guardia emite un par de comentarios m\u00e1s de vez en vez, luego mira el reloj en su mu\u00f1eca y mueve la cabeza como si afirmara. \u201cAh, mira, ya lleg\u00f3\u201d. Se apresura a abrir la reja de acceso al deportivo y un auto gris, de aspecto nuevo, entra de reversa. \u201cBuenos d\u00edas, don Jes\u00fas\u201d, saluda el guardia y de inmediato vuelve a cerrar el acceso. Echo a andar tras el auto, que se estaciona en dos movimientos. De \u00e9l desciende <strong>Jes\u00fas Alvarado<\/strong>, el fundador y l\u00edder de la tercia de <strong>luchadores<\/strong> conocidos como <strong>Los brazos<\/strong>, me extiende la mano y me da un apret\u00f3n firme; tambi\u00e9n saludo a su esposa, una mujer de aspecto amable y sereno. Me indica que camine detr\u00e1s de \u00e9l, enfilamos hacia el \u00e1rea deportiva y un hombre nos saluda. El se\u00f1or Jes\u00fas da un par de indicaciones, revisa someramente la lista de registro y dicta un par de instrucciones m\u00e1s. En una de las paredes, al lado de una puerta blanca donde se lee Administraci\u00f3n, alguien grab\u00f3 una leyenda: Hasta que no luchas por algo no te conviertes en quien eres. A las palabras la acompa\u00f1a la imagen con la que el heredero de Jes\u00fas Alvarado cubre su rostro sobre el ring: <strong>La M\u00e1scara<\/strong>.<br \/>\n<img loading=\"lazy\" decoding=\"async\" class=\"wp-image-18037 alignright\" src=\"http:\/\/nofm-radio.com\/wp-content\/uploads\/2016\/06\/IMG_20160528_105746-e1464810137248.jpg\" alt=\"IMG_20160528_105746\" width=\"300\" height=\"400\" \/><br \/>\nPasamos al \u00e1rea administrativa y despu\u00e9s, al franquear una puerta m\u00e1s, estamos ya en la oficina del se\u00f1or Alvarado. Trofeos, posters, fotograf\u00edas y anuncios de lucha libre adornan el lugar. <strong>Brazo de oro<\/strong>, su nombre de luchador (y el nombre con el que, a veces, los empleados del lugar se refieren a \u00e9l) se sienta tras su escritorio. En la pared del lado derecho hay una fotograf\u00eda donde se le ve enmascarado; en la izquierda una figura de cuerpo completo de su hijo. Pregunto si puedo tomar un par de fotograf\u00edas. \u201cClaro, claro, las que necesites\u201d. Se queda quieto, luego se levanta y se coloca del otro lado del escritorio, junto a los<strong> p\u00f3sters de lucha<\/strong>, para un par de tomas adicionales. Se vuelve a sentar, se coloca unos lentes que sac\u00f3 de uno de los cajones del escritorio, del que tambi\u00e9n extrajo un par de sobres con dinero, y comienza a formar montoncitos. \u201cComenzamos cuando gustes\u201d, me dice, y calcula mentalmente algo.<br \/>\nEl escritorio est\u00e1 cubierto por un cristal grueso, bajo el que hay una serie de <strong>billetes de loter\u00eda<\/strong> con im\u00e1genes de luchadores (entre los que se encuentran Jos\u00e9 Alvarado, <strong>Brazo de plata<\/strong>, y La M\u00e1scara), y una pintura que muestra a Brazo de oro y Brazo de plata en diversas poses. Saco de mi mochila una revista y la coloco frente al se\u00f1or Alvarado. \u201cAh, mira, es de la lucha contra Ultram\u00e1n\u201d, comenta, \u201c\u00bfya cu\u00e1ntos a\u00f1os de eso?\u201d, se pregunta, y vuelve a calcular. Me adelanto, le digo que tiene veintiocho. \u201c\u00bfY c\u00f3mo sabes as\u00ed tan r\u00e1pido?\u201d. Le contesto que es porque fue al a\u00f1o siguiente de mi nacimiento. \u201c\u00bfCu\u00e1ntos a\u00f1os tienes?\u201d, pregunta, le digo que veintinueve. \u201cEntonces ya tiene veintiocho a\u00f1os esa lucha\u201d. Algo en ese n\u00famero lo deja pensando por un momento.<\/p>\n<p style=\"text-align: center;\"><strong>2<\/strong><\/p>\n<p>Una escuela de aviaci\u00f3n, situada en <strong>Zapopan, Jalisco<\/strong>, recib\u00eda, en el a\u00f1o de 1975, a los nuevos alumnos, quienes hab\u00edan sido becados para cursar ah\u00ed sus estudios. Uno de los lugares, sin embargo, qued\u00f3 vac\u00edo: el que estaba asignado para <strong>Jes\u00fas Alvarado Nieves<\/strong>. En ese mismo a\u00f1o, apenas unos d\u00edas atr\u00e1s, el hombre que se convertir\u00eda en l\u00edder de<strong> Los mosqueteros del diablo<\/strong>, viajaba rumbo a la Arena Toluca en compa\u00f1\u00eda de <strong>Indio Vitela<\/strong>, un luchador amigo de su padre. \u201c\u00c9l no sab\u00eda llegar a la arena, y entonces fue a ver a mi mam\u00e1 y le pregunt\u00f3 si podr\u00eda llevarme a m\u00ed para que le indicara el camino; yo sab\u00eda llegar\u201d. El sol se filtra por las ventanas de la oficina, cae de lleno sobre el se\u00f1or Alvarado, quien se toma su tiempo para proseguir. \u201cLlegamos a tiempo, era un terreno que hab\u00edan acondicionado para la lucha, pusieron sillas y un<strong> ring<\/strong>, nada m\u00e1s. Y de pronto pas\u00f3: me dijeron que me subiera a luchar porque les faltaba un elemento. Yo les dije que no, que de verdad no pod\u00eda: mi padre nos ten\u00eda prohibido luchar. Baj\u00f3 <strong>Dorrel Dixon<\/strong>, ya sabes el tama\u00f1o de hombre que era, y me dijo que subiera, que nadie le dir\u00eda a mi pap\u00e1\u201d. El se\u00f1or Alvarado imita la voz de Dorrel Dixon, sonr\u00ede con su recuerdo y contin\u00faa \u201cpero yo insist\u00ed en mi negativa, ni siquiera sab\u00eda luchar bien y se los hice saber, a lo que el Indio Vitela contest\u00f3: mentira, te he visto y lo haces muy bien.\u201d<br \/>\nSuena el tel\u00e9fono y el se\u00f1or Alvarado contesta. La llamada es breve, cuelga y prosigue. \u201cY total, me prestaron un calz\u00f3n y un par de botas. Me anunciaron como <strong>El chamaco Cruz<\/strong>. Ya luchamos, todo bien, y regresamos a casa. Al d\u00eda siguiente yo me iba a Zapopan, estaba becado, ya, decidido: iba a ser<strong> piloto aviador<\/strong>, primera y \u00faltima vez que luchaba, o al menos eso cre\u00eda. Volvimos a la colonia, Vitela me llev\u00f3 a mi casa pero ya en la entrada me esperaba mi pap\u00e1, con mis cosas. Me corri\u00f3 de la casa, as\u00ed, en la madrugada, por haber violado la regla de no luchar. No me qued\u00f3 m\u00e1s que irme a dormir a casa de El Indio, y al d\u00eda siguiente fui al gimnasio de don <strong>Felipe [Ham Lee]<\/strong> a entrenar, como todos los d\u00edas, pero al llegar, apenas llegar, los maestros me dijeron que no pod\u00eda pasar: mi pap\u00e1 les hab\u00eda prohibido que me dieran clases\u201d. El se\u00f1or Jes\u00fas se toma una pausa, para dar el peso adecuado a cada palabra. \u201cMe puse a llorar\u201d, contin\u00faa, \u201cah\u00ed, en el gimnasio, y llego don Felipe Ham Lee y me pregunt\u00f3 qu\u00e9 me suced\u00eda, le cont\u00e9 y dijo que no me preocupara, luego fue a hablar con los maestros y me dejaron entrenar. Despu\u00e9s, cuando termin\u00f3 la pr\u00e1ctica, lleg\u00f3 mi pap\u00e1, enojado todav\u00eda. Don Felipe me pidi\u00f3 que me acercara, luego le dijo a mi padre, de quien era muy amigo, muy \u00edntimo \u00b4mira, Shadito, tu hijo es un muchacho ejemplar: no fuma, no toma, s\u00f3lo se dedica al deporte; no nos hagamos, tu hijo es luchador, d\u00e9jalo luchar\u00b4. Y luego volteo hacia m\u00ed y me dijo \u00b4ni nos hagamos, t\u00fa ya no vas a estudiar: t\u00fa vas a ser luchador, lo traes en la sangre\u00b4. Y mira, aqu\u00ed estoy.\u201d<br \/>\n<a class=\"no-eff img-link lightbox\" href=\"http:\/\/nofm-radio.com\/wp-content\/uploads\/2016\/06\/IMG_20160528_105708.jpg\"><img loading=\"lazy\" decoding=\"async\" class=\"alignleft wp-image-18036\" src=\"http:\/\/nofm-radio.com\/wp-content\/uploads\/2016\/06\/IMG_20160528_105708-e1464810183308.jpg\" alt=\"IMG_20160528_105708\" width=\"300\" height=\"400\" \/><\/a><\/p>\n<p style=\"text-align: center;\"><strong>3<\/strong><\/p>\n<p>Bajo el cristal del escritorio, a un lado de otros recuerdos, reposa un reconocimiento que el <strong>Instituto Mexicano del Seguro Social<\/strong> otorga al <strong>Consejo Mundial de Lucha Libre<\/strong> (<strong>CMLL<\/strong>) \u201cpor su valiosa participaci\u00f3n en las actividades por la celebraci\u00f3n del d\u00eda del ni\u00f1o\u201d. Afuera, del otro lado de la oficina, donde se realizan las actividades deportivas, se escucha el ruido caracter\u00edstico de los ni\u00f1os. \u201cAqu\u00ed tenemos distintas disciplinas: box, muay thai, gimnasia, en fin, todo para que los ni\u00f1os hagan deporte. Como te coment\u00e9 hace rato, no estoy retirado del deporte, pero mis actividades ya no se desarrollan arriba de un ring, sino abajo. Procuro que los ni\u00f1os tengan acceso al <strong>deporte<\/strong>, me encargo de promoverlo, es muy importante\u201d.<br \/>\nJes\u00fas Alvarado Nieves, adem\u00e1s de ser el administrador del deportivo Pe\u00f1oles, es el l\u00edder sindical del CMLL, labor que desempe\u00f1a desde hace muchos a\u00f1os. \u201cSon m\u00e1s de 570 luchadores a los que represento\u201d, comenta, \u201clabor que hago con gusto y que, adem\u00e1s, modestia aparte, hago bien, como se deben hacer las cosas. <strong>Francisco Alonso Lutteroth<\/strong> siempre le comenta a los que preguntan por qu\u00e9 llevo tanto tiempo en el puesto \u00b4ven cu\u00e1nto tiempo lleva aqu\u00ed, pero no ven por qu\u00e9 lleva tanto tiempo aqu\u00ed\u00b4. S\u00e9 c\u00f3mo hacer las cosas\u201d. El se\u00f1or Alvarado Nieves me pide lo disculpe un momento, algo en el deportivo requiere su atenci\u00f3n. Regresa luego de unos minutos. \u201cPero cuando te digo que cubro todas las \u00e1reas de <strong>la lucha<\/strong> es verdad, no exagero. Ahorita, por ejemplo, he estado muy activo abogando porque se instaure el <strong>d\u00eda nacional del luchador<\/strong>, es importante\u201d. Le digo que concuerdo, pero que me gustar\u00eda saber porque \u00e9l lo considera as\u00ed. \u201cEs muy sencillo, la <strong>lucha libre<\/strong> es parte del <strong>patrimonio cultural<\/strong> de nuestro pa\u00eds. En muchos pa\u00edses se sabe que la lucha libre mexicana es, y lo digo en serio, la mejor del mundo. Entonces, si es as\u00ed de importante, y si es as\u00ed de reconocida, \u00bfpor qu\u00e9 no tener un d\u00eda del luchador? Hay d\u00eda del padre, del abuelo, entonces debe haber un d\u00eda del luchador. Si ya est\u00e1 el reconocimiento de la gente, que es el aplauso, ahora que venga el reconocimiento de nuestro gobierno\u201d. En sus palabras hay convicci\u00f3n, hay fuerza, si alguien sabe de cada aspecto del deporte es \u00e9l. \u201cYo siempre, desde que era un ni\u00f1o de m\u00e1s o menos ocho a\u00f1os, quise ser l\u00edder del sindicato\u201d, me dice, mientras sus ojos se quedan pero la mirada se va a un lugar que s\u00f3lo en \u00e9l permanece vivo \u201cporque en esos a\u00f1os mi pap\u00e1 era conserje del <strong>sindicato de luchadores<\/strong>, y un d\u00eda, sin decir m\u00e1s, lo despidieron. Yo le dije que un d\u00eda yo iba a ocupar el puesto m\u00e1s alto all\u00ed, para que a nadie se le tratara como a \u00e9l se le trat\u00f3.\u201d<br \/>\nEl se\u00f1or Alvarado se levanta, toma un ventilador, lo conecta y lo coloca frente a s\u00ed, contin\u00faa. \u201cPorque nadie se merece eso. Y f\u00edjate, yo escuchaba todas las conversaciones, todo lo que se hablaba en las oficinas, en los sitios de las conferencias. Yo era un ni\u00f1ito pero ya conoc\u00eda a todos los grandes luchadores: <strong>Santo, Blue Demon, Cavernario Galindo, Copetes Guajardo<\/strong>. Sab\u00eda de los problemas, de las rencillas, y supe que el d\u00eda que yo desarrollara ese trabajo lo har\u00eda mucho mejor, dar\u00eda a cada quien lo justo\u201d. Lo justo. Justicia: equilibrio, palabras dif\u00edciles de asir, casi tanto como de definir, pero el se\u00f1or Alvarado Nieves es un hombre de extracto humilde quien, a pesar de haber viajado por innumerables pa\u00edses (cuenta en su curr\u00edculo con m\u00e1s de 50 viajes a <strong>Jap\u00f3n<\/strong> y otras tantos a distintas naciones) sabe lo que significa trabajar duro para logra lo que se tiene (quiz\u00e1s, pienso, la inscripci\u00f3n a la entrada del gimnasio fue idea suya) y sabe, adem\u00e1s, tratar a cada persona con el respeto y atenci\u00f3n que se merecen. \u201cYo hac\u00eda el quehacer en el gimnasio de don Felipe Ham Lee, \u00e9sa era nuestra labor (de \u00e9l y de sus hermanos). Lleg\u00e1bamos temprano, antes de que amaneciera, y prend\u00edamos los calentadores, barr\u00edamos, trape\u00e1bamos; yo boleaba los zapatos de todos los luchadores, yo le llegu\u00e9 a tallar la espalda a <strong>Ray Mendoza<\/strong>, a varios. Luego, cuando terminaban nuestras actividades, bueno, ahora s\u00ed, a entrenar, y a entrenar duro. Mucha<strong> lucha ol\u00edmpica<\/strong>, hay que tener buenas bases, hay que saber todo desde abajo.\u201d<br \/>\n<a class=\"no-eff img-link lightbox\" href=\"http:\/\/nofm-radio.com\/wp-content\/uploads\/2016\/06\/IMG_20160528_105438-e1464810237976.jpg\"><img loading=\"lazy\" decoding=\"async\" class=\"alignright wp-image-18035\" src=\"http:\/\/nofm-radio.com\/wp-content\/uploads\/2016\/06\/IMG_20160528_105438-e1464810237976.jpg\" alt=\"IMG_20160528_105438\" width=\"300\" height=\"400\" \/><\/a><br \/>\nEl calor en la oficina aumenta. Don Jes\u00fas se levanta para tomar una botella de agua, la destapa y da un trago largo, tambi\u00e9n me ofrece una. Aprovecho la pausa para hermanar dos temas que \u00e9l ha tra\u00eddo a la mesa, aunque de distinta forma: la lucha ol\u00edmpica y la juventud, los ni\u00f1os. Le pregunto sobre la opini\u00f3n que le merecen las nuevas generaciones de luchadores, el estado actual de la <strong>lucha libre<\/strong>. \u201cPues mira, la lucha no ha evolucionado: ha cambiado.\u201d Se toma una pausa para dar peso a sus palabras, pausa que aprovecho para preguntarle si a \u00e9l le gusta ese cambio. \u201cNo, no, para nada, es un cambio que no me gusta. Ahora veo a muchos muchachitos con cuerpos est\u00e9ticos, con equipos vistosos, s\u00ed, pero que simple y sencillamente no saben luchar. Hay uno, no me acuerdo c\u00f3mo se llama, pero que siempre se est\u00e1 lastimando, y eso es porque no sabe luchar. Yo, a mi edad, no estoy operado de nada, mis hermanos tampoco; mi hijo, La M\u00e1scara, tampoco: eso es porque tenemos buenas bases. Hay que saber luchar\u201d. Da otro trago a su agua y sigue luchando contra el calor, que parece no querer ceder. Le pregunto, entonces, qu\u00e9 es lo que, a su criterio, necesita alguien antes de que se le pueda llamar luchador. \u201cQue parezca luchador\u201d, afirma sin dudarlo, \u201chay que tener presencia, elegancia, porte. Ahora veo luchadores que llegan a la arena con vestimenta inapropiada: shorts, camisetas de tirantes; mal vestidos, en una palabra. En una ocasi\u00f3n, hace ya muchos a\u00f1os, vi llegar al estacionamiento de la arena a <strong>Solitario<\/strong>, baj\u00f3 de su carro y tra\u00eda smoking, \u00a1imag\u00ednate!, smoking, y luego una m\u00e1scara nueva, preciosa; vaya, hasta su colonia ol\u00eda excelente. Qu\u00e9 porte de se\u00f1or, qu\u00e9 imagen: esos eran luchadores. Pero no s\u00f3lo la imagen y las bases, tambi\u00e9n la actitud es importante. Yo por eso trato de ser amable siempre, accesible, y la gente se sorprende, no creen que un luchador les est\u00e9 hablando, algunos hasta dicen \u00b4yo lo imaginaba mucho m\u00e1s grande, en tele usted se ve enorme\u00b4 y eso es porque la imagen que proyect\u00e9 fue buena; la imagen te magnifica, la gente te ve de dos metros. En fin, hay muchos factores\u201d. Voltea hacia la imagen de cartoncillo de La M\u00e1scara y un gesto de orgullo no puede ni quiere ocultarse en su rostro, porque ah\u00ed ve eso que \u00e9l cree y predica.<\/p>\n<p style=\"text-align: center;\"><strong>4<\/strong><\/p>\n<p>Conocemos a veces a alguna <strong>figura p\u00fablica<\/strong>, pero no imaginamos el andamiaje que hay detr\u00e1s de ella. Lo que conocemos es, entonces, una fracci\u00f3n de un todo, un cuadro de una pel\u00edcula, s\u00f3lo una nota en la larga melod\u00eda de la existencia. Siempre hay algo que precede a lo que conocemos, una simiente.<br \/>\nSe cuenta que, con apenas seis a\u00f1os de edad, <strong>Pablo Picasso<\/strong> (hijo de un profesor de pintura) ya hab\u00eda dado muestras de un gran talento. En una ocasi\u00f3n, cuando su padre abandon\u00f3 su estudio por un momento, para tomar un descanso, al volver se encontr\u00f3 con que su hijo, el peque\u00f1o Pablo, hab\u00eda terminado el cuadro sobre el que trabajaba en aquellos d\u00edas. Los trazos fueron tan precisos que, ese mismo d\u00eda, su padre dej\u00f3 de pintar y cedi\u00f3 el fuego de los colores a su hijo. Cosa similar sucedi\u00f3 aquel d\u00eda de 1975, en el gimnasio de <strong>Felipe Ham Lee<\/strong>, cuando Jes\u00fas Alvarado Nieves y su padre, Shadito Cruz, se vieron despu\u00e9s del incidente del debut clandestino de quien a\u00f1os m\u00e1s tarde desenmascarar\u00eda a<strong> El Texano<\/strong>. \u201cMi padre, despu\u00e9s de que don Felipe le pidiera que me dejara ser luchador, accedi\u00f3. S\u00f3lo me faltaba un nombre, ya ten\u00eda la venia de mi padre y de mi maestro. \u00b4Bueno, \u00bfpor qu\u00e9 no le das tu nombre, Shadito?\u00b4, sugiri\u00f3 don Felipe, y mi padre accedi\u00f3. \u00c9l luchaba todos los domingos en Pachuca, y lo hac\u00eda como <strong>El hombre del brazo de oro<\/strong>, por la pel\u00edcula de <strong>Sinatra<\/strong>, y por la canci\u00f3n. Entonces fue as\u00ed como hered\u00e9 su nombre, y \u00e9l nunca m\u00e1s volvi\u00f3 a luchar. A\u00f1os despu\u00e9s se hizo r\u00e9feri, incluso trabaj\u00f3 en Jap\u00f3n, pero no volvi\u00f3 a subir a un ring para combatir\u201d.<br \/>\nDon Jes\u00fas Alvarado voltea, por un segundo, a la imagen del escritorio, donde est\u00e1n \u00e9l y Brazo de plata, y luego a la fotograf\u00eda de \u00e9l mismo a sus espaldas. \u201cBueno, pues ya estaba el nombre, El hombre del brazo de oro, faltaba el equipo. No iba a ser el de mi padre, quien luchaba vestido totalmente de negro y con un guante largo, color dorado, en el brazo derecho, as\u00ed que algo faltaba. Por esos d\u00edas el <strong>Villano II<\/strong> visit\u00f3 el gimnasio y se ofreci\u00f3 a dise\u00f1arme el equipo, y \u00e9l fue el autor de esta m\u00e1scara y este atuendo que conoces. Qu\u00e9 iron\u00edas de la vida: un Villano nos dise\u00f1a el equipo y es frente a los <strong>Villanos<\/strong> que perdemos las inc\u00f3gnitas\u201d. El se\u00f1or Alvarado Nieves sonr\u00ede, toma el cuello de su camisa entre los dedos \u00edndice y pulgar de la mano derecha y trata de ahuyentar al calor, sin aparente \u00e9xito. \u201cPero antes la m\u00e1scara era cerrada, no ten\u00eda la boca descubierta\u201d, saca su tel\u00e9fono celular y me muestra el dise\u00f1o del que me habla, \u201chasta que un d\u00eda, en una funci\u00f3n, <strong>Mil M\u00e1scaras<\/strong> se me acerc\u00f3 a decirme que no le gustaba el hecho de que mi m\u00e1scara se pareciera a la suya, aunque fuera en lo m\u00e1s m\u00ednimo, y el se\u00f1or Francisco Flores, de Promociones Flores, la gente detr\u00e1s de muchas funciones de lucha libre en el <strong>Toreo<\/strong> <strong>de Cuatro Caminos<\/strong>, me dijo \u00b4mira, Jes\u00fas, por qu\u00e9 no le quitas la boca y ya, se acab\u00f3 el parecido. Y de una vez qu\u00e9 piensas de esto, el nombre es muy largo, \u00bfy si le quitamos lo de El hombre del y se queda as\u00ed como Brazo de oro?\u00b4. Y de ah\u00ed ya cambi\u00f3 s\u00f3lo a <strong>Brazo de oro<\/strong>.\u201d<br \/>\nLos nombres de grandes figuras de la lucha libre, nacional e internacional, fluyen inacabables y con naturalidad de boca del se\u00f1or Alvarado; casi incre\u00edble. Le pregunto m\u00e1s sobre ese encuentro con Mil M\u00e1scaras, sobre la impresi\u00f3n que dej\u00f3 en \u00e9l. \u201cMira\u201d, me dice, y luego se acomoda en la silla y deja escapar una sonrisa \u201cuna vez en el Toreo de Cuatro Caminos, en una lucha, mis hermanos y yo le pusimos una tremenda arrastrada, ya sabes c\u00f3mo \u00e9ramos: palos, botellas, en fin, nuestro estilo duro; eso que ahora llaman lucha extrema, nosotros ya desde entonces lo hac\u00edamos. En fin. Y luego de que terminamos de luchar, ya en los vestidores, se nos acerc\u00f3 y nos dijo, con su vozarr\u00f3n, que ojal\u00e1 fu\u00e9ramos un cuarto de lo luchadores que nuestro padre fue. Yo en ese momento no lo entend\u00ed, pero a\u00f1os despu\u00e9s sus palabras adquirieron sentido. En un viaje rumbo a <strong>Estados Unidos<\/strong>, mucho tiempo despu\u00e9s de aquella lucha violenta, nos encontramos, as\u00ed que me le acerqu\u00e9 y le dije \u00b4se\u00f1or, ahora entiendo lo que quiso decir, y cr\u00e9ame que le voy a demostrar que sabemos luchar a ras de lona\u00b4. Y s\u00ed, en esa lucha us\u00e9 toda mi <strong>t\u00e9cnica<\/strong>, s\u00f3lo llave y contrallave. Al final, otra vez en vestidores, se acerc\u00f3 y me dijo \u00b4ahora s\u00ed: se nota que eres hijo de Shadito\u00b4. Y me sent\u00ed muy a gusto\u201d.<br \/>\n<a class=\"no-eff img-link lightbox\" href=\"http:\/\/nofm-radio.com\/wp-content\/uploads\/2016\/06\/IMG_20160528_110044.jpg\"><img loading=\"lazy\" decoding=\"async\" class=\"alignleft wp-image-18038\" src=\"http:\/\/nofm-radio.com\/wp-content\/uploads\/2016\/06\/IMG_20160528_110044-e1464810294142.jpg\" alt=\"IMG_20160528_110044\" width=\"300\" height=\"400\" \/><\/a><br \/>\nAprovecho la pausa en sus palabras para hablar de ese tema que tambi\u00e9n ten\u00eda en mente: la <strong>herencia<\/strong>. Para algunos, el ser hijo de un gran luchador es favorable; para otros, representa un peso. Le pregunto si \u00e9l se sit\u00faa en alguno de esos polos. \u201cNo, no es mi caso\u201d, su gesto adquiere dureza, se torna reflexivo, \u201cy siempre he sido muy honesto cuando me realizan esta pregunta: <strong>Shadito Cruz<\/strong> no fue un gran luchador, y con esto no pongo en duda sus habilidades, no es de lo que hablo porque eso ser\u00eda mentir, y no lo digo yo, lo dec\u00edan sus mismo compa\u00f1eros. Para que te des una idea, El Santo me dijo en una ocasi\u00f3n, cuando supo qui\u00e9n era mi padre \u00b4a Shadito Cruz no queda sino mirarlo luchar, eso es todo lo que uno puede hacer al ver a ese hombre\u00b4. Bueno, lo que trataba de decir era que Shadito era muy bajito, muy menudo, en una \u00e9poca de luchadores enormes, de aut\u00e9nticos monstruos, y por ello su despunte no fue como se pudiera haber deseado. Por eso mi nombre lo constru\u00ed yo, desde abajo, como te dije, y el nombre de mi padre, m\u00e1s que peso, fue un aliciente.\u201d<br \/>\nEl mediod\u00eda, que amenazaba con llegar, lo hizo, luego se fue y vino la una de la tarde, pero la conversaci\u00f3n sigue. El se\u00f1or Alvarado dota de gracia cada una de sus an\u00e9cdotas, que casi siempre llevan el toque de jocosidad y explosividad que comienzo a percibir en sus vivencias; imita voces, gestos, actitudes. \u201cEn una ocasi\u00f3n\u201d, comenta, y una sonrisa acompa\u00f1a su rostro, \u201cun gringo nos dec\u00eda cosas cada que nos ve\u00eda a m\u00ed y a mis hermanos, pero las dec\u00eda en ingl\u00e9s. Sin embargo, por el tono y su cara yo sab\u00eda que eran malas palabras, que nos estaba ofendiendo. Me puse a estudiar con un diccionario y vi que s\u00ed eran malas palabras. Entonces al otro d\u00eda, en el lobby del hotel, volvi\u00f3 a murmurar, y le dije \u00b4ahora s\u00ed te entend\u00ed y no te la vas a acabar\u00b4, y mis hermanos y yo agarramos unas botellas de vidrio y nos abalanzamos sobre \u00e9l. Pero ah\u00ed estaban S<strong>tan Hansen<\/strong>, <strong>Andr\u00e9 el gigante, Abdullah the butcher<\/strong> y nos pidieron que nos calm\u00e1ramos. Imag\u00ednate a esos luchadores, rud\u00edsimos todos, pidiendo calma. Ya nos conoc\u00edan c\u00f3mo \u00e9ramos\u201d. Don Jes\u00fas r\u00ede con energ\u00eda, su rostro se ilumina y el recuerdo se le instala con comodidad en el cuerpo. Me habla de sus viajes a Jap\u00f3n acompa\u00f1ado del <strong>Perro Aguayo<\/strong> y c\u00f3mo la gente en las calles se deten\u00eda para verlo. Recuerda con cari\u00f1o tambi\u00e9n a muchos compa\u00f1eros, y cuando le hablo de su lucha de apuestas contra <strong>El hijo del Santo<\/strong>, se limita a contestar \u201cqu\u00e9 golpiza le acomod\u00e9 \u00bfverdad?\u201d<br \/>\nEstamos a punto de despedirnos, es un hombre muy ocupado y el tiempo no es algo contra lo que se pueda luchar y salir con la mano en alto. Le pregunto qu\u00e9 sigue para Jes\u00fas Alvarado Nieves en la vida, ya que no se me ocurren muchas cosas pendientes en la agenda de un hombre con su vida y trayectoria. \u201c\u00bfFaltarme? Pues lo que venga, las cosas como se vayan dando las aceptar\u00e9 y aprovechar\u00e9, as\u00ed siempre ha sido\u201d. Le pregunto si se considera un <strong>hombre afortunado<\/strong>, o si es otro el adjetivo con el que le gustar\u00eda se acompa\u00f1ara su figura. \u201cMira\u201d, me dice y suspira profundamente, como si la respuesta que viene no se pudiera decir con poco aire, \u201clas cosas se me han acomodado de una manera que no puedo sino calificar de afortunada. S\u00ed, quiz\u00e1s s\u00ed soy un hombre afortunado, he viajado a muchos lugares, gan\u00e9 muchas luchas de apuestas, la <strong>lucha libre<\/strong> me ha dado muchas cosas y creo que otras tantas le he regresado. Ahora en esta faceta como<strong> l\u00edder sindical<\/strong> me est\u00e1 yendo muy bien, he logrado cosas que me enorgullecen. Soy un hombre que promueve el deporte, que se preocupa porque las nuevas generaciones tengan acceso a ese tipo de actividades. Como te coment\u00e9, el d\u00eda del luchador es ya casi una realidad, y puedo decir, orgullosamente, que en mucho se debe a la labor constante y al contacto permanente que he tenido con diversas figuras del \u00e1mbito pol\u00edtico quienes, adem\u00e1s de personajes clave en este logro, son grandes aficionados de este deporte que amo y al que he ayudado a crecer\u201d.<br \/>\nLe comento que, entonces, toda la <strong>comunidad de la lucha libre<\/strong> le debe estar profundamente agradecida. \u201cLamentablemente no es as\u00ed\u201d, responde, y cierto halo de gravedad circunda sus facciones, \u201chay algunos luchadores que me ped\u00edan que se instaurara el d\u00eda nacional para celebrar a su padres, grandes figuras leyendas del deporte, sin duda, pero que no son m\u00e1s grandes que la lucha libre misma, jam\u00e1s. Porque este d\u00eda del luchador, cuando se oficialice, ser\u00e1 para todos los luchadores, los vivos y los muertos, los que apenas comienzan y los que ya han aportado su vida, cuerpo y tiempo para hacer crecer este deporte. Ser\u00e1 un d\u00eda para celebrar y honrar a cada luchador en la rep\u00fablica, desde aquel que apenas tuvo para comprarse su equipo y lucha en una arena peque\u00f1a, hasta al estelar de la <strong>Arena M\u00e9xico<\/strong>. Ser\u00e1 un d\u00eda que nos merecemos, por el que mucho hemos luchado\u201d.<br \/>\nGuardamos silencio por un momento, las palabras que dijo, o c\u00f3mo las dijo, parecen ser demasiado para tragarlas de un solo golpe. Luego, por fin, le pregunto qu\u00e9 le falta al hombre que parece haberlo experimentado casi todo en la lucha libre, <strong>hommo universalis del pancracio<\/strong>. \u201cLas cosas se me han dado, y las acepto. Por ejemplo, lo del sindicato lleg\u00f3 as\u00ed, con facilidad. La oportunidad de luchar tambi\u00e9n lleg\u00f3 as\u00ed: parece que las cosas se me acomodan, te digo\u201d. Pongo sobre la mesa la carta de la<strong> pol\u00edtica<\/strong>, ahora que su contacto con este mundo parece rendir frutos cada vez m\u00e1s corpulentos. \u201cS\u00ed, claro, por qu\u00e9 no\u201d, vuelve a adquirir el tono jovial de hace unos momentos, \u201csi la gente me apoya, si la gente lo quiere, claro, lo har\u00e9. Muchas de las cosas que he logrado son por el apoyo de la gente, porque gracias a ellos uno est\u00e1 donde est\u00e1 y logra lo que logra. Me falta mucho por aprender, hasta de la lucha. Cuando me preguntan si soy luchador les digo que no, que estoy aprendiendo apenas, y es verdad.\u201d<br \/>\n<a class=\"no-eff img-link lightbox\" href=\"http:\/\/nofm-radio.com\/wp-content\/uploads\/2016\/06\/FB_IMG_1464715881838.jpg\"><img loading=\"lazy\" decoding=\"async\" class=\"size-full wp-image-18034 aligncenter\" src=\"http:\/\/nofm-radio.com\/wp-content\/uploads\/2016\/06\/FB_IMG_1464715881838.jpg\" alt=\"FB_IMG_1464715881838\" width=\"480\" height=\"270\" \/><\/a><br \/>\nCierro mi libreta y Brazo de oro parece cerrar esa zona del habla donde reposan los recuerdos y la nostalgia. Nos dirigimos hacia la entrada del deportivo. Hasta que no luchas por algo no te conviertes en quien eres, aparece de nuevo, y se me antoja una buena forma de despedirse de un lugar. Le pregunto si no se decidir\u00e1, alg\u00fan d\u00eda, a ser<strong> profesor<\/strong> de lucha libre. \u201cNo, no creo\u201d, contesta de inmediato, \u201cno estoy hecho para eso. Me conozco, me desesperar\u00eda f\u00e1cilmente y no quiero arruinar mi fama o una amistad por un momento de desesperaci\u00f3n, porque soy muy desesperado a la hora de hacer las cosas. A mi hijo, <strong>La M\u00e1scara<\/strong>, lo entren\u00f3 su abuelo: \u00e9l es de los \u00faltimos alumnos de Shadito Cruz; yo no intervine para nada. A veces le ense\u00f1o una llave o le doy alg\u00fan consejo, pero nada m\u00e1s. Tambi\u00e9n a mi nieto, quien va muy bien en la <strong>lucha ol\u00edmpica<\/strong> (el sello de la familia) le ense\u00f1ar\u00e9 algunas llaves en alguna ocasi\u00f3n, pero nada m\u00e1s. Eso no es lo m\u00edo.\u201d<br \/>\nLlegamos a la reja: Calzada de Guadalupe, lugar donde se juntan las esquinas de los mundos y los tiempos que conforman el presente, aparece de nuevo. En esta misma colonia, hace a\u00f1os, m\u00e1s de 50, viv\u00eda la familia Alvarado Nieves. Me despido de don Jes\u00fas, quien se queda de pie sobre en el l\u00edmite del deportivo, sobre el l\u00edmite del tiempo, como si esperara algo, algo que todav\u00eda no sabe qu\u00e9 es, pero que comienza a vislumbrar donde se desbarranca el presente, justo como los autos se desbarrancan en el horizonte de esta ciudad.<\/p>\n","protected":false},"template":"","meta":{"_id_youtube":"","_id_vimeo":"","_podcasts_duration":"","_podcasts_url":"","_podcasts_show":"","_prog_horario_dias":"","_prog_hora":"","_prog_duration":""},"class_list":["post-18033","archivo","type-archivo","status-publish","hentry"],"_links":{"self":[{"href":"https:\/\/nofm-radio.com\/index.php?rest_route=\/wp\/v2\/archivo\/18033","targetHints":{"allow":["GET"]}}],"collection":[{"href":"https:\/\/nofm-radio.com\/index.php?rest_route=\/wp\/v2\/archivo"}],"about":[{"href":"https:\/\/nofm-radio.com\/index.php?rest_route=\/wp\/v2\/types\/archivo"}],"wp:attachment":[{"href":"https:\/\/nofm-radio.com\/index.php?rest_route=%2Fwp%2Fv2%2Fmedia&parent=18033"}],"curies":[{"name":"wp","href":"https:\/\/api.w.org\/{rel}","templated":true}]}}