{"id":18084,"date":"2016-06-06T17:22:23","date_gmt":"2016-06-06T22:22:23","guid":{"rendered":"http:\/\/nofm-radio.com\/?p=18084"},"modified":"2016-06-06T17:22:23","modified_gmt":"2016-06-06T22:22:23","slug":"cuestionarionofm-diego-olavarria","status":"publish","type":"archivo","link":"https:\/\/nofm-radio.com\/?archivo=cuestionarionofm-diego-olavarria","title":{"rendered":"#CuestionarioNoFM. Diego Olavarr\u00eda"},"content":{"rendered":"<p><em>Para comprender la coreograf\u00eda del momento, es necesario conocer a sus participantes. Por lo mismo presentamos el <strong>#CuestionarioNoFM<\/strong>, un veh\u00edculo para acercarnos de otra manera a los protagonistas que con su trabajo est\u00e1n marcando el ritmo con el cual se est\u00e1 bailando.<\/em><\/p>\n<p style=\"text-align: center;\"><strong>Diego Olavarr\u00eda<\/strong><br \/>\n<a href=\"https:\/\/twitter.com\/oasisdehorror\" target=\"_blank\" rel=\"noopener noreferrer\"><strong> @oasisdehorror<\/strong><\/a><\/p>\n<p>&nbsp;<br \/>\n<strong>Diego Olavarr\u00eda<\/strong> comenz\u00f3 a viajar en <strong>1984<\/strong>, en la <strong>Ciudad de M\u00e9xico<\/strong>. Ese viaje no se ha detenido y lo ha llevado a casi todos los rincones del mundo.<br \/>\nDesde muy temprano supo que su vida ser\u00eda cambiar constantemente de palabras, y se ha especializado en la traducci\u00f3n y la interpretaci\u00f3n simult\u00e1nea. El lenguaje se convirti\u00f3 en su aventura completa, y de esa manera se entreg\u00f3 a la cr\u00f3nica de sus viajes por el mundo.<br \/>\nEn <strong>2015<\/strong> se llev\u00f3 el <strong>Premio Nacional de Cr\u00f3nica Joven &#8220;Ricardo Garibay&#8221;<\/strong> por su libro <em><strong>El paralelo et\u00edope<\/strong><\/em>. Gracias a sus textos nos hemos dado la oportunidad de visitar zonas que incluso dudamos existan salvo en sus palabras y visi\u00f3n personal. Si uno debiera apostar por una pluma, la de Diego est\u00e1 entre las primeras opciones.<br \/>\n<a class=\"no-eff img-link lightbox\" href=\"http:\/\/nofm-radio.com\/wp-content\/uploads\/2016\/06\/diego-olavarria.jpg\"><img loading=\"lazy\" decoding=\"async\" class=\"alignnone size-full wp-image-18093\" src=\"http:\/\/nofm-radio.com\/wp-content\/uploads\/2016\/06\/diego-olavarria.jpg\" alt=\"diego olavarria\" width=\"924\" height=\"694\" \/><\/a><br \/>\n<strong>1. \u00bfQu\u00e9 nos puedes decir de tus abuelos?<\/strong><br \/>\nComo viv\u00ed la mayor parte de mi infancia lejos de <strong>M\u00e9xico<\/strong>, no pude pasar mucho tiempo con mis abuelos. Mi abuelo paterno era un hombre de gran curiosidad. Coleccionaba minerales y la interesaba la historia profundamente. Viaj\u00f3 por todo M\u00e9xico construyendo ferrocarriles, y ten\u00eda historias dignas de <strong>Indiana Jones<\/strong>. Lamento que haya muerto antes de poder conocerlo mejor. Mi abuelo materno era un hombre contradictorio, de un pensamiento pol\u00edtico que rechac\u00e9 tan pronto tuve edad. Era un hombre que exig\u00eda disciplina militar pero que, a la vez, hac\u00eda los chistes m\u00e1s bobos y se enfrascaba con los ni\u00f1os en competencias por ver qui\u00e9n hac\u00eda la trompetilla m\u00e1s ruidosa. Ambos fueron hombres severos que se mostraron, a momentos, tiernos. Ambos murieron en el transcurso de un mes, en 2004.<br \/>\nMi abuela paterna, quien los \u00faltimos a\u00f1os de su vida sufri\u00f3 demencia, hablaba poco de su pasado. Creci\u00f3 en<strong> Sonora<\/strong>, y se enamor\u00f3 de mi abuelo en el <strong>tren<\/strong>. Mantuvieron una relaci\u00f3n epistolar y, luego, se casaron. S\u00e9 que su madre muri\u00f3 cuando ella era apenas ni\u00f1a. Una vez, de ni\u00f1o, le pregunt\u00e9 qu\u00e9 era lo que m\u00e1s recordaba de su mam\u00e1, de quien no guardaba un retrato. \u201cSu voz\u201d, me respondi\u00f3, sin dudarlo.<br \/>\nMi abuela materna sigue viva, as\u00ed que la omitir\u00e9 de este recuento mortuario.<br \/>\n<strong>2. \u00bfQu\u00e9 nos puedes decir de tus padres?<\/strong><br \/>\nQue los quiero mucho. Que a veces nos peleamos, pero que siempre me han apoyado.<br \/>\n<strong>3. \u00bfQui\u00e9n tuvo o tiene la voz m\u00e1s importante de tu vida?<\/strong><br \/>\nSiempre he sido, para bien o para mal, muy terco y muy <strong>independiente<\/strong>. La voz m\u00e1s importante en mi vida, a la que m\u00e1s le he hecho caso, ha sido la m\u00eda. A veces me ha malaconsejado, y he pagado las consecuencias de eso.<\/p>\n<blockquote><p><strong><a href=\"http:\/\/www.puntodepartida.unam.mx\/index.php?option=com_content&amp;task=view&amp;id=1027&amp;Itemid=29\">Lee esta cr\u00f3nica completa: Meditaciones moscovitas<\/a><\/strong><\/p><\/blockquote>\n<p><strong>4. Considerando que no elegimos d\u00f3nde nacer, \u00bfd\u00f3nde s\u00ed elegiste nacer?<\/strong><br \/>\nSupongo que eleg\u00ed nacer a finales del siglo XX, en esta \u00e9poca de computadoras y aviones.<br \/>\n<strong>5. Para ti \u00bfqui\u00e9nes son ellos y qui\u00e9nes nosotros?<\/strong><br \/>\nEllos y nosotros somos los mismos. S\u00f3lo que no nos hemos dado cuenta.<\/p>\n<blockquote><p><a href=\"http:\/\/www.tierraadentro.cultura.gob.mx\/destacados\/hezbollahndia\/\" target=\"_blank\" rel=\"noopener noreferrer\"><strong>Lee esta cr\u00f3nica completa: Hezbollahndia<\/strong><\/a><\/p><\/blockquote>\n<p><strong>6. \u00bfQu\u00e9 verbo define lo que haces y por qu\u00e9?<\/strong><br \/>\n<strong>Deambular<\/strong>. Me gusta explorar, ir de un lugar a otro, saltarme bardas, inmiscuirme en lo que no deber\u00eda importarme, armar conexiones. Me gusta salir a caminar y recolectar ideas como quien recolecta flores, o, quiz\u00e1, como quien pepena cartones en un basurero.<br \/>\n<strong>7. \u00bfCu\u00e1l es tu materia prima?<\/strong><br \/>\nTengo dos: el<strong> mundo<\/strong> y el <strong>lenguaje<\/strong>.<\/p>\n<blockquote><p><strong><a href=\"http:\/\/www.letraslibres.com\/blogs\/polifonia\/caracas-la-ciudad-menos-turistica\" target=\"_blank\" rel=\"noopener noreferrer\">Lee esta cr\u00f3nica completa: Caracas, la ciudad menos tur\u00edstica<\/a><\/strong><\/p><\/blockquote>\n<p><strong>8. Completa la frase<\/strong><br \/>\n<em><strong>Y cuando muera\u2026 ah\u00ed junto a mi cruz tan s\u00f3lo quiero&#8230;<\/strong><\/em> un epitafio que haga re\u00edr.<br \/>\n<em><strong>Y si vivo cien a\u00f1os&#8230;<\/strong><\/em> que sea en un mundo mejor que \u00e9ste.<br \/>\n<em><strong>All we are saying&#8230;<\/strong><\/em> has already been said.<br \/>\n<em><strong>El d\u00eda que me quieras&#8230;<\/strong><\/em> me sentir\u00e9 completo.<br \/>\n<em><strong>Si nos dejan&#8230;<\/strong><\/em>, cambiamos el mundo. Y si no, tambi\u00e9n.<br \/>\n<em><strong>Si yo fuera mujer&#8230;<\/strong><\/em> lo primero que har\u00eda ser\u00eda explorarme.<br \/>\n<strong>9. Si todos los caminos llevan a Roma, \u00bfd\u00f3nde est\u00e1 Roma?<\/strong><br \/>\nNo lo s\u00e9. No me interesa ir al lugar a donde van todos los caminos. Prefiero bajarme antes, en el bosque, en la periferia, y ver qu\u00e9 hay ah\u00ed.<br \/>\n<strong>10. \u00bfCu\u00e1l es la lengua natal del viaje?<\/strong><br \/>\nLa <strong>curiosidad<\/strong>. Y, bueno, tambi\u00e9n el ingl\u00e9s.<br \/>\n<a class=\"no-eff img-link lightbox\" href=\"http:\/\/nofm-radio.com\/wp-content\/uploads\/2016\/06\/diego-olavarria-2.jpg\"><img loading=\"lazy\" decoding=\"async\" class=\"alignnone  wp-image-18092\" src=\"http:\/\/nofm-radio.com\/wp-content\/uploads\/2016\/06\/diego-olavarria-2.jpg\" alt=\"diego olavarria 2\" width=\"960\" height=\"959\" \/><\/a><\/p>\n","protected":false},"template":"","meta":{"_id_youtube":"","_id_vimeo":"","_podcasts_duration":"","_podcasts_url":"","_podcasts_show":"","_prog_horario_dias":"","_prog_hora":"","_prog_duration":""},"class_list":["post-18084","archivo","type-archivo","status-publish","hentry"],"_links":{"self":[{"href":"https:\/\/nofm-radio.com\/index.php?rest_route=\/wp\/v2\/archivo\/18084","targetHints":{"allow":["GET"]}}],"collection":[{"href":"https:\/\/nofm-radio.com\/index.php?rest_route=\/wp\/v2\/archivo"}],"about":[{"href":"https:\/\/nofm-radio.com\/index.php?rest_route=\/wp\/v2\/types\/archivo"}],"wp:attachment":[{"href":"https:\/\/nofm-radio.com\/index.php?rest_route=%2Fwp%2Fv2%2Fmedia&parent=18084"}],"curies":[{"name":"wp","href":"https:\/\/api.w.org\/{rel}","templated":true}]}}