{"id":18112,"date":"2016-06-08T10:00:59","date_gmt":"2016-06-08T15:00:59","guid":{"rendered":"http:\/\/nofm-radio.com\/?p=18112"},"modified":"2016-06-08T10:00:59","modified_gmt":"2016-06-08T15:00:59","slug":"mexico20-valijas-diplomaticas-secretarias-de-estado-y-la-etica-del-escritor","status":"publish","type":"archivo","link":"https:\/\/nofm-radio.com\/?archivo=mexico20-valijas-diplomaticas-secretarias-de-estado-y-la-etica-del-escritor","title":{"rendered":"#M\u00e9xico20: Valijas diplom\u00e1ticas , secretar\u00edas de Estado y la \u00e9tica del escritor"},"content":{"rendered":"<p>Por <strong>Iv\u00e1n Cruz Osorio<\/strong><br \/>\n<a href=\"https:\/\/twitter.com\/IvanCruzOsorio\" target=\"_blank\" rel=\"noopener noreferrer\">@IvanCruzOsorio<\/a><br \/>\nDesde hace algunos d\u00edas, las redes sociales vieron el ascenso de una discusi\u00f3n balad\u00ed en los corredorcillos de la <strong>poes\u00eda mexicana<\/strong> con motivo de la aparici\u00f3n de <em><strong>M\u00e9xico 20.<\/strong> <strong>La nouvelle po\u00e9sie mexicaine<\/strong><\/em> preparada por <strong>Tedi L\u00f3pez Mills, Jorge Esquinca y Myriam Moscona<\/strong>. La disputa, como casi siempre en las pol\u00e9micas de este tipo, se centraba en los incluidos y los excluidos. Podemos citar otras antolog\u00edas publicadas en <strong>Francia<\/strong> como la celeb\u00e9rrima <em><strong>Anthologie de la Po\u00e9sie Mexicaine<\/strong><\/em>, preparada por <strong>Octavio Paz<\/strong>, presentada por Paul Claudel, para una colecci\u00f3n de la UNESCO; o una m\u00e1s reciente <em><strong>Un si\u00e8cle de po\u00e9sie mexicaine <\/strong><\/em>de\u00a0Claude Beausoleil. Ambas con su respectivo jaloneo de trenza y bigote. Evidentemente estas querellas siempre llegan al callej\u00f3n sin salida de qui\u00e9n tiene el ego m\u00e1s grandote.<br \/>\nAhora bien, estas \u00faltimas dos antolog\u00edas no ten\u00edan el fuerte apoyo gubernamental de M\u00e9xico ni de Francia que tiene <em><strong>M\u00e9xico 20<\/strong><\/em>; cabe se\u00f1alar que la pol\u00e9mica subi\u00f3 de tono al conocer que M\u00e9xico como Pa\u00eds Invitado de Honor de la edici\u00f3n <em><strong>34 del Mercado de la Poes\u00eda de Par\u00eds<\/strong><\/em>, llevar\u00eda una delegaci\u00f3n integrada por los antologados: <strong>Paula Abramo, \u00d3scar de Pablo, Luis Felipe Fabre, Silvia Eugenia Castillero, Juli\u00e1n Herbert, Karen Villeda<\/strong>, y uno de los antologadores: <strong>Jorge Esquinca<\/strong>. Asimismo asiste la notable poeta <strong>Coral Bracho<\/strong>, ni antologada ni antologadora. La<strong> Secretar\u00eda de Cultura de M\u00e9xico<\/strong> organiz\u00f3 la delegaci\u00f3n y el programa de actividades. Un poco m\u00e1s de le\u00f1a al fog\u00f3n vino con el anuncio de la presentaci\u00f3n de otra antolog\u00eda: <em><strong>Avec du soleil sous la semelle: onze po\u00e8tes mexicains d&#8217;aujourd&#8217;huide<\/strong><\/em>, de Jean Portante.<br \/>\n<a class=\"no-eff img-link lightbox\" href=\"http:\/\/nofm-radio.com\/wp-content\/uploads\/2016\/06\/Antolog\u00eda2.jpg\"><img loading=\"lazy\" decoding=\"async\" class=\"alignleft wp-image-18114\" src=\"http:\/\/nofm-radio.com\/wp-content\/uploads\/2016\/06\/Antolog\u00eda2.jpg\" alt=\"Antolog\u00eda2\" width=\"300\" height=\"448\" \/><\/a><br \/>\nLa cuesti\u00f3n de qui\u00e9n est\u00e1 incluido en estas dos antolog\u00edas, de qui\u00e9n viaja a Francia (literalmente como <strong>valija diplom\u00e1tica<\/strong>) o no, es un falso debate: las oportunidades para impulsar est\u00e9ticas, editoriales, revistas, autores han estado presentes hist\u00f3ricamente bajo el r\u00e9gimen del PRI. El <strong>PRI<\/strong> se ha encargado de no enemistarse con sus intelectuales, al contrario, le gusta reclutarlos, y para muestra hay muchos botones vivitos y coleando. El asunto es de \u00edndole \u00e9tica. Se trata de una antolog\u00eda y unos representantes que viajan con el aval de dos secretar\u00edas de Estado:\u00a0la\u00a0de Cultura y la de <strong>Relaciones Exteriores<\/strong>, adem\u00e1s del recibimiento del Estado Franc\u00e9s. Una <strong>antolog\u00eda de poes\u00eda<\/strong> encargada por el Estado, lo cual, qui\u00e9rase o no, implica que a estos autores se les abrir\u00e1n foros, nuevas antolog\u00edas en el exterior (Avec du soleil sous la semelle), invitaciones futuras, etc. Autores que por su <strong>propuesta est\u00e9tica<\/strong> pueden merecer esto sin apoyo gubernamental. Pero, hay que decirlo, en este momento son poetas con todo el apoyo gubernamental. Pero, hay que decirlo, en este momento son poetas con todo el apoyo que el Estado puede dar a qui\u00e9n lo representa. Lo cual encarna un juego de espejos muy riesgoso, el Estado mexicano avala esta antolog\u00eda y estos autores en Par\u00eds, en un evento muy vistoso y de relevancia cultural para ambos pa\u00edses y, a su vez, los autores acceden a representar al Estado mexicano, con todo lo que esto implica.<br \/>\nDesde mi punto de vista, el poeta, en el estado actual de nuestro pa\u00eds, no puede jugar al escritor distra\u00eddo o apol\u00edtico, debe ejercer sus derechos y obligaciones como <strong>ciudadano<\/strong> que sufre, observa y exige el fin de las <strong>desapariciones forzadas<\/strong>, de la proliferaci\u00f3n incontrolable de <strong>feminicidios<\/strong>, de la <strong>corrupci\u00f3n pol\u00edtica<\/strong> que involucra directamente al Estado que a todos los niveles se ve coludido con el crimen organizado, ese Estado que ahora lleva a una porci\u00f3n de sus escritores a Par\u00eds. Creo que lo m\u00e1s digno y valeroso que podr\u00edan hacer estos poetas, que debemos sentir como representantes, es manifestar firmemente que\u00a0somos un pa\u00eds al borde en muchos rubros. La obligaci\u00f3n de alzar la voz est\u00e1 con aquellos que se han declarado poetas militantes como \u00d3scar de Pablo o voceros del dolor ajeno como Juli\u00e1n Herbert. Mi deseo es que aprovechen este <strong>foro internacional<\/strong> para hacer un reclamo en\u00e9rgico. De no ser as\u00ed, s\u00f3lo se maquillar\u00e1, de una u otra forma, al Estado corrupto, represor y omiso. Por lo pronto y parafraseando una frase de la brillante <strong>Mariana Favela<\/strong>: \u201cNo le tocaron un pelo al Estado, lo peinaron a la moda\u201d.<\/p>\n","protected":false},"template":"","meta":{"_id_youtube":"","_id_vimeo":"","_podcasts_duration":"","_podcasts_url":"","_podcasts_show":"","_prog_horario_dias":"","_prog_hora":"","_prog_duration":""},"class_list":["post-18112","archivo","type-archivo","status-publish","hentry"],"_links":{"self":[{"href":"https:\/\/nofm-radio.com\/index.php?rest_route=\/wp\/v2\/archivo\/18112","targetHints":{"allow":["GET"]}}],"collection":[{"href":"https:\/\/nofm-radio.com\/index.php?rest_route=\/wp\/v2\/archivo"}],"about":[{"href":"https:\/\/nofm-radio.com\/index.php?rest_route=\/wp\/v2\/types\/archivo"}],"wp:attachment":[{"href":"https:\/\/nofm-radio.com\/index.php?rest_route=%2Fwp%2Fv2%2Fmedia&parent=18112"}],"curies":[{"name":"wp","href":"https:\/\/api.w.org\/{rel}","templated":true}]}}