{"id":18167,"date":"2016-06-13T14:43:52","date_gmt":"2016-06-13T19:43:52","guid":{"rendered":"http:\/\/nofm-radio.com\/?p=18167"},"modified":"2016-06-13T14:43:52","modified_gmt":"2016-06-13T19:43:52","slug":"cuestionarionofm-elena-mariscal-rivon","status":"publish","type":"archivo","link":"https:\/\/nofm-radio.com\/?archivo=cuestionarionofm-elena-mariscal-rivon","title":{"rendered":"#CuestionarioNoFM. Elena Mariscal Riv\u00f3n"},"content":{"rendered":"<p><em>Para comprender la coreograf\u00eda del momento, es necesario conocer a sus participantes. Por lo mismo presentamos el <strong>#CuestionarioNoFM<\/strong>, un veh\u00edculo para acercarnos de otra manera a los protagonistas que con su trabajo est\u00e1n marcando el ritmo con el cual se est\u00e1 bailando.<br \/>\n<\/em><\/p>\n<p style=\"text-align: center;\"><strong>Elena Mariscal Riv\u00f3n<\/strong><br \/>\n<strong> <a href=\"https:\/\/twitter.com\/ElenaMariscal\" target=\"_blank\" rel=\"noopener noreferrer\">@ElenaMariscal<\/a><\/strong><\/p>\n<p style=\"text-align: left;\">Si buscan en <strong>Google<\/strong> a <strong>Elena Mariscal<\/strong>, uno de los primeros resultados es una carta que escribi\u00f3 a los 13 a\u00f1os sobre la contaminaci\u00f3n de la <strong>Ciudad de M\u00e9xico<\/strong>. Y tal parece que los temas sociales no la dejaron nunca.<\/p>\n<p style=\"text-align: left;\">Elena es licenciada en <strong>Econom\u00eda y en Ciencia Pol\u00edtica<\/strong> por el <strong>ITAM<\/strong>, y abiertamente feminista. Ambos aspectos se combinan en su trabajo actual como coordinadora de proyectos en la organizaci\u00f3n social <strong>CREA<\/strong>, <strong>Comunidades de Emprendedores Sociales<\/strong> que trabaja con mujeres emprendedoras de zonas marginadas y de escasos recursos, ofreci\u00e9ndoles capacitaci\u00f3n, asistencia t\u00e9cnica y servicios.<\/p>\n<p>Trabaj\u00f3 en <strong>El Financiero Bloomberg<\/strong>, tanto en edici\u00f3n impresa, como en el programa matutino junto a <strong>Carlos Mota<\/strong>, donde su trabajo se centr\u00f3 en el an\u00e1lisis de la situaci\u00f3n econ\u00f3mica mundial y de <strong>M\u00e9xico<\/strong>, as\u00ed como en los resultados financieros de algunas empresas.<br \/>\nElena es parte de una generaci\u00f3n de j\u00f3venes economistas con consciencia social, que saben que el desarrollo econ\u00f3mico del pa\u00eds depende, en gran parte, del bienestar de sus ciudadanos.<br \/>\nComo es una gran fan de <strong>Star Wars<\/strong>, esperemos que prontamente pueda explicarnos las oscuras tretas de la econom\u00eda mexicana.<\/p>\n<p style=\"text-align: center;\">\u00a0<a class=\"no-eff img-link lightbox\" href=\"http:\/\/nofm-radio.com\/wp-content\/uploads\/2016\/06\/EleNaMariscal1.jpg\"><img loading=\"lazy\" decoding=\"async\" class=\"alignnone wp-image-18171\" src=\"http:\/\/nofm-radio.com\/wp-content\/uploads\/2016\/06\/EleNaMariscal1.jpg\" alt=\"EleNaMariscal1\" width=\"600\" height=\"600\" \/><\/a><\/p>\n<p><strong>1. \u00bfQu\u00e9\u00a0<\/strong><strong>nos puedes decir de tus abuelos?<\/strong><br \/>\nMe hubiera encantado tener abuelos. No conoc\u00ed a mis abuelos maternos; mi abuelo paterno muri\u00f3 cuando yo ten\u00eda un a\u00f1o y mi abuela paterna aunque todav\u00eda vive, desafortunadamente no tuvimos una relaci\u00f3n cercana. Seguro piensas \u00bfy qu\u00e9 te detiene ahora? Que desde hace cinco a\u00f1os tiene <strong>Alzheimer<\/strong> bastante avanzado y ya no reconoce ni a sus hijos. Es una situaci\u00f3n triste y prefiero no tener esos recuerdos de ella.<br \/>\n<strong>2. \u00bfQu\u00e9 nos puedes decir de tus padres?<\/strong><br \/>\nMis pap\u00e1s son unos tipazos. Conocen a todos mis amigxs, me escuchan y ponen atenci\u00f3n a mis historias. A trav\u00e9s de m\u00ed, conocen a mis amigxs, mis historias de la escuela, de amores y de oficina. Me llevo m\u00e1s con mi pap\u00e1 que con mi mam\u00e1, es complicado. Pero en general tengo una relaci\u00f3n muy cercana con ellos. Mis pap\u00e1s pertenecen a esta generaci\u00f3n que le quisieron dar todo a sus hijos creyendo que eso los hacia <strong>buenos padres<\/strong>, y la verdad es que s\u00ed me han dado todo. Pap\u00e1 fue el m\u00e1s amoroso mientras crec\u00edamos y mi mam\u00e1 muy dura.<br \/>\n<strong>3. \u00bfQui\u00e9n tuvo o tiene la voz m\u00e1s importante de tu vida?<\/strong><br \/>\nUf. Supongo que yo misma. Me ha costado trabajo confiar en m\u00ed y poder ser yo en todos los contextos sin juzgarme. Antes hubiera dicho que la voz m\u00e1s importante la tiene mi mam\u00e1. Sin embargo, mis pap\u00e1s siguen siendo mi <strong>br\u00fajula moral<\/strong> para las decisiones m\u00e1s importantes.<br \/>\n<strong>4. Considerando que no elegimos d\u00f3nde nacer, \u00bfd\u00f3nde s\u00ed elegiste nacer?<\/strong><br \/>\nPara m\u00ed los amigos son aquella familia que elegimos. Eleg\u00ed nacer con estos amigos incondicionales, honestos, divertidos, leales y que me ense\u00f1an y me motivan tanto. No eleg\u00ed d\u00f3nde nacer pero me encanta la familia que me toc\u00f3 (la mayor parte del tiempo), el pa\u00eds (salvo cuando hago corajes por la corrupci\u00f3n, impunidad, injusticia, etc), el siglo, en la escuela a la que fui.<\/p>\n<blockquote><p>Lee completa la entrevista\u00a0<a href=\"http:\/\/www.elfinanciero.com.mx\/tech\/mexico-mas-libre-que-eu-en-materia-de-internet-ceo-de-netflix.html\" target=\"_blank\" rel=\"noopener noreferrer\">M\u00e9xico, m\u00e1s libre que EU en materia de internet: CEO de Netflix<\/a><\/p><\/blockquote>\n<p><strong>5. Para ti \u00bfqui\u00e9nes son ellos y qui\u00e9nes nosotros?<\/strong><br \/>\nPara m\u00ed nosotros son mi familia, soy una persona muy fiel a su gente. Los amigos que tengo son mi segunda familia. Soy sobreprotectora con esta comunidad y <em>support system<\/em> que me he creado, pero creo que no hago una distinci\u00f3n tan grande con \u201cnosotros\u201d. Creo que carecemos como <strong>sociedad<\/strong> de much\u00edsima empat\u00eda, y te das cuenta en los lugares de trabajo, en c\u00f3mo actuamos con nuestros vecinos. Nos vale madres el de junto, porque \u201csi no me toca\u201d hago como que no lo veo. Y creo que es un error. Si bien me queda claro qui\u00e9nes son las 10 personas que van a llorar en mi funeral, tengo un amplio sentido de comunidad y de pertenencia. Me choca la <strong>apat\u00eda<\/strong>. \u00a0Y me choca la mentalidad del \u201cno se puede\u201d. Entonces aunque mi \u201cellos\u201d no es parte de \u201cnosotros\u201d no son tan lejanos a m\u00ed. Creo que entre mejor est\u00e9n ellos (en el amplio sentido de la palabra), mejor estaremos nosotros y por supuesto yo.<br \/>\n<strong>6. \u00bfQu\u00e9 verbo define lo que haces y por qu\u00e9?<\/strong><br \/>\n<strong>Aprender<\/strong>. Porque estamos en procesos constantes y continuos de aprendizajes y ense\u00f1anzas. En todos niveles: personal, emocional, espiritual, familiar, profesional, acad\u00e9mico. Me gusta aprender de mis compa\u00f1eros de trabajo, de los proyectos que inicio, de los trancazos, de los errores, de mi familia, de mi pareja, de las personas que me rodean en mi d\u00eda a d\u00eda.<br \/>\n<iframe loading=\"lazy\" src=\"https:\/\/www.youtube.com\/embed\/hkyxHG9KoIY\" width=\"560\" height=\"315\" frameborder=\"0\" allowfullscreen=\"allowfullscreen\"><\/iframe><br \/>\n<strong>7. \u00bfCu\u00e1l es tu materia prima?<\/strong><br \/>\nEnerg\u00eda e intensidad.<br \/>\n<strong>8. Completa la frase<\/strong><br \/>\n<em><strong>Y cuando muera\u2026 ah\u00ed junto a mi cruz tan s\u00f3lo quiero&#8230;<\/strong><\/em> un poquito de mezcal\u2026. jaja no es cierto van a creer que soy s\u00faper borracha. No quiero nada, creo que nunca me hab\u00eda puesto a pensar en eso. No me gusta el tema de la muerte, pero no hab\u00eda pensado en mi muerte.<br \/>\n<em><strong>Y si vivo cien a\u00f1os&#8230;<\/strong><\/em> ser\u00e9 una pasita feliz.<br \/>\n<strong><em>All we are saying\u00a0<\/em>is.<\/strong>.. give a Little respect.<br \/>\n<em><strong>El d\u00eda que me quieras&#8230;<\/strong><\/em> <span style=\"color: #222222;\">jaja creo que no quiero que me quiera alguien que yo no quiera antes.<\/span><br \/>\n<em><strong>Si nos dejan&#8230;<\/strong><\/em> nos vamos a querer toda la vida, o \u00bfc\u00f3mo va?<br \/>\n<em><strong>If I were a boy&#8230;<\/strong><\/em> it would be an interesting experiment, weird, but interesting.<br \/>\n<strong><img loading=\"lazy\" decoding=\"async\" class=\"alignleft wp-image-18173\" src=\"http:\/\/nofm-radio.com\/wp-content\/uploads\/2016\/06\/ElenaMariscal3.jpg\" alt=\"ElenaMariscal3\" width=\"300\" height=\"300\" \/>9. \u00bfO todos coludos o todos rabones, Entre menos burros m\u00e1s olotes, o El que parte y comparte se queda con la mejor parte?<\/strong><br \/>\nEstoy de acuerdo con la primera, pero m\u00e1s en un tema de <strong>impartici\u00f3n de justicia<\/strong>. Todos iguales. No en un tema de \u201csi el roba pues yo tambi\u00e9n\u201d. Sino, si se va a castigar o perseguir algo que sea contra todos por igual y no se discrimine por temas de g\u00e9nero, de condici\u00f3n econ\u00f3mica, por religi\u00f3n. Esa frase de los burros y los olotes no estoy tan segura de entenderla. La frase de \u201cEl que parte y comparte\u201d me suena a pr\u00edista de los &#8217;60 y como que me da un poquito de repele, quiz\u00e1s tampoco la entiendo bien pero esa actitud pol\u00edtica de \u201cay\u00fadame a ayudarte\u201d y la cultura de creer que alguien te cubre la espalda, porque t\u00fa se la cubres, o \u201csi caigo yo, t\u00fa tambi\u00e9n caes\u201d y as\u00ed, es un c\u00edrculo vicioso muy pernicioso. Creo que ya estoy divagando.<br \/>\n<strong>10. \u00bfDesde d\u00f3nde se combate la desigualdad?<\/strong><br \/>\nUf, pero qu\u00e9 tipo de <strong>desigualdad<\/strong>. Hay tantas\u2026 de g\u00e9nero, econ\u00f3mica, educativa, de oportunidades. Que quiz\u00e1s se resume, en \u201caqu\u00ed me toc\u00f3 nacer\u201d. Creo que se combate desde todos los lugares, desde el individuo, hasta la familia y tambi\u00e9n es un tema de <strong>Estado<\/strong>. Creo que la desigualdad se debe (el famos\u00edsimo <strong>deber ser<\/strong>) combatir pensando en que todos, sin importar nada, podemos y debemos tener las mismas oportunidades para desarrollarnos.\u00a0 Para m\u00ed es un tema de esfuerzo individual pero no del todo, es cierto que muchos crecemos con muchas oportunidades por el contexto en el que nacimos y que estando en una situaci\u00f3n desfavorable no siempre es f\u00e1cil progresar o salir adelante. Es ingenuo pensar en \u201c<strong>los pobres son pobres porque quieren<\/strong>\u201d.\u00a0 \u00a1No! Hay muchos a\u00f1os de injusticia, de <strong>asimetr\u00edas de informaci\u00f3n<\/strong>, de falta de acceso a much\u00edsimas cosas. Entonces, bueno no di, una respuesta concreta, pero para m\u00ed la desigualdad la trato de combatir en todos los espacios.\u00a0 Creo que todos los seres humanos somos iguales entre nosotros, aunque en la familia haya padres e hijos, en el trabajo jefes y subalternos, al final final, somos iguales y por lo menos ante la ley deber\u00edamos de serlo. Ya s\u00e9 que nuestra <strong>H. Constituci\u00f3n<\/strong> nos dice que somos iguales, pero en su aplicaci\u00f3n dista mucho de ser cierto.<\/p>\n","protected":false},"template":"","meta":{"_id_youtube":"","_id_vimeo":"","_podcasts_duration":"","_podcasts_url":"","_podcasts_show":"","_prog_horario_dias":"","_prog_hora":"","_prog_duration":""},"class_list":["post-18167","archivo","type-archivo","status-publish","hentry"],"_links":{"self":[{"href":"https:\/\/nofm-radio.com\/index.php?rest_route=\/wp\/v2\/archivo\/18167","targetHints":{"allow":["GET"]}}],"collection":[{"href":"https:\/\/nofm-radio.com\/index.php?rest_route=\/wp\/v2\/archivo"}],"about":[{"href":"https:\/\/nofm-radio.com\/index.php?rest_route=\/wp\/v2\/types\/archivo"}],"wp:attachment":[{"href":"https:\/\/nofm-radio.com\/index.php?rest_route=%2Fwp%2Fv2%2Fmedia&parent=18167"}],"curies":[{"name":"wp","href":"https:\/\/api.w.org\/{rel}","templated":true}]}}