{"id":18375,"date":"2016-06-21T19:36:28","date_gmt":"2016-06-22T00:36:28","guid":{"rendered":"http:\/\/nofm-radio.com\/?p=18375"},"modified":"2016-06-21T19:36:28","modified_gmt":"2016-06-22T00:36:28","slug":"oaxaca-cronica-de-la-insurreccion","status":"publish","type":"archivo","link":"https:\/\/nofm-radio.com\/?archivo=oaxaca-cronica-de-la-insurreccion","title":{"rendered":"OAXACA: Cr\u00f3nica de la Insurrecci\u00f3n"},"content":{"rendered":"<p>Por: <strong>Mariana Favela<\/strong><br \/>\n<a href=\"https:\/\/twitter.com\/favulas\" target=\"_blank\" rel=\"noopener noreferrer\">@favulas<\/a><br \/>\nDe manera coordinada y a la vez dispersa sectores populares convocados por el <strong>magisterio disidente<\/strong>, hace poco menos de un mes, tomaron el control de las carreteras en cuando menos cinco estados de la Rep\u00fablica:\u00a0<strong>Puebla, Guerrero, Michoac\u00e1n, Chiapas y Oaxaca<\/strong>.<br \/>\n<a class=\"no-eff img-link lightbox\" href=\"http:\/\/nofm-radio.com\/wp-content\/uploads\/2016\/06\/Favela11.png\"><img loading=\"lazy\" decoding=\"async\" class=\"size-full wp-image-18379 aligncenter\" src=\"http:\/\/nofm-radio.com\/wp-content\/uploads\/2016\/06\/Favela11.png\" alt=\"Favela1\" width=\"580\" height=\"389\" \/><\/a><br \/>\n<strong>Pocos d\u00edas despu\u00e9s el gobierno federal encamin\u00f3 las fuerzas polic\u00edacas y militares rumbo al sur del pa\u00eds pero los pueblos les cerraron el paso<\/strong>. Los autobuses de los federales se quedaron atascados durante d\u00edas. Iban rumbo a Oaxaca. Intentaron de nuevo por Puebla y los volvieron a cercar. \u00bfPor qu\u00e9? Porque esas fuerzas polic\u00edacas y militares son las que han masacrado, desaparecido y violentado a los pueblos que hoy les impiden pasar. <strong>La rabia tiene historia. <\/strong><br \/>\n<figure id=\"attachment_18380\" aria-describedby=\"caption-attachment-18380\" style=\"width: 500px\" class=\"wp-caption aligncenter\"><img loading=\"lazy\" decoding=\"async\" class=\"wp-image-18380\" src=\"http:\/\/nofm-radio.com\/wp-content\/uploads\/2016\/06\/Favela2.png\" alt=\"Foto: Arturo P\u00e9rez Alfonso. Cuartooscuro.\" width=\"500\" height=\"377\" \/><figcaption id=\"caption-attachment-18380\" class=\"wp-caption-text\">Foto: Arturo P\u00e9rez Alfonso. Cuartooscuro.<\/figcaption><\/figure><br \/>\nA los mandos en el gobierno no les qued\u00f3 m\u00e1s remedio que trasladar a las tropas con aeronaves. Se dirigieron al Istmo donde tem\u00edan que la disidencia adem\u00e1s de las carreteras tomara la refiner\u00eda. Intentaron dar un golpe fulminante pero fracas\u00f3, el enfrentamiento dur\u00f3 horas y finalmente los federales lograron avanzar. Apenas se hab\u00edan marchado cuando las barricadas se levantaron de nuevo. Ah\u00ed y en muchas otras partes. <strong>Poblado por poblado les cerraron el paso hasta que llegaron a Nochixtl\u00e1n.<\/strong> Era domingo por la ma\u00f1ana y las radios comunitarias no dejaban de exigir al gobierno el cese al fuego y la instalaci\u00f3n de una mesa de di\u00e1logo.<br \/>\n<figure id=\"attachment_18381\" aria-describedby=\"caption-attachment-18381\" style=\"width: 580px\" class=\"wp-caption aligncenter\"><a class=\"no-eff img-link lightbox\" href=\"http:\/\/nofm-radio.com\/wp-content\/uploads\/2016\/06\/Favela3.png\"><img loading=\"lazy\" decoding=\"async\" class=\"size-full wp-image-18381\" src=\"http:\/\/nofm-radio.com\/wp-content\/uploads\/2016\/06\/Favela3.png\" alt=\"Foto: Ignacio Mart\u00ednez. @Talladeboina36 \" width=\"580\" height=\"389\" \/><\/a><figcaption id=\"caption-attachment-18381\" class=\"wp-caption-text\">Foto: Ignacio Mart\u00ednez. @Talladeboina36<\/figcaption><\/figure><br \/>\nHabr\u00e1 quienes todav\u00eda no lo entienden pero en este pa\u00eds es un derecho constitucional manifestarse y <strong>bajo ninguna circunstancia est\u00e1 justificado que las fuerzas del Estado disparen contra poblaci\u00f3n civil<\/strong>. No les pagamos para que nos maten.<br \/>\n<figure id=\"attachment_18382\" aria-describedby=\"caption-attachment-18382\" style=\"width: 580px\" class=\"wp-caption aligncenter\"><a class=\"no-eff img-link lightbox\" href=\"http:\/\/nofm-radio.com\/wp-content\/uploads\/2016\/06\/Favela4.png\"><img loading=\"lazy\" decoding=\"async\" class=\"size-full wp-image-18382\" src=\"http:\/\/nofm-radio.com\/wp-content\/uploads\/2016\/06\/Favela4.png\" alt=\"Foto: Jorge A. P\u00e9rez. \" width=\"580\" height=\"389\" \/><\/a><figcaption id=\"caption-attachment-18382\" class=\"wp-caption-text\">Foto: Jorge A. P\u00e9rez.<\/figcaption><\/figure><br \/>\nA\u00fan as\u00ed las fuerzas federales cercaron Nochixtl\u00e1n. Atacaron desde el aire y dispararon contra la poblaci\u00f3n. Los pueblos vecinos acudieron al llamado de auxilio y enviaron las pocas ambulancias que hab\u00eda para ayudar a los heridos de bala. La Mixteca se moviliz\u00f3. <strong>La polic\u00eda federal cerr\u00f3 el paso a las ambulancias y varios heridos murieron desangrados.<\/strong><br \/>\n<figure id=\"attachment_18383\" aria-describedby=\"caption-attachment-18383\" style=\"width: 580px\" class=\"wp-caption aligncenter\"><a class=\"no-eff img-link lightbox\" href=\"http:\/\/nofm-radio.com\/wp-content\/uploads\/2016\/06\/Favela5.png\"><img loading=\"lazy\" decoding=\"async\" class=\"size-full wp-image-18383\" src=\"http:\/\/nofm-radio.com\/wp-content\/uploads\/2016\/06\/Favela5.png\" alt=\"Foto: Desde las nubes. \" width=\"580\" height=\"389\" \/><\/a><figcaption id=\"caption-attachment-18383\" class=\"wp-caption-text\">Foto: Desde las nubes.<\/figcaption><\/figure><br \/>\nEn el hospital la polic\u00eda orden\u00f3 que no se atendiera a la poblaci\u00f3n, <strong>los servicios m\u00e9dicos fueron exclusivos para los uniformados<\/strong>. Hab\u00eda demasiados heridos de modo que se improvisaron puestos m\u00e9dicos en la escuela y en la capilla. Las fuerzas federales desde los helic\u00f3pteros <strong>lanzaron granadas de gas contra la escuela donde se atend\u00eda a los heridos. <\/strong>El ataque de las fuerzas federales contra la poblaci\u00f3n dur\u00f3 m\u00e1s de siete horas. Cobr\u00f3, hasta donde sabemos, once vidas, dej\u00f3 muchas personas heridas y m\u00e1s de veinte desaparecidas.<br \/>\n&nbsp;<br \/>\n<a class=\"no-eff img-link lightbox\" href=\"http:\/\/nofm-radio.com\/wp-content\/uploads\/2016\/06\/Favela6.png\"><img loading=\"lazy\" decoding=\"async\" class=\"size-full wp-image-18384 aligncenter\" src=\"http:\/\/nofm-radio.com\/wp-content\/uploads\/2016\/06\/Favela6.png\" alt=\"Favela6\" width=\"580\" height=\"389\" \/><\/a><br \/>\n&nbsp;<br \/>\nDesde las 10am del domingo se hab\u00eda instalado ya una barricada a la altura de Huitzo, a unos 30km de la ciudad de Oaxaca, para impedir el paso de autobuses con elementos de la polic\u00eda que intentaban reforzar el ataque contra Nochixtl\u00e1n. La polic\u00eda logr\u00f3 &#8220;despejar&#8221; el bloqueo, de acuerdo con sus propias fuentes, pero en lugar de avanzar hac\u00eda el norte se movilizaron rumbo a la ciudad de Oaxaca y <strong>quedaron atrapados entre Hacienda Blanca y el crucero de Trinidad Viguera, a unos 10km del z\u00f3calo de la ciudad de Oaxaca<\/strong>.<br \/>\n&nbsp;<br \/>\n<a class=\"no-eff img-link lightbox\" href=\"http:\/\/nofm-radio.com\/wp-content\/uploads\/2016\/06\/Favela7.png\"><img loading=\"lazy\" decoding=\"async\" class=\"size-full wp-image-18385 aligncenter\" src=\"http:\/\/nofm-radio.com\/wp-content\/uploads\/2016\/06\/Favela7.png\" alt=\"Favela7\" width=\"580\" height=\"419\" \/><\/a><br \/>\n&nbsp;<br \/>\nEl ataque de las fuerzas polic\u00edacas se endureci\u00f3. <strong>En San Pablo Etla la polic\u00eda irrumpi\u00f3 en la escuela primaria Mar\u00eda del Carmen Serd\u00e1n donde una brigada m\u00e9dica atend\u00eda a los heridos.<\/strong> Entraron a las casas y amedrentaron a la poblaci\u00f3n. Los helic\u00f3pteros gasearon desde el aire de manera indiscriminada y de acuerdo con diferentes testimonios de los vecinos, elementos de la polic\u00eda incendiaron veh\u00edculos particulares. Un joven muri\u00f3 por un impacto de bala.<br \/>\n<a class=\"no-eff img-link lightbox\" href=\"http:\/\/nofm-radio.com\/wp-content\/uploads\/2016\/06\/Favela8.png\"><img loading=\"lazy\" decoding=\"async\" class=\"size-full wp-image-18386 aligncenter\" src=\"http:\/\/nofm-radio.com\/wp-content\/uploads\/2016\/06\/Favela8.png\" alt=\"Favela8\" width=\"580\" height=\"388\" \/><\/a><br \/>\nLa polic\u00eda militarizada intent\u00f3 avanzar por las riveras del R\u00edo Atoyac pero se les impidi\u00f3 el paso. <strong>Cay\u00f3 la noche y el sonido de los helic\u00f3pteros no ces\u00f3. La ciudad era una nube de gas.<\/strong> En el z\u00f3calo se sent\u00eda una tensa calma. <strong>Apagaron el alumbrado p\u00fablico y difundieron mensajes de terror por las redes sociales.<\/strong> Amenazaban con un desalojo brutal. Los reporteros de los medios al servicio del poder anunciaron la presencia de grupos armados con tubos y palos. Corrieron el rumor de que hab\u00eda balazos en las calles aleda\u00f1as al Z\u00f3calo. Luego, nada. Silencio. Las barricadas se mantuvieron encendidas toda la noche.<br \/>\n<iframe loading=\"lazy\" style=\"border: none; overflow: hidden;\" src=\"https:\/\/www.facebook.com\/plugins\/video.php?href=https%3A%2F%2Fwww.facebook.com%2FElPuebloMedio%2Fvideos%2F876469045830338%2F&amp;show_text=0&amp;width=560\" width=\"560\" height=\"315\" frameborder=\"0\" scrolling=\"no\" allowfullscreen=\"allowfullscreen\"><\/iframe><br \/>\nEl lunes por la ma\u00f1ana, <strong>los mismos que unas horas antes azuzaban la psicosis colectiva dedicaron los titulares a los saqueos<\/strong> que afectaron a diferentes comercios en el centro de la ciudad. Poco despu\u00e9s circular\u00edan fotograf\u00edas y videos en las que se aprecia a camionetas de la polic\u00eda cargadas de mercanc\u00eda que escapan de los celulares y las c\u00e1maras de video. <strong>Perdieron la batalla que ellos mismos iniciaron, fueron replegados y los pueblos se mostraron capaces de defenderse de la brutalidad gubernamental<\/strong>. No les qued\u00f3 m\u00e1s remedio que arreciar la campa\u00f1a de desprestigio y de criminalizaci\u00f3n.<br \/>\n<figure id=\"attachment_18390\" aria-describedby=\"caption-attachment-18390\" style=\"width: 580px\" class=\"wp-caption aligncenter\"><a class=\"no-eff img-link lightbox\" href=\"http:\/\/nofm-radio.com\/wp-content\/uploads\/2016\/06\/favela9.png\"><img loading=\"lazy\" decoding=\"async\" class=\"size-full wp-image-18390\" src=\"http:\/\/nofm-radio.com\/wp-content\/uploads\/2016\/06\/favela9.png\" alt=\"Foto: Arturo P\u00e9rez Alfonso. Cuartoscuro.\" width=\"580\" height=\"301\" \/><\/a><figcaption id=\"caption-attachment-18390\" class=\"wp-caption-text\">Foto: Arturo P\u00e9rez Alfonso. Cuartoscuro.<\/figcaption><\/figure><br \/>\nEl z\u00f3calo sucio y el campamento desolado, repet\u00edan los merolicos del poder, mientras una movilizaci\u00f3n de enormes dimensiones avanzaba una vez m\u00e1s por las calles de Oaxaca. <strong>Exig\u00edan el establecimiento de una mesa de di\u00e1logo y el cese de las agresiones contra la poblaci\u00f3n<\/strong>. El gesto se esparci\u00f3 con rapidez y desde entonces las muestras de solidaridad no han cesado.<br \/>\n&nbsp;<br \/>\n<a class=\"no-eff img-link lightbox\" href=\"http:\/\/nofm-radio.com\/wp-content\/uploads\/2016\/06\/favela10.png\"><img loading=\"lazy\" decoding=\"async\" class=\"size-full wp-image-18389 aligncenter\" src=\"http:\/\/nofm-radio.com\/wp-content\/uploads\/2016\/06\/favela10.png\" alt=\"favela10\" width=\"580\" height=\"388\" \/><\/a><br \/>\n&nbsp;<br \/>\nA las tres de la tarde sali\u00f3 otra movilizaci\u00f3n desde el hospital general. El semblante era serio y aguerrido. <em>Soy doctora del pueblo y para el pueblo, <\/em>se le\u00eda en una de las pancartas. No estamos dispuestas a negarle los servicios a la poblaci\u00f3n, acusaron. No es s\u00f3lo la educaci\u00f3n, <em>El gobierno no cumple con el pueblo, centros de salud y hospitales abandonados. La salud agoniza, <\/em>se le\u00eda en otro cartel. No es sorpresa que hoy el sector salud anuncie que tambi\u00e9n va a paro. <strong>Doctoras, enfermeras y personal m\u00e9dico fueron recibidas con un aplauso enternecedor cuando entraron al z\u00f3calo.<\/strong><br \/>\n<a class=\"no-eff img-link lightbox\" href=\"http:\/\/nofm-radio.com\/wp-content\/uploads\/2016\/06\/favela11.png\"><img loading=\"lazy\" decoding=\"async\" class=\"size-full wp-image-18388 aligncenter\" src=\"http:\/\/nofm-radio.com\/wp-content\/uploads\/2016\/06\/favela11.png\" alt=\"favela11\" width=\"580\" height=\"388\" \/><\/a><br \/>\nUn <strong>z\u00f3calo<\/strong>, por cierto, lleno de gente. Donde el magisterio reunido por regiones se organizaba en peque\u00f1os c\u00edrculos en los que unas y otros iban tomando la palabra.<br \/>\n<a class=\"no-eff img-link lightbox\" href=\"http:\/\/nofm-radio.com\/wp-content\/uploads\/2016\/06\/favela12.png\"><img loading=\"lazy\" decoding=\"async\" class=\"size-full wp-image-18391 aligncenter\" src=\"http:\/\/nofm-radio.com\/wp-content\/uploads\/2016\/06\/favela12.png\" alt=\"favela12\" width=\"580\" height=\"315\" \/><\/a><br \/>\n<strong>Impacta mirar un territorio convertido por las fuerzas del Estado en una zona de guerra contra la poblaci\u00f3n.<\/strong> Se agolpa el llanto al pensar en las vidas arrancadas por un poder que no sabe nada de pol\u00edtica y demasiado de armas. Impresiona ver la capacidad de un pueblo para organizarse, para protegerse contra la brutalidad de un Estado sordo y ciego. Pero de un extra\u00f1o modo se siente una seguridad brava.<br \/>\n<a class=\"no-eff img-link lightbox\" href=\"http:\/\/nofm-radio.com\/wp-content\/uploads\/2016\/06\/favela13.png\"><img loading=\"lazy\" decoding=\"async\" class=\"size-full wp-image-18392 aligncenter\" src=\"http:\/\/nofm-radio.com\/wp-content\/uploads\/2016\/06\/favela13.png\" alt=\"favela13\" width=\"580\" height=\"388\" \/><\/a><br \/>\nHace un a\u00f1o la ciudad estaba sitiada. 20 mil elementos de la gendarmer\u00eda circulaban armados hasta los dientes, cubiertos con chalecos y equipo estilo Robocop. Trepados en camionetas desde donde invariablemente un agente sosten\u00eda un arma de alto calibre que apuntaba hacia la calle. <strong>Entonces se sent\u00eda miedo.<\/strong> Miedo al cruzar una calle repleta de polic\u00eda militarizada que resguardaba las radiodifusoras al servicio del poder. Miedo al tener que escuchar sus lascivos comentarios s\u00f3lo por ser mujer y tener la mala suerte de pasar por ah\u00ed. Desnudos se sent\u00edan nuestros cuerpos junto a sus uniformes de pl\u00e1stico. <strong>Pero nada da m\u00e1s miedo que ser parte de una sociedad que quiere creer que eso es normal o aceptable.<\/strong> Hoy de nuevo se siente el miedo frente a la posibilidad de que las tropas lleguen a la ciudad y desalojen el z\u00f3calo con violencia.<br \/>\n<a class=\"no-eff img-link lightbox\" href=\"http:\/\/nofm-radio.com\/wp-content\/uploads\/2016\/06\/favela14.png\"><img loading=\"lazy\" decoding=\"async\" class=\"size-full wp-image-18393 aligncenter\" src=\"http:\/\/nofm-radio.com\/wp-content\/uploads\/2016\/06\/favela14.png\" alt=\"favela14\" width=\"580\" height=\"387\" \/><\/a><br \/>\n<strong>Tenemos que decirlo claro y fuerte, tenemos que reconocer nuestra propia fuerza, el nivel de la represi\u00f3n que estamos viviendo es proporcional a la fuerza popular que defiende la vida. <\/strong>Contra unas reformas rapaces. Contra un gobierno insensible. Los niveles de desempleo, violencia y marginaci\u00f3n son insostenibles. La colusi\u00f3n del ej\u00e9rcito en cr\u00edmenes de lesa humanidad, innegable. No basta con correr al GIEI, tienen que rendir cuentas. <strong>No se puede tapar un pa\u00eds con un dedo, lo que vivimos es una guerra.<\/strong><br \/>\n<a class=\"no-eff img-link lightbox\" href=\"http:\/\/nofm-radio.com\/wp-content\/uploads\/2016\/06\/favela15.png\"><img loading=\"lazy\" decoding=\"async\" class=\"size-full wp-image-18394 aligncenter\" src=\"http:\/\/nofm-radio.com\/wp-content\/uploads\/2016\/06\/favela15.png\" alt=\"favela15\" width=\"579\" height=\"469\" \/><\/a><br \/>\nLo que atestiguamos no son movilizaciones s\u00f3lo contra una reforma, <strong>son movilizaciones contra una econom\u00eda de guerra y una clase pol\u00edtica criminal<\/strong>. Lo que est\u00e1 en juego es la vida de millones de personas. Es la posibilidad de poner freno a los abusos del poder. Y frente a eso, frente al horror, habemos quienes cerramos un abrazo solidario y efectivo. No es momento de callarse, de esperar a que otras lo resuelvan. No es momento de reclamar y escribir dolorosas cartas a los reyes magos o a los supuestos l\u00edderes y movimientos sociales. Es momento de organizarse cada qui\u00e9n en donde est\u00e1. En escuelas, Universidades, f\u00e1bricas y calles. En hospitales y hogares.<br \/>\n<figure id=\"attachment_18395\" aria-describedby=\"caption-attachment-18395\" style=\"width: 580px\" class=\"wp-caption aligncenter\"><a class=\"no-eff img-link lightbox\" href=\"http:\/\/nofm-radio.com\/wp-content\/uploads\/2016\/06\/favela16.png\"><img loading=\"lazy\" decoding=\"async\" class=\"size-full wp-image-18395\" src=\"http:\/\/nofm-radio.com\/wp-content\/uploads\/2016\/06\/favela16.png\" alt=\"Foto: TW. Berl\u00edn, junio 2016. \" width=\"580\" height=\"387\" \/><\/a><figcaption id=\"caption-attachment-18395\" class=\"wp-caption-text\">Foto: TW. Berl\u00edn, junio 2016.<\/figcaption><\/figure><br \/>\nEs momento de entender que no ser\u00e1 un agente externo y omnipotente el que pondr\u00e1 fin al horror. Somos cada una de nosotras o no ser\u00e1 nadie. Y por ahora, lo urgente e indispensable es exigir el cese definitivo de las agresiones por parte de las fuerzas del Estado contra la poblaci\u00f3n. Al mismo tiempo, es nuestra obligaci\u00f3n mirarnos y hablar.<br \/>\n<figure id=\"attachment_18396\" aria-describedby=\"caption-attachment-18396\" style=\"width: 580px\" class=\"wp-caption aligncenter\"><a class=\"no-eff img-link lightbox\" href=\"http:\/\/nofm-radio.com\/wp-content\/uploads\/2016\/06\/favela17.png\"><img loading=\"lazy\" decoding=\"async\" class=\"size-full wp-image-18396\" src=\"http:\/\/nofm-radio.com\/wp-content\/uploads\/2016\/06\/favela17.png\" alt=\"Foto: TW. Chile, 2016. \" width=\"580\" height=\"330\" \/><\/a><figcaption id=\"caption-attachment-18396\" class=\"wp-caption-text\">Foto: TW. Chile, 2016.<\/figcaption><\/figure><br \/>\n<strong>Es nuestra obligaci\u00f3n circular la informaci\u00f3n, romper el cerco y\u00a0 dialogar con quienes hoy todav\u00eda creen que un Estado policiaco es permisible e incluso necesario<\/strong>. Quienes creen que en medio de la crisis humanitaria que vivimos, las afectadas no tienen derecho a paralizar el pa\u00eds para ser escuchadas, para dejar de morir en el olvido y en el silencio. Es indispensable hablar con quienes confunden los derechos laborales con privilegios y en esa confusi\u00f3n permiten el privilegio rapaz de la clase pol\u00edtica. <strong>Es indispensable dialogar con quienes han interiorizado a las fuerzas policiacas y represivas del Estado, quienes piensan como ellas y les justifican.\u00a0 <\/strong><br \/>\n<figure id=\"attachment_18397\" aria-describedby=\"caption-attachment-18397\" style=\"width: 580px\" class=\"wp-caption aligncenter\"><a class=\"no-eff img-link lightbox\" href=\"http:\/\/nofm-radio.com\/wp-content\/uploads\/2016\/06\/favela18.png\"><img loading=\"lazy\" decoding=\"async\" class=\"size-full wp-image-18397\" src=\"http:\/\/nofm-radio.com\/wp-content\/uploads\/2016\/06\/favela18.png\" alt=\"Foto: Reuters\" width=\"580\" height=\"388\" \/><\/a><figcaption id=\"caption-attachment-18397\" class=\"wp-caption-text\">Foto: Reuters<\/figcaption><\/figure><br \/>\nS\u00f3lo hay que saber un poco de historia para entender que el magisterio no es una corporaci\u00f3n homog\u00e9nea ni unitaria, es parte de una larga lucha por la defensa de la vida y el territorio. El magisterio no se reduce a un sindicato. Hay que saber s\u00f3lo un poco de historia para entender por qu\u00e9 el gobierno les agrede, criminaliza y desprecia como lo hace. Para entender por qu\u00e9 les tiene miedo. <strong>Y por qu\u00e9 nuestra capacidad de incidir en lo que viene no es poca ni irrelevante.<\/strong> Arriba lo saben y por eso muerden.<br \/>\n<figure id=\"attachment_18398\" aria-describedby=\"caption-attachment-18398\" style=\"width: 580px\" class=\"wp-caption aligncenter\"><a class=\"no-eff img-link lightbox\" href=\"http:\/\/nofm-radio.com\/wp-content\/uploads\/2016\/06\/favela19.png\"><img loading=\"lazy\" decoding=\"async\" class=\"size-full wp-image-18398\" src=\"http:\/\/nofm-radio.com\/wp-content\/uploads\/2016\/06\/favela19.png\" alt=\"Foto: Twitter.\" width=\"580\" height=\"484\" \/><\/a><figcaption id=\"caption-attachment-18398\" class=\"wp-caption-text\">Foto: Twitter.<\/figcaption><\/figure><br \/>\nEl di\u00e1logo es urgente y de ning\u00fan modo se dar\u00e1 en las oficinas de SEGOB. El di\u00e1logo que ha anunciado la CNTE es un paso indispensable para el sindicato pero ser\u00eda ingenuo e irresponsable de nuestra parte creer que solucionar\u00e1 el problema de fondo. Porque el magisterio y su lucha rebasan por mucho a cualquier organizaci\u00f3n sindical. <strong>Es absurdo pensar que resolver\u00e1n los problemas quienes se benefician de la muerte.<\/strong> El horror no es casual, sirve a intereses pol\u00edticos y econ\u00f3micos concretos. La privatizaci\u00f3n tiene nombre y apellido.<br \/>\n<iframe loading=\"lazy\" style=\"border: none; overflow: hidden;\" src=\"https:\/\/www.facebook.com\/plugins\/video.php?href=https%3A%2F%2Fwww.facebook.com%2Ffrenteautonomoaudiovisual%2Fvideos%2F479794822212432%2F&amp;show_text=0&amp;width=560\" width=\"560\" height=\"315\" frameborder=\"0\" scrolling=\"no\" allowfullscreen=\"allowfullscreen\"><\/iframe><br \/>\nS\u00f3lo una sociedad informada y movilizada tiene las posibilidades hist\u00f3ricas de generar el di\u00e1logo necesario, de poner fin al horror. Ojal\u00e1 nos permitamos mirar nuestra propia fuerza y dejemos de esperar que sean pol\u00edticos y l\u00edderes quienes acaben esta guerra. Para eso es indispensable reconocer que a pesar del dolor y de la muerte que nos han sembrado estamos en un momento decisivo y de una enorme fuerza social, <strong>hoy ellos tienen el gobierno pero nosotras el poder. <\/strong><\/p>\n","protected":false},"template":"","meta":{"_id_youtube":"","_id_vimeo":"","_podcasts_duration":"","_podcasts_url":"","_podcasts_show":"","_prog_horario_dias":"","_prog_hora":"","_prog_duration":""},"class_list":["post-18375","archivo","type-archivo","status-publish","hentry"],"_links":{"self":[{"href":"https:\/\/nofm-radio.com\/index.php?rest_route=\/wp\/v2\/archivo\/18375","targetHints":{"allow":["GET"]}}],"collection":[{"href":"https:\/\/nofm-radio.com\/index.php?rest_route=\/wp\/v2\/archivo"}],"about":[{"href":"https:\/\/nofm-radio.com\/index.php?rest_route=\/wp\/v2\/types\/archivo"}],"wp:attachment":[{"href":"https:\/\/nofm-radio.com\/index.php?rest_route=%2Fwp%2Fv2%2Fmedia&parent=18375"}],"curies":[{"name":"wp","href":"https:\/\/api.w.org\/{rel}","templated":true}]}}