{"id":18622,"date":"2016-06-27T13:14:43","date_gmt":"2016-06-27T18:14:43","guid":{"rendered":"http:\/\/nofm-radio.com\/?p=18622"},"modified":"2016-06-27T13:14:43","modified_gmt":"2016-06-27T18:14:43","slug":"cuestionarionofm-alejandra-ortiz-medrano","status":"publish","type":"archivo","link":"https:\/\/nofm-radio.com\/?archivo=cuestionarionofm-alejandra-ortiz-medrano","title":{"rendered":"#CuestionarioNoFM. Alejandra Ortiz Medrano"},"content":{"rendered":"<p><em>Para comprender la coreograf\u00eda del momento, es necesario conocer a sus participantes. Por lo mismo presentamos el <strong>#CuestionarioNoFM<\/strong>, un veh\u00edculo para acercarnos de otra manera a los protagonistas que con su trabajo est\u00e1n marcando el ritmo con el cual se est\u00e1 bailando.<\/em><\/p>\n<p style=\"text-align: center;\"><strong>Alejandra Ortiz Medrano<\/strong><br \/>\n<strong> <a href=\"https:\/\/twitter.com\/alita_emo\" target=\"_blank\" rel=\"noopener noreferrer\">@alita_emo<\/a><\/strong><\/p>\n<p>&nbsp;<br \/>\n<strong>Alejandra Ortiz Medrano<\/strong>, tambi\u00e9n conocida como <strong>Alita<\/strong>, naci\u00f3 en <strong>Guadalajara<\/strong> en <strong>1984<\/strong>, y desde muy tierna edad manifest\u00f3 una preocupaci\u00f3n por todo eso que no podemos ver pero sabemos a nuestro alrededor.<br \/>\nEs <strong>bi\u00f3loga<\/strong> y ha ganado, entre muchos otros, el <strong>Premio Nacional De Divulgaci\u00f3n de la Ciencia<\/strong> en dos ocasiones. A la par es directora y fundadora del <strong>Centro de Investigaciones Medianamente Serias<\/strong> (<strong>CIMS<\/strong>) y tambi\u00e9n se desempe\u00f1a como <strong>Directora de Innovaci\u00f3n Educativa<\/strong> en la <strong>Universidad del Medio Ambiente<\/strong>.<br \/>\nSu trabajo en <strong>Comunicaci\u00f3n de la Ciencia<\/strong> se funde en un intenso di\u00e1logo con su realidad, y muchos que la conocen saben reconocer en ella una voz que engloba todas las preocupaciones de su generaci\u00f3n.<br \/>\nEntre art\u00edculos, podcast o simples reflexiones, <strong>Alita<\/strong> nos parece una gu\u00eda inigualable para entender nuestro momento y lugar en el tiempo.<br \/>\n<a class=\"no-eff img-link lightbox\" href=\"http:\/\/nofm-radio.com\/wp-content\/uploads\/2016\/06\/alejandra-ortiz-1.jpg\"><img loading=\"lazy\" decoding=\"async\" class=\"size-full wp-image-18655 aligncenter\" src=\"http:\/\/nofm-radio.com\/wp-content\/uploads\/2016\/06\/alejandra-ortiz-1.jpg\" alt=\"alejandra ortiz 1\" width=\"681\" height=\"681\" \/><\/a><br \/>\n<strong>1. \u00bfQu\u00e9 nos puedes decir de tus abuelos?<\/strong><br \/>\nHace poco un t\u00edo encontr\u00f3 unas notas de mi abuela materna en un cuaderno. Es algo muy bonito lo que escribi\u00f3, agradece a la vida muchas cosas muy sencillas. Mi abuela Ana fue una persona extraordinaria. La extra\u00f1o.<br \/>\nMi abuela paterna era rar\u00e1muri y me arrepiento de no haber hablado m\u00e1s con ella.<br \/>\nMi abuelo paterno me recog\u00eda de la escuela y me llevaba a la papeler\u00eda, lo cual recuerdo con mucho amor.<br \/>\nA mi otro abuelo no lo conoc\u00ed pero se rumora que fue un cabr\u00f3n que \u201cse rob\u00f3\u201d a mi abuela cuando ella ten\u00eda 15 a\u00f1os y \u00e9l muchos m\u00e1s. Ella se refer\u00eda a \u00e9l con devoci\u00f3n.<br \/>\nMe acaba de caer el veinte de que ya est\u00e1n todxs muertxs.<br \/>\n<strong>2. \u00bfQu\u00e9 nos puedes decir de tus padres?<\/strong><br \/>\nTratando de ser <strong>objetiva<\/strong>, realmente creo que mi madre es de las mejores mam\u00e1s que existen. Mi padre no es de los peores pero definitivamente est\u00e1 dentro del espectro de los que no est\u00e1n bien.<br \/>\nHace como 13 a\u00f1os que no hablo con mi pap\u00e1. A mi mam\u00e1 el s\u00e1bado pasado le ense\u00f1\u00e9 snapchat, hizo imitaciones cambiando su cara con la de <strong>Mick Jagger<\/strong> y <strong>Juan Gabriel<\/strong>, y ahora es su medio de comunicaci\u00f3n favorito.<br \/>\nMe gusta pensar que mi mam\u00e1, d\u00e1ndose cuenta de su error al elegirme a ese pap\u00e1, me busc\u00f3 otro. En esa segunda oportunidad s\u00ed le atin\u00f3, y es algo que agradezco profundamente tanto a mi mam\u00e1 como a ese segundo padre.<br \/>\n<strong>3. \u00bfQui\u00e9n tuvo o tiene la voz m\u00e1s importante de tu vida?<\/strong><br \/>\nEspero que yo, lo cual explicar\u00eda muchas cosas.<br \/>\n&nbsp;<\/p>\n<blockquote><p><a href=\"http:\/\/limulus.mx\/la-realidad-de-los-refranes-populares\/\" target=\"_blank\" rel=\"noopener noreferrer\">Lee este art\u00edculo completo: La realidad de los refranes populares: Una investigaci\u00f3n del CIMS<\/a><\/p><\/blockquote>\n<p>&nbsp;<br \/>\n<strong>4. Considerando que no elegimos d\u00f3nde nacer, \u00bfd\u00f3nde s\u00ed elegiste nacer?<\/strong><br \/>\nEn el <strong>DF.<\/strong> Nac\u00ed en <strong>Guadalajara<\/strong>, ahora vivo en <strong>Valle de Bravo<\/strong>, y estando lejos del DF entiendo lo que se siente, por ausencia, la pertenencia a un lugar.<br \/>\n<strong>5. Para ti \u00bfqui\u00e9nes son ellos y qui\u00e9nes nosotros?<\/strong><br \/>\nEllos son ellos y nosotros somos nosotras.<\/p>\n<p style=\"text-align: center;\"><strong>Escucha este podcast. MDX \u2013 050: La oscuridarks <\/strong><br \/>\n<iframe loading=\"lazy\" src=\"http:\/\/www.puentes.me\/?powerpress_embed=18862-podcast&amp;powerpress_player=mediaelement-audio\" width=\"320\" height=\"30\" frameborder=\"0\" scrolling=\"no\"><\/iframe><\/p>\n<p><strong>6. \u00bfQu\u00e9 verbo define lo que haces y por qu\u00e9?<\/strong><br \/>\n<strong>Confundir<\/strong>. Personalmente tengo muchos momentos de confusi\u00f3n que me llevan a tratar de entender el mundo. Creo la confusi\u00f3n puede servir como arranque del asombro y de la b\u00fasqueda. Ojal\u00e1 que eso logre mi trabajo profesional.<br \/>\n<strong>7. \u00bfCu\u00e1l es tu materia prima?<\/strong><br \/>\nLos textos de otros. Desde chica esa ha sido mi cruz.<br \/>\n&nbsp;<\/p>\n<blockquote><p><a href=\"http:\/\/www.revistamoi.com\/%3Fp%3D235\" target=\"_blank\" rel=\"noopener noreferrer\">Lee este art\u00edculo completo: El para\u00edso de flojera panda<\/a><\/p><\/blockquote>\n<p>&nbsp;<br \/>\n<strong>8. Completa la frase<\/strong><br \/>\n<em><strong>Y cuando muera\u2026 ah\u00ed junto a mi cruz tan s\u00f3lo quiero&#8230;<\/strong><\/em> que alguien que me quiso est\u00e9 intentando quitar esa cruz.<br \/>\n<em><strong>Y si vivo cien a\u00f1os&#8230;<\/strong><\/em> ojal\u00e1 mis amiguis tambi\u00e9n.<br \/>\n<em><strong>All we are saying&#8230;<\/strong><\/em> is give peas a chance #meatismurder<br \/>\n<em><strong>El d\u00eda que me quieras&#8230;<\/strong><\/em> d\u00edmelo.<br \/>\n<em><strong>Si nos dejan&#8230;<\/strong> <\/em>poner una canci\u00f3n en <em>loop<\/em> toda la fiesta, aqu\u00ed nos quedamos.<br \/>\n<em><strong>If I were a boy&#8230;<\/strong><\/em> life would be simpler.<br \/>\n<strong>9. \u00bfExiste lo inexplicable?<\/strong><br \/>\nClaro, es casi todo.<br \/>\n<strong>10. Elige una: \u00bfla ley del m\u00e1s fuerte, para cabr\u00f3n cabr\u00f3n y medio o There\u00b4s a Light That Never Goes Out? \u00bfPor qu\u00e9?<\/strong><br \/>\nJajaja, no entiendo la relaci\u00f3n entre las tres cuestiones, pero OBVIAMENTE <em><strong>There is light that never goes out<\/strong><\/em>, por varias razones. La primera es por mi profundo amor y admiraci\u00f3n a <strong>The Smiths<\/strong>. La segunda es porque no considero que exista algo tal como \u201cla ley del m\u00e1s fuerte\u201d, ni que \u201cpara cabr\u00f3n, cabr\u00f3n y medio\u201d sea algo que me guste procurar en mi vida. La tercera es porque, tomando en cuenta que ninguna de las tres frases es cient\u00edficamente precisa, <em>There is a light that never goes out<\/em> funciona como la \u00fanica cuya met\u00e1fora puede llevar a una realidad m\u00e1s armoniosa.<br \/>\n<a class=\"no-eff img-link lightbox\" href=\"http:\/\/nofm-radio.com\/wp-content\/uploads\/2016\/06\/alejandra-ortiz-2.jpg\"><img loading=\"lazy\" decoding=\"async\" class=\"size-full wp-image-18654 aligncenter\" src=\"http:\/\/nofm-radio.com\/wp-content\/uploads\/2016\/06\/alejandra-ortiz-2.jpg\" alt=\"alejandra ortiz 2\" width=\"598\" height=\"598\" \/><\/a><\/p>\n","protected":false},"template":"","meta":{"_id_youtube":"","_id_vimeo":"","_podcasts_duration":"","_podcasts_url":"","_podcasts_show":"","_prog_horario_dias":"","_prog_hora":"","_prog_duration":""},"class_list":["post-18622","archivo","type-archivo","status-publish","hentry"],"_links":{"self":[{"href":"https:\/\/nofm-radio.com\/index.php?rest_route=\/wp\/v2\/archivo\/18622","targetHints":{"allow":["GET"]}}],"collection":[{"href":"https:\/\/nofm-radio.com\/index.php?rest_route=\/wp\/v2\/archivo"}],"about":[{"href":"https:\/\/nofm-radio.com\/index.php?rest_route=\/wp\/v2\/types\/archivo"}],"wp:attachment":[{"href":"https:\/\/nofm-radio.com\/index.php?rest_route=%2Fwp%2Fv2%2Fmedia&parent=18622"}],"curies":[{"name":"wp","href":"https:\/\/api.w.org\/{rel}","templated":true}]}}