{"id":18746,"date":"2016-07-03T21:07:10","date_gmt":"2016-07-04T02:07:10","guid":{"rendered":"http:\/\/nofm-radio.com\/?p=18746"},"modified":"2016-07-03T21:07:10","modified_gmt":"2016-07-04T02:07:10","slug":"cuestionarionofm-daniel-saldana-paris","status":"publish","type":"archivo","link":"https:\/\/nofm-radio.com\/?archivo=cuestionarionofm-daniel-saldana-paris","title":{"rendered":"#CuestionarioNoFM. Daniel Salda\u00f1a Par\u00eds"},"content":{"rendered":"<p><em>Para comprender la coreograf\u00eda del momento, es necesario conocer a sus participantes. Por lo mismo presentamos el <strong>#CuestionarioNoFM<\/strong>, un veh\u00edculo para acercarnos de otra manera a los protagonistas que con su trabajo est\u00e1n marcando el ritmo con el cual se est\u00e1 bailando.<\/em><\/p>\n<p style=\"text-align: center;\"><strong>Daniel Salda\u00f1a Par\u00eds<\/strong><br \/>\n<strong> <a href=\"https:\/\/twitter.com\/ds_paris\" target=\"_blank\" rel=\"noopener noreferrer\">@ds_paris<\/a><\/strong><\/p>\n<p>A <strong>Daniel Salda\u00f1a Par\u00eds<\/strong> se le puede odiar o amar, pero nadie lo ha podido ignorar nunca. Nacido en 1984 en la <strong>Ciudad de M\u00e9xico<\/strong>, se ha vuelto una figura insustituible dentro del panorama nacional.<br \/>\nRecientemente se ha estrenado en el territorio de la novela con <strong>En medio de extra\u00f1as victimas<\/strong>, y nadie olvida su estruendoso paso por la poes\u00eda y el ensayo. Si un escritor joven se ha propuesto el ser fundamental, ese es Daniel.<br \/>\nActualmente reside en Canad\u00e1 desde donde nutre varias mitolog\u00edas: <strong>Coapa<\/strong>, <strong>twitter<\/strong>, la esperada segunda novela, <strong>Belice<\/strong>, entre otras.<br \/>\n<a class=\"no-eff img-link lightbox\" href=\"http:\/\/nofm-radio.com\/wp-content\/uploads\/2016\/07\/salda\u00f1a-1.jpg\"><img loading=\"lazy\" decoding=\"async\" class=\"alignnone size-full wp-image-18764\" src=\"http:\/\/nofm-radio.com\/wp-content\/uploads\/2016\/07\/salda\u00f1a-1.jpg\" alt=\"salda\u00f1a 1\" width=\"1286\" height=\"854\" \/><\/a><br \/>\n<strong>1. \u00bfQu\u00e9 nos puedes decir de tus abuelos?<\/strong><br \/>\nMi abuelo paterno naci\u00f3 en <strong>Tlatilco<\/strong>, barrio atravesado por v\u00edas de tren. Algunos de sus amigos ten\u00edan mu\u00f1ones por piernas. Mi abuela paterna naci\u00f3 en un pueblo del <strong>Estado de M\u00e9xico<\/strong>; de ni\u00f1a cre\u00eda que las brujas se pod\u00edan desatornillar las piernas y propulsarse con fuego a trav\u00e9s de los cerros. Mi abuelo materno huy\u00f3 de la <strong>Guerra Civil Espa\u00f1ola<\/strong>, a Francia, con un grupo de hu\u00e9rfanos republicanos; habla mucho de sexo. Mi abuela materna pasa sus d\u00edas comentando <strong>blogs de pol\u00edtica<\/strong>.<br \/>\n<strong>2. \u00bfQu\u00e9 nos puedes decir de tus padres?<\/strong><br \/>\nSon personas inteligentes, sensibles, interesantes, amorosas y buena onda con las que no quiero hablar casi nunca.<br \/>\n<strong>3. \u00bfQui\u00e9n tuvo o tiene la voz m\u00e1s importante de tu vida?<\/strong><br \/>\nYo la tengo, pero no es la que suena en las grabaciones, sino la que escucho cuando leo <strong>poes\u00eda en voz alta<\/strong>, solo, en mi casa.<br \/>\n<iframe loading=\"lazy\" width=\"560\" height=\"315\" src=\"https:\/\/www.youtube.com\/embed\/amxZasFXKuQ\" frameborder=\"0\" allowfullscreen><\/iframe><br \/>\n<strong>4. Considerando que no elegimos d\u00f3nde nacer, \u00bfd\u00f3nde s\u00ed elegiste nacer?<\/strong><br \/>\nEn <strong>Coapa<\/strong>, rep\u00fablica independiente. En <strong>Huixquilucan<\/strong>, manantial de toda mi risa. En <strong>Santa Mar\u00eda Ahuacatitl\u00e1n<\/strong>, pueblo ps\u00edquico.<br \/>\n<strong>5. Para ti \u00bfqui\u00e9nes son ellos y qui\u00e9nes nosotros?<\/strong><br \/>\nEllos son los que me dicen c\u00f3mo se debe escribir un<strong> libro<\/strong>. Nosotros los que me abrazan cuando tengo ansiedad.<br \/>\n<strong>6. \u00bfQu\u00e9 verbo define lo que haces y por qu\u00e9?<\/strong><br \/>\n<strong>Esperar<\/strong>. Porque no hay manera de imponer mi ritmo.<br \/>\n<iframe loading=\"lazy\" width=\"560\" height=\"315\" src=\"https:\/\/www.youtube.com\/embed\/yHeETbxmHaM\" frameborder=\"0\" allowfullscreen><\/iframe><br \/>\n<strong>7. \u00bfCu\u00e1l es tu materia prima?<\/strong><br \/>\nLas estructuras parent\u00e9ticas espolvoreadas con cierta gracia por la p\u00e1gina.<br \/>\n<strong>8. Completa la frase<\/strong><br \/>\n<em><strong>Y cuando muera\u2026 ah\u00ed junto a mi cruz tan s\u00f3lo quiero&#8230;<\/strong> <\/em>que se acabe el mundo y todos los seres perezcan, sufriendo entre llamas de fuego verde.<br \/>\n<em><strong>Y si vivo cien a\u00f1os\u2026<\/strong><\/em> voy a poseer una isla.<br \/>\n<em><strong>All we are saying is\u2026<\/strong><\/em> mole de guajolote.<br \/>\n<em><strong>El d\u00eda que me quieras\u2026<\/strong> <\/em>vamos a hacer el acto.<br \/>\n<em><strong>Si nos dejan\u2026<\/strong><\/em> esto se va a descontrolaaaaar.<br \/>\n<em><strong>Si yo fuera mujer\u2026<\/strong> <\/em>tendr\u00eda menos privilegios de los que tengo, y mi carrera como escritor no habr\u00eda sido tan f\u00e1cil, y no podr\u00eda escoger c\u00f3mo vestirme en la <strong>Ciudad de M\u00e9xico<\/strong>, y probablemente ser\u00eda m\u00e1s inteligente de lo que soy.<br \/>\n<iframe loading=\"lazy\" width=\"560\" height=\"315\" src=\"https:\/\/www.youtube.com\/embed\/auPo6ZqZT8U\" frameborder=\"0\" allowfullscreen><\/iframe><br \/>\n<strong>9. \u00bfQui\u00e9n ha sido tu v\u00edctima m\u00e1s constante?<\/strong><br \/>\nMi cuerpo, al que plago de infinitos s\u00edntomas mediante la pura <strong>neurosis<\/strong>.<br \/>\n<strong>10. \u00bfDe qu\u00e9 hablamos cuando hablamos de ser escritor?<\/strong><br \/>\nDe pasar una vida entera tratando de contestar esa pregunta.<br \/>\n<a class=\"no-eff img-link lightbox\" href=\"http:\/\/nofm-radio.com\/wp-content\/uploads\/2016\/07\/salda\u00f1a-3.jpg\"><img loading=\"lazy\" decoding=\"async\" class=\"alignnone size-full wp-image-18765\" src=\"http:\/\/nofm-radio.com\/wp-content\/uploads\/2016\/07\/salda\u00f1a-3.jpg\" alt=\"salda\u00f1a 3\" width=\"2362\" height=\"1569\" \/><\/a><br \/>\n&nbsp;<\/p>\n","protected":false},"template":"","meta":{"_id_youtube":"","_id_vimeo":"","_podcasts_duration":"","_podcasts_url":"","_podcasts_show":"","_prog_horario_dias":"","_prog_hora":"","_prog_duration":""},"class_list":["post-18746","archivo","type-archivo","status-publish","hentry"],"_links":{"self":[{"href":"https:\/\/nofm-radio.com\/index.php?rest_route=\/wp\/v2\/archivo\/18746","targetHints":{"allow":["GET"]}}],"collection":[{"href":"https:\/\/nofm-radio.com\/index.php?rest_route=\/wp\/v2\/archivo"}],"about":[{"href":"https:\/\/nofm-radio.com\/index.php?rest_route=\/wp\/v2\/types\/archivo"}],"wp:attachment":[{"href":"https:\/\/nofm-radio.com\/index.php?rest_route=%2Fwp%2Fv2%2Fmedia&parent=18746"}],"curies":[{"name":"wp","href":"https:\/\/api.w.org\/{rel}","templated":true}]}}