{"id":18953,"date":"2016-07-14T17:10:40","date_gmt":"2016-07-14T22:10:40","guid":{"rendered":"http:\/\/nofm-radio.com\/?p=18953"},"modified":"2016-07-14T17:10:40","modified_gmt":"2016-07-14T22:10:40","slug":"vamosalstandup-olga-sana-monica-escobedo-fredy-el-regio-extraneza-y-familiaridad","status":"publish","type":"archivo","link":"https:\/\/nofm-radio.com\/?archivo=vamosalstandup-olga-sana-monica-escobedo-fredy-el-regio-extraneza-y-familiaridad","title":{"rendered":"#VamosAlStandUp. Olga Sana, M\u00f3nica Escobedo, Fredy El Regio: extra\u00f1eza y familiaridad"},"content":{"rendered":"<p><em>La pregunta no sobra \u00bfexiste el <strong>stand up mexicano<\/strong>? El <strong>stand up<\/strong> es un g\u00e9nero muy espec\u00edfico que parece estar busc\u00e1ndose un lugar en nuestro pa\u00eds, aunque los principios est\u00e1n un poco desdibujados. Como grandes seguidores del g\u00e9nero, decidimos seguir la temporada completa del <strong>Stand Up Mostaza<\/strong> de <strong>Comedy Central<\/strong> para ver la oferta, re\u00edrnos un rato y, quiz\u00e1, empezar a repensar el humor en <strong>M\u00e9xico<\/strong>.<\/em><br \/>\nPor <strong>\u00d3scar Muci\u00f1o<\/strong><br \/>\n<a href=\"https:\/\/twitter.com\/opmucino\" target=\"_blank\" rel=\"noopener noreferrer\">@opmucino<\/a><br \/>\nVi\u00f1etas de <strong>Juli\u00e1n Cicero<\/strong><br \/>\n<a href=\"https:\/\/twitter.com\/pizzafrianofm\" target=\"_blank\" rel=\"noopener noreferrer\">@pizzafrianofm<\/a><br \/>\nIniciar\u00e9 con un arrebato de lirismo: el <strong>humor<\/strong> proviene de un zona donde confluyen la extra\u00f1eza y la familiaridad. La extra\u00f1eza que se nos revela como cercana o que en su exageraci\u00f3n se transforma en algo cercano a nosotros; o la familiaridad que cuando se nos muestra por el filtro adecuado se transforma en algo lejano e inquietante. Todo esto sin olvidar que estas manifestaciones tienen como objetivo divertirnos y provocarnos risas.<br \/>\nTanto <strong>Bergson<\/strong> como <strong>Freud<\/strong> al hablar de la risa y el chiste ve\u00edan en esta manifestaci\u00f3n art\u00edstica un movimiento que iba del desconcierto al descubrimiento, de la rareza a la vinculaci\u00f3n.<strong> La risa<\/strong> apela a los sentimientos que hemos conceptualizado como bajos o mundanos, los sentimientos que dentro de la gran gama emocional humana nos hemos dicho que nos son espirituales o de alta costura.<br \/>\nLa primera extra\u00f1eza fue <strong>Ibrahim Salem<\/strong>, colombiano \u00e1rabe que construye sus chistes jugando con lo heterog\u00e9neo de su origen. En su rutina se habla de las confusiones entre el acento \u00e1rabe y su combinaci\u00f3n con el hablar gangoso. O las confusiones c\u00f3micas que provoca el hablar con las b en lugar de la p. P\u00e1ginas contra V\u00e1ginas. O las ssss finales de las palabras que transforman singulares en plurales.<br \/>\nLa extra\u00f1eza tambi\u00e9n proviene de contextos, por ejemplo, Ibrahim varias ocasiones que est\u00e1 gordo y hace chistes con ellos, sin embargo, yo lo vi radiante en su peso, tal vez porque vivo en uno de los pa\u00edses con mayor \u00edndice de <strong>obesidad<\/strong>, yo mismo me veo y me reconozco m\u00e1s gordo que \u00e9l. A\u00fan as\u00ed sus chistes son efectivos, porque a pesar de que en \u00e9l no veo sobrepeso, sus bromas se vuelven familiares porque uno convive a diario con la obesidad. Finalmente, comentar que en muchos momentos la extra\u00f1eza de Ibrahim deviene en <strong>disparate<\/strong> lo cual est\u00e1 bien, lo cual nos hace carcajearnos.<br \/>\n<a class=\"no-eff img-link lightbox\" href=\"http:\/\/nofm-radio.com\/wp-content\/uploads\/2016\/07\/Ibrahim.jpg\"><img loading=\"lazy\" decoding=\"async\" class=\"aligncenter wp-image-18962\" src=\"http:\/\/nofm-radio.com\/wp-content\/uploads\/2016\/07\/Ibrahim.jpg\" alt=\"Ibrahim\" width=\"500\" height=\"584\" \/><\/a><br \/>\nEn el show de <strong>Olga Sana<\/strong> (personaje de la actriz <strong>Bettina Salazar<\/strong>) uno va encontrando la familiaridad de la comicidad que hemos consumido durante mucho tiempo, basada en los chistes subidos de tono, de car\u00e1cter sexual y en el personaje de la \u201cindia\u201d. Sin duda ella es m\u00e1s cercana al show de centro nocturno donde se cuentan <strong>chistes<\/strong>. La delatan los efectos de sonido que utiliza y que salen sobrando pues no refuerzan su <strong>rutina<\/strong>. En el escenario hace distinci\u00f3n entre los <em>millennial<\/em> y los <em>baby boomers<\/em>, y uno discierne que ella est\u00e1 m\u00e1s dirigida a los segundos. Sin embargo, dentro de esta gama de humor se cuelan chistes que ironizan la falta de cultura de nuestro presidente, algo que no hab\u00eda ocurrido con otros comediantes pasa con ella.<br \/>\n<a class=\"no-eff img-link lightbox\" href=\"http:\/\/nofm-radio.com\/wp-content\/uploads\/2016\/07\/olga.jpg\"><img loading=\"lazy\" decoding=\"async\" class=\"aligncenter wp-image-18964\" src=\"http:\/\/nofm-radio.com\/wp-content\/uploads\/2016\/07\/olga.jpg\" alt=\"olga\" width=\"500\" height=\"584\" \/><\/a><br \/>\nEl plato fuerte de este viernes fue <strong>Fredy Navarro, el Regio<\/strong>, hombre de Monterrey cuya rutina va desde las diferencias entre chilangos y norte\u00f1os, hasta chistes sobre los rid\u00edculos que debi\u00f3 pasar Jes\u00fas con su madre quien seguramente presum\u00eda sus milagros con otros adultos. Estos temas son familiares en los shows de comedia, pero <strong>el chiste<\/strong> no es tema sino fondo, los temas ya abordados por otros comediantes con \u00e9l adquieren su propio cariz. Fredy tiene entre sus armas much\u00edsimos juegos vocales: imita voces, adquiere un tono de predicador, gesticula, hace pausas que enfatizan sus momentos c\u00f3micos. Todo esto ayuda a que los chistes se vuelvan risas.<br \/>\n<a class=\"no-eff img-link lightbox\" href=\"http:\/\/nofm-radio.com\/wp-content\/uploads\/2016\/07\/freddy.jpg\"><img loading=\"lazy\" decoding=\"async\" class=\"aligncenter wp-image-18961\" src=\"http:\/\/nofm-radio.com\/wp-content\/uploads\/2016\/07\/freddy.jpg\" alt=\"freddy\" width=\"500\" height=\"584\" \/><\/a><br \/>\nMuchos de los <strong>mon\u00f3logos<\/strong> que hemos presenciado el repartidor Juli\u00e1n y yo han ahondado en muchos temas familiares (edad, particularidades chilangas, soledad, sexo) que tal vez sean los temas que en este pa\u00eds, o por lo menos en esta ciudad, consideramos los m\u00e1s divertidos, los que nos hacen carcajear, porque a pesar de las recurrencias tem\u00e1ticas siempre el p\u00fablico ha re\u00eddo. No s\u00e9 si el <strong>stand up mexicano<\/strong> deba o quiera parecerse al del otro lado de la frontera, lo que s\u00ed es que conserva una ra\u00edz muy \u201cmexicana\u201d que en muchas ocasiones pareciera impedir que se construya humor ahondando m\u00e1s y m\u00e1s en la extra\u00f1eza, en aludir a zonas que com\u00fanmente no asociamos al humor y eludir toda la educaci\u00f3n humor\u00edstica que tenemos, aunque esto signifique no hacer re\u00edr sino s\u00f3lo sonre\u00edr y reflexionar.<br \/>\nPD. Quiero confesar un sue\u00f1o cumplido, pues durante mucho tiempo he sentido una atracci\u00f3n amorosa y libidinosa por Olga Sana, desde aquellas ma\u00f1anas en las que despertaba para verla en televisi\u00f3n. Y afortunadamente ahora puedo decir que tengo una foto con ella, donde nos abrazamos efusivamente, tengo pocos amores televisivos y nulas fotos con esos amores, por ello mi entusiasta regocijo. Desde aqu\u00ed un agradecimiento a su buena voluntad y un sincero deseo que su recuperaci\u00f3n tras la enfermedad sea lo m\u00e1s pronta.<br \/>\nNo se pierdan ma\u00f1ana a<br \/>\n<a class=\"no-eff img-link lightbox\" href=\"http:\/\/nofm-radio.com\/wp-content\/uploads\/2016\/07\/StandUp15Jul.jpg\"><img loading=\"lazy\" decoding=\"async\" class=\"alignnone size-full wp-image-18965\" src=\"http:\/\/nofm-radio.com\/wp-content\/uploads\/2016\/07\/StandUp15Jul.jpg\" alt=\"StandUp15Jul\" width=\"742\" height=\"960\" \/><\/a><\/p>\n","protected":false},"template":"","meta":{"_id_youtube":"","_id_vimeo":"","_podcasts_duration":"","_podcasts_url":"","_podcasts_show":"","_prog_horario_dias":"","_prog_hora":"","_prog_duration":""},"class_list":["post-18953","archivo","type-archivo","status-publish","hentry"],"_links":{"self":[{"href":"https:\/\/nofm-radio.com\/index.php?rest_route=\/wp\/v2\/archivo\/18953","targetHints":{"allow":["GET"]}}],"collection":[{"href":"https:\/\/nofm-radio.com\/index.php?rest_route=\/wp\/v2\/archivo"}],"about":[{"href":"https:\/\/nofm-radio.com\/index.php?rest_route=\/wp\/v2\/types\/archivo"}],"wp:attachment":[{"href":"https:\/\/nofm-radio.com\/index.php?rest_route=%2Fwp%2Fv2%2Fmedia&parent=18953"}],"curies":[{"name":"wp","href":"https:\/\/api.w.org\/{rel}","templated":true}]}}