{"id":19081,"date":"2016-07-25T13:46:34","date_gmt":"2016-07-25T18:46:34","guid":{"rendered":"http:\/\/nofm-radio.com\/?p=19081"},"modified":"2016-07-25T13:46:34","modified_gmt":"2016-07-25T18:46:34","slug":"enelajo-la-voz-y-el-perdon","status":"publish","type":"archivo","link":"https:\/\/nofm-radio.com\/?archivo=enelajo-la-voz-y-el-perdon","title":{"rendered":"#EnElAjo. La voz y el perd\u00f3n"},"content":{"rendered":"<p>Por: <strong>Manuel de J. Jim\u00e9nez<\/strong><br \/>\nNo todas las disculpas son admitidas por los ofendidos ni todos los errores son enmendados al momento de reconocerlos. Estas fueron quiz\u00e1s las sensaciones m\u00e1s comunes que produjo en millones de mexicanos la declaraci\u00f3n que <strong>Enrique Pe\u00f1a Nieto<\/strong> realiz\u00f3 en el marco de la promulgaci\u00f3n del <strong>Sistema Nacional Anticorrupci\u00f3n<\/strong>. Los comentarios han sido de toda \u00edndole: hay quienes trazan una genealog\u00eda del <strong>perd\u00f3n priista<\/strong> con las disculpas lacrimosas <em>lopezportillanas<\/em>, otros, como <strong>Carmen Aristegui<\/strong>, remarcan la incongruencia de un palabrer\u00eda hueca, que no es de fondo ni sincera (en el discurso se omiten los agravios ocasionados a los periodistas que realizaron la investigaci\u00f3n de la \u201c<strong>Casa Blanca<\/strong>\u201d y continua la \u201cpersecuci\u00f3n judicial\u201d debido al pr\u00f3logo del libro), que s\u00f3lo \u201cmecen la cuna\u201d y que no se ha producido ninguna responsabilidad jur\u00eddica. Entre otras cosas, la periodista sugiere que en otros pa\u00edses, ante tal escenario, se hubiese declarado un <strong>impeachment<\/strong> u otras figuras an\u00e1logas de investigaci\u00f3n y responsabilidad en contra del mandatario mexicano.<br \/>\nPero, \u00bfpor qu\u00e9 esto no sucede? Primero habr\u00e1 que analizar las repercusiones del discurso para as\u00ed mirar los alcances de la palabra presidencial. <strong>Pe\u00f1a Nieto<\/strong> parte de la idea del <strong>servicio p\u00fablico<\/strong>. Aunque ocupe el cargo estelar de la <strong>pol\u00edtica mexicana<\/strong>, eso no lo aleja de su naturaleza elemental: ser un servidor p\u00fablico como cualquier polic\u00eda de barrio o cualquier secretaria sofocada burocr\u00e1ticamente en un escritorio. \u201c<strong>Este asunto me reafirm\u00f3 que los servidores p\u00fablicos, adem\u00e1s de ser responsables de actuar sobre derecho y con integridad, tambi\u00e9n somos responsables de la percepci\u00f3n que generamos con lo que hacemos y en esto reconozco que comet\u00ed un error<\/strong>\u201d. Pero adem\u00e1s de la responsabilidad que adquiere por ser un servidor p\u00fablico, el presidente de la Rep\u00fablica posee cualidades especiales. Atendiendo a la protesta constitucional que realiz\u00f3 el primero de diciembre de 2012, donde solemnemente adquiri\u00f3 el compromiso de guardar y hacer guardar las leyes del pa\u00eds, tambi\u00e9n se oblig\u00f3 a \u201c<strong>desempe\u00f1ar leal y patrioticamente el cargo de Presidente de la Rep\u00fablica que el pueblo me ha conferido, mirando en todo por el bien y prosperidad de la Uni\u00f3n; y si as\u00ed no lo hiciere que la Naci\u00f3n me lo demande<\/strong>\u201d. Es decir, de la percepci\u00f3n que el pueblo tenga de sus acciones u omisiones como ejecutivo nacional, depende en gran medida su legitimidad no s\u00f3lo moral, sino incluso jur\u00eddica si atendemos a lo anterior: el presidente representa los intereses de la poblaci\u00f3n. Si se comente un error, se deben rendir cuentas claras que den satisfacci\u00f3n al sentimiento popular. El pueblo, no olvidemos, le ha conferido todo su poder.<br \/>\nA pesar de ello, <strong>Pe\u00f1a Nieto<\/strong> intenta desvincular los \u00e1mbitos p\u00fablico y privado para soslayar la responsabilidad. \u201c<strong>No obstante que me conduje con apego a la ley, acept\u00f3 y reconozco que comet\u00ed un error. Este error afect\u00f3 a mi familia, lastim\u00f3 la investidura presidencial y da\u00f1\u00f3 la confianza de la sociedad. En carne propia sent\u00ed la indignaci\u00f3n de los mexicanos, por eso, con toda humildad, les pido perd\u00f3n<\/strong>\u201d. Al final existe un argumento al pathos: un perd\u00f3n \u201csincero\u201d con la humildad que tienen los seres humanos al ser depositarios de defectos y admitir limitaciones. Se trata de la <strong>mea culpa presidencial<\/strong> (como afirma <strong>Aristegui<\/strong>) que reacciona psicol\u00f3gicamente ante el escarnio y animadversi\u00f3n que muchos mexicanos le profesan. Pero aqu\u00ed est\u00e1 lo que no cuadra plenamente: si se cometi\u00f3 un error, pero el presidente siempre se condujo conforme a derecho, \u00bfpor qu\u00e9 se lastim\u00f3 la investidura presidencial y se da\u00f1\u00f3 la confianza entre gobernante y gobernados? Es decir, un error en la esfera de lo privado, no provoca esas consecuencias. \u00bfSi el presidente actu\u00f3 y guard\u00f3 las leyes en todo momento y lugar, por qu\u00e9 debe ofrecer perd\u00f3n al pueblo de <strong>M\u00e9xico<\/strong>? A los ciudadanos s\u00f3lo nos interesa <strong>Pe\u00f1a Nieto<\/strong> en tanto servidor p\u00fablico. En resumen: un error con esos resultados, no es apagarse a la ley.<br \/>\n<strong>Pe\u00f1a Nieto<\/strong>, como un <strong>Narciso<\/strong> absorto por un reflejo deforme e inesperado, invoca a una introspecci\u00f3n reflexiva. \u201c<strong>Es necesario vernos en el espejo y asumir una visi\u00f3n autocr\u00edtica del desempe\u00f1o<\/strong>\u201d. Esto, hasta cierto punto es bueno si se toma con seriedad, pues hasta hoy la \u00fanica responsabilidad que pudiese fincarse al presidente es la moral. La <strong>Constituci\u00f3n<\/strong> afirma que el <strong>Ejecutivo<\/strong>, durante el tiempo de su encargo, s\u00f3lo podr\u00e1 ser acusado por traici\u00f3n a la patria y delitos graves; todas sus declaraciones son inviolables y no pueden ser objeto de juicio jur\u00eddico. Para la <strong>Constituci\u00f3n<\/strong>, la voz del presidente est\u00e1 m\u00e1s all\u00e1 de la legalidad. Sus acciones, no.<br \/>\n<a href=\"http:\/\/nofm-radio.com\/wp-content\/uploads\/2016\/07\/pe\u00f1a-nieto-1.jpg\" class=\"no-eff img-link lightbox\" ><img loading=\"lazy\" decoding=\"async\" src=\"http:\/\/nofm-radio.com\/wp-content\/uploads\/2016\/07\/pe\u00f1a-nieto-1.jpg\" alt=\"pe\u00f1a nieto 1\" width=\"600\" height=\"400\" class=\"alignnone size-full wp-image-19082\" \/><\/a><\/p>\n","protected":false},"template":"","meta":{"_id_youtube":"","_id_vimeo":"","_podcasts_duration":"","_podcasts_url":"","_podcasts_show":"","_prog_horario_dias":"","_prog_hora":"","_prog_duration":""},"class_list":["post-19081","archivo","type-archivo","status-publish","hentry"],"_links":{"self":[{"href":"https:\/\/nofm-radio.com\/index.php?rest_route=\/wp\/v2\/archivo\/19081","targetHints":{"allow":["GET"]}}],"collection":[{"href":"https:\/\/nofm-radio.com\/index.php?rest_route=\/wp\/v2\/archivo"}],"about":[{"href":"https:\/\/nofm-radio.com\/index.php?rest_route=\/wp\/v2\/types\/archivo"}],"wp:attachment":[{"href":"https:\/\/nofm-radio.com\/index.php?rest_route=%2Fwp%2Fv2%2Fmedia&parent=19081"}],"curies":[{"name":"wp","href":"https:\/\/api.w.org\/{rel}","templated":true}]}}