{"id":19678,"date":"2016-08-17T10:54:16","date_gmt":"2016-08-17T15:54:16","guid":{"rendered":"http:\/\/nofm-radio.com\/?p=19678"},"modified":"2016-08-17T10:54:16","modified_gmt":"2016-08-17T15:54:16","slug":"hertzflimmern-2-presenta-adam-x","status":"publish","type":"archivo","link":"https:\/\/nofm-radio.com\/?archivo=hertzflimmern-2-presenta-adam-x","title":{"rendered":"HERTZflimmern #2 presenta: Adam X"},"content":{"rendered":"<p>Si damos un recorrido por el paisaje de la escena electr\u00f3nica alemana encontraremos diferentes rutas que la conectan con las escenas de otros pa\u00edses en un tejido intercultural de la m\u00fasica. \u00a0Entre los personajes que figuran en este constante intercambio que ha sido esencial para la creaci\u00f3n de festivales y apertura de clubes y labels, el de <strong>Adam X<\/strong> resuena con frecuencia desde 1992.<br \/>\nEste amante del Techno y co-fundador de la legendaria tienda de discos <strong>Sonic Groove Records<\/strong>, se ha encargado de ofrecernos por d\u00e9cadas un sonido met\u00e1lico que nos remite a la red subterr\u00e1nea del metro neoyorquino y la intersecta con el esp\u00edritu industrial que habita en las propuestas de distintos Djs y productores alemanes.<br \/>\nPara la segunda noche de <strong>HERTZflimmern <\/strong>contaremos con un show especial de este pilar de la m\u00fasica electr\u00f3nica y cabeza uno de los sellos berlineses m\u00e1s activos y productivos para ofrecer una avalancha s\u00f3nica en las profundidades de la ciudad junto a referentes del circuito electr\u00f3nico mexicano.<br \/>\nLos ritmos dislocados y siempre hipn\u00f3ticos de <strong>A\u2014rp <\/strong>son el perfecto interlocutor en esta conversaci\u00f3n entre la electr\u00f3nica alemana con la nacional a la que <strong>L\u00edneas de Nazca <\/strong>aportar\u00e1 su inagotable y genuina exploraci\u00f3n sonora, mientras <strong>White Visitation <\/strong>har\u00e1 lo propio con su sonido suave y disonante en un entorno propicio para bailar desde las entra\u00f1as del Techno en <strong>HERTZflimmern #2<\/strong> gracias a la colaboraci\u00f3n del <strong>Goethe-Institut Mexiko <\/strong>con <strong>Rockets Musik<\/strong> + <strong>Ensamble<\/strong> para el <strong>A\u00f1o Dual Alemania-M\u00e9xico<\/strong>.<br \/>\n<a href=\"http:\/\/hertzflimmern.mx\/\">http:\/\/hertzflimmern.mx\/<\/a><br \/>\n<strong>#HERTZflimmern<\/strong><br \/>\n<strong>18 de agosto<\/strong><br \/>\n<strong>Foro Normandie<\/strong> (Calle L\u00f3pez #15, col Centro)<br \/>\n20:00hrs<br \/>\n<strong>Cover<\/strong>:<br \/>\nPreventa 1 $150<br \/>\nPreventa 2 $200<br \/>\nD\u00eda del evento $250<br \/>\n<a class=\"no-eff img-link lightbox\" href=\"http:\/\/nofm-radio.com\/wp-content\/uploads\/2016\/08\/mapa-2.png\"><img loading=\"lazy\" decoding=\"async\" class=\"alignnone size-full wp-image-19680\" src=\"http:\/\/nofm-radio.com\/wp-content\/uploads\/2016\/08\/mapa-2.png\" alt=\"mapa-#2\" width=\"1200\" height=\"1200\" \/><\/a><\/p>\n","protected":false},"template":"","meta":{"_id_youtube":"","_id_vimeo":"","_podcasts_duration":"","_podcasts_url":"","_podcasts_show":"","_prog_horario_dias":"","_prog_hora":"","_prog_duration":""},"class_list":["post-19678","archivo","type-archivo","status-publish","hentry"],"_links":{"self":[{"href":"https:\/\/nofm-radio.com\/index.php?rest_route=\/wp\/v2\/archivo\/19678","targetHints":{"allow":["GET"]}}],"collection":[{"href":"https:\/\/nofm-radio.com\/index.php?rest_route=\/wp\/v2\/archivo"}],"about":[{"href":"https:\/\/nofm-radio.com\/index.php?rest_route=\/wp\/v2\/types\/archivo"}],"wp:attachment":[{"href":"https:\/\/nofm-radio.com\/index.php?rest_route=%2Fwp%2Fv2%2Fmedia&parent=19678"}],"curies":[{"name":"wp","href":"https:\/\/api.w.org\/{rel}","templated":true}]}}