{"id":19854,"date":"2016-08-29T20:13:55","date_gmt":"2016-08-30T01:13:55","guid":{"rendered":"http:\/\/nofm-radio.com\/?p=19854"},"modified":"2016-08-29T20:13:55","modified_gmt":"2016-08-30T01:13:55","slug":"drakkar-ii-brexit","status":"publish","type":"archivo","link":"https:\/\/nofm-radio.com\/?archivo=drakkar-ii-brexit","title":{"rendered":"#Drakkar II: Brexit"},"content":{"rendered":"<p class=\"ProfileHeaderCard-screenname u-inlineBlock u-dir\" dir=\"ltr\"><span style=\"font-weight: 400;\">Por <strong>Vikingo Morales <\/strong><\/span><a class=\"ProfileHeaderCard-screennameLink u-linkComplex js-nav\" href=\"https:\/\/twitter.com\/vikingomorales\">@<span class=\"u-linkComplex-target\">vikingomorales<\/span><\/a><span style=\"font-weight: 400;\"> y <strong>Diego Vidal-Cruzprieto <\/strong><\/span><a class=\"ProfileHeaderCard-screennameLink u-linkComplex js-nav\" href=\"https:\/\/twitter.com\/vidaleando\">@<span class=\"u-linkComplex-target\">vidaleando<\/span><\/a><\/p>\n<p><span style=\"font-weight: 400;\"><strong><em>Drakkar<\/em><\/strong>: una embarcaci\u00f3n de casco trincado que data del per\u00edodo comprendido entre los a\u00f1os 700 y 1000. Fue utilizada por los escandinavos, sajones y vikingos. <\/span><br \/>\n<span style=\"font-weight: 400;\">En <strong>NoFM\u00a0<\/strong>el <strong>Drakkar <\/strong>se transforma en un nav\u00edo s\u00f3nico que semanalmente zarpar\u00e1 para contar una historia a trav\u00e9s de m\u00fasica seleccionada a manera de relieve y la tripulaci\u00f3n trazar\u00e1 la cartograf\u00eda del mar. <\/span><br \/>\n<span style=\"font-weight: 400;\">Hoy zarpamos hacia la <strong>guerra<\/strong>, el nav\u00edo trae como artiller\u00eda la furia de una generaci\u00f3n y es hora de que los b\u00e1rbaros tomemos la <strong>Isla<\/strong>. <strong>Gran Breta\u00f1a<\/strong> exhibi\u00f3 una cantidad absurda de <strong>xenofobia<\/strong> a trav\u00e9s de su <strong>Brexit<\/strong>, es nuestro turno de exhibir a una naci\u00f3n que s\u00f3lo se ha dedicado a colonizar y esclavizar a la <strong>humanidad<\/strong>.<\/span><br \/>\n<span style=\"font-weight: 400;\">El frente de <strong>batalla<\/strong> regresa al origen, el <strong>neoliberalismo<\/strong> deja muy clara la amenaza: nos van a quitar aquello que nunca quisimos <strong>apropiarnos<\/strong>. <\/span><br \/>\n<span style=\"font-weight: 400;\">\u00a1Alerta! Son tiempos de guerra y <strong>Londres<\/strong> necesita de nuestra ayuda. Si ellos se permiten <strong>borrar<\/strong> fronteras por beneficios econ\u00f3micos, nosotros debemos borrarlas para crear nuestro <strong>frente<\/strong>. <\/span><span style=\"font-weight: 400;\">Ser <strong>joven<\/strong> y vulnerado debe dejar de ser una raz\u00f3n de dolor para volverse una raz\u00f3n de <strong>uni\u00f3n<\/strong>.<\/span><br \/>\n<iframe loading=\"lazy\" src=\"https:\/\/www.youtube.com\/embed\/4vHvzybkqfo\" width=\"420\" height=\"315\" frameborder=\"0\" allowfullscreen=\"allowfullscreen\"><\/iframe><br \/>\n<span style=\"font-weight: 400;\"><strong>Juventud<\/strong>: aquello a lo que tanto le <strong>temen<\/strong>, aquello que tiende a <strong>abandonarnos<\/strong> y nos fascina <strong>olvidar<\/strong>. Pero<strong> recordemos<\/strong> aquellos tiempos cuando la juventud era<strong> fuerte<\/strong> y la sociedad despejaba el paso ante su presencia. <\/span><br \/>\n<span style=\"font-weight: 400;\">Si no<strong> tenemos<\/strong> nada, no hay que nos puedan quitar, esa es la fuente de nuestra <strong>fuerza<\/strong>. Reclamemos lo que es <strong>nuestro<\/strong>, para ello debemos empezar a creer que nos <strong>pertenece,<\/strong> que nos acontece y que nos importa; <strong>reclamemos<\/strong> lo nuestro con <strong>todo menos miedo<\/strong>.<\/span><br \/>\n<span style=\"font-weight: 400;\">\u00bfQu\u00e9 importa si <strong>fallamos<\/strong>? Somos j\u00f3venes y si algo tenemos es <strong>tiempo<\/strong>.<\/span><br \/>\n<iframe loading=\"lazy\" src=\"https:\/\/www.youtube.com\/embed\/lgR4SDxBJAo\" width=\"420\" height=\"315\" frameborder=\"0\" allowfullscreen=\"allowfullscreen\"><\/iframe><br \/>\n<span style=\"font-weight: 400;\">El <strong>poder<\/strong> es un arma capaz de <strong>seducir<\/strong> al m\u00e1s noble, capaz de <strong>corromper<\/strong> al m\u00e1s humilde, capaz de <strong>derruir<\/strong> al m\u00e1s fuerte; debemos dejar de concebirlo como un <strong>fin<\/strong> y empezar a hacerlo un<strong> medio<\/strong>.<\/span><br \/>\n<span style=\"font-weight: 400;\">Cuando se personifica toma su <strong>aspecto<\/strong> m\u00e1s vulgar: la pol\u00edtica. <strong>Cream<\/strong> -el primer power tr\u00edo ensamblado por leyendas- nos describe lo asquerosa y vil que puede llegar a ser una persona que<strong> monopoliza<\/strong> el poder.<\/span><br \/>\n<iframe loading=\"lazy\" src=\"https:\/\/www.youtube.com\/embed\/uJqgk2XAg4k\" width=\"420\" height=\"315\" frameborder=\"0\" allowfullscreen=\"allowfullscreen\"><\/iframe><br \/>\n<span style=\"font-weight: 400;\">En la \u00e9poca en la que el <strong>cinismo<\/strong> no tiene l\u00edmite, el<strong> privilegio<\/strong> se vuelve un estilo de vida<\/span><span style=\"font-weight: 400;\"> y presumir las <strong>pertenencias<\/strong> se convierte en un <strong>muro<\/strong> contra los que menos tienen.<\/span><br \/>\n<span style=\"font-weight: 400;\">La clase es s\u00f3lo una <strong>etiqueta<\/strong> que se puede arrancar de ese<strong> traje<\/strong> que nos ponemos todos los d\u00edas al salir de casa. No nos conformemos con arrancarla, <strong>cambiemos<\/strong> de traje.<\/span><br \/>\n<iframe loading=\"lazy\" src=\"https:\/\/www.youtube.com\/embed\/_bQsGiiPVFo\" width=\"420\" height=\"315\" frameborder=\"0\" allowfullscreen=\"allowfullscreen\"><\/iframe><br \/>\n<em><span style=\"font-weight: 400;\"><strong>&#8220;Summer&#8217;s here and the time is right for fighting in the street&#8221;<\/strong> <\/span><\/em><br \/>\n<em><span style=\"font-weight: 400;\">El verano lleg\u00f3 y es momento de salir a la calle a pelear<\/span><\/em><br \/>\n<span style=\"font-weight: 400;\">La <strong>calle<\/strong> -a diferencia de muchas cosas- es de quien la usa, quien la transita, quien la escucha, quien la mira, quien la siente, quien la vive. <strong>Recuper\u00e9mosla<\/strong>. Es nuestra.<\/span><br \/>\n<iframe loading=\"lazy\" src=\"https:\/\/www.youtube.com\/embed\/muJCXvvdlBU\" width=\"420\" height=\"315\" frameborder=\"0\" allowfullscreen=\"allowfullscreen\"><\/iframe><br \/>\n<strong>&#8220;<i>El miedo es el camino hacia el lado oscuro. El miedo lleva a la ira, la ira lleva al odio, el odio lleva al sufrimiento.<\/i>&#8220;<\/strong><br \/>\n<span style=\"font-weight: 400;\">\u2015<strong>Yoda<\/strong> a <strong>Anakin Skywalker.<\/strong><\/span><br \/>\n<iframe loading=\"lazy\" src=\"https:\/\/www.youtube.com\/embed\/g-n4U2KZZVs\" width=\"560\" height=\"315\" frameborder=\"0\" allowfullscreen=\"allowfullscreen\"><\/iframe><br \/>\n<span style=\"font-weight: 400;\">Y s\u00ed, el <strong>enemigo<\/strong> tiene muchos<strong> flancos<\/strong> abstractos, sus <strong>engranajes<\/strong> son perversos y voraces pero como toda <strong>m\u00e1quina<\/strong>, en alg\u00fan momento debe caducar.<\/span><br \/>\n<span style=\"font-weight: 400;\">Una <strong>predicci\u00f3n<\/strong> muy reiterada de la cu\u00e1l <strong>Pink Floyd<\/strong> toma parte, y nos lleva a los lugares m\u00e1s oscuros de nuestra <strong>conciencia<\/strong> revel\u00e1ndonos la famosa <strong>luz<\/strong> al final del t\u00fanel.<\/span><br \/>\n<iframe loading=\"lazy\" src=\"https:\/\/www.youtube.com\/embed\/lt-udg9zQSE\" width=\"420\" height=\"315\" frameborder=\"0\" allowfullscreen=\"allowfullscreen\"><\/iframe><br \/>\n<span style=\"font-weight: 400;\">Quedarse quietos ante las <strong>fauces<\/strong> de esta amenaza ser\u00eda cometer el peor <strong>error<\/strong>: el de la <strong>omisi\u00f3n<\/strong><\/span><span style=\"font-weight: 400;\">. Los disturbios en <strong>Europa<\/strong> han comenzado, estemos preparados porque el siguiente es nuestro turno. <\/span><br \/>\n<span style=\"font-weight: 400;\">Nuestro<strong> porvenir<\/strong> ha de ser concebido a un costado de <strong>c\u00f3cteles molotov<\/strong>, gases lacrim\u00f3genos y gritos que exijan justicia, de otra manera no vale la pena <strong>nacer<\/strong>.<\/span><br \/>\n<span style=\"font-weight: 400;\"><strong>Combatir<\/strong> es un acto justo y necesario. <\/span><br \/>\n<iframe loading=\"lazy\" src=\"https:\/\/www.youtube.com\/embed\/lU4ke34dKWo\" width=\"420\" height=\"315\" frameborder=\"0\" allowfullscreen=\"allowfullscreen\"><\/iframe><br \/>\n<span style=\"font-weight: 400;\">Lo \u00fanico que no van a poder <strong>bombardear<\/strong> es nuestra imaginaci\u00f3n, hagamos de nuestra<strong> lucha<\/strong> algo creativo, algo diverso, algo<strong> fruct\u00edfero<\/strong> y sobre todo, algo impredecible.<\/span><br \/>\n<iframe loading=\"lazy\" src=\"https:\/\/www.youtube.com\/embed\/8gmNYIJcpgo\" width=\"420\" height=\"315\" frameborder=\"0\" allowfullscreen=\"allowfullscreen\"><\/iframe><br \/>\n<span style=\"font-weight: 400;\">Los <strong>tambores<\/strong> resuenan en un eco victorioso, <strong>Muse<\/strong> tambi\u00e9n nos invita a levantarnos, \u00e9ste puede ser nuestro <strong>futuro<\/strong> si as\u00ed lo deseamos, <\/span><span style=\"font-weight: 400;\">ellos no nos forzar\u00e1n, dejar\u00e1n de degradarnos, ellos no nos controlar\u00e1n, \u00a0nosotros saldremos avante<\/span><span style=\"font-weight: 400;\">.<\/span><br \/>\n<iframe loading=\"lazy\" src=\"https:\/\/www.youtube.com\/embed\/OqPVz101nd0\" width=\"420\" height=\"315\" frameborder=\"0\" allowfullscreen=\"allowfullscreen\"><\/iframe><\/p>\n","protected":false},"template":"","meta":{"_id_youtube":"","_id_vimeo":"","_podcasts_duration":"","_podcasts_url":"","_podcasts_show":"","_prog_horario_dias":"","_prog_hora":"","_prog_duration":""},"class_list":["post-19854","archivo","type-archivo","status-publish","hentry"],"_links":{"self":[{"href":"https:\/\/nofm-radio.com\/index.php?rest_route=\/wp\/v2\/archivo\/19854","targetHints":{"allow":["GET"]}}],"collection":[{"href":"https:\/\/nofm-radio.com\/index.php?rest_route=\/wp\/v2\/archivo"}],"about":[{"href":"https:\/\/nofm-radio.com\/index.php?rest_route=\/wp\/v2\/types\/archivo"}],"wp:attachment":[{"href":"https:\/\/nofm-radio.com\/index.php?rest_route=%2Fwp%2Fv2%2Fmedia&parent=19854"}],"curies":[{"name":"wp","href":"https:\/\/api.w.org\/{rel}","templated":true}]}}