{"id":19858,"date":"2016-09-06T12:24:15","date_gmt":"2016-09-06T17:24:15","guid":{"rendered":"http:\/\/nofm-radio.com\/?p=19858"},"modified":"2016-09-06T12:24:15","modified_gmt":"2016-09-06T17:24:15","slug":"drakkar-iii-los-nueve-mundos-nordicos","status":"publish","type":"archivo","link":"https:\/\/nofm-radio.com\/?archivo=drakkar-iii-los-nueve-mundos-nordicos","title":{"rendered":"#Drakkar III: Los nueve mundos n\u00f3rdicos"},"content":{"rendered":"<p class=\"ProfileHeaderCard-screenname u-inlineBlock u-dir\" dir=\"ltr\"><span style=\"font-weight: 400;\">por <strong>Vikingo Morales <\/strong><\/span><a class=\"ProfileHeaderCard-screennameLink u-linkComplex js-nav\" href=\"https:\/\/twitter.com\/vikingomorales\">@<span class=\"u-linkComplex-target\">vikingomorales<\/span><\/a><span style=\"font-weight: 400;\"> y <strong>Diego Vidal-Cruzprieto <\/strong><\/span><a class=\"ProfileHeaderCard-screennameLink u-linkComplex js-nav\" href=\"https:\/\/twitter.com\/vidaleando\">@<span class=\"u-linkComplex-target\">vidaleando<\/span><\/a><\/p>\n<p><span style=\"font-weight: 400;\"><strong><em>Drakkar<\/em><\/strong>: una embarcaci\u00f3n de casco trincado que data del per\u00edodo comprendido entre los a\u00f1os 700 y 1000. Fue utilizada por los escandinavos, sajones y vikingos. <\/span><br \/>\n<span style=\"font-weight: 400;\">En <strong>NoFM\u00a0<\/strong>el <strong>Drakkar <\/strong>se transforma en un nav\u00edo s\u00f3nico que semanalmente zarpar\u00e1 para contar una historia a trav\u00e9s de m\u00fasica seleccionada a manera de relieve y la tripulaci\u00f3n trazar\u00e1 la cartograf\u00eda del mar<\/span><br \/>\nEn esta ocasi\u00f3n navegaremos el <strong>Yggdrasil<\/strong>: el \u00e1rbol que sostiene los nueve mundos n\u00f3rdicos. La tripulaci\u00f3n deber\u00e1 estar preparada ya que cada uno de estos <strong>reinos<\/strong> depara aventuras que ser\u00e1n inscritas en la <strong>b\u00f3veda<\/strong> celestial.<br \/>\n<em><strong>Ginnungagap<\/strong><\/em><br \/>\nEl acto de<strong> creaci\u00f3n<\/strong> debe ser <strong>ca\u00f3tico<\/strong>, en otro caso ser\u00eda err\u00f3neo. El <strong>Ginnungagap<\/strong> es ese vac\u00edo repleto, ese lienzo blanco sediento por las flamas del <strong>Muspelheim<\/strong> y los t\u00e9mpanos del <strong>Nifelheim<\/strong>.<strong> Ymir<\/strong> nace, fuego y hielo, de su cr\u00e1neo emergen los puntos cardinales, de sus ojos el sol y la luna, de su carne la tierra, de sus sesos las nubes y de su sangre las aguas en donde navegaremos hasta el final de esta traves\u00eda.<br \/>\n<iframe loading=\"lazy\" src=\"https:\/\/www.youtube.com\/embed\/pIL__z8IvBU\" width=\"560\" height=\"315\" frameborder=\"0\" allowfullscreen=\"allowfullscreen\"><\/iframe><br \/>\n<strong><em>Ljusalfheim<\/em><\/strong><br \/>\n<strong>Elfos<\/strong>, pilares de luz antropomorfizados. Su <strong>sabidur\u00eda<\/strong> no tiene comparaci\u00f3n, estos seres iluminados por los dioses mismos caminan con una <strong>gracia<\/strong> inigualable. Su c\u00f3digo es la armon\u00eda, la sagacidad es su actuar, el tiempo les es insignificante y la sutilidad es su <strong>legado<\/strong>.<br \/>\n<iframe loading=\"lazy\" src=\"https:\/\/www.youtube.com\/embed\/iukCymAioQ4\" width=\"560\" height=\"315\" frameborder=\"0\" allowfullscreen=\"allowfullscreen\"><\/iframe><br \/>\n<em><strong>Vanaheim<\/strong><\/em><br \/>\nAunque la <strong>historia<\/strong> se escriba con sangre, no es necesario que todos la <strong>derramen<\/strong>. La <strong>fertilidad<\/strong>, la <strong>sabidur\u00eda<\/strong>, la <strong>naturaleza<\/strong>, la <strong>magia<\/strong> y la <strong>clarividencia<\/strong> son partes esenciales del <strong>Yggdrasil<\/strong>, el \u00e1rbol que sostiene al mundo y el cual es nutrido por la maestr\u00eda de estas deidades.<br \/>\n<iframe loading=\"lazy\" src=\"https:\/\/www.youtube.com\/embed\/Ljw0kL-mI0Q\" width=\"420\" height=\"315\" frameborder=\"0\" allowfullscreen=\"allowfullscreen\"><\/iframe><br \/>\n<em><strong>Midgard<\/strong><\/em><br \/>\nSi algo es <strong>perfecto<\/strong> entonces no es <strong>genuino<\/strong>, es por eso que existimos nosotros, los <strong>mortales<\/strong>. Raza <strong>individualista<\/strong>\u00a0que destruye todo a su paso. Seres <strong>ignorantes, b\u00e1rbaros, b\u00e1sicos, primitivos y aleatorios<\/strong>. Dedicamos nuestras vidas a entretener a los dioses. Tal parece que fue en vano que <strong>Od\u00edn<\/strong> &#8211;el dios padre&#8211; haya <strong>sacrificado<\/strong> su ojo por legarnos el secreto de las <strong>runas<\/strong>.<br \/>\n<iframe loading=\"lazy\" src=\"https:\/\/www.youtube.com\/embed\/IAcWwIZyW-Y\" width=\"420\" height=\"315\" frameborder=\"0\" allowfullscreen=\"allowfullscreen\"><\/iframe><br \/>\n<em><strong>Asgard<\/strong><\/em><br \/>\n<strong>Odin<\/strong> y <strong>Thor<\/strong> no son h\u00e9roes o villanos, son<strong> dioses<\/strong>. Algo que refleja esto es el incalculable ej\u00e9rcito de guerreros valerosos que fueron admitidos al <strong>Valhalla<\/strong>; la carne nunca deja de ser servida, la dulce<strong> hidromiel<\/strong> fluye sin cesar, los recuerdos de la gloria en batalla resuenan en este <strong>dorado<\/strong> sal\u00f3n.<br \/>\n<iframe loading=\"lazy\" src=\"https:\/\/www.youtube.com\/embed\/-sUXMzkh-jI\" width=\"420\" height=\"315\" frameborder=\"0\" allowfullscreen=\"allowfullscreen\"><\/iframe><br \/>\n<em><strong>Jotunheim<\/strong><\/em><br \/>\nLos <strong>enemigos<\/strong>, mientras m\u00e1s cerca mejor. La <strong>estirpe<\/strong> que antagoniza a los dioses con el tama\u00f1o de sus cuerpos: los <strong>gigantes<\/strong>. Aunque no siempre se encuentran en <strong>conflicto<\/strong>, su relaci\u00f3n con <strong>Asgard<\/strong> es simbi\u00f3tica, la presa y el cazador intercambian <strong>roles<\/strong> constantemente.<br \/>\n<iframe loading=\"lazy\" src=\"https:\/\/www.youtube.com\/embed\/eZ7WsJ8TUnk\" width=\"560\" height=\"315\" frameborder=\"0\" allowfullscreen=\"allowfullscreen\"><\/iframe><br \/>\n<em><strong>Schwarszalbenheim<\/strong><\/em><br \/>\n\u00bfEscuchan eso? Ese incesante<strong> martilleo<\/strong> es el escultor de la tierra, el sonido de la perseverancia. Las <strong>minas<\/strong> ya olvidaron al <strong>Sol<\/strong>, lo cambiaron por el brillo de los metales que despiertan la avaricia en los <strong>enanos<\/strong>, maestros herreros similares a los <strong>gusanos<\/strong> que festejaron en la carne de <strong>Ymir<\/strong> antes de que los dioses les regalaran el uso de la<strong> raz\u00f3n<\/strong>.<br \/>\n<iframe loading=\"lazy\" src=\"https:\/\/www.youtube.com\/embed\/oVHrvx-Ua68\" width=\"420\" height=\"315\" frameborder=\"0\" allowfullscreen=\"allowfullscreen\"><\/iframe><br \/>\n<strong><em>Nifelheim<\/em><\/strong><br \/>\nPasos retumban en las <strong>g\u00e9lidas<\/strong> tierras de este reino que cuelga del <em><strong>\u00e1rbol c\u00f3smico<\/strong><\/em>. Aqu\u00ed el tiempo se congela y se levanta como la implacable monta\u00f1a del destino que caer\u00e1 sobre nosotros provocando nuestra extinci\u00f3n a manos de estos <strong>gigantes de hielo<\/strong>.<br \/>\n<iframe loading=\"lazy\" src=\"https:\/\/www.youtube.com\/embed\/9OUWgxu7xng\" width=\"560\" height=\"315\" frameborder=\"0\" allowfullscreen=\"allowfullscreen\"><\/iframe><br \/>\n<strong><em>Helheim<\/em><\/strong><br \/>\n&#8220;<em>No conocer\u00e9 el miedo.<\/em><br \/>\n<em>El miedo mata la mente.<\/em><br \/>\n<em>El miedo es la peque\u00f1a muerte que conduce a la destrucci\u00f3n total.<\/em><br \/>\n<em>Afrontar\u00e9 mi miedo.<\/em><br \/>\n<em>Permitir\u00e9 que pase sobre m\u00ed y a trav\u00e9s de m\u00ed.<\/em><br \/>\n<em>Y cuando haya pasado, girar\u00e9 mi ojo interior para escrutar su camino.<\/em><br \/>\n<em>All\u00e1 donde haya pasado el miedo ya no habr\u00e1 nada.<\/em><br \/>\n<em>S\u00f3lo estar\u00e9 yo<\/em>.&#8221;<br \/>\nEste es el <strong>epitafio<\/strong> de la humanidad.<br \/>\n<iframe loading=\"lazy\" src=\"https:\/\/www.youtube.com\/embed\/scTqpfL9WMA\" width=\"420\" height=\"315\" frameborder=\"0\" allowfullscreen=\"allowfullscreen\"><\/iframe><br \/>\n<em><strong>Muspelheim<\/strong><\/em><br \/>\nLa<strong> noche<\/strong> contiene un<strong> infinito<\/strong> n\u00famero de estrellas, <strong>c\u00e1rceles<\/strong> del fuego que as\u00ed como <strong>inici\u00f3<\/strong> todo tambi\u00e9n lo habr\u00e1 de <strong>acabar<\/strong>.<br \/>\n<iframe loading=\"lazy\" src=\"https:\/\/www.youtube.com\/embed\/en1uwIzI3SE\" width=\"420\" height=\"315\" frameborder=\"0\" allowfullscreen=\"allowfullscreen\"><\/iframe><\/p>\n","protected":false},"template":"","meta":{"_id_youtube":"","_id_vimeo":"","_podcasts_duration":"","_podcasts_url":"","_podcasts_show":"","_prog_horario_dias":"","_prog_hora":"","_prog_duration":""},"class_list":["post-19858","archivo","type-archivo","status-publish","hentry"],"_links":{"self":[{"href":"https:\/\/nofm-radio.com\/index.php?rest_route=\/wp\/v2\/archivo\/19858","targetHints":{"allow":["GET"]}}],"collection":[{"href":"https:\/\/nofm-radio.com\/index.php?rest_route=\/wp\/v2\/archivo"}],"about":[{"href":"https:\/\/nofm-radio.com\/index.php?rest_route=\/wp\/v2\/types\/archivo"}],"wp:attachment":[{"href":"https:\/\/nofm-radio.com\/index.php?rest_route=%2Fwp%2Fv2%2Fmedia&parent=19858"}],"curies":[{"name":"wp","href":"https:\/\/api.w.org\/{rel}","templated":true}]}}