{"id":19909,"date":"2016-08-31T20:38:47","date_gmt":"2016-09-01T01:38:47","guid":{"rendered":"http:\/\/nofm-radio.com\/?p=19909"},"modified":"2016-08-31T20:38:47","modified_gmt":"2016-09-01T01:38:47","slug":"8-textos-para-entender-el-desastre-que-dejo-trumpenmexico","status":"publish","type":"archivo","link":"https:\/\/nofm-radio.com\/?archivo=8-textos-para-entender-el-desastre-que-dejo-trumpenmexico","title":{"rendered":"8 textos para entender el desastre que dej\u00f3 #TrumpEnM\u00e9xico"},"content":{"rendered":"<p>Pues vino, vio y venci\u00f3. Tal cual. La visita de <strong>Donald Trump<\/strong> a M\u00e9xico dej\u00f3 un desastre del que apenas nos estamos dando cuenta. Si las muestras de indignaci\u00f3n fueron inmediatas y a todos los niveles, las consecuencias de una muy mala decisi\u00f3n pueden tener un costo pol\u00edtico alt\u00edsimo para nuestro pa\u00eds. La llegada de Trump a <strong>Los Pinos<\/strong> ha sido calificado como un tanque de ox\u00edgeno a la campa\u00f1a del<strong> Partido Republicano<\/strong>, y como la entrada en paro del sexenio de <strong>Enrique Pe\u00f1a Nieto<\/strong>.<br \/>\nPara reflexionar sobre las implicaciones de esa reuni\u00f3n privada que parec\u00eda tan inofensiva, o s\u00f3lo un mal chiste, les dejamos estos 8 textos que analizan el desastre que dej\u00f3 a su paso <strong>#TrumpEnM\u00e9xico<\/strong>. Disfrute y llore, que no todos son chistoretes.<br \/>\n* <strong>Sobre la visita de Trump a M\u00e9xico, de Esteban Illades<\/strong><br \/>\n&#8220;Lo ocurrido el mi\u00e9rcoles en Los Pinos es algo que en M\u00e9xico se recordar\u00e1 por mucho tiempo. No s\u00f3lo por ser una decisi\u00f3n inexplicable y mal manejada, sino por el golpe tan duro a la soberan\u00eda nacional. Adolf Hitler vino a Los Pinos, y al terminar la visita, Neville Chamberlain onde\u00f3 un papelito. Todo est\u00e1 bien porque le dijimos en privado que no \u00edbamos a construir el muro. No importa que, al regresar a Alemania, Hitler desconozca el acuerdo. Nos lo dijo a nosotros. Y es un hombre de palabra.&#8221; <em>Lee el texto completo publicado en<\/em> <strong>Nexos\u00a0<em><a href=\"http:\/\/www.nexos.com.mx\/?p=29529\" target=\"_blank\" rel=\"noopener noreferrer\">aqu\u00ed<\/a><\/em><\/strong>.<br \/>\n<strong>* El d\u00eda que Trump pis\u00f3 Los Pinos, de Alejandro Encinas N\u00e1jera<\/strong><br \/>\n&#8220;Justo en el momento en que l\u00edderes de todas partes del mundo le dan la espalda a Trump, cuando ruega por validaci\u00f3n internacional, cuando se encuentra en su peor momento en las encuestas, en pocas palabras, cuando est\u00e1 pol\u00edticamente asfixiado, el presidente de M\u00e9xico le obsequia un tanque de ox\u00edgeno. Se trata de la mayor torpeza en lo que va del sexenio, y eso que han habido bastantes.<br \/>\nSi algo ha caracterizado la postura del gobierno mexicano en torno a la amenaza que representa la candidatura republicana, es su inconsistencia y ofuscaci\u00f3n. En vez de congruencia y estrategia, contradicciones y desatinos.&#8221; <em>Lee el texto completo publicado en<\/em> <strong>La Silla Rota <em><a href=\"http:\/\/lasillarota.com\/el-dia-que-trump-piso-los-pinos#.V8iF_vl97IV\" target=\"_blank\" rel=\"noopener noreferrer\">aqu\u00ed<\/a><\/em><\/strong>.<br \/>\n<iframe loading=\"lazy\" class=\"giphy-embed\" src=\"\/\/giphy.com\/embed\/3oz8xPQSkeoWYvEfS0\" width=\"480\" height=\"270\" frameborder=\"0\" allowfullscreen=\"allowfullscreen\"><\/iframe><br \/>\n<strong>* Reuni\u00f3n Pe\u00f1a-Trump: los mexicanos estamos solos, de Juan Carlos Ortega Prado<\/strong><br \/>\n&#8220;En un momento en el que M\u00e9xico requiere instituciones muy eficientes, la cabeza ejecutiva del pa\u00eds se da un balazo en el pie, algo que para los opositores puede ser motivo de alegr\u00eda, pero que no da\u00f1a s\u00f3lo al ser humano llamado Enrique Pe\u00f1a Nieto, sino a toda la naci\u00f3n. Esas son las consecuencias de que un presidente se ponga en una situaci\u00f3n de igualdad con un candidato extranjero.&#8221; <strong>Lee el texto completo publicado en<\/strong> <strong>Proceso <em><a href=\"http:\/\/www.proceso.com.mx\/453106\/fue-problema-la-visita-trump\" target=\"_blank\" rel=\"noopener noreferrer\">aqu\u00ed<\/a><\/em><\/strong>.<br \/>\n<strong>* \u00bfQu\u00e9 estaba pensando Enrique Pe\u00f1a Nieto?, de Jim Newell<\/strong><br \/>\n&#8220;Mi teor\u00eda: Un presidente no muy brillante lanz\u00f3 un bluff y no supo qu\u00e9 hacer cuando Trump acept\u00f3 su invitaci\u00f3n. \u00c9l ofreci\u00f3 al candidato una plataforma para presentarse como algo m\u00e1s que un cavern\u00edcola rid\u00edculo, lo que muchos expertos calificar\u00edan de un gran acierto. Y Pe\u00f1a Nieto no aprovech\u00f3 su oportunidad de destrozar la m\u00e1s absurda idea pol\u00edtica que existe dentro de la cabeza de Donald Trump. Tal vez ya no sea tan absurda. Tal vez M\u00e9xico de verdad pagar\u00e1 por el muro si este tipo sigue a cargo.&#8221; <em>Lee el texto completo publicado por<\/em> <strong>The Slate <em><a href=\"http:\/\/www.slate.com\/blogs\/the_slatest\/2016\/08\/31\/mexican_president_president_enrique_pe_a_blew_it.html?wpsrc=sh_all_dt_tw_ru\" target=\"_blank\" rel=\"noopener noreferrer\">aqu\u00ed<\/a><\/em><\/strong>.<br \/>\n<strong>* Trist(e), de Jorge F. Hern\u00e1ndez<\/strong><br \/>\n&#8220;Del indefinible copete rubio ya se sab\u00eda lo hueco, banal y veleta, pero del engominado copete del presidente de M\u00e9xico se confirma la recurrente facilidad con la que tropieza quien acostumbra fiarse de puras mentiras: desde el plagio de su tesis (considerada \u201checho consumado\u201d o sobrese\u00eddo por la nefanda universidad que se lo otorga) hasta el rosario de falsedades que han hilado su trayectoria de funcionario p\u00fablico, las ilegales propiedades de su c\u00f3nyuge y colaboradores, la pantomima que llaman auditor\u00eda o la burla de lo que definen como transparencia, las falsas disculpas o el mentiroso perd\u00f3n, la aparente felicidad, la sobria lectura de p\u00e1rrafos que le escriben otros para ser le\u00eddos en pantallas (que tambi\u00e9n fallan y por ende, provocan confusiones geogr\u00e1ficas o labiales), la ret\u00f3rica hueca, la m\u00ednima estatura (no de altura f\u00edsica, sino de miras), todo envuelto lloviznando el amargo sabor de la verg\u00fcenza sobre M\u00e9xico y una inmensa mayor\u00eda de mexicanos (y tambi\u00e9n de mexico-norteamericanos, por no mencionar el \u00e1nimo con el que ambos se\u00f1ores est\u00e1n dispuestos a negociar ante la migraci\u00f3n centro y sudamericana que pasa por M\u00e9xico en ruta a los Naires).&#8221; <em>Lee el texto completo publicado por<\/em> <strong>El Pa\u00eds<em> <a href=\"http:\/\/internacional.elpais.com\/internacional\/2016\/09\/01\/actualidad\/1472693513_638226.html\" target=\"_blank\" rel=\"noopener noreferrer\">aqu\u00ed<\/a><\/em><\/strong>.<br \/>\n<iframe loading=\"lazy\" class=\"giphy-embed\" src=\"\/\/giphy.com\/embed\/bOybLcXnijzW0\" width=\"480\" height=\"270\" frameborder=\"0\" allowfullscreen=\"allowfullscreen\"><\/iframe><br \/>\n<strong>* Un d\u00eda de furia&#8230; y de tristeza, de Salvador Camarena<\/strong><br \/>\n&#8220;\u00bfSe acuerdan de 1994? \u00bfSe acuerdan del error de diciembre? \u00bfSe acuerdan de aquel emputamiento colectivo? Pues desde ya tenemos el error de agosto, el momento clave en que nadie tuvo duda del momento preciso en que ocurri\u00f3 la claudicaci\u00f3n de una presidencia, el fin de un cuatrienio desastroso, cuyo inicio prometedor s\u00f3lo acrecienta el estr\u00e9pito interior que sinti\u00f3 cada mexicano que fue insultado por el gesto presidencial de ayer.&#8221; <em>Lee el texto completo publicado en<\/em> <strong>El Financiero <em><a href=\"http:\/\/www.elfinanciero.com.mx\/opinion\/un-dia-de-furia-y-de-tristeza.html#.V8gYkKtevKM.twitter\" target=\"_blank\" rel=\"noopener noreferrer\">aqu\u00ed<\/a><\/em><\/strong>.<br \/>\n<strong>* Nunca he visto a ning\u00fan mexicano pidiendo limosna en Estados Unidos, de Alejandro Gonz\u00e1lez I\u00f1arritu<\/strong><br \/>\n&#8220;El 40% de los inmigrantes mexicanos y centroamericanos, m\u00e1s que indocumentados, son refugiados. Ni\u00f1os y ni\u00f1as huyendo del hambre, violaciones, miseria extrema y amenazas contra su vida por parte de bandas criminales en pa\u00edses que como el nuestro, les han negado un trabajo y una vida segura y digna.<br \/>\nM\u00e1s que un problema de seguridad y terrorismo, esta es una crisis humanitaria.<br \/>\nSin embargo, nunca he visto en toda mi vida a un mexicano pidiendo limosna en una calle en los Estados Unidos. Estos trabajan dura y honradamente contribuyendo y beneficiando imprescindiblemente la econom\u00eda de ambos pa\u00edses. Pero por conveniencia mutua, seguir\u00e1n siendo una comunidad de 11 millones de invisibles.&#8221; <em>Lee el texto completo publicado por<\/em> <strong>El Pa\u00eds <em><a href=\"http:\/\/internacional.elpais.com\/internacional\/2016\/09\/01\/mexico\/1472744498_408428.html\" target=\"_blank\" rel=\"noopener noreferrer\">aqu\u00ed<\/a><\/em><\/strong>.<br \/>\n<iframe loading=\"lazy\" src=\"\/\/giphy.com\/embed\/l0MYvB3SGqWOLawDK\" width=\"480\" height=\"270\" frameBorder=\"0\" class=\"giphy-embed\" allowFullScreen><\/iframe><\/p>\n<p><a href=\"http:\/\/giphy.com\/gifs\/hate-enrique-pea-nieto-mexico-donald-trump-l0MYvB3SGqWOLawDK\">via GIPHY<\/a><\/p>\n<p><strong>* El affair Pe\u00f1a-Trump, de Diego Casta\u00f1eda<\/strong><br \/>\n&#8220;Voy a limitar mi opini\u00f3n sobre el affair Pe\u00f1a-Trump a un tema que conozco m\u00e1s o menos bien: la pol\u00edtica comercial y en particular haciendo referencia al \u00e1rea de Econom\u00eda Pol\u00edtica Internacional que creo que ilustra bien todo el asunto.<br \/>\nM\u00e9xico, en mi opini\u00f3n de forma equivocada, ha basado su capacidad de generar crecimiento econ\u00f3mico en su sector externo, en un modelo de industrializaci\u00f3n orientada a las exportaciones, que en general ha tenido buenos resultados en las regiones del pa\u00eds que se han sabido integrar con la econom\u00eda de Estados Unidos, pero que a su vez es una pol\u00edtica que dejo en el olvido al sur del pa\u00eds, como bien describe Daniel Chiquiar en su famoso paper de 2004. Sin embargo, para bien o para mal, el nivel de cointegraci\u00f3n que tiene ha estas alturas las econom\u00edas del sur de Estados Unidos y M\u00e9xico es innegable, por tanto el TLCAN, nos guste o no, es parte absolutamente necesaria para la econom\u00eda mexicana (no significa que no debemos replantear nuestro modelo de crecimiento).<br \/>\nEn este contexto, aceptar un dialogo donde Trump impone su agenda, en particular el tema de abrir a negociaciones el TLCAN, es un serio error. En primer lugar a M\u00e9xico no le conviene en lo absoluto renegociar el TLCAN en las partes que Trump propone. M\u00e9xico le convendr\u00eda renegociar las partes de transferencias de tecnolog\u00eda por dar un ejemplo, pero sin poner en peligro su base exportadora. No obstante esto, la manera en que el gobierno Mexicano acept\u00f3 la agenda de negociaci\u00f3n sin acotarlo es entregarle una carta abierta a la parte de la negociaci\u00f3n que claramente desea hacerlo en tu contra. M\u00e9xico se puso en una posici\u00f3n m\u00e1s d\u00e9bil para discutir su pol\u00edtica comercial, no digamos la migratoria.<br \/>\nEn el campo de la econom\u00eda pol\u00edtica internacional la existencia de los tratados regionales como el TLCAN, tanto desde la perspectiva liberal como desde la realista, parten de la idea de que estos acuerdos impulsan la integraci\u00f3n de las econom\u00edas de la regi\u00f3n, generan una mayor &#8220;competitividad&#8221; para las industrias dom\u00e9sticas (econom\u00edas de escala y alcance) y protegen las industrias regionales de la competencia global. Todas estas cosas que son evidentes en la econom\u00eda pol\u00edtica de los tratados comerciales regionales son ignoradas al momento de aceptar la posibilidad de una renegociaci\u00f3n en los t\u00e9rminos que ocurri\u00f3.<br \/>\nEl gobierno mexicano est\u00e1 dando una potencial apertura de negociaci\u00f3n en detrimento de sus intereses en la regi\u00f3n, est\u00e1 agregando insulto a la herida cuando la ineptitud pol\u00edtica se vuelve tambi\u00e9n un riesgo potencial para su econom\u00eda.&#8221; <em>Texto publicado en el<strong> <a href=\"https:\/\/www.facebook.com\/DiegoCastanedaG?fref=ts\" target=\"_blank\" rel=\"noopener noreferrer\">Facebook<\/a><\/strong> del autor<\/em>.<br \/>\n<iframe loading=\"lazy\" class=\"giphy-embed\" src=\"\/\/giphy.com\/embed\/l41YfnhA7QNddFD0Y\" width=\"480\" height=\"323\" frameborder=\"0\" allowfullscreen=\"allowfullscreen\"><\/iframe><br \/>\nAs\u00ed es , muchachos y muchachas, el rid\u00edculo nos saldr\u00e1 mucho m\u00e1s caro de lo que pensamos. m\u00e1s que una fuente inagotable de memes y chistes, la visita de Donald Trump a M\u00e9xico tendr\u00e1 fuertes implicaciones pol\u00edticas a un lado y otro de la frontera. Nos patearon el pesebre, s\u00ed, y la factura puede ir m\u00e1s all\u00e1 de la dignidad pisoteada.<br \/>\n&nbsp;<\/p>\n","protected":false},"template":"","meta":{"_id_youtube":"","_id_vimeo":"","_podcasts_duration":"","_podcasts_url":"","_podcasts_show":"","_prog_horario_dias":"","_prog_hora":"","_prog_duration":""},"class_list":["post-19909","archivo","type-archivo","status-publish","hentry"],"_links":{"self":[{"href":"https:\/\/nofm-radio.com\/index.php?rest_route=\/wp\/v2\/archivo\/19909","targetHints":{"allow":["GET"]}}],"collection":[{"href":"https:\/\/nofm-radio.com\/index.php?rest_route=\/wp\/v2\/archivo"}],"about":[{"href":"https:\/\/nofm-radio.com\/index.php?rest_route=\/wp\/v2\/types\/archivo"}],"wp:attachment":[{"href":"https:\/\/nofm-radio.com\/index.php?rest_route=%2Fwp%2Fv2%2Fmedia&parent=19909"}],"curies":[{"name":"wp","href":"https:\/\/api.w.org\/{rel}","templated":true}]}}