{"id":19925,"date":"2016-09-01T17:08:40","date_gmt":"2016-09-01T22:08:40","guid":{"rendered":"http:\/\/nofm-radio.com\/?p=19925"},"modified":"2016-09-01T17:08:40","modified_gmt":"2016-09-01T22:08:40","slug":"los-8-mejores-tuits-sobre-la-renuncia-de-nicolas-alvarado","status":"publish","type":"archivo","link":"https:\/\/nofm-radio.com\/?archivo=los-8-mejores-tuits-sobre-la-renuncia-de-nicolas-alvarado","title":{"rendered":"Los 8 mejores tuits sobre la Renuncia de Nicol\u00e1s Alvarado"},"content":{"rendered":"<p>Despu\u00e9s del esc\u00e1ndalo que se arm\u00f3 por <a href=\"http:\/\/www.milenio.com\/firmas\/nicolas_alvarado_fueraderegistro2\/Soy_uno_de_los_poquisimos_mexicanos_que_no_asumen_a_Juan_Gabriel_como_un_idolo_18_802299773.html\" target=\"_blank\" rel=\"noopener noreferrer\">el art\u00edculo de <strong>Nicol\u00e1s Alvarado<\/strong> sobre <strong>Juan Gabriel<\/strong><\/a>, que se viralizara una<a href=\"http:\/\/circulodepoesia.com\/2016\/08\/una-respuesta-a-nicolas-alvarado-por-yuri-vargas\/\" target=\"_blank\" rel=\"noopener noreferrer\"> respuesta de <strong>Yuri Vargas<\/strong><\/a>, y que lo quemaran en la le\u00f1a azul de las redes sociales, hoy por la ma\u00f1ana renunci\u00f3 Nicol\u00e1s Alvarado a la direcci\u00f3n de TV UNAM. El comunicado de la<strong> Universidad<\/strong> fue de fr\u00edo y contundente:<\/p>\n<blockquote class=\"twitter-tweet\" data-lang=\"es\">\n<p dir=\"ltr\" lang=\"es\"><a href=\"https:\/\/twitter.com\/hashtag\/%C3%9AltimaHora?src=hash\">#\u00daltimaHora<\/a> Renuncia Nicol\u00e1s Alvarado a la Direcci\u00f3n de TV UNAM. En breve m\u00e1s informaci\u00f3n <a href=\"https:\/\/t.co\/78MlmZV8iz\">pic.twitter.com\/78MlmZV8iz<\/a><\/p>\n<p>\u2014 El Universal (@El_Universal_Mx) <a href=\"https:\/\/twitter.com\/El_Universal_Mx\/status\/771404619247394816\">1 de septiembre de 2016<\/a><\/p><\/blockquote>\n<p><script src=\"\/\/platform.twitter.com\/widgets.js\" async=\"\" charset=\"utf-8\"><\/script>Y como las cosas en el pa\u00eds est\u00e1n muy densas, siempre vale la pena recurrir a <strong>Twitter<\/strong> para ver c\u00f3mo reciben las noticias. Ac\u00e1 les dejamos los mejores tuits sobre la Renuncia de Nicol\u00e1s Alvarado.<br \/>\n<strong>* El soundtrack\u00a0<\/strong><\/p>\n<blockquote class=\"twitter-tweet\" data-lang=\"es\"><p>Renuncia Nicol\u00e1s Alvarado y en lugar de Las Golondrinas, le pusieron &#8220;Ya lo s\u00e9 que t\u00fa te vas&#8221; de Juan Gabriel. \u2014 Maximiliano Champo (@MChampo74) <a href=\"https:\/\/twitter.com\/MChampo74\/status\/771461724524322817\">1 de septiembre de 2016<\/a><\/p><\/blockquote>\n<p><script src=\"\/\/platform.twitter.com\/widgets.js\" async=\"\" charset=\"utf-8\"><\/script><br \/>\n<strong>* El Garganta profunda<\/strong><\/p>\n<blockquote class=\"twitter-tweet\" data-lang=\"es\">\n<p dir=\"ltr\" lang=\"es\">Despu\u00e9s de la Renuncia Nicol\u00e1s Alvarado se filtran fotos del intelectoide vacacionando c\u00f3modamente <a href=\"https:\/\/t.co\/pnzYx7Q9Tw\">pic.twitter.com\/pnzYx7Q9Tw<\/a><\/p>\n<p>\u2014 Una Fiera (@kukulcan_mx) <a href=\"https:\/\/twitter.com\/kukulcan_mx\/status\/771454707910848512\">1 de septiembre de 2016<\/a><\/p><\/blockquote>\n<p><strong>* La Voltaire<\/strong><br \/>\n<script src=\"\/\/platform.twitter.com\/widgets.js\" async=\"\" charset=\"utf-8\"><\/script><\/p>\n<blockquote class=\"twitter-tweet\" data-lang=\"es\"><p>\nRenuncia Nicol\u00e1s Alvarado a TV UNAM por la carta a JuanGa. Entonces la libertad de expresi\u00f3n solamente aplica bajo nuestros par\u00e1metros.<br \/>\n\u2014 Anna Galv\u00e1n (@annagalvan) <a href=\"https:\/\/twitter.com\/annagalvan\/status\/771448622458089472\">1 de septiembre de 2016<\/a>\n<\/p><\/blockquote>\n<p><script src=\"\/\/platform.twitter.com\/widgets.js\" async=\"\" charset=\"utf-8\"><\/script><strong>* El ansioso<\/strong><\/p>\n<blockquote class=\"twitter-tweet\" data-lang=\"es\">\n<p dir=\"ltr\" lang=\"es\">Renuncia Nicol\u00e1s Alvarado a <a href=\"https:\/\/twitter.com\/tvunam\">@tvunam<\/a>, por un comentario desafortunado. \u00bfA qu\u00e9 hora renuncia <a href=\"https:\/\/twitter.com\/Javier_Duarte\">@Javier_Duarte<\/a> por el sexenio m\u00e1s desafortunado?<\/p>\n<p>\u2014 Albantro (@albantro) <a href=\"https:\/\/twitter.com\/albantro\/status\/771405666590208000\">1 de septiembre de 2016<\/a><\/p><\/blockquote>\n<p><script src=\"\/\/platform.twitter.com\/widgets.js\" async=\"\" charset=\"utf-8\"><\/script><br \/>\n<strong>* El diablo viste a la moda<\/strong><\/p>\n<blockquote class=\"twitter-tweet\" data-lang=\"es\"><p>\nRenuncia Nicol\u00e1s Alvarado y su primer paso para la recuperaci\u00f3n de su &#8220;imagen&#8221; ser\u00e1 el dejar de usar gafas jotas. -Aristegui. 9834264 likes \u2014 Natan (@urive87) <a href=\"https:\/\/twitter.com\/urive87\/status\/771463310927552512\">1 de septiembre de 2016<\/a>\n<\/p><\/blockquote>\n<p><script src=\"\/\/platform.twitter.com\/widgets.js\" async=\"\" charset=\"utf-8\"><\/script><strong>* El gen\u00e9tico<\/strong><\/p>\n<blockquote class=\"twitter-tweet\" data-lang=\"es\">\n<p dir=\"ltr\" lang=\"es\">Renuncia Nicol\u00e1s Alvarado a TVUNAM <a href=\"https:\/\/t.co\/yPLFQLWrLR\">pic.twitter.com\/yPLFQLWrLR<\/a><\/p>\n<p>\u2014 Alex Aguirre (@Alex_Aguirre1) <a href=\"https:\/\/twitter.com\/Alex_Aguirre1\/status\/771462700509433858\">1 de septiembre de 2016<\/a><\/p><\/blockquote>\n<p><script src=\"\/\/platform.twitter.com\/widgets.js\" async=\"\" charset=\"utf-8\"><\/script><strong>* El Karma Police<\/strong><\/p>\n<blockquote class=\"twitter-tweet\" data-lang=\"es\"><p>\n Me rio por Renuncia Nicol\u00e1s Alvarado a <a href=\"https:\/\/twitter.com\/hashtag\/TVUNAM?src=hash\">#TVUNAM<\/a> mientras pongo una canci\u00f3n. Se llama &#8220;J&#8217;suis snob&#8221; y la canta Boris Vian.  \u2014 Omar Eduardo (@OmyElEconomista) <a href=\"https:\/\/twitter.com\/OmyElEconomista\/status\/771459030577393664\">1 de septiembre de 2016<\/a>\n<\/p><\/blockquote>\n<p><script src=\"\/\/platform.twitter.com\/widgets.js\" async=\"\" charset=\"utf-8\"><\/script><strong>* El &#8220;Y volver\u00e9&#8221;<\/strong><\/p>\n<blockquote class=\"twitter-tweet\" data-lang=\"es\">\n<p dir=\"ltr\" lang=\"es\">Ahora s\u00ed, la venganza del <a href=\"https:\/\/twitter.com\/hashtag\/NoaNoa?src=hash\">#NoaNoa<\/a>. Renuncia Nicolas Alvarado a TVUNAM <a href=\"https:\/\/t.co\/uAUqczDo2P\">https:\/\/t.co\/uAUqczDo2P<\/a><\/p>\n<p>\u2014 Jenaro Villamil (@jenarovillamil) <a href=\"https:\/\/twitter.com\/jenarovillamil\/status\/771405241187115008\">1 de septiembre de 2016<\/a><\/p><\/blockquote>\n<p><script src=\"\/\/platform.twitter.com\/widgets.js\" async=\"\" charset=\"utf-8\"><\/script><\/p>\n","protected":false},"template":"","meta":{"_id_youtube":"","_id_vimeo":"","_podcasts_duration":"","_podcasts_url":"","_podcasts_show":"","_prog_horario_dias":"","_prog_hora":"","_prog_duration":""},"class_list":["post-19925","archivo","type-archivo","status-publish","hentry"],"_links":{"self":[{"href":"https:\/\/nofm-radio.com\/index.php?rest_route=\/wp\/v2\/archivo\/19925","targetHints":{"allow":["GET"]}}],"collection":[{"href":"https:\/\/nofm-radio.com\/index.php?rest_route=\/wp\/v2\/archivo"}],"about":[{"href":"https:\/\/nofm-radio.com\/index.php?rest_route=\/wp\/v2\/types\/archivo"}],"wp:attachment":[{"href":"https:\/\/nofm-radio.com\/index.php?rest_route=%2Fwp%2Fv2%2Fmedia&parent=19925"}],"curies":[{"name":"wp","href":"https:\/\/api.w.org\/{rel}","templated":true}]}}