{"id":19934,"date":"2016-09-02T13:15:35","date_gmt":"2016-09-02T18:15:35","guid":{"rendered":"http:\/\/nofm-radio.com\/?p=19934"},"modified":"2016-09-02T13:15:35","modified_gmt":"2016-09-02T18:15:35","slug":"consulta-aqui-toda-la-informacion-sobre-9docsforum","status":"publish","type":"archivo","link":"https:\/\/nofm-radio.com\/?archivo=consulta-aqui-toda-la-informacion-sobre-9docsforum","title":{"rendered":"Consulta aqu\u00ed toda la informaci\u00f3n sobre #9DocsForum"},"content":{"rendered":"<p>Sabemos y sabemos bien que <strong>DocsDF<\/strong> es mucho m\u00e1s que un festival de documentales. La chamba que los organizadores durante estos once a\u00f1os va m\u00e1s all\u00e1 de la exhibici\u00f3n de obras, y uno de los aspectos que hay que celebrarles m\u00e1s es la oferta de <strong>tutor\u00edas y formaci\u00f3n<\/strong> que se ofrece a los documentalistas.<br \/>\nPor noveno a\u00f1o, el <strong>Festival Internacional de Cine Documental de la Ciudad de M\u00e9xico<\/strong> incluye en sus actividades el <strong>Docs Forum<\/strong>. Las sesiones de meeting, pitch abierto al p\u00fablico, talleres, clases magistrales y conferencias se realizar\u00e1n del <strong>17 al 21 de octubre de 2016<\/strong> en el <strong>Goethe-Institut-Mexiko<\/strong> (Tonal\u00e1 43, Roma Norte).<br \/>\nLes dejamos aqu\u00ed el programa de <strong>9 Docs Forum<\/strong>. Vayan que se va a poner bueno.<br \/>\n<strong>* Lunes 17 de octubre &#8211; Vanguardias Tecnol\u00f3gicas<\/strong><br \/>\n10:30 a 11:30 &#8211; Masterclass: El documental interactivo. Imparte: Diego Zavala Scherer (Prof. ITESM)<br \/>\n11:45 a 13:15 &#8211; Presentaci\u00f3n: Vanguardia mexicana. Imparte: Marco Gavi\u00f1o (Oniria, Vr Fest Mx), Adriana Vargas (Monster GC)<br \/>\n13:30 a 15:00 &#8211; Clase magistral: Las posibilidades de las nuevas tecnolog\u00edas en el cine de no ficci\u00f3n.<br \/>\nImparte: Callum Cooper (MIT OpenDocLab, IDFA DocLab)<br \/>\n<a class=\"no-eff img-link lightbox\" href=\"http:\/\/nofm-radio.com\/wp-content\/uploads\/2016\/09\/Docs1.jpg\"><img loading=\"lazy\" decoding=\"async\" class=\"alignnone size-full wp-image-19935\" src=\"http:\/\/nofm-radio.com\/wp-content\/uploads\/2016\/09\/Docs1.jpg\" alt=\"Docs1\" width=\"961\" height=\"533\" \/><\/a><br \/>\n<strong>* Martes 18 de octubre &#8211; Periodismo audiovisual<\/strong><br \/>\n10:00 a 11:30 &#8211; Clase magistral: \u00bfQu\u00e9 hay detr\u00e1s de la ventana? Conexiones entre la cr\u00f3nica y el documental.<br \/>\nImparte: Diego Osorno (reportero, escritor)<br \/>\n11:45 a 13:15 &#8211; Taller: Seguridad para periodistas y movimientos sociales. Imparte: Alfredo Estrella (AFP), Article 19<br \/>\n<a class=\"no-eff img-link lightbox\" href=\"http:\/\/nofm-radio.com\/wp-content\/uploads\/2016\/09\/Docs2.jpg\"><img loading=\"lazy\" decoding=\"async\" class=\"alignnone size-full wp-image-19936\" src=\"http:\/\/nofm-radio.com\/wp-content\/uploads\/2016\/09\/Docs2.jpg\" alt=\"Docs2\" width=\"967\" height=\"531\" \/><\/a><br \/>\n<strong>* Mi\u00e9rcoles 19 de octubre &#8211; Found Footage<\/strong><br \/>\n10:00 a 11:30 &#8211; Panel: Explorando las posibilidades del found footage. Con: Andr\u00e9s Pardo (Buscando a Larisa), Andr\u00e9s Pulido (Tlalocan. Para\u00edso del agua), Ezequiel Reyes (Familia desconocida), Adriana Trujillo (F\u00e9lix. Autoficciones de un traficante)<br \/>\n11:45 a 12:45 &#8211; Panel: \u00a1Los archivos comparten! Con: Mar\u00eda del Carmen Ortiz (Cineteca Nacional), Nah\u00fan Calleros (Filmoteca UNAM), Viviana Garc\u00eda (Permanencia Voluntaria Archivo Cinematogr\u00e1fico), Itzia Fern\u00e1ndez (UAM-A)<br \/>\n13:00 a 13:45 &#8211; Clase magistral: Todo sobre derechos de autor en el cine documental. Imparte: Efra\u00edn Olmedo (Arochi &amp; Lindner)<br \/>\n<a class=\"no-eff img-link lightbox\" href=\"http:\/\/nofm-radio.com\/wp-content\/uploads\/2016\/09\/Docs3.jpg\"><img loading=\"lazy\" decoding=\"async\" class=\"alignnone size-full wp-image-19937\" src=\"http:\/\/nofm-radio.com\/wp-content\/uploads\/2016\/09\/Docs3.jpg\" alt=\"Docs3\" width=\"951\" height=\"539\" \/><\/a><br \/>\n<strong>* Jueves 20 de octubre &#8211; Cine sensorial<\/strong><br \/>\n13:00 a 15:00 &#8211; Clase magistral: Paisajes sonoros. Imparte: F\u00e9lix Blume (artista sonoro)<br \/>\n<a class=\"no-eff img-link lightbox\" href=\"http:\/\/nofm-radio.com\/wp-content\/uploads\/2016\/09\/Docs4.jpg\"><img loading=\"lazy\" decoding=\"async\" class=\"alignnone size-full wp-image-19938\" src=\"http:\/\/nofm-radio.com\/wp-content\/uploads\/2016\/09\/Docs4.jpg\" alt=\"Docs4\" width=\"961\" height=\"557\" \/><\/a><br \/>\n<strong>* Viernes 21 de octubre &#8211; Antropolog\u00eda visual<\/strong><br \/>\n10:00 a 11:30 &#8211; Introducci\u00f3n a la antropolog\u00eda visual. Imparte: Antonio Ziri\u00f3n (UAM-I)<br \/>\n11:45 a 13:15 &#8211; Retratando lo invisible. Imparte: Mariana Rivera (Flacso, UAM-I)<br \/>\n<a class=\"no-eff img-link lightbox\" href=\"http:\/\/nofm-radio.com\/wp-content\/uploads\/2016\/09\/Docs5.jpg\"><img loading=\"lazy\" decoding=\"async\" class=\"alignnone size-full wp-image-19939\" src=\"http:\/\/nofm-radio.com\/wp-content\/uploads\/2016\/09\/Docs5.jpg\" alt=\"Docs5\" width=\"955\" height=\"535\" \/><\/a><br \/>\nLa cuota de recuperaci\u00f3n para estas actividades ser\u00e1 de $1,500 por toda la semana, o $350 por d\u00eda, si haces el pago antes del <strong>2 de octubre<\/strong>.<br \/>\nConsulta m\u00e1s informaci\u00f3n, tarifas e inscripciones <strong><a href=\"http:\/\/docsforum.org\/asistir\/\" target=\"_blank\" rel=\"noopener noreferrer\">aqu\u00ed<\/a><\/strong>.<\/p>\n","protected":false},"template":"","meta":{"_id_youtube":"","_id_vimeo":"","_podcasts_duration":"","_podcasts_url":"","_podcasts_show":"","_prog_horario_dias":"","_prog_hora":"","_prog_duration":""},"class_list":["post-19934","archivo","type-archivo","status-publish","hentry"],"_links":{"self":[{"href":"https:\/\/nofm-radio.com\/index.php?rest_route=\/wp\/v2\/archivo\/19934","targetHints":{"allow":["GET"]}}],"collection":[{"href":"https:\/\/nofm-radio.com\/index.php?rest_route=\/wp\/v2\/archivo"}],"about":[{"href":"https:\/\/nofm-radio.com\/index.php?rest_route=\/wp\/v2\/types\/archivo"}],"wp:attachment":[{"href":"https:\/\/nofm-radio.com\/index.php?rest_route=%2Fwp%2Fv2%2Fmedia&parent=19934"}],"curies":[{"name":"wp","href":"https:\/\/api.w.org\/{rel}","templated":true}]}}