{"id":20235,"date":"2016-09-19T14:31:15","date_gmt":"2016-09-19T19:31:15","guid":{"rendered":"http:\/\/nofm-radio.com\/?p=20235"},"modified":"2016-09-19T14:31:15","modified_gmt":"2016-09-19T19:31:15","slug":"enelajo-oda-al-16-o-da-al-16","status":"publish","type":"archivo","link":"https:\/\/nofm-radio.com\/?archivo=enelajo-oda-al-16-o-da-al-16","title":{"rendered":"#EnElAjo: oda al 16 o da al 16"},"content":{"rendered":"<p>por <strong>Manuel de J. Jim\u00e9nez<\/strong><br \/>\nRegresamos de un largo<strong> puente<\/strong> a seguir con nuestras labores diarias: universidad, oficina, reportes, hojas de Excel. Algunos cr\u00edticos vehementes piensan que descansar en estos d\u00edas, reposar<strong> la patria<\/strong>, es una mala costumbre entre los mexicanos. Para celebrar una naci\u00f3n, hay que hacerlo con trabajo, con esfuerzo, dicen. Me parece que no todo se reduce a potencializar las <strong>horas laborales<\/strong>. Existe una tarea de introspecci\u00f3n y de recogimiento (si se quiere) para profesar una <strong>religi\u00f3n civil<\/strong> (como lo miraban varios autores cl\u00e1sicos). A pesar de las opiniones, percibo que estas <strong>fiestas<\/strong> fueron distintas. Si los a\u00f1os pasados se sent\u00eda un ahogo melanc\u00f3lico, un dolor profundo por una <strong>bandera<\/strong> hecha girones; una patria descabezada; esta vez, hasta donde mi sensibilidad lo permite, los mexicanos celebramos desde lo m\u00e1s hondo, ensamblando piezas en <strong>nuestra historia reciente<\/strong>. M\u00e1s que gritar \u201c<strong>viva M\u00e9xico y muera el mal gobierno<\/strong>\u201d, el grito fue \u201cviva M\u00e9xico porque es m\u00e1s grande que el mal gobierno\u201d.<br \/>\nS\u00ed. Tambi\u00e9n los cl\u00e1sicos se equivocan y no vale decir siempre que los pueblos tienen los gobiernos e instituciones que merecen. Al iniciarse el <strong>Congreso de Chilpancingo<\/strong> el 14 de septiembre de 1813, <strong>Jos\u00e9 Mar\u00eda Morelos y Pav\u00f3n<\/strong>, quien renunci\u00f3 al trato de alteza y prefiere ser \u201c<strong>Siervo de la naci\u00f3n<\/strong>\u201d, lee o, mejor dicho, recita <em><strong>Los sentimientos de la Naci\u00f3n<\/strong>. <\/em>Este documento, que nada le pide a los textos de los padres fundadores estadounidenses, finaliza con el siguiente numeral. Despu\u00e9s de la firma de Morelos, se lee:<\/p>\n<blockquote><p>23\u00ba. Que igualmente se solemnice el d\u00eda 16 de septiembre todos los a\u00f1os, como el d\u00eda aniversario en que se levant\u00f3 la voz de la Independencia y nuestra santa Libertad comenz\u00f3, pues en ese d\u00eda fue en el que se desplegaron los labios de la Naci\u00f3n para reclamar sus derechos con espada en mano para ser o\u00edda; recordando siempre el m\u00e9rito del grande h\u00e9roe, el se\u00f1or Dn. Miguel Hidalgo y su compa\u00f1ero Dn. Ignacio Allende.<\/p><\/blockquote>\n<p>La fecha, como se sabe, fue cambiada un d\u00eda antes por el presidente <strong>Porfirio D\u00edaz<\/strong> para hacerla coincidir con su fecha de nacimiento. Pero lo importante para el mexicano actual no es la fecha solemnizada. Un d\u00eda cualquiera, se levanta la voz de la <strong>Independencia<\/strong> y la <strong>Libertad<\/strong> comienza a sentirse en el esp\u00edritu de los ciudadanos. Los labios de la Naci\u00f3n, \u00e1vidos de consolar a sus hijos y pronunciar las \u201cverdades evidentes\u201d, reclaman delante del mal gobierno los derechos que m\u00e1s que reconocidos, les fueron negados. La espada en mano para ser o\u00edda, es decir, la fuerza de la palabra: el filo de las voces.<br \/>\n<a class=\"no-eff img-link lightbox\" href=\"http:\/\/nofm-radio.com\/wp-content\/uploads\/2016\/09\/EnElAjo.jpg\"><img loading=\"lazy\" decoding=\"async\" class=\"alignnone size-full wp-image-20236\" src=\"http:\/\/nofm-radio.com\/wp-content\/uploads\/2016\/09\/EnElAjo.jpg\" alt=\"enelajo\" width=\"1200\" height=\"900\" \/><\/a><br \/>\nLos hacedores de <strong>nuestra patria<\/strong> tambi\u00e9n fueron poetas. Los legisladores no reconocidos, para tomar la idea de <strong>Pierce B. Shelley<\/strong>, en M\u00e9xico s\u00ed fueron escuchados, a tal grado que versificaron el mito de la naci\u00f3n tricolor. Europa no es exclusiva con Sol\u00f3n y otros sabios grecolatinos; en el An\u00e1huac tambi\u00e9n cant\u00f3 y legisl\u00f3 <strong>Nezahualc\u00f3yotl<\/strong>. Como dice <strong>Claudio Magris:<\/strong> \u201cLos antiguos, que hab\u00eda comprendido casi todo, sab\u00edan que puede existir poes\u00eda en el acto de legislar; no casualmente muchos mitos expresan que los poetas tambi\u00e9n fueron los primeros legisladores.\u201d En nuestro pa\u00eds, muchos <strong>diputados constituyentes<\/strong> conten\u00edan en sus poemas (al igual que en la redacci\u00f3n legislativa) los ideales nacionalistas. Uno de ellos fue <strong>Andr\u00e9s Quintana Roo<\/strong>, a quien otro poeta, Mart\u00ednez Ocaranza, le reprocha lo siguiente: \u201c\u00bfPor qu\u00e9 don Andr\u00e9s Quintana Roo no escribi\u00f3 una \u2018Oda al Congreso de Chilpancingo\u2019 cuando esta Asamblea Nacional Constituyente \u2013que \u00e9l presidi\u00f3\u2013 hizo la <strong>Declaraci\u00f3n de la Independencia<\/strong>?\u201d. En cambio, el poeta-legislador escribi\u00f3 un texto cl\u00e1sico en nuestra poes\u00eda civil: &#8220;Oda al Diesi\u00e9s de septiembre\u201d. Al final del poema, el poeta invita indirectamente al lector (mexicano consumado y consumido por la guerra) que entregue una ofrenda a los h\u00e9roes:<\/p>\n<blockquote><p>Sombras ilustres, que con cruento riego<br \/>\nde libertad la planta fecundasteis,<br \/>\ny sus frutos dulc\u00edsimos legasteis<br \/>\nal suelo patrio, ardiente en sacro fuego!<br \/>\nRecibid hoy, benignas,<br \/>\nde su fiel gratitud prendas sinceras<br \/>\nen alabanzas dignas,<br \/>\nm\u00e1s que el m\u00e1rmol y el bronce duraderas,(\u2026)<\/p><\/blockquote>\n<p>Reconsideremos las celebraciones y alabanzas. Hagamos nuevos votos con esa religi\u00f3n civil. En los momentos extremos, donde las calamidades sacuden un pueblo, la<strong> \u00e9tica ciudadana<\/strong>\u00a0tiene su punto de partida recalcando los lazos que nos unen y hacen que todos nos reconozcamos, entre ellos, la palabra, la cultura y el mito de naci\u00f3n.<\/p>\n","protected":false},"template":"","meta":{"_id_youtube":"","_id_vimeo":"","_podcasts_duration":"","_podcasts_url":"","_podcasts_show":"","_prog_horario_dias":"","_prog_hora":"","_prog_duration":""},"class_list":["post-20235","archivo","type-archivo","status-publish","hentry"],"_links":{"self":[{"href":"https:\/\/nofm-radio.com\/index.php?rest_route=\/wp\/v2\/archivo\/20235","targetHints":{"allow":["GET"]}}],"collection":[{"href":"https:\/\/nofm-radio.com\/index.php?rest_route=\/wp\/v2\/archivo"}],"about":[{"href":"https:\/\/nofm-radio.com\/index.php?rest_route=\/wp\/v2\/types\/archivo"}],"wp:attachment":[{"href":"https:\/\/nofm-radio.com\/index.php?rest_route=%2Fwp%2Fv2%2Fmedia&parent=20235"}],"curies":[{"name":"wp","href":"https:\/\/api.w.org\/{rel}","templated":true}]}}