{"id":20297,"date":"2016-09-21T16:30:48","date_gmt":"2016-09-21T21:30:48","guid":{"rendered":"http:\/\/nofm-radio.com\/?p=20297"},"modified":"2016-09-21T16:30:48","modified_gmt":"2016-09-21T21:30:48","slug":"pecessuletos-presenta-tim-maia","status":"publish","type":"archivo","link":"https:\/\/nofm-radio.com\/?archivo=pecessuletos-presenta-tim-maia","title":{"rendered":"#PecesSuletos presenta: Tim Maia"},"content":{"rendered":"<p style=\"text-align: right;\"><em>\u201cA Loose-Fish is fair game for anybody who can soonest catch it.\u201d<\/em> Moby Dick<\/p>\n<p><em>Si la m\u00fasica se parece al mar, y lo habitamos todos, hay especies raras, que se ven poco y extra\u00f1a vez son capturadas. Aqu\u00ed surcamos las olas para hacerlos m\u00e1s evidentes.<\/em><\/p>\n<p style=\"text-align: center;\"><strong>Tim Maia. El pesado padrino funkie del soul brasileiro<\/strong><\/p>\n<p>por <strong>Alejandro Guerrero<\/strong><br \/>\n<a href=\"https:\/\/twitter.com\/elAleGuarrero\" target=\"_blank\" rel=\"noopener noreferrer\">@elAleGuarrero<\/a><br \/>\nSeguramente a la gran mayor\u00eda de la gente no le dice mucho el nombre de <strong>Tim Maia<\/strong>; sin embargo, para nuestros vecinos de aquel continente sudamericano llamado<strong> Brasil<\/strong>, significa una figura legendaria en el terreno de la m\u00fasica, quien supo fusionar los elementos mel\u00f3dicos del soul y el funk, con las expresiones tradicionales de la <strong>M\u00fasica Popular Brasileira<\/strong> (MPB).<br \/>\nEl siguiente #PecesSueltos viene dedicado a este casi desconocido personaje en la Am\u00e9rica hispano hablante, ya que adem\u00e1s de haber legado un grueso bagaje musical a la humanidad, tambi\u00e9n nos hered\u00f3 una sinuosa historia de vida, llena de altibajos, luces y sombras.<br \/>\nCorr\u00eda el mes de septiembre del a\u00f1o 1942, cuando <strong>Sebastiao Rodrigues Maia<\/strong> vio la luz primera. Pen\u00faltimo hijo en una extensa familia de 19 hermanos, pas\u00f3 su infancia en la Rua Afonso Pena 24 del norte\u00f1o barrio carioca de<strong> Tijuca<\/strong>. Inquieto y con la chispa de la vida por dentro, sol\u00eda interrumpir su chamba de repartidor de comida en el negocio familiar, para curiosear entre los \u00e1lbumes de la tienda de discos local, un lugar donde los blancos eran alumnos y los negros catedr\u00e1ticos. Fueron as\u00ed sus primeros acercamientos a la m\u00fasica <strong>rock<\/strong> (ese nuevo ritmo que estaba revolucionando al mundo),<strong> rythm and blues, jazz<\/strong>, etc. lo que le incentivo el deseo de formar su propia agrupaci\u00f3n. Nacer\u00edan<strong>\u00a0Os Tijucanos do Ritmo<\/strong>, un grupo de cinco j\u00f3venes y un nombre rid\u00edculo, que sol\u00edan presentarse en el circuito parroquial de Rio de Janeiro, presentando ciertas influencias de artistas como <strong>Tr\u00edo Los Panchos, La Sonora Matancera y P\u00e9rez Prado<\/strong>; encontraron su triste fin debido al fuerte temperamento de Tim (\u00e9l era una persona determinada y enfocada en la m\u00fasica y, cuando algo no sal\u00eda como \u00e9l esperaba, ard\u00eda Roma), pues se dice, termin\u00f3 por romper una guitarra tras una discusi\u00f3n con el resto de los m\u00fasicos de la agrupaci\u00f3n.<br \/>\n<iframe loading=\"lazy\" title=\"You Don&#039;t Know, What I Know \/ Rational Culture - Tim Maia Racional (1975).wmv\" width=\"640\" height=\"480\" src=\"https:\/\/www.youtube.com\/embed\/u1hN-vJ3HsU?feature=oembed\" frameborder=\"0\" allow=\"accelerometer; autoplay; clipboard-write; encrypted-media; gyroscope; picture-in-picture; web-share\" referrerpolicy=\"strict-origin-when-cross-origin\" allowfullscreen><\/iframe><\/p>\n<p style=\"text-align: center;\"><strong>La fruct\u00edfera y fugaz etapa del sue\u00f1o BrasileroAmericano<\/strong><\/p>\n<p>En 1957, dominaba ya la guitarra, la bater\u00eda y daba clases a los hermanos Erasmo y <strong>Roberto Carlos<\/strong>, con quien integr\u00f3 la banda <strong>Os Sputniks<\/strong>. Dos a\u00f1os despu\u00e9s y tras el fallecimiento de su padre, Tim emigra a los Estados Unidos a estudiar ingl\u00e9s. Ah\u00ed forma el conjunto <strong>The Ideals<\/strong>\u00a0quienes grabar\u00edan el sencillo de su autor\u00eda: &#8220;<strong>New Love<\/strong>&#8220;. Poseedor de una fuerte voz grave que instant\u00e1neamente nos recuerda a Barry White y compuesto por la sonoridad de los <strong>The Isley Brothers<\/strong>, su traves\u00eda gabacha termin\u00f3 en la Am\u00e9rica del Norte, tras ser sorprendido en posesi\u00f3n de esa hierba maldita y sat\u00e1nica que es la marihuana, oblig\u00e1ndolo a regresar a Brasil despu\u00e9s de haber pasado seis meses en prisi\u00f3n y esperar dos a\u00f1os m\u00e1s para su deportaci\u00f3n.<\/p>\n<p style=\"text-align: center;\"><strong>Barbechando el terreno del \u00e9xito<\/strong><\/p>\n<p>En 1968, produjo el disco<strong><em> A Onda \u00c9 o Boogaloo<\/em><\/strong> del maestro <strong>Eduardo Ara\u00fajo<\/strong>, donde Tim ser\u00eda el gran responsable de traer la sonoridad de la m\u00fasica soul para la <strong>Jovem Guarda<\/strong>. Sin embargo el giro se da cuando un ya consagrado Roberto Carlos grab\u00f3 una canci\u00f3n de su autor\u00eda: &#8220;<strong>Nao vou ficar<\/strong>&#8220;, la cual tuvo un enorme \u00e9xito y le ayud\u00f3 a abrir varias puertas para comenzar a consolidar su carrera musical en Brasil, donde poco a poco, el nombre de Tim Maia ganar\u00eda una enorme proyecci\u00f3n entre m\u00fasicos y ejecutivos de la industria fonogr\u00e1fica.<br \/>\n<iframe loading=\"lazy\" title=\"Tim Maia - Do Leme ao Pontal\" width=\"640\" height=\"480\" src=\"https:\/\/www.youtube.com\/embed\/H9cNXv0f6EI?feature=oembed\" frameborder=\"0\" allow=\"accelerometer; autoplay; clipboard-write; encrypted-media; gyroscope; picture-in-picture; web-share\" referrerpolicy=\"strict-origin-when-cross-origin\" allowfullscreen><\/iframe><\/p>\n<p style=\"text-align: center;\"><strong>La explosi\u00f3n de la bomba<\/strong><\/p>\n<p>En 1970 vino la consagraci\u00f3n definitiva con su primer LP hom\u00f3nimo, que fue lanzado por la disquera <strong>Polydor<\/strong> despu\u00e9s de seguir el consejo de <strong>Os Mutantes<\/strong>. El \u00e9xito fue simplemente arrasador, el \u00e1lbum vendi\u00f3 m\u00e1s de doscientas mil copias y se mantuvo por 24 semanas en el primer lugar del hit parade de Rio de Janeiro, destacando los temas &#8220;<strong>Azul da Cor do Mar<\/strong>&#8220;, &#8220;<strong>Primavera<\/strong>&#8221; (Cassiano) y &#8220;<strong>Eu Amo Voc\u00ea<\/strong>&#8220;. Para cerrar el a\u00f1o con broche de oro, Tim grab\u00f3 &#8220;<strong>Chocolate<\/strong>&#8220;, que originalmente era un jingle para la Asosiaci\u00f3n Brasileira de los Productores de Cacao.<br \/>\nEn los tres a\u00f1os posteriores grab\u00f3 <em><strong>Tim Maia volumen II, Tim Maia volumen III<\/strong><\/em> y (s\u00ed) <em><strong>Tim Maia volumen IV<\/strong><\/em>, que tuvieron gran revuelo en la radio y en las ventas y, donde tambi\u00e9n destacaron canciones como &#8220;<strong>Nao Quero Dinheiro (S\u00f3 Quero Amar)<\/strong>&#8220;, &#8220;<strong>Gostava Tanto de Voc\u00ea<\/strong>&#8221; y &#8220;<strong>R\u00e9u Confesso<\/strong>&#8220;, grandes \u00e9xitos que caer\u00edan en el gusto del pueblo y animar\u00edan fiestas y bailes por todo el Brasil.<br \/>\n<iframe loading=\"lazy\" title=\"Tim Maia-Azul da cor do mar\" width=\"640\" height=\"480\" src=\"https:\/\/www.youtube.com\/embed\/PrUEvKQEQHw?feature=oembed\" frameborder=\"0\" allow=\"accelerometer; autoplay; clipboard-write; encrypted-media; gyroscope; picture-in-picture; web-share\" referrerpolicy=\"strict-origin-when-cross-origin\" allowfullscreen><\/iframe><\/p>\n<p style=\"text-align: center;\"><strong>La otra cara de la moneda<\/strong><\/p>\n<p>Un ritmo de vida intenso como \u00e9l solo, lo envolvi\u00f3 en una vor\u00e1gine de excesos donde el alcohol, la coca\u00edna y la marihuana eran el pan de cada d\u00eda. La figura de Tim en el escenario era imponente, no sent\u00eda ning\u00fan reparo en decir las cosas directas cuando algo no le parec\u00eda, llegando a entablar duras batallas con los t\u00e9cnicos de audio y productores, por fallas t\u00e9cnicas en el sonido o en el sistema de aire acondicionado de los lugares. Estas luchas terminaban con Tim abandonando el escenario en medio del show y, en varias ocasiones, lo condujeron a diversos problemas legales y <strong>demandas<\/strong> por incumplimiento de contrato. As\u00ed tambi\u00e9n no era raro verle presentarse completamente hasta el huevo, caer y desfigurar en el escenario como rey de oro en la c\u00faspide de su imperio.<\/p>\n<p style=\"text-align: center;\"><strong>El veto de la media<\/strong><\/p>\n<p>Estas desenfrenadas situaciones y los diversos zafarranchos en los que se inmiscu\u00eda por su explosivo car\u00e1cter, as\u00ed como su conocido gusto por las sustancias prohibidas, le valieron una fuerte <strong>censura<\/strong> en los medios televisivos y radiof\u00f3nicos. Sin embargo, el &#8220;da\u00f1o&#8221; ya estaba hecho y el virus ya se hab\u00eda esparcido por todo el Brasil, donde el pueblo lo amaba y segu\u00eda fielmente en sus diversas presentaciones al tiempo que permanec\u00edan atentos a sus nuevas composiciones, mismas que tuvieron que mudar de la autor\u00eda de Tim, para otros compositores con el fin de tocarse disfrazada en los medios\u2026 aunque la gente siempre reconoci\u00f3 al verdadero autor de aquellos grandes temas.<br \/>\nhttps:\/\/www.youtube.com\/watch?v=W86g503map0<\/p>\n<p style=\"text-align: center;\"><strong>Un nuevo camino: la filosof\u00eda racional<\/strong><\/p>\n<p>Tras un tiempo en la loquera y un poco desencantado de la vida de excesos, conoce a <strong>Manuel Jacintho Coelho<\/strong>, l\u00edder de la pol\u00e9mica doctrina de la <strong>Cultura Racional<\/strong>, la cual trata sobre un conocimiento de retorno de la humanidad a su &#8220;verdadero mundo de origen&#8221;, el Mundo Racional, por medio de una Energ\u00eda Racional, que har\u00eda la conexi\u00f3n del ser humano al Mundo Racional a trav\u00e9s de los mensajes dictados por el Racional Superior, una especie de conciencia extra terrestre. As\u00ed Tim se sumerge de lleno en las ideas del guru, leyendo la serie de libros titulados <em><strong>Universo en Desencanto<\/strong><\/em>\u00a0cambiando de forma dr\u00e1stica su estilo de vida, que de desgregado y bohemio, pas\u00f3 a ser disciplinado y saludable.<\/p>\n<p style=\"text-align: center;\"><strong>El pionero de la m\u00fasica independiente en Brasil<\/strong><\/p>\n<p>Cansado de los problemas con las disqueras y los medios de comunicaci\u00f3n, Tim decide invertir en la creaci\u00f3n de su propio sello discogr\u00e1fico, as\u00ed nace <strong>Seroma<\/strong>, nombre que algunos atribuyen al t\u00e9rmino &#8216;amores&#8217; y que otros dicen, es simplemente el nombre completo del cantor, abreviado. En este periodo el artista consigue distanciarse de sus vicios, lo que influenci\u00f3 positivamente el timbre de su voz.<br \/>\nLa influencia de la <strong>Cultura Raciona<\/strong>l tambi\u00e9n alcanz\u00f3 a su m\u00fasica, por lo que Tim decidi\u00f3 hacer dos \u00e1lbumes llamados <em><strong>Tim Maia Racional Vol I y II<\/strong><\/em>, ambos lanzados en Seroma. Esos discos son considerados verdaderas obras primas, principalmente por la fuert\u00edsima onda soul y funk que los caracterizan, as\u00ed como por la \u00f3ptima forma f\u00edsica que fue ben\u00e9fica para la calidad de su voz.<br \/>\n<iframe loading=\"lazy\" title=\"Tim Maia \u2013 Que Beleza (Official Audio)\" width=\"640\" height=\"360\" src=\"https:\/\/www.youtube.com\/embed\/Nq_AOktdhts?feature=oembed\" frameborder=\"0\" allow=\"accelerometer; autoplay; clipboard-write; encrypted-media; gyroscope; picture-in-picture; web-share\" referrerpolicy=\"strict-origin-when-cross-origin\" allowfullscreen><\/iframe><\/p>\n<p style=\"text-align: center;\"><strong>El desenga\u00f1o de la vista<\/strong><\/p>\n<p>Sin embargo no todo fue miel sobre hojuelas pues (se dice), un d\u00eda Tim descubri\u00f3 la infidelidad de su esposa ni m\u00e1s ni menos que con el l\u00edder de la religi\u00f3n. Tras esa brutal decepci\u00f3n, se desentendi\u00f3 con el maestro Manuel y abandon\u00f3 al grupo, para retirar de la circulaci\u00f3n los discos que se tornar\u00edan valiosos \u00edtems para los coleccionistas m\u00e1s clavados. El \u00e9xito de &#8220;<strong>Imuniza\u00e7ao Racional<\/strong>&#8221; es tan s\u00f3lo una de las varias perlas presentes en esos trabajos.<\/p>\n<p style=\"text-align: center;\"><strong>Fiebre Disco y el retorno al camino de los excesos<\/strong><\/p>\n<p>Despu\u00e9s de la fase racional y su infeliz desenlace, Tim aprovecha la explosi\u00f3n de la m\u00fasica disco para hacer una de sus producciones m\u00e1s populares y respetadas: &#8216;Tim Maia Disco Club&#8217; qu\u00e9 catapult\u00f3 uno de sus mayores hits: &#8220;<strong>Sossego<\/strong>.&#8221;<br \/>\nEste \u00e1lbum cont\u00f3 con la participaci\u00f3n de un &#8216;drama tema&#8217; de m\u00fasicos entre los que figuraba la B<strong>anda Black Rio, Hyldon y Pepeu Gomes<\/strong> entre otras fieras.<br \/>\nAs\u00ed fue como en la d\u00e9cada de los ochenta, no hubo m\u00e1s grande artista que se mantuviera constante dentro del gusto del p\u00fablico. Su peri\u00f3dica producci\u00f3n musical no paraba de colocar \u00e9xitos dentro del hit parade, por lo que su retorno a las andadas fue inevitable.<\/p>\n<p style=\"text-align: center;\"><strong>A toda m\u00e1quina<\/strong><\/p>\n<p>Lleg\u00f3 as\u00ed la d\u00e9cada de los noventa, marcada por un impresionante volumen de trabajo y m\u00faltiples problemas de salud. Tim lanz\u00f3 nueve discos en s\u00f3lo siete a\u00f1os, conquistando as\u00ed a una nueva generaci\u00f3n de fans. Material que incluye el bell\u00edsimo disco <em><strong>Tim Maia Interpreta Cl\u00e1ssicos da Bossa Nova<\/strong><\/em>\u00a0donde vuelve a sus ra\u00edces cariocas para ser aclamado por la cr\u00edtica y el p\u00fablico. M\u00e1s all\u00e1 de la producci\u00f3n discogr\u00e1fica, Maia fue el artista m\u00e1s consagrado por la cr\u00edtica en ese periodo, ganando en cinco ocasiones el antiguo<strong> premio Sharp,<\/strong> hoy conocido como <strong>Premio de la M\u00fasica Brasileira<\/strong>, en el 90, 92, 93, 95 y 97. Al igual que gan\u00f3 varios reconocimientos al ser grabado y reinterpretado por grandes bastiones del pop como <strong>Titas, Marisa Monte<\/strong> y<strong> Os Paralamas do Sucesso<\/strong>.<br \/>\n<iframe loading=\"lazy\" title=\"Guin\u00e9 Bissau, Mo\u00e7ambique e Angola\" width=\"640\" height=\"480\" src=\"https:\/\/www.youtube.com\/embed\/Z-sYKau-5Gs?feature=oembed\" frameborder=\"0\" allow=\"accelerometer; autoplay; clipboard-write; encrypted-media; gyroscope; picture-in-picture; web-share\" referrerpolicy=\"strict-origin-when-cross-origin\" allowfullscreen><\/iframe><\/p>\n<p style=\"text-align: center;\"><strong>Una estrella que se apaga<\/strong><\/p>\n<p>Lamentablemente la salud del cantante y compositor parec\u00eda ir en detrimento al tiempo que su carrera se dotaba de nuevos aires creativos. Fue entonces que en 1998, durante una presentaci\u00f3n en el <strong>Teatro Municipal de Niter\u00f3i<\/strong>, y tras desobedecer la advertencia de su m\u00e9dico, comenz\u00f3 a sentir dolor y tuvo que abandonar el escenario para ser retirado en una ambulancia hacia el hospital, donde permanecer\u00eda internado durante una semana, para fallecer un d\u00eda 15 de marzo a causa de una infecci\u00f3n generalizada.<br \/>\nEs as\u00ed como la tempestiva vida de esta enorme figura lleg\u00f3 a su fin, tan s\u00f3lo para consagrarlo en el firmamento donde se hayan las grandes personalidades de la m\u00fasica. Chequen pues el trabajo del s\u00edndico de la m\u00fasica brasile\u00f1a, el pesado padrino funkie del soul, el genio que se sobrepuso a s\u00ed mismo para luego volver a caer, el pionero de la m\u00fasica independiente en el Brasil y un ejemplo para todos los m\u00fasicos desencantados con el <em>mainstream<\/em> de la industria musical, voraz, rampante y ojete que monopoliza y hace de la hermosa actividad que es hacer m\u00fasica, un desalmado negocio donde lo que menos importa es el arte.<br \/>\nQu\u00e9dense en compa\u00f1\u00eda de estos <strong><em>grooves<\/em><\/strong> llenos de ritmo, cadencia, sapiencia y sensualidad\u2026 y como dir\u00eda nuestro querido y a\u00f1orado Ministro del Soul: &#8220;cond\u00fazcanse por el camino del bien, mis peque\u00f1as avecillas nocturnas&#8221;.<br \/>\n<iframe loading=\"lazy\" title=\"Tim Maia - O Caminho do Bem\" width=\"640\" height=\"360\" src=\"https:\/\/www.youtube.com\/embed\/_y0MiNq6ueo?feature=oembed\" frameborder=\"0\" allow=\"accelerometer; autoplay; clipboard-write; encrypted-media; gyroscope; picture-in-picture; web-share\" referrerpolicy=\"strict-origin-when-cross-origin\" allowfullscreen><\/iframe><\/p>\n","protected":false},"template":"","meta":{"_id_youtube":"","_id_vimeo":"","_podcasts_duration":"","_podcasts_url":"","_podcasts_show":"","_prog_horario_dias":"","_prog_hora":"","_prog_duration":""},"class_list":["post-20297","archivo","type-archivo","status-publish","hentry"],"_links":{"self":[{"href":"https:\/\/nofm-radio.com\/index.php?rest_route=\/wp\/v2\/archivo\/20297","targetHints":{"allow":["GET"]}}],"collection":[{"href":"https:\/\/nofm-radio.com\/index.php?rest_route=\/wp\/v2\/archivo"}],"about":[{"href":"https:\/\/nofm-radio.com\/index.php?rest_route=\/wp\/v2\/types\/archivo"}],"wp:attachment":[{"href":"https:\/\/nofm-radio.com\/index.php?rest_route=%2Fwp%2Fv2%2Fmedia&parent=20297"}],"curies":[{"name":"wp","href":"https:\/\/api.w.org\/{rel}","templated":true}]}}