{"id":20437,"date":"2016-10-05T11:00:29","date_gmt":"2016-10-05T16:00:29","guid":{"rendered":"http:\/\/nofm-radio.com\/?p=20437"},"modified":"2016-10-05T11:00:29","modified_gmt":"2016-10-05T16:00:29","slug":"viene-combine-festival-multisensorial","status":"publish","type":"archivo","link":"https:\/\/nofm-radio.com\/?archivo=viene-combine-festival-multisensorial","title":{"rendered":"Viene Combine Festival Multisensorial"},"content":{"rendered":"<p>El pr\u00f3ximo s\u00e1bado<strong> 8 de octubre<\/strong> en <strong>Cuatitl\u00e1n Izcalli<\/strong> suceder\u00e1 algo sorprendente. El <strong>Parque de las Esculturas<\/strong>, uno de los espacios m\u00e1s extra\u00f1os y particulares del lugar, ser\u00e1 el escenario perfecto para <strong>Combine Festival Multisensorial<\/strong>,\u00a0una de las propuestas de m\u00fasica <strong>electr\u00f3nica<\/strong> m\u00e1s arriesgadas y s\u00f3lidas que han pisado nuestro pa\u00eds. En esta ocasi\u00f3n combinar\u00e1n actos internacionales, con varias propuestas de nuestro pa\u00eds que promete un espect\u00e1culo impresionante.<br \/>\nLes dejamos una muestra de lo que nos espera en <strong>Combine<\/strong>. Puede a\u00fan adquirir sus entradas en <strong><a href=\"https:\/\/combine.boletia.com\/\" target=\"_blank\" rel=\"noopener noreferrer\">Boletia<\/a><\/strong>, y no dejen de seguirlos en sus redes sociales<br \/>\nFacebook-<a href=\"https:\/\/www.facebook.com\/CombineProd\/?fref=ts\" target=\"_blank\" rel=\"noopener noreferrer\"> @CombineProd<\/a><br \/>\nTwitter- <a href=\"https:\/\/twitter.com\/combineprod\" target=\"_blank\" rel=\"noopener noreferrer\">@combineprod<\/a><br \/>\n&nbsp;<br \/>\n<strong>Takami Nakamoto<br \/>\n<\/strong><br \/>\n<iframe loading=\"lazy\" src=\"https:\/\/www.youtube.com\/embed\/dGyCHP0g3zA\" width=\"560\" height=\"315\" frameborder=\"0\" allowfullscreen=\"allowfullscreen\"><\/iframe><br \/>\n<strong>Demian Licht<\/strong><br \/>\n<iframe loading=\"lazy\" src=\"https:\/\/www.youtube.com\/embed\/qMowOpwyAV8\" width=\"560\" height=\"315\" frameborder=\"0\" allowfullscreen=\"allowfullscreen\"><\/iframe><br \/>\n<strong>Mode &amp; Light<\/strong><br \/>\n<iframe loading=\"lazy\" src=\"https:\/\/w.soundcloud.com\/player\/?url=https%3A\/\/api.soundcloud.com\/tracks\/281962583&amp;auto_play=false&amp;hide_related=false&amp;show_comments=true&amp;show_user=true&amp;show_reposts=false&amp;visual=true\" width=\"100%\" height=\"450\" frameborder=\"no\" scrolling=\"no\"><\/iframe><br \/>\n<strong>Freyre Crisanto<\/strong><br \/>\n<iframe loading=\"lazy\" src=\"https:\/\/www.youtube.com\/embed\/GzQ0gSI8wK4\" width=\"560\" height=\"315\" frameborder=\"0\" allowfullscreen=\"allowfullscreen\"><\/iframe><br \/>\n<strong>Naked Geometry<br \/>\n<\/strong><br \/>\n<iframe loading=\"lazy\" src=\"https:\/\/www.youtube.com\/embed\/RVvzyKKpDWc\" width=\"560\" height=\"315\" frameborder=\"0\" allowfullscreen=\"allowfullscreen\"><\/iframe><\/p>\n","protected":false},"template":"","meta":{"_id_youtube":"","_id_vimeo":"","_podcasts_duration":"","_podcasts_url":"","_podcasts_show":"","_prog_horario_dias":"","_prog_hora":"","_prog_duration":""},"class_list":["post-20437","archivo","type-archivo","status-publish","hentry"],"_links":{"self":[{"href":"https:\/\/nofm-radio.com\/index.php?rest_route=\/wp\/v2\/archivo\/20437","targetHints":{"allow":["GET"]}}],"collection":[{"href":"https:\/\/nofm-radio.com\/index.php?rest_route=\/wp\/v2\/archivo"}],"about":[{"href":"https:\/\/nofm-radio.com\/index.php?rest_route=\/wp\/v2\/types\/archivo"}],"wp:attachment":[{"href":"https:\/\/nofm-radio.com\/index.php?rest_route=%2Fwp%2Fv2%2Fmedia&parent=20437"}],"curies":[{"name":"wp","href":"https:\/\/api.w.org\/{rel}","templated":true}]}}