{"id":20493,"date":"2016-10-11T12:21:44","date_gmt":"2016-10-11T17:21:44","guid":{"rendered":"http:\/\/nofm-radio.com\/?p=20493"},"modified":"2016-10-11T12:21:44","modified_gmt":"2016-10-11T17:21:44","slug":"drakkar-v-vida","status":"publish","type":"archivo","link":"https:\/\/nofm-radio.com\/?archivo=drakkar-v-vida","title":{"rendered":"#Drakkar V: Vida"},"content":{"rendered":"<p class=\"ProfileHeaderCard-screenname u-inlineBlock u-dir\" dir=\"ltr\"><span style=\"font-weight: 400;\">Por <strong>Vikingo Morales <\/strong><\/span><a class=\"ProfileHeaderCard-screennameLink u-linkComplex js-nav\" href=\"https:\/\/twitter.com\/vikingomorales\">@<span class=\"u-linkComplex-target\">vikingomorales<\/span><\/a><span style=\"font-weight: 400;\"> y <strong>Diego Vidal-Cruzprieto <\/strong><\/span><a class=\"ProfileHeaderCard-screennameLink u-linkComplex js-nav\" href=\"https:\/\/twitter.com\/vidaleando\">@<span class=\"u-linkComplex-target\">vidaleando<\/span><\/a><\/p>\n<p><em><span style=\"font-weight: 400;\"><strong>Drakkar<\/strong>: una embarcaci\u00f3n de casco trincado que data del per\u00edodo comprendido entre los a\u00f1os 700 y 1000. Fue utilizada por los escandinavos, sajones y vikingos. <\/span><\/em><br \/>\n<em><span style=\"font-weight: 400;\">En <strong>NoFM\u00a0<\/strong>el <strong>Drakkar <\/strong>se transforma en un nav\u00edo s\u00f3nico que semanalmente zarpar\u00e1 para contar una historia a trav\u00e9s de m\u00fasica seleccionada a manera de relieve y la tripulaci\u00f3n trazar\u00e1 la cartograf\u00eda del mar<\/span><\/em><br \/>\nLa <strong>vida<\/strong> surge a partir del <strong>deseo<\/strong> -un deseo de dioses o mortales- ir\u00f3nicamente, es aquel tapiz de decisiones que \u00fanicamente los <strong>mortales<\/strong> debemos recorrer. Construimos la <strong>sociedad<\/strong> en torno a ella, la creamos, la desarrollamos y tambi\u00e9n -soberbiamente- la destruimos.<br \/>\nPero no hay que pasar por alto un <strong>detalle<\/strong> indispensable, surgi\u00f3 de la constante lucha entre fuego y hielo, tomemos las flamas del <em><strong>Muspelheim<\/strong><\/em> e incendiemos la atm\u00f3sfera.<br \/>\nEl <strong>deseo<\/strong> se manifiesta, es el momento en el que por primera vez se imagina a un<strong> individuo<\/strong>, una especie de plastilina que empieza a tomar forma. Al mismo tiempo dos <strong>almas<\/strong> se unen; <strong>vikingos y valkirias<\/strong> se funden en un ser, la <strong>chispa<\/strong> inicial vuelve a brillar.<br \/>\n<iframe loading=\"lazy\" src=\"https:\/\/www.youtube.com\/embed\/06X5HYynP5E\" width=\"560\" height=\"315\" frameborder=\"0\" allowfullscreen=\"allowfullscreen\"><\/iframe><br \/>\nDespu\u00e9s de la calma, viene la tormenta. Un reci\u00e9n <strong>nacido<\/strong> ha llegado al mundo, el <strong>bacanal<\/strong> en los salones del rey empieza: carnes, frutas, aguamiel; el <strong>men\u00fa<\/strong> est\u00e1 listo y la frugalidad no est\u00e1 permitida. Un nuevo hijo de <em><strong>Od\u00edn<\/strong><\/em> ha abierto los ojos y tiene el <em><strong>Yggdrasil<\/strong><\/em> a su disposici\u00f3n.<br \/>\n<iframe loading=\"lazy\" src=\"https:\/\/www.youtube.com\/embed\/5rbHR-xBtPY\" width=\"560\" height=\"315\" frameborder=\"0\" allowfullscreen=\"allowfullscreen\"><\/iframe><br \/>\nNuestra primera\u00a0<strong>palabra<\/strong>, nuestro primer <strong>juguete<\/strong>, nuestros primeros <strong>pasos<\/strong>. Desde el <em><strong>Bifrost<\/strong><\/em>, el puente de arco\u00edris; <em><strong>Heimdall<\/strong><\/em> nos observa y vislumbra nuestro<strong> destino<\/strong>. En alg\u00fan momento de nuestras<strong> vidas<\/strong> seremos guerreros y el<em><strong> Valhalla<\/strong><\/em> nos espera, pero en la <strong>ni\u00f1ez<\/strong> s\u00f3lo albergamos<strong> pureza<\/strong> en nuestro coraz\u00f3n; esto se ve reflejado en la insaciable necesidad por <strong>explorar<\/strong> el mundo sin prejuicio alguno.<br \/>\n<iframe loading=\"lazy\" src=\"https:\/\/www.youtube.com\/embed\/nc5ZrkHbTgc\" width=\"560\" height=\"315\" frameborder=\"0\" allowfullscreen=\"allowfullscreen\"><\/iframe><br \/>\nUna <strong>energ\u00eda<\/strong> escondida surge s\u00fabitamente y no tenemos control sobre ella, resulta natural si recordamos que en nuestro <strong>origen<\/strong> &#8211;<em><strong>Ymir<\/strong><\/em>&#8211; bebi\u00f3 la <strong>V\u00eda L\u00e1ctea<\/strong> a trav\u00e9s de las ubres de <em><strong>Urkon<\/strong><\/em>. Llega el momento de la <strong>ceremonia<\/strong> en la que nos haremos hombres, por fin seremos <strong>vikingos<\/strong> y podremos portar con orgullo el <strong>brazalete<\/strong> de oro.<br \/>\nEl <strong>deseo<\/strong> nos obliga a tomar las riendas de nuestra propia<strong> vida<\/strong>, es la primera vez que tenemos que <strong>elegir<\/strong>: el camino o las consecuencias de recorrerlo.<br \/>\n<iframe loading=\"lazy\" src=\"https:\/\/www.youtube.com\/embed\/XXq5VvYAI1Q\" width=\"560\" height=\"315\" frameborder=\"0\" allowfullscreen=\"allowfullscreen\"><\/iframe><br \/>\nHasta la <strong>adolescencia<\/strong>, la memoria tiene m\u00e1s inter\u00e9s en el <strong>futuro<\/strong> que en el pasado.<br \/>\nEn \u00e9ste momento nos <strong>sentimos<\/strong> como si fu\u00e9ramos capaces de conquistar <em><strong>Wessex<\/strong><\/em>, los reinos lejanos de otro continente no nos asustan, al contrario, resultan ser un reto a superar. Ni siquiera hemos pisado un campo de<strong> guerra<\/strong> y creemos ser dignos del <em><strong>Valhalla<\/strong><\/em>. La verdad es otra, el <strong>brazalete<\/strong> no es quien dicta nuestro <strong>valor<\/strong>, \u00e9ste \u00faltimo se va construyendo a trav\u00e9s de <strong>acciones<\/strong> ya sean buenas o malas. El <strong>camino<\/strong> ya fue elegido anteriormente y las consecuencias deben ser afrontadas.<br \/>\n<iframe loading=\"lazy\" src=\"https:\/\/www.youtube.com\/embed\/f775c_KgXE0\" width=\"560\" height=\"315\" frameborder=\"0\" allowfullscreen=\"allowfullscreen\"><\/iframe><br \/>\nLa fuerza de<em><strong> Thor<\/strong><\/em> no nos ha abandonado, pero cuando observamos las<strong> estrellas<\/strong> antes de dormir, sin duda a\u00f1oramos la piedad de <em><strong>Freija<\/strong><\/em>. Recordamos nuestro<strong> origen<\/strong>: el vac\u00edo, recordamos que somos <strong>fr\u00e1giles<\/strong> pero a la vez<strong> incomparables<\/strong>; nos percatamos que por el momento no somos un cuerpo, sino los trazos que lo delinean; lo peor de todo es la \u00faltima<strong> realizaci\u00f3n<\/strong>: \u00e9stos decoran la antesala al enemigo de leyendas, el <strong>miedo<\/strong>.<br \/>\n<iframe loading=\"lazy\" src=\"https:\/\/www.youtube.com\/embed\/ZCkHanF4v1w\" width=\"560\" height=\"315\" frameborder=\"0\" allowfullscreen=\"allowfullscreen\"><\/iframe><br \/>\nLas <strong>frustraciones<\/strong> toman la forma de aquellos que desaf\u00edan a los dioses: los <strong>gigantes<\/strong>.<br \/>\nLos <strong>miedos<\/strong> toman la forma de aquellos que escarban el cosmos: los <strong>enanos<\/strong>.<br \/>\nNuestras <strong>inseguridades<\/strong> toman la forma de aquellos que no pueden ser pronunciados: los <strong>elfos<\/strong>.<br \/>\nNuestra<strong> existencia<\/strong> toma la forma de aquello que nos origin\u00f3: el <strong>deseo<\/strong>.<br \/>\n<iframe loading=\"lazy\" src=\"https:\/\/www.youtube.com\/embed\/OS0o4nD3QFs\" width=\"560\" height=\"315\" frameborder=\"0\" allowfullscreen=\"allowfullscreen\"><\/iframe><br \/>\nEl <strong>combate<\/strong> deshizo las consecuencias de nuestra <strong>soberbia<\/strong>, pero no acab\u00f3 con nuestro aliento. Por m\u00e1s que hayamos salido heridos, las <strong>cicatrices<\/strong> se vuelven nuevas extremidades y los traumas se hacen<strong> pensamiento<\/strong>, a\u00fan tenemos la capacidad de alcanzar el <em><strong>Valhalla<\/strong><\/em> porque la batalla final est\u00e1 por librarse.<br \/>\n<iframe loading=\"lazy\" src=\"https:\/\/www.youtube.com\/embed\/yVxEqcwGcOE\" width=\"560\" height=\"315\" frameborder=\"0\" allowfullscreen=\"allowfullscreen\"><\/iframe><br \/>\nAl <strong>final<\/strong> de la <strong>vida<\/strong> ya hemos recorrido el <em><strong>Midgard<\/strong><\/em>, vemos el <strong>bosque<\/strong> entero y no s\u00f3lo los \u00e1rboles, podemos observar que <em><strong>J\u00f6rmungandr<\/strong><\/em> come su propia cola y aprendemos la \u00faltima<strong> lecci\u00f3n<\/strong>: el deseo no es exclusivo de la<strong> vida<\/strong>, tambi\u00e9n se manifiesta en la<strong> muerte<\/strong>.<br \/>\n<iframe loading=\"lazy\" src=\"https:\/\/www.youtube.com\/embed\/sMmTkKz60W8\" width=\"560\" height=\"315\" frameborder=\"0\" allowfullscreen=\"allowfullscreen\"><\/iframe><br \/>\nEn esta ocasi\u00f3n nuestro viaje no fue a trav\u00e9s de las aguas del<strong><em> Midgard<\/em><\/strong>, sino a trav\u00e9s de las de nuestra propia <strong>existencia<\/strong>. El privilegio de los <strong>dioses<\/strong> es no desear nada, el de los <strong>hombres<\/strong> cercanos a ellos es <strong>vivir<\/strong>.<br \/>\n<iframe loading=\"lazy\" src=\"https:\/\/www.youtube.com\/embed\/hLhN__oEHaw\" width=\"560\" height=\"315\" frameborder=\"0\" allowfullscreen=\"allowfullscreen\"><\/iframe><\/p>\n","protected":false},"template":"","meta":{"_id_youtube":"","_id_vimeo":"","_podcasts_duration":"","_podcasts_url":"","_podcasts_show":"","_prog_horario_dias":"","_prog_hora":"","_prog_duration":""},"class_list":["post-20493","archivo","type-archivo","status-publish","hentry"],"_links":{"self":[{"href":"https:\/\/nofm-radio.com\/index.php?rest_route=\/wp\/v2\/archivo\/20493","targetHints":{"allow":["GET"]}}],"collection":[{"href":"https:\/\/nofm-radio.com\/index.php?rest_route=\/wp\/v2\/archivo"}],"about":[{"href":"https:\/\/nofm-radio.com\/index.php?rest_route=\/wp\/v2\/types\/archivo"}],"wp:attachment":[{"href":"https:\/\/nofm-radio.com\/index.php?rest_route=%2Fwp%2Fv2%2Fmedia&parent=20493"}],"curies":[{"name":"wp","href":"https:\/\/api.w.org\/{rel}","templated":true}]}}