{"id":20583,"date":"2016-10-17T20:27:07","date_gmt":"2016-10-18T01:27:07","guid":{"rendered":"http:\/\/nofm-radio.com\/?p=20583"},"modified":"2016-10-17T20:27:07","modified_gmt":"2016-10-18T01:27:07","slug":"drakkar-vi-muerte","status":"publish","type":"archivo","link":"https:\/\/nofm-radio.com\/?archivo=drakkar-vi-muerte","title":{"rendered":"#Drakkar VI: Muerte"},"content":{"rendered":"<p class=\"ProfileHeaderCard-screenname u-inlineBlock u-dir\" dir=\"ltr\"><span style=\"font-weight: 400;\">Por <strong>Vikingo Morales <\/strong><\/span><a class=\"ProfileHeaderCard-screennameLink u-linkComplex js-nav\" href=\"https:\/\/twitter.com\/vikingomorales\">@<span class=\"u-linkComplex-target\">vikingomorales<\/span><\/a><span style=\"font-weight: 400;\"> y <strong>Diego Vidal-Cruzprieto <\/strong><\/span><a class=\"ProfileHeaderCard-screennameLink u-linkComplex js-nav\" href=\"https:\/\/twitter.com\/vidaleando\">@<span class=\"u-linkComplex-target\">vidaleando<\/span><\/a><\/p>\n<p><em><span style=\"font-weight: 400;\"><strong>Drakkar<\/strong>: una embarcaci\u00f3n de casco trincado que data del per\u00edodo comprendido entre los a\u00f1os 700 y 1000. Fue utilizada por los escandinavos, sajones y vikingos. <\/span><\/em><br \/>\n<em><span style=\"font-weight: 400;\">En <strong>NoFM\u00a0<\/strong>el <strong>Drakkar <\/strong>se transforma en un nav\u00edo s\u00f3nico que semanalmente zarpar\u00e1 para contar una historia a trav\u00e9s de m\u00fasica seleccionada a manera de relieve y la tripulaci\u00f3n trazar\u00e1 la cartograf\u00eda del mar<\/span><\/em>.<br \/>\nEl viaje del <strong>Drakkar<\/strong> contin\u00faa, hemos cursado la <strong>vida<\/strong> y ahora debemos recorrer su contraparte: la <strong>muerte<\/strong>. La <strong>simetr\u00eda<\/strong> es despiadada, la pira del <strong>f\u00e9nix<\/strong> no tiene cabida sin sus <strong>cenizas<\/strong>.<\/p>\n<blockquote><p>\u201cSi yo no tomo su parte, \u00e9l ser\u00e1 acribillado por el ardiente aliento del toro y ser\u00e1 seguido por la cara del adversario que \u00e9l mismo engendra, dicho rostro saldr\u00e1 del mismo suelo que \u00e9l ha de cosechar o alternativamente caer\u00e1 como presa del voraz drag\u00f3n fundamental. Si yo permito que se vuelva su v\u00edctima, entonces debo de confesar que en efecto soy la hija de la tigresa, la cual porta las piedras y el acero en su seno. \u00bfPor qu\u00e9 decido morir mientras la esperanza muere? \u00bfPor qu\u00e9 ese sacrificio desaf\u00eda mi mirada? \u00bfPor qu\u00e9 no incitar a los toros y los enemigos salvajes que el suelo procrea? \u00bfPor qu\u00e9 no cazar al drag\u00f3n en su recinto on\u00edrico?\u201d -Ovidio<\/p><\/blockquote>\n<p><strong>Encu\u00e9ntrame<\/strong> se\u00f1or, encu\u00e9ntrame. Encu\u00e9ntrame a la mitad del <strong>vuelo<\/strong>, si mis <strong>alas<\/strong> me fallaran, se\u00f1or; por favor ot\u00f3rgame otro <strong>par<\/strong>. Convertir\u00e9 mi <strong>sangre<\/strong> en cera a trav\u00e9s de la alquimia m\u00e1s perversa, pero por favor conc\u00e9deme otro <strong>aliento<\/strong>, pues soy un <strong>equilibrista<\/strong> con v\u00e9rtigo cr\u00f3nico.<br \/>\n<iframe loading=\"lazy\" src=\"https:\/\/www.youtube.com\/embed\/yZgblTKscX0\" width=\"560\" height=\"315\" frameborder=\"0\" allowfullscreen=\"allowfullscreen\"><\/iframe><br \/>\nEs algo muy cruel percatarse que al dejar esta <strong>existencia<\/strong>, nuestro \u00fanico patrimonio son las cicatrices. Marcas sobre el <strong>lienzo<\/strong> que es nuestra piel, marcas que cuentan innumerables <strong>historias<\/strong> de victoria y tragedia. Marcas en una <strong>cartograf\u00eda<\/strong> sin sentido: nuestra vida.<br \/>\n<iframe loading=\"lazy\" src=\"https:\/\/www.youtube.com\/embed\/vt1Pwfnh5pc\" width=\"560\" height=\"315\" frameborder=\"0\" allowfullscreen=\"allowfullscreen\"><\/iframe><br \/>\nEl <strong>aliento<\/strong> ha escapado de nuestros cuerpos, el <strong>mundo<\/strong> empieza a perder su color y tornarse gris, el \u00faltimo <strong>oto\u00f1o<\/strong> desciende como un espectro sobre nuestra<strong> memoria<\/strong>. La <strong>redenci\u00f3n<\/strong> s\u00f3lo surge a partir de la <strong>aceptaci\u00f3n<\/strong>. La <strong>muerte<\/strong> ha llegado y este es el acto final, un <strong>encore<\/strong> sin ensayo y sin p\u00fablico, la <strong>soledad<\/strong> se hace presente en el cuarto.<br \/>\n<iframe loading=\"lazy\" src=\"https:\/\/www.youtube.com\/embed\/qhZULM69DIw\" width=\"560\" height=\"315\" frameborder=\"0\" allowfullscreen=\"allowfullscreen\"><\/iframe><br \/>\nLos d\u00edas pasan, el <strong>recuerdo<\/strong> de nuestros seres queridos es <strong>inexistente<\/strong>. Nos hemos convertido en <strong>polvo<\/strong>, un polvo que regresa a su <strong>origen<\/strong>, el mismo polvo que ensucia los muebles, aparatos, cuadros y dem\u00e1s artefactos olvidados. Este polvo es, sin duda, la<strong> historia<\/strong> que a\u00fan se guarda en la mente de nuestros deudos, los hemos dejado solos, nos han dejado solos. \u00danicamente nos acompa\u00f1a un <strong>universo<\/strong>, un espacio incapaz de tener memoria, un vac\u00edo que perdi\u00f3 la noci\u00f3n del<strong> tiempo<\/strong>.<br \/>\n<iframe loading=\"lazy\" src=\"https:\/\/www.youtube.com\/embed\/Bqa1s4jhkQ8\" width=\"560\" height=\"315\" frameborder=\"0\" allowfullscreen=\"allowfullscreen\"><\/iframe><br \/>\nLa muerte es la <strong>rosa de los vientos<\/strong> de la vida, es un <strong>astrolabio<\/strong> que se gu\u00eda en funci\u00f3n a los hoyos negros: el mejor modo de ubicarse en este <strong>plano<\/strong> es perforar la f\u00e1brica de la <strong>realidad<\/strong>. El tiempo es relativo y a la vez infinito pero la <strong>muerte<\/strong> siempre camina detr\u00e1s de nosotros, tenemos el tiempo contado y cada segundo que transcurre, cada paso que damos, cada palabra que enunciamos, cada mirada que otorgamos y cada batalla que libramos nos acerca inevitablemente al lugar del que siempre hemos intentado <strong>huir<\/strong>.<br \/>\n<iframe loading=\"lazy\" src=\"https:\/\/www.youtube.com\/embed\/8yO7l6TmIRI\" width=\"560\" height=\"315\" frameborder=\"0\" allowfullscreen=\"allowfullscreen\"><\/iframe><br \/>\nEl \u00faltimo<strong> respiro<\/strong> acontece mientras pasamos por una de las preguntas m\u00e1s <strong>azarosas<\/strong>: \u00bfcielo o infierno? \u00bfa cu\u00e1l de esos sitios debemos partir? El <em><strong>Malebolgia<\/strong><\/em> siempre es descrito como el peor lugar de la <strong>existencia<\/strong>, pero es en realidad un reflejo de nuestra vida y legado, nosotros hemos cimentado nuestro fin a lo largo de nuestra existencia.<br \/>\n<iframe loading=\"lazy\" src=\"https:\/\/www.youtube.com\/embed\/oyNsRSiYFLc\" width=\"560\" height=\"315\" frameborder=\"0\" allowfullscreen=\"allowfullscreen\"><\/iframe><br \/>\nCuando la vida deja de ser, exhibe la <strong>fragilidad<\/strong> que la define. Somos estructuras erectas en agujas conmensurables a un <strong>segundo<\/strong>. Un<strong> grito<\/strong> de desesperaci\u00f3n vicia el ambiente, uno acude al cuarto donde la <strong>parca<\/strong> se manifiesta, en esta ocasi\u00f3n no viene por tu <strong>alma<\/strong>, sino por un trozo de ella. Los \u00faltimos <strong>sonidos<\/strong> emitidos por el sujeto dictan su propia <strong>extremaunci\u00f3n<\/strong>, ruidos guturales que dan a entender que el alma est\u00e1 localizada en los pulmones y que en este momento <strong>cesar\u00e1n<\/strong> de ser, pues no fluye aire, ya no hay movimiento; s\u00f3lo hay una<strong> perpetuidad<\/strong> que se incinera en tu memoria. Tener una probada de la muerte es un hecho inefable que hace que tu <strong>voluntad<\/strong> se vuelva una miniatura raqu\u00edtica, se hace una <strong>perforaci\u00f3n<\/strong> en tu constituci\u00f3n. <strong>La muerte se vuelve el sonido de la perseverancia y ensordece tus sentidos<\/strong>.<br \/>\n<iframe loading=\"lazy\" src=\"https:\/\/www.youtube.com\/embed\/UKcI2mcsueM\" width=\"560\" height=\"315\" frameborder=\"0\" allowfullscreen=\"allowfullscreen\"><\/iframe><\/p>\n","protected":false},"template":"","meta":{"_id_youtube":"","_id_vimeo":"","_podcasts_duration":"","_podcasts_url":"","_podcasts_show":"","_prog_horario_dias":"","_prog_hora":"","_prog_duration":""},"class_list":["post-20583","archivo","type-archivo","status-publish","hentry"],"_links":{"self":[{"href":"https:\/\/nofm-radio.com\/index.php?rest_route=\/wp\/v2\/archivo\/20583","targetHints":{"allow":["GET"]}}],"collection":[{"href":"https:\/\/nofm-radio.com\/index.php?rest_route=\/wp\/v2\/archivo"}],"about":[{"href":"https:\/\/nofm-radio.com\/index.php?rest_route=\/wp\/v2\/types\/archivo"}],"wp:attachment":[{"href":"https:\/\/nofm-radio.com\/index.php?rest_route=%2Fwp%2Fv2%2Fmedia&parent=20583"}],"curies":[{"name":"wp","href":"https:\/\/api.w.org\/{rel}","templated":true}]}}